{"id":4894,"date":"2022-04-05T13:55:08","date_gmt":"2022-04-05T13:55:08","guid":{"rendered":"https:\/\/patiotime.loftocean.com\/demo2\/?page_id=4894"},"modified":"2025-11-26T16:59:15","modified_gmt":"2025-11-26T16:59:15","slug":"kunsthandwerk","status":"publish","type":"page","link":"https:\/\/wintermarkt-schlossplatz.de\/es\/kunsthandwerk\/","title":{"rendered":"Kunsthandwerk &#038; Handel"},"content":{"rendered":"<div data-elementor-type=\"wp-page\" data-elementor-id=\"4894\" class=\"elementor elementor-4894\">\n\t\t\t\t\t\t<section class=\"elementor-section elementor-top-section elementor-element elementor-element-3af62068 pt-section-content-fullwidth pt_scroll_y_150 pt-parallax-on-scroll elementor-section-boxed elementor-section-height-default elementor-section-height-default\" data-id=\"3af62068\" data-element_type=\"section\" data-e-type=\"section\" data-settings=\"{&quot;background_background&quot;:&quot;classic&quot;}\" data-pt-parallax-y=\"150\" style=\"background-image: none;\" data-pt-background-image=\"https:\/\/wintermarkt-schlossplatz.de\/wp-content\/uploads\/2023\/10\/kunst02.webp\">\n\t\t\t\t\t\t\t<div class=\"elementor-background-overlay\"><\/div>\n\t\t\t\t\t\t\t<div class=\"elementor-container elementor-column-gap-no\">\n\t\t\t\t\t<div class=\"elementor-column elementor-col-100 elementor-top-column elementor-element elementor-element-52c41b2c dark-color\" data-id=\"52c41b2c\" data-element_type=\"column\" data-e-type=\"column\">\n\t\t\t<div class=\"elementor-widget-wrap elementor-element-populated\">\n\t\t\t\t\t\t<div class=\"elementor-element elementor-element-14e60969 elementor-widget elementor-widget-pt_title\" data-id=\"14e60969\" data-element_type=\"widget\" data-e-type=\"widget\" data-widget_type=\"pt_title.default\">\n\t\t\t\t<div class=\"elementor-widget-container\">\n\t\t\t\t\t\n        <div class=\"pt-title-wrap text-center\">\t            <h1 class=\"pt-title\">\n\t                Artesan\u00eda y comercio\t            <\/h1>        <\/div>\t\t\t\t<\/div>\n\t\t\t\t<\/div>\n\t\t\t\t\t<\/div>\n\t\t<\/div>\n\t\t\t\t\t<\/div>\n\t\t<\/section>\n\t\t\t\t<section class=\"elementor-section elementor-top-section elementor-element elementor-element-2d5e6367 elementor-section-boxed elementor-section-height-default elementor-section-height-default\" data-id=\"2d5e6367\" data-element_type=\"section\" data-e-type=\"section\">\n\t\t\t\t\t\t<div class=\"elementor-container elementor-column-gap-no\">\n\t\t\t\t\t<div class=\"elementor-column elementor-col-100 elementor-top-column elementor-element elementor-element-383bda0e elementor-invisible\" data-id=\"383bda0e\" data-element_type=\"column\" data-e-type=\"column\" data-settings=\"{&quot;animation&quot;:&quot;fadeInUp&quot;}\">\n\t\t\t<div class=\"elementor-widget-wrap elementor-element-populated\">\n\t\t\t\t\t\t<div class=\"elementor-element elementor-element-ddc83b0 elementor-widget elementor-widget-text-editor\" data-id=\"ddc83b0\" data-element_type=\"widget\" data-e-type=\"widget\" data-widget_type=\"text-editor.default\">\n\t\t\t\t<div class=\"elementor-widget-container\">\n\t\t\t\t\t\t\t\t\t<p>Marav\u00edllese con los cuadros pintados a mano, los regalos ucranianos y las camisetas estampadas.<\/p><p>El mercado de invierno de la Schlo\u00dfplatz de Berl\u00edn ofrece una amplia gama de regalos, como joyas hechas a mano, jabones, velas y accesorios de invierno.<\/p>\t\t\t\t\t\t\t\t<\/div>\n\t\t\t\t<\/div>\n\t\t\t\t\t<\/div>\n\t\t<\/div>\n\t\t\t\t\t<\/div>\n\t\t<\/section>\n\t\t\t\t<section class=\"elementor-section elementor-top-section elementor-element elementor-element-56ec534 elementor-section-boxed elementor-section-height-default elementor-section-height-default\" data-id=\"56ec534\" data-element_type=\"section\" data-e-type=\"section\">\n\t\t\t\t\t\t<div class=\"elementor-container elementor-column-gap-no\">\n\t\t\t\t\t<div class=\"elementor-column elementor-col-100 elementor-top-column elementor-element elementor-element-0f83f94 elementor-invisible\" data-id=\"0f83f94\" data-element_type=\"column\" data-e-type=\"column\" data-settings=\"{&quot;animation&quot;:&quot;fadeInUp&quot;}\">\n\t\t\t<div class=\"elementor-widget-wrap elementor-element-populated\">\n\t\t\t\t\t\t<div class=\"elementor-element elementor-element-624d4e0 elementor-widget elementor-widget-pt_divider\" data-id=\"624d4e0\" data-element_type=\"widget\" data-e-type=\"widget\" data-widget_type=\"pt_divider.default\">\n\t\t\t\t<div class=\"elementor-widget-container\">\n\t\t\t\t\t\n        <div class=\"pt-divider divider-grass\">                <div class=\"pt-d-icon icon-start\">                    <svg xmlns=\"http:\/\/www.w3.org\/2000\/svg\" viewbox=\"0 0 31.06 29.67\">\n                        <path d=\"M36.53,21.85,31.78,18s-7.5.83-9.68,16.39C22.1,34.34,25.7,21.66,36.53,21.85Z\" transform=\"translate(-5.47 -4.66)\"><\/path>\n                        <path class=\"cls-1\" d=\"M5.47,21.85,10.22,18s7.5.83,9.68,16.39C19.9,34.34,16.3,21.66,5.47,21.85Z\" transform=\"translate(-5.47 -4.66)\"><\/path>\n                        <polygon class=\"cls-1\" points=\"15.53 0 18.66 6.56 15.53 22.16 12.39 6.56 15.53 0\"><\/polygon>\n                    <\/svg>                <\/div>            <div class=\"pt-d-line\"><\/div>                <div class=\"pt-d-icon icon-end\">                    <svg xmlns=\"http:\/\/www.w3.org\/2000\/svg\" viewbox=\"0 0 31.06 29.67\">\n                        <path d=\"M36.53,21.85,31.78,18s-7.5.83-9.68,16.39C22.1,34.34,25.7,21.66,36.53,21.85Z\" transform=\"translate(-5.47 -4.66)\"><\/path>\n                        <path class=\"cls-1\" d=\"M5.47,21.85,10.22,18s7.5.83,9.68,16.39C19.9,34.34,16.3,21.66,5.47,21.85Z\" transform=\"translate(-5.47 -4.66)\"><\/path>\n                        <polygon class=\"cls-1\" points=\"15.53 0 18.66 6.56 15.53 22.16 12.39 6.56 15.53 0\"><\/polygon>\n                    <\/svg>                <\/div>        <\/div>\t\t\t\t<\/div>\n\t\t\t\t<\/div>\n\t\t\t\t\t<\/div>\n\t\t<\/div>\n\t\t\t\t\t<\/div>\n\t\t<\/section>\n\t\t\t\t<section class=\"elementor-section elementor-top-section elementor-element elementor-element-ed6a092 elementor-section-boxed elementor-section-height-default elementor-section-height-default\" data-id=\"ed6a092\" data-element_type=\"section\" data-e-type=\"section\">\n\t\t\t\t\t\t<div class=\"elementor-container elementor-column-gap-no\">\n\t\t\t\t\t<div class=\"elementor-column elementor-col-100 elementor-top-column elementor-element elementor-element-52d29b4 elementor-invisible\" data-id=\"52d29b4\" data-element_type=\"column\" data-e-type=\"column\" data-settings=\"{&quot;animation&quot;:&quot;fadeInUp&quot;}\">\n\t\t\t<div class=\"elementor-widget-wrap elementor-element-populated\">\n\t\t\t\t\t\t<div class=\"elementor-element elementor-element-222a0fc elementor-widget elementor-widget-pt_title\" data-id=\"222a0fc\" data-element_type=\"widget\" data-e-type=\"widget\" data-widget_type=\"pt_title.default\">\n\t\t\t\t<div class=\"elementor-widget-container\">\n\t\t\t\t\t\n        <div class=\"pt-title-wrap text-left\">\t            <h2 class=\"pt-title\">\n\t                Lista de expositores 2025\t            <\/h2>        <\/div>\t\t\t\t<\/div>\n\t\t\t\t<\/div>\n\t\t\t\t<div class=\"elementor-element elementor-element-92a9d18 elementor-widget elementor-widget-pt_food_menu\" data-id=\"92a9d18\" data-element_type=\"widget\" data-e-type=\"widget\" data-widget_type=\"pt_food_menu.default\">\n\t\t\t\t<div class=\"elementor-widget-container\">\n\t\t\t\t\t            <div class=\"pt-food-menu food-menu-style-5 column-2 gap-10\">                <div class=\"pt-food-menu-item\">                    <div class=\"pt-food-menu-main\">\n                        <div class=\"pt-food-menu-header\">                            <h6 class=\"pt-food-menu-title\">                                <span class=\"title-wrap\">Art\u00edculos de invierno\t\t\t\t\t\t\t\t<\/span>                            <\/h6>\n                            <div class=\"pt-food-menu-lines\"><\/div>                        <\/div>                            <p class=\"pt-food-menu-details\">Venta de gorros y bufandas en 3 stands<\/p>                    <\/div>\n                <\/div>                <div class=\"pt-food-menu-item\">                    <div class=\"pt-food-menu-main\">\n                        <div class=\"pt-food-menu-header\">                            <h6 class=\"pt-food-menu-title\">                                <span class=\"title-wrap\">Joyer\u00eda artesanal\t\t\t\t\t\t\t\t<\/span>                            <\/h6>\n                            <div class=\"pt-food-menu-lines\"><\/div>                        <\/div>                            <p class=\"pt-food-menu-details\">Venta de joyas con piedras preciosas y metales preciosos<\/p>                    <\/div>\n                <\/div>                <div class=\"pt-food-menu-item\">                    <div class=\"pt-food-menu-main\">\n                        <div class=\"pt-food-menu-header\">                            <h6 class=\"pt-food-menu-title\">                                <span class=\"title-wrap\">Wichtel Esp\u00edritu del Norte\t\t\t\t\t\t\t\t<\/span>                            <\/h6>\n                            <div class=\"pt-food-menu-lines\"><\/div>                        <\/div>                            <p class=\"pt-food-menu-details\">Venta de art\u00edculos navide\u00f1os: Candelitas, amigo invisible, cascanueces, postales 3D n\u00ba 1<\/p>                    <\/div>\n                <\/div>                <div class=\"pt-food-menu-item\">                    <div class=\"pt-food-menu-main\">\n                        <div class=\"pt-food-menu-header\">                            <h6 class=\"pt-food-menu-title\">                                <span class=\"title-wrap\">Tienda Cachemira\t\t\t\t\t\t\t\t<\/span>                            <\/h6>\n                            <div class=\"pt-food-menu-lines\"><\/div>                        <\/div>                            <p class=\"pt-food-menu-details\">Venta de bufandas artesanales de cachemira y papel mach\u00e9<\/p>                    <\/div>\n                <\/div>                <div class=\"pt-food-menu-item\">                    <div class=\"pt-food-menu-main\">\n                        <div class=\"pt-food-menu-header\">                            <h6 class=\"pt-food-menu-title\">                                <span class=\"title-wrap\">Aceites vegetales y mantecas corporales\t\t\t\t\t\t\t\t<\/span>                            <\/h6>\n                            <div class=\"pt-food-menu-lines\"><\/div>                        <\/div>                            <p class=\"pt-food-menu-details\">Productos cosm\u00e9ticos naturales Enyi<\/p>                    <\/div>\n                <\/div>                <div class=\"pt-food-menu-item\">                    <div class=\"pt-food-menu-main\">\n                        <div class=\"pt-food-menu-header\">                            <h6 class=\"pt-food-menu-title\">                                <span class=\"title-wrap\">Indulgencia Berl\u00edn\t\t\t\t\t\t\t\t<\/span>                            <\/h6>\n                            <div class=\"pt-food-menu-lines\"><\/div>                        <\/div>                            <p class=\"pt-food-menu-details\">Venta de mazap\u00e1n y turr\u00f3n<\/p>                    <\/div>\n                <\/div>                <div class=\"pt-food-menu-item\">                    <div class=\"pt-food-menu-main\">\n                        <div class=\"pt-food-menu-header\">                            <h6 class=\"pt-food-menu-title\">                                <span class=\"title-wrap\">Salzwedeler Baumkuchen\t\t\t\t\t\t\t\t<\/span>                            <\/h6>\n                            <div class=\"pt-food-menu-lines\"><\/div>                        <\/div>                            <p class=\"pt-food-menu-details\">Venta de Baumkuchen<\/p>                    <\/div>\n                <\/div>                <div class=\"pt-food-menu-item\">                    <div class=\"pt-food-menu-main\">\n                        <div class=\"pt-food-menu-header\">                            <h6 class=\"pt-food-menu-title\">                                <span class=\"title-wrap\">Miel imperial\t\t\t\t\t\t\t\t<\/span>                            <\/h6>\n                            <div class=\"pt-food-menu-lines\"><\/div>                        <\/div>                            <p class=\"pt-food-menu-details\">Venta de miel de Berl\u00edn en tarros<\/p>                    <\/div>\n                <\/div>                <div class=\"pt-food-menu-item\">                    <div class=\"pt-food-menu-main\">\n                        <div class=\"pt-food-menu-header\">                            <h6 class=\"pt-food-menu-title\">                                <span class=\"title-wrap\">Mazap\u00e1n del Rey\t\t\t\t\t\t\t\t<\/span>                            <\/h6>\n                            <div class=\"pt-food-menu-lines\"><\/div>                        <\/div>                            <p class=\"pt-food-menu-details\">Venta de mazap\u00e1n de primera calidad<\/p>                    <\/div>\n                <\/div>                <div class=\"pt-food-menu-item\">                    <div class=\"pt-food-menu-main\">\n                        <div class=\"pt-food-menu-header\">                            <h6 class=\"pt-food-menu-title\">                                <span class=\"title-wrap\">Especialidades de queso\t\t\t\t\t\t\t\t<\/span>                            <\/h6>\n                            <div class=\"pt-food-menu-lines\"><\/div>                        <\/div>                            <p class=\"pt-food-menu-details\">Venta de especialidades de queso de pieza y venta de salamis<\/p>                    <\/div>\n                <\/div>                <div class=\"pt-food-menu-item\">                    <div class=\"pt-food-menu-main\">\n                        <div class=\"pt-food-menu-header\">                            <h6 class=\"pt-food-menu-title\">                                <span class=\"title-wrap\">Petit coin de France\t\t\t\t\t\t\t\t<\/span>                            <\/h6>\n                            <div class=\"pt-food-menu-lines\"><\/div>                        <\/div>                            <p class=\"pt-food-menu-details\">Venta de salchichas francesas secadas al aire (salamis)<\/p>                    <\/div>\n                <\/div>                <div class=\"pt-food-menu-item\">                    <div class=\"pt-food-menu-main\">\n                        <div class=\"pt-food-menu-header\">                            <h6 class=\"pt-food-menu-title\">                                <span class=\"title-wrap\">Salsa de chile\t\t\t\t\t\t\t\t<\/span>                            <\/h6>\n                            <div class=\"pt-food-menu-lines\"><\/div>                        <\/div>                            <p class=\"pt-food-menu-details\">Venta de salsas de guindilla producidas en Berl\u00edn<\/p>                    <\/div>\n                <\/div>                <div class=\"pt-food-menu-item\">                    <div class=\"pt-food-menu-main\">\n                        <div class=\"pt-food-menu-header\">                            <h6 class=\"pt-food-menu-title\">                                <span class=\"title-wrap\">Madera de olivo\t\t\t\t\t\t\t\t<\/span>                            <\/h6>\n                            <div class=\"pt-food-menu-lines\"><\/div>                        <\/div>                            <p class=\"pt-food-menu-details\">Venta de cer\u00e1mica artesanal y madera de olivo<\/p>                    <\/div>\n                <\/div>                <div class=\"pt-food-menu-item\">                    <div class=\"pt-food-menu-main\">\n                        <div class=\"pt-food-menu-header\">                            <h6 class=\"pt-food-menu-title\">                                <span class=\"title-wrap\">Cer\u00e1mica y m\u00e1s\t\t\t\t\t\t\t\t<\/span>                            <\/h6>\n                            <div class=\"pt-food-menu-lines\"><\/div>                        <\/div>                            <p class=\"pt-food-menu-details\">Venta de cer\u00e1mica artesanal y campanas de viento<\/p>                    <\/div>\n                <\/div>                <div class=\"pt-food-menu-item\">                    <div class=\"pt-food-menu-main\">\n                        <div class=\"pt-food-menu-header\">                            <h6 class=\"pt-food-menu-title\">                                <span class=\"title-wrap\">Platos y cuencos\t\t\t\t\t\t\t\t<\/span>                            <\/h6>\n                            <div class=\"pt-food-menu-lines\"><\/div>                        <\/div>                            <p class=\"pt-food-menu-details\">Venta de productos cer\u00e1micos como tazas, cuencos y platos<\/p>                    <\/div>\n                <\/div>                <div class=\"pt-food-menu-item\">                    <div class=\"pt-food-menu-main\">\n                        <div class=\"pt-food-menu-header\">                            <h6 class=\"pt-food-menu-title\">                                <span class=\"title-wrap\">Accesorios de invierno\t\t\t\t\t\t\t\t<\/span>                            <\/h6>\n                            <div class=\"pt-food-menu-lines\"><\/div>                        <\/div>                            <p class=\"pt-food-menu-details\">Venta de accesorios de invierno<\/p>                    <\/div>\n                <\/div>                <div class=\"pt-food-menu-item\">                    <div class=\"pt-food-menu-main\">\n                        <div class=\"pt-food-menu-header\">                            <h6 class=\"pt-food-menu-title\">                                <span class=\"title-wrap\">Gorras y calcetines\t\t\t\t\t\t\t\t<\/span>                            <\/h6>\n                            <div class=\"pt-food-menu-lines\"><\/div>                        <\/div>                            <p class=\"pt-food-menu-details\">Venta de art\u00edculos de invierno (gorros, guantes, calcetines) <\/p>                    <\/div>\n                <\/div>                <div class=\"pt-food-menu-item\">                    <div class=\"pt-food-menu-main\">\n                        <div class=\"pt-food-menu-header\">                            <h6 class=\"pt-food-menu-title\">                                <span class=\"title-wrap\">Calcetines\t\t\t\t\t\t\t\t<\/span>                            <\/h6>\n                            <div class=\"pt-food-menu-lines\"><\/div>                        <\/div>                            <p class=\"pt-food-menu-details\">Venta de calcetines Pirin Hill fabricados con materiales sostenibles<\/p>                    <\/div>\n                <\/div>                <div class=\"pt-food-menu-item\">                    <div class=\"pt-food-menu-main\">\n                        <div class=\"pt-food-menu-header\">                            <h6 class=\"pt-food-menu-title\">                                <span class=\"title-wrap\">Menaje de cocina\t\t\t\t\t\t\t\t<\/span>                            <\/h6>\n                            <div class=\"pt-food-menu-lines\"><\/div>                        <\/div>                            <p class=\"pt-food-menu-details\">Venta de cuchillos para frutas y verduras y utensilios de cocina de madera<\/p>                    <\/div>\n                <\/div>                <div class=\"pt-food-menu-item\">                    <div class=\"pt-food-menu-main\">\n                        <div class=\"pt-food-menu-header\">                            <h6 class=\"pt-food-menu-title\">                                <span class=\"title-wrap\">Rallador de Sajonia\t\t\t\t\t\t\t\t<\/span>                            <\/h6>\n                            <div class=\"pt-food-menu-lines\"><\/div>                        <\/div>                            <p class=\"pt-food-menu-details\">Venta de \"Sachsen Reibe\" (plato artesanal con rallador)<\/p>                    <\/div>\n                <\/div>                <div class=\"pt-food-menu-item\">                    <div class=\"pt-food-menu-main\">\n                        <div class=\"pt-food-menu-header\">                            <h6 class=\"pt-food-menu-title\">                                <span class=\"title-wrap\">Petr\u00f3leo Berl\u00edn\t\t\t\t\t\t\t\t<\/span>                            <\/h6>\n                            <div class=\"pt-food-menu-lines\"><\/div>                        <\/div>                            <p class=\"pt-food-menu-details\">Venta de conservas delicatessen de la regi\u00f3n mediterr\u00e1nea: aceitunas, aceite de oliva, vinagre, pastas<\/p>                    <\/div>\n                <\/div>                <div class=\"pt-food-menu-item\">                    <div class=\"pt-food-menu-main\">\n                        <div class=\"pt-food-menu-header\">                            <h6 class=\"pt-food-menu-title\">                                <span class=\"title-wrap\">Sombreros de c\u00e1\u00f1amo\t\t\t\t\t\t\t\t<\/span>                            <\/h6>\n                            <div class=\"pt-food-menu-lines\"><\/div>                        <\/div>                            <p class=\"pt-food-menu-details\">Venta de sombreros de c\u00e1\u00f1amo<\/p>                    <\/div>\n                <\/div>                <div class=\"pt-food-menu-item\">                    <div class=\"pt-food-menu-main\">\n                        <div class=\"pt-food-menu-header\">                            <h6 class=\"pt-food-menu-title\">                                <span class=\"title-wrap\">Joyer\u00eda y accesorios\t\t\t\t\t\t\t\t<\/span>                            <\/h6>\n                            <div class=\"pt-food-menu-lines\"><\/div>                        <\/div>                            <p class=\"pt-food-menu-details\">Venta de productos sostenibles (gafas de sol), joyas, bolsos de dise\u00f1o de piel vegana y accesorios de invierno<\/p>                    <\/div>\n                <\/div>                <div class=\"pt-food-menu-item\">                    <div class=\"pt-food-menu-main\">\n                        <div class=\"pt-food-menu-header\">                            <h6 class=\"pt-food-menu-title\">                                <span class=\"title-wrap\">Fabricaci\u00f3n de sombreros\t\t\t\t\t\t\t\t<\/span>                            <\/h6>\n                            <div class=\"pt-food-menu-lines\"><\/div>                        <\/div>                            <p class=\"pt-food-menu-details\">Venta de sombreros, gorros, bufandas y guantes<\/p>                    <\/div>\n                <\/div>                <div class=\"pt-food-menu-item\">                    <div class=\"pt-food-menu-main\">\n                        <div class=\"pt-food-menu-header\">                            <h6 class=\"pt-food-menu-title\">                                <span class=\"title-wrap\">Productos tejidos a mano\t\t\t\t\t\t\t\t<\/span>                            <\/h6>\n                            <div class=\"pt-food-menu-lines\"><\/div>                        <\/div>                            <p class=\"pt-food-menu-details\">Venta de lana y pieles de alpaca hechas a mano (alfombras, chaquetas para ni\u00f1os y adultos)<\/p>                    <\/div>\n                <\/div>                <div class=\"pt-food-menu-item\">                    <div class=\"pt-food-menu-main\">\n                        <div class=\"pt-food-menu-header\">                            <h6 class=\"pt-food-menu-title\">                                <span class=\"title-wrap\">Fieltro y piedra natural\t\t\t\t\t\t\t\t<\/span>                            <\/h6>\n                            <div class=\"pt-food-menu-lines\"><\/div>                        <\/div>                            <p class=\"pt-food-menu-details\">Venta de toallas de rizo, zapatillas de fieltro, joyas de piedra natural y productos de madera<\/p>                    <\/div>\n                <\/div>                <div class=\"pt-food-menu-item\">                    <div class=\"pt-food-menu-main\">\n                        <div class=\"pt-food-menu-header\">                            <h6 class=\"pt-food-menu-title\">                                <span class=\"title-wrap\">justStars\t\t\t\t\t\t\t\t<\/span>                            <\/h6>\n                            <div class=\"pt-food-menu-lines\"><\/div>                        <\/div>                            <p class=\"pt-food-menu-details\">Venta de estrellas de comercio justo y artesanales de papel certificado para decoraci\u00f3n navide\u00f1a<\/p>                    <\/div>\n                <\/div>                <div class=\"pt-food-menu-item\">                    <div class=\"pt-food-menu-main\">\n                        <div class=\"pt-food-menu-header\">                            <h6 class=\"pt-food-menu-title\">                                <span class=\"title-wrap\">Joyer\u00eda\t\t\t\t\t\t\t\t<\/span>                            <\/h6>\n                            <div class=\"pt-food-menu-lines\"><\/div>                        <\/div>                            <p class=\"pt-food-menu-details\">Venta de bisuter\u00eda artesanal y accesorios para el hogar como mantas y cojines<\/p>                    <\/div>\n                <\/div>                <div class=\"pt-food-menu-item\">                    <div class=\"pt-food-menu-main\">\n                        <div class=\"pt-food-menu-header\">                            <h6 class=\"pt-food-menu-title\">                                <span class=\"title-wrap\">Pa\u00f1os\t\t\t\t\t\t\t\t<\/span>                            <\/h6>\n                            <div class=\"pt-food-menu-lines\"><\/div>                        <\/div>                            <p class=\"pt-food-menu-details\">Venta de toallas de hammam, toallas de playa, toallas de rizo y colchas, albornoces y t\u00fanicas<\/p>                    <\/div>\n                <\/div>                <div class=\"pt-food-menu-item\">                    <div class=\"pt-food-menu-main\">\n                        <div class=\"pt-food-menu-header\">                            <h6 class=\"pt-food-menu-title\">                                <span class=\"title-wrap\">Ropa india\t\t\t\t\t\t\t\t<\/span>                            <\/h6>\n                            <div class=\"pt-food-menu-lines\"><\/div>                        <\/div>                            <p class=\"pt-food-menu-details\">Venta de ropa y joyas indias<\/p>                    <\/div>\n                <\/div>                <div class=\"pt-food-menu-item\">                    <div class=\"pt-food-menu-main\">\n                        <div class=\"pt-food-menu-header\">                            <h6 class=\"pt-food-menu-title\">                                <span class=\"title-wrap\">Srta. Dufte\t\t\t\t\t\t\t\t<\/span>                            <\/h6>\n                            <div class=\"pt-food-menu-lines\"><\/div>                        <\/div>                            <p class=\"pt-food-menu-details\">Venta de velas, velas perfumadas, jab\u00f3n de leche de oveja, decoraci\u00f3n<\/p>                    <\/div>\n                <\/div>                <div class=\"pt-food-menu-item\">                    <div class=\"pt-food-menu-main\">\n                        <div class=\"pt-food-menu-header\">                            <h6 class=\"pt-food-menu-title\">                                <span class=\"title-wrap\">Marroquiner\u00eda Rust Sydney\t\t\t\t\t\t\t\t<\/span>                            <\/h6>\n                            <div class=\"pt-food-menu-lines\"><\/div>                        <\/div>                            <p class=\"pt-food-menu-details\">Venta de art\u00edculos de cuero hechos a mano<\/p>                    <\/div>\n                <\/div>                <div class=\"pt-food-menu-item\">                    <div class=\"pt-food-menu-main\">\n                        <div class=\"pt-food-menu-header\">                            <h6 class=\"pt-food-menu-title\">                                <span class=\"title-wrap\">Productos de corcho natural\t\t\t\t\t\t\t\t<\/span>                            <\/h6>\n                            <div class=\"pt-food-menu-lines\"><\/div>                        <\/div>                            <p class=\"pt-food-menu-details\">Venta de productos de corcho<\/p>                    <\/div>\n                <\/div>                <div class=\"pt-food-menu-item\">                    <div class=\"pt-food-menu-main\">\n                        <div class=\"pt-food-menu-header\">                            <h6 class=\"pt-food-menu-title\">                                <span class=\"title-wrap\">Freak Out Friedrichshain\t\t\t\t\t\t\t\t<\/span>                            <\/h6>\n                            <div class=\"pt-food-menu-lines\"><\/div>                        <\/div>                            <p class=\"pt-food-menu-details\">Venta de juguetes de hojalata y textiles infantiles (chaquetas)<\/p>                    <\/div>\n                <\/div>                <div class=\"pt-food-menu-item\">                    <div class=\"pt-food-menu-main\">\n                        <div class=\"pt-food-menu-header\">                            <h6 class=\"pt-food-menu-title\">                                <span class=\"title-wrap\">Hecho en \u00c1frica\t\t\t\t\t\t\t\t<\/span>                            <\/h6>\n                            <div class=\"pt-food-menu-lines\"><\/div>                        <\/div>                            <p class=\"pt-food-menu-details\">Venta de cestas africanas hechas a mano<\/p>                    <\/div>\n                <\/div>                <div class=\"pt-food-menu-item\">                    <div class=\"pt-food-menu-main\">\n                        <div class=\"pt-food-menu-header\">                            <h6 class=\"pt-food-menu-title\">                                <span class=\"title-wrap\">Juan L\u00e1mparas\t\t\t\t\t\t\t\t<\/span>                            <\/h6>\n                            <div class=\"pt-food-menu-lines\"><\/div>                        <\/div>                            <p class=\"pt-food-menu-details\">Venta de l\u00e1mparas artesanales, candelabros y decoraci\u00f3n<\/p>                    <\/div>\n                <\/div>                <div class=\"pt-food-menu-item\">                    <div class=\"pt-food-menu-main\">\n                        <div class=\"pt-food-menu-header\">                            <h6 class=\"pt-food-menu-title\">                                <span class=\"title-wrap\">Rey perla\t\t\t\t\t\t\t\t<\/span>                            <\/h6>\n                            <div class=\"pt-food-menu-lines\"><\/div>                        <\/div>                            <p class=\"pt-food-menu-details\">Venta de joyas (cadenas, colgantes, collares y pendientes)<\/p>                    <\/div>\n                <\/div>                <div class=\"pt-food-menu-item\">                    <div class=\"pt-food-menu-main\">\n                        <div class=\"pt-food-menu-header\">                            <h6 class=\"pt-food-menu-title\">                                <span class=\"title-wrap\">Unicef\t\t\t\t\t\t\t\t<\/span>                            <\/h6>\n                            <div class=\"pt-food-menu-lines\"><\/div>                        <\/div>                            <p class=\"pt-food-menu-details\">Caba\u00f1a ben\u00e9fica<\/p>                    <\/div>\n                <\/div>            <\/div>\t\t\t\t<\/div>\n\t\t\t\t<\/div>\n\t\t\t\t\t<\/div>\n\t\t<\/div>\n\t\t\t\t\t<\/div>\n\t\t<\/section>\n\t\t\t\t<section class=\"elementor-section elementor-top-section elementor-element elementor-element-bb18081 elementor-section-boxed elementor-section-height-default elementor-section-height-default\" data-id=\"bb18081\" data-element_type=\"section\" data-e-type=\"section\" data-settings=\"{&quot;background_background&quot;:&quot;classic&quot;}\">\n\t\t\t\t\t\t<div class=\"elementor-container elementor-column-gap-no\">\n\t\t\t\t\t<div class=\"elementor-column elementor-col-100 elementor-top-column elementor-element elementor-element-51fcec0 dark-color\" data-id=\"51fcec0\" data-element_type=\"column\" data-e-type=\"column\">\n\t\t\t<div class=\"elementor-widget-wrap elementor-element-populated\">\n\t\t\t\t\t\t<div class=\"elementor-element elementor-element-305763b pt-animation-medium-offset elementor-invisible elementor-widget elementor-widget-pt_gallery\" data-id=\"305763b\" data-element_type=\"widget\" data-e-type=\"widget\" data-settings=\"{&quot;_animation&quot;:&quot;fadeInUp&quot;,&quot;_animation_delay&quot;:500}\" data-widget_type=\"pt_gallery.default\">\n\t\t\t\t<div class=\"elementor-widget-container\">\n\t\t\t\t\t\n            <div class=\"pt-gallery gap-5 gallery-carousel align-middle-v\" data-column=\"1\" data-fade=\"on\" data-autoplay=\"on\" data-autoplay-speed=\"5000\" data-show-arrows=\"on\" data-show-dots=\"on\">\n                <div class=\"pt-gallery-wrap\">                    <div class=\"pt-gallery-item\">                            <a href=\"https:\/\/wintermarkt-schlossplatz.de\/wp-content\/uploads\/2025\/11\/Wintermarkt-Schlossplatz-2025-03.webp\" data-elementor-open-lightbox=\"yes\" data-elementor-lightbox-slideshow=\"305763b\" data-elementor-lightbox-title=\"Wintermarkt-Schlossplatz-2025-03\" data-e-action-hash=\"#elementor-action%3Aaction%3Dlightbox%26settings%3DeyJpZCI6ODUyNywidXJsIjoiaHR0cHM6XC9cL3dpbnRlcm1hcmt0LXNjaGxvc3NwbGF0ei5kZVwvd3AtY29udGVudFwvdXBsb2Fkc1wvMjAyNVwvMTFcL1dpbnRlcm1hcmt0LVNjaGxvc3NwbGF0ei0yMDI1LTAzLndlYnAiLCJzbGlkZXNob3ciOiIzMDU3NjNiIn0%3D\"><img fetchpriority=\"high\" decoding=\"async\" width=\"1500\" height=\"1000\" src=\"https:\/\/wintermarkt-schlossplatz.de\/wp-content\/uploads\/2025\/11\/Wintermarkt-Schlossplatz-2025-03.webp\" class=\"attachment-full size-full wp-image-8527\" alt=\"\" srcset=\"https:\/\/wintermarkt-schlossplatz.de\/wp-content\/uploads\/2025\/11\/Wintermarkt-Schlossplatz-2025-03.webp 1500w, https:\/\/wintermarkt-schlossplatz.de\/wp-content\/uploads\/2025\/11\/Wintermarkt-Schlossplatz-2025-03-300x200.webp 300w, https:\/\/wintermarkt-schlossplatz.de\/wp-content\/uploads\/2025\/11\/Wintermarkt-Schlossplatz-2025-03-1024x683.webp 1024w, https:\/\/wintermarkt-schlossplatz.de\/wp-content\/uploads\/2025\/11\/Wintermarkt-Schlossplatz-2025-03-768x512.webp 768w, https:\/\/wintermarkt-schlossplatz.de\/wp-content\/uploads\/2025\/11\/Wintermarkt-Schlossplatz-2025-03-18x12.webp 18w, https:\/\/wintermarkt-schlossplatz.de\/wp-content\/uploads\/2025\/11\/Wintermarkt-Schlossplatz-2025-03-1440x960.webp 1440w, https:\/\/wintermarkt-schlossplatz.de\/wp-content\/uploads\/2025\/11\/Wintermarkt-Schlossplatz-2025-03-1200x800.webp 1200w, https:\/\/wintermarkt-schlossplatz.de\/wp-content\/uploads\/2025\/11\/Wintermarkt-Schlossplatz-2025-03-780x520.webp 780w, https:\/\/wintermarkt-schlossplatz.de\/wp-content\/uploads\/2025\/11\/Wintermarkt-Schlossplatz-2025-03-600x400.webp 600w, https:\/\/wintermarkt-schlossplatz.de\/wp-content\/uploads\/2025\/11\/Wintermarkt-Schlossplatz-2025-03-550x367.webp 550w, https:\/\/wintermarkt-schlossplatz.de\/wp-content\/uploads\/2025\/11\/Wintermarkt-Schlossplatz-2025-03-370x247.webp 370w, https:\/\/wintermarkt-schlossplatz.de\/wp-content\/uploads\/2025\/11\/Wintermarkt-Schlossplatz-2025-03-255x170.webp 255w\" sizes=\"(max-width: 1500px) 100vw, 1500px\" \/><\/a>                    <\/div>                    <div class=\"pt-gallery-item\">                            <a href=\"https:\/\/wintermarkt-schlossplatz.de\/wp-content\/uploads\/2025\/11\/Wintermarkt-Schlossplatz-2025-02.webp\" data-elementor-open-lightbox=\"yes\" data-elementor-lightbox-slideshow=\"305763b\" data-elementor-lightbox-title=\"Wintermarkt-Schlossplatz-2025-02\" data-e-action-hash=\"#elementor-action%3Aaction%3Dlightbox%26settings%3DeyJpZCI6ODUyNiwidXJsIjoiaHR0cHM6XC9cL3dpbnRlcm1hcmt0LXNjaGxvc3NwbGF0ei5kZVwvd3AtY29udGVudFwvdXBsb2Fkc1wvMjAyNVwvMTFcL1dpbnRlcm1hcmt0LVNjaGxvc3NwbGF0ei0yMDI1LTAyLndlYnAiLCJzbGlkZXNob3ciOiIzMDU3NjNiIn0%3D\"><img decoding=\"async\" width=\"1500\" height=\"1000\" src=\"https:\/\/wintermarkt-schlossplatz.de\/wp-content\/uploads\/2025\/11\/Wintermarkt-Schlossplatz-2025-02.webp\" class=\"attachment-full size-full wp-image-8526\" alt=\"\" srcset=\"https:\/\/wintermarkt-schlossplatz.de\/wp-content\/uploads\/2025\/11\/Wintermarkt-Schlossplatz-2025-02.webp 1500w, https:\/\/wintermarkt-schlossplatz.de\/wp-content\/uploads\/2025\/11\/Wintermarkt-Schlossplatz-2025-02-300x200.webp 300w, https:\/\/wintermarkt-schlossplatz.de\/wp-content\/uploads\/2025\/11\/Wintermarkt-Schlossplatz-2025-02-1024x683.webp 1024w, https:\/\/wintermarkt-schlossplatz.de\/wp-content\/uploads\/2025\/11\/Wintermarkt-Schlossplatz-2025-02-768x512.webp 768w, https:\/\/wintermarkt-schlossplatz.de\/wp-content\/uploads\/2025\/11\/Wintermarkt-Schlossplatz-2025-02-18x12.webp 18w, https:\/\/wintermarkt-schlossplatz.de\/wp-content\/uploads\/2025\/11\/Wintermarkt-Schlossplatz-2025-02-1440x960.webp 1440w, https:\/\/wintermarkt-schlossplatz.de\/wp-content\/uploads\/2025\/11\/Wintermarkt-Schlossplatz-2025-02-1200x800.webp 1200w, https:\/\/wintermarkt-schlossplatz.de\/wp-content\/uploads\/2025\/11\/Wintermarkt-Schlossplatz-2025-02-780x520.webp 780w, https:\/\/wintermarkt-schlossplatz.de\/wp-content\/uploads\/2025\/11\/Wintermarkt-Schlossplatz-2025-02-600x400.webp 600w, https:\/\/wintermarkt-schlossplatz.de\/wp-content\/uploads\/2025\/11\/Wintermarkt-Schlossplatz-2025-02-550x367.webp 550w, https:\/\/wintermarkt-schlossplatz.de\/wp-content\/uploads\/2025\/11\/Wintermarkt-Schlossplatz-2025-02-370x247.webp 370w, https:\/\/wintermarkt-schlossplatz.de\/wp-content\/uploads\/2025\/11\/Wintermarkt-Schlossplatz-2025-02-255x170.webp 255w\" sizes=\"(max-width: 1500px) 100vw, 1500px\" \/><\/a>                    <\/div>                    <div class=\"pt-gallery-item\">                            <a href=\"https:\/\/wintermarkt-schlossplatz.de\/wp-content\/uploads\/2024\/12\/wintermarkt_2024-20.webp\" data-elementor-open-lightbox=\"yes\" data-elementor-lightbox-slideshow=\"305763b\" data-elementor-lightbox-title=\"wintermarkt_2024-20\" data-e-action-hash=\"#elementor-action%3Aaction%3Dlightbox%26settings%3DeyJpZCI6ODExNCwidXJsIjoiaHR0cHM6XC9cL3dpbnRlcm1hcmt0LXNjaGxvc3NwbGF0ei5kZVwvd3AtY29udGVudFwvdXBsb2Fkc1wvMjAyNFwvMTJcL3dpbnRlcm1hcmt0XzIwMjQtMjAud2VicCIsInNsaWRlc2hvdyI6IjMwNTc2M2IifQ%3D%3D\"><img decoding=\"async\" width=\"2000\" height=\"1333\" src=\"https:\/\/wintermarkt-schlossplatz.de\/wp-content\/uploads\/2024\/12\/wintermarkt_2024-20.webp\" class=\"attachment-full size-full wp-image-8114\" alt=\"\" srcset=\"https:\/\/wintermarkt-schlossplatz.de\/wp-content\/uploads\/2024\/12\/wintermarkt_2024-20.webp 2000w, https:\/\/wintermarkt-schlossplatz.de\/wp-content\/uploads\/2024\/12\/wintermarkt_2024-20-300x200.webp 300w, https:\/\/wintermarkt-schlossplatz.de\/wp-content\/uploads\/2024\/12\/wintermarkt_2024-20-1024x682.webp 1024w, https:\/\/wintermarkt-schlossplatz.de\/wp-content\/uploads\/2024\/12\/wintermarkt_2024-20-768x512.webp 768w, https:\/\/wintermarkt-schlossplatz.de\/wp-content\/uploads\/2024\/12\/wintermarkt_2024-20-1536x1024.webp 1536w, https:\/\/wintermarkt-schlossplatz.de\/wp-content\/uploads\/2024\/12\/wintermarkt_2024-20-18x12.webp 18w, https:\/\/wintermarkt-schlossplatz.de\/wp-content\/uploads\/2024\/12\/wintermarkt_2024-20-1920x1280.webp 1920w, https:\/\/wintermarkt-schlossplatz.de\/wp-content\/uploads\/2024\/12\/wintermarkt_2024-20-1440x960.webp 1440w, https:\/\/wintermarkt-schlossplatz.de\/wp-content\/uploads\/2024\/12\/wintermarkt_2024-20-1200x800.webp 1200w, https:\/\/wintermarkt-schlossplatz.de\/wp-content\/uploads\/2024\/12\/wintermarkt_2024-20-780x520.webp 780w, https:\/\/wintermarkt-schlossplatz.de\/wp-content\/uploads\/2024\/12\/wintermarkt_2024-20-600x400.webp 600w, https:\/\/wintermarkt-schlossplatz.de\/wp-content\/uploads\/2024\/12\/wintermarkt_2024-20-550x367.webp 550w, https:\/\/wintermarkt-schlossplatz.de\/wp-content\/uploads\/2024\/12\/wintermarkt_2024-20-370x247.webp 370w, https:\/\/wintermarkt-schlossplatz.de\/wp-content\/uploads\/2024\/12\/wintermarkt_2024-20-255x170.webp 255w\" sizes=\"(max-width: 2000px) 100vw, 2000px\" \/><\/a>                    <\/div>                    <div class=\"pt-gallery-item\">                            <a href=\"https:\/\/wintermarkt-schlossplatz.de\/wp-content\/uploads\/2024\/12\/wintermarkt_2024-06.webp\" data-elementor-open-lightbox=\"yes\" data-elementor-lightbox-slideshow=\"305763b\" data-elementor-lightbox-title=\"wintermarkt_2024-06\" data-e-action-hash=\"#elementor-action%3Aaction%3Dlightbox%26settings%3DeyJpZCI6ODA4MywidXJsIjoiaHR0cHM6XC9cL3dpbnRlcm1hcmt0LXNjaGxvc3NwbGF0ei5kZVwvd3AtY29udGVudFwvdXBsb2Fkc1wvMjAyNFwvMTJcL3dpbnRlcm1hcmt0XzIwMjQtMDYud2VicCIsInNsaWRlc2hvdyI6IjMwNTc2M2IifQ%3D%3D\"><img loading=\"lazy\" decoding=\"async\" width=\"2000\" height=\"1333\" src=\"https:\/\/wintermarkt-schlossplatz.de\/wp-content\/uploads\/2024\/12\/wintermarkt_2024-06.webp\" class=\"attachment-full size-full wp-image-8083\" alt=\"\" srcset=\"https:\/\/wintermarkt-schlossplatz.de\/wp-content\/uploads\/2024\/12\/wintermarkt_2024-06.webp 2000w, https:\/\/wintermarkt-schlossplatz.de\/wp-content\/uploads\/2024\/12\/wintermarkt_2024-06-300x200.webp 300w, https:\/\/wintermarkt-schlossplatz.de\/wp-content\/uploads\/2024\/12\/wintermarkt_2024-06-1024x682.webp 1024w, https:\/\/wintermarkt-schlossplatz.de\/wp-content\/uploads\/2024\/12\/wintermarkt_2024-06-768x512.webp 768w, https:\/\/wintermarkt-schlossplatz.de\/wp-content\/uploads\/2024\/12\/wintermarkt_2024-06-1536x1024.webp 1536w, https:\/\/wintermarkt-schlossplatz.de\/wp-content\/uploads\/2024\/12\/wintermarkt_2024-06-18x12.webp 18w, https:\/\/wintermarkt-schlossplatz.de\/wp-content\/uploads\/2024\/12\/wintermarkt_2024-06-1920x1280.webp 1920w, https:\/\/wintermarkt-schlossplatz.de\/wp-content\/uploads\/2024\/12\/wintermarkt_2024-06-1440x960.webp 1440w, https:\/\/wintermarkt-schlossplatz.de\/wp-content\/uploads\/2024\/12\/wintermarkt_2024-06-1200x800.webp 1200w, https:\/\/wintermarkt-schlossplatz.de\/wp-content\/uploads\/2024\/12\/wintermarkt_2024-06-780x520.webp 780w, https:\/\/wintermarkt-schlossplatz.de\/wp-content\/uploads\/2024\/12\/wintermarkt_2024-06-600x400.webp 600w, https:\/\/wintermarkt-schlossplatz.de\/wp-content\/uploads\/2024\/12\/wintermarkt_2024-06-550x367.webp 550w, https:\/\/wintermarkt-schlossplatz.de\/wp-content\/uploads\/2024\/12\/wintermarkt_2024-06-370x247.webp 370w, https:\/\/wintermarkt-schlossplatz.de\/wp-content\/uploads\/2024\/12\/wintermarkt_2024-06-255x170.webp 255w\" sizes=\"(max-width: 2000px) 100vw, 2000px\" \/><\/a>                    <\/div>                    <div class=\"pt-gallery-item\">                            <a href=\"https:\/\/wintermarkt-schlossplatz.de\/wp-content\/uploads\/2024\/12\/wintermarkt_2024-21.webp\" data-elementor-open-lightbox=\"yes\" data-elementor-lightbox-slideshow=\"305763b\" data-elementor-lightbox-title=\"wintermarkt_2024-21\" data-e-action-hash=\"#elementor-action%3Aaction%3Dlightbox%26settings%3DeyJpZCI6ODExNSwidXJsIjoiaHR0cHM6XC9cL3dpbnRlcm1hcmt0LXNjaGxvc3NwbGF0ei5kZVwvd3AtY29udGVudFwvdXBsb2Fkc1wvMjAyNFwvMTJcL3dpbnRlcm1hcmt0XzIwMjQtMjEud2VicCIsInNsaWRlc2hvdyI6IjMwNTc2M2IifQ%3D%3D\"><img loading=\"lazy\" decoding=\"async\" width=\"2000\" height=\"1333\" src=\"https:\/\/wintermarkt-schlossplatz.de\/wp-content\/uploads\/2024\/12\/wintermarkt_2024-21.webp\" class=\"attachment-full size-full wp-image-8115\" alt=\"\" srcset=\"https:\/\/wintermarkt-schlossplatz.de\/wp-content\/uploads\/2024\/12\/wintermarkt_2024-21.webp 2000w, https:\/\/wintermarkt-schlossplatz.de\/wp-content\/uploads\/2024\/12\/wintermarkt_2024-21-300x200.webp 300w, https:\/\/wintermarkt-schlossplatz.de\/wp-content\/uploads\/2024\/12\/wintermarkt_2024-21-1024x682.webp 1024w, https:\/\/wintermarkt-schlossplatz.de\/wp-content\/uploads\/2024\/12\/wintermarkt_2024-21-768x512.webp 768w, https:\/\/wintermarkt-schlossplatz.de\/wp-content\/uploads\/2024\/12\/wintermarkt_2024-21-1536x1024.webp 1536w, https:\/\/wintermarkt-schlossplatz.de\/wp-content\/uploads\/2024\/12\/wintermarkt_2024-21-18x12.webp 18w, https:\/\/wintermarkt-schlossplatz.de\/wp-content\/uploads\/2024\/12\/wintermarkt_2024-21-1920x1280.webp 1920w, https:\/\/wintermarkt-schlossplatz.de\/wp-content\/uploads\/2024\/12\/wintermarkt_2024-21-1440x960.webp 1440w, https:\/\/wintermarkt-schlossplatz.de\/wp-content\/uploads\/2024\/12\/wintermarkt_2024-21-1200x800.webp 1200w, https:\/\/wintermarkt-schlossplatz.de\/wp-content\/uploads\/2024\/12\/wintermarkt_2024-21-780x520.webp 780w, https:\/\/wintermarkt-schlossplatz.de\/wp-content\/uploads\/2024\/12\/wintermarkt_2024-21-600x400.webp 600w, https:\/\/wintermarkt-schlossplatz.de\/wp-content\/uploads\/2024\/12\/wintermarkt_2024-21-550x367.webp 550w, https:\/\/wintermarkt-schlossplatz.de\/wp-content\/uploads\/2024\/12\/wintermarkt_2024-21-370x247.webp 370w, https:\/\/wintermarkt-schlossplatz.de\/wp-content\/uploads\/2024\/12\/wintermarkt_2024-21-255x170.webp 255w\" sizes=\"(max-width: 2000px) 100vw, 2000px\" \/><\/a>                    <\/div>                    <div class=\"pt-gallery-item\">                            <a href=\"https:\/\/wintermarkt-schlossplatz.de\/wp-content\/uploads\/2024\/12\/wintermarkt_2024-23.webp\" data-elementor-open-lightbox=\"yes\" data-elementor-lightbox-slideshow=\"305763b\" data-elementor-lightbox-title=\"wintermarkt_2024-23\" data-e-action-hash=\"#elementor-action%3Aaction%3Dlightbox%26settings%3DeyJpZCI6ODExNywidXJsIjoiaHR0cHM6XC9cL3dpbnRlcm1hcmt0LXNjaGxvc3NwbGF0ei5kZVwvd3AtY29udGVudFwvdXBsb2Fkc1wvMjAyNFwvMTJcL3dpbnRlcm1hcmt0XzIwMjQtMjMud2VicCIsInNsaWRlc2hvdyI6IjMwNTc2M2IifQ%3D%3D\"><img loading=\"lazy\" decoding=\"async\" width=\"2000\" height=\"1333\" src=\"https:\/\/wintermarkt-schlossplatz.de\/wp-content\/uploads\/2024\/12\/wintermarkt_2024-23.webp\" class=\"attachment-full size-full wp-image-8117\" alt=\"\" srcset=\"https:\/\/wintermarkt-schlossplatz.de\/wp-content\/uploads\/2024\/12\/wintermarkt_2024-23.webp 2000w, https:\/\/wintermarkt-schlossplatz.de\/wp-content\/uploads\/2024\/12\/wintermarkt_2024-23-300x200.webp 300w, https:\/\/wintermarkt-schlossplatz.de\/wp-content\/uploads\/2024\/12\/wintermarkt_2024-23-1024x682.webp 1024w, https:\/\/wintermarkt-schlossplatz.de\/wp-content\/uploads\/2024\/12\/wintermarkt_2024-23-768x512.webp 768w, https:\/\/wintermarkt-schlossplatz.de\/wp-content\/uploads\/2024\/12\/wintermarkt_2024-23-1536x1024.webp 1536w, https:\/\/wintermarkt-schlossplatz.de\/wp-content\/uploads\/2024\/12\/wintermarkt_2024-23-18x12.webp 18w, https:\/\/wintermarkt-schlossplatz.de\/wp-content\/uploads\/2024\/12\/wintermarkt_2024-23-1920x1280.webp 1920w, https:\/\/wintermarkt-schlossplatz.de\/wp-content\/uploads\/2024\/12\/wintermarkt_2024-23-1440x960.webp 1440w, https:\/\/wintermarkt-schlossplatz.de\/wp-content\/uploads\/2024\/12\/wintermarkt_2024-23-1200x800.webp 1200w, https:\/\/wintermarkt-schlossplatz.de\/wp-content\/uploads\/2024\/12\/wintermarkt_2024-23-780x520.webp 780w, https:\/\/wintermarkt-schlossplatz.de\/wp-content\/uploads\/2024\/12\/wintermarkt_2024-23-600x400.webp 600w, https:\/\/wintermarkt-schlossplatz.de\/wp-content\/uploads\/2024\/12\/wintermarkt_2024-23-550x367.webp 550w, https:\/\/wintermarkt-schlossplatz.de\/wp-content\/uploads\/2024\/12\/wintermarkt_2024-23-370x247.webp 370w, https:\/\/wintermarkt-schlossplatz.de\/wp-content\/uploads\/2024\/12\/wintermarkt_2024-23-255x170.webp 255w\" sizes=\"(max-width: 2000px) 100vw, 2000px\" \/><\/a>                    <\/div>                    <div class=\"pt-gallery-item\">                            <a href=\"https:\/\/wintermarkt-schlossplatz.de\/wp-content\/uploads\/2024\/12\/wintermarkt_2024-22.webp\" data-elementor-open-lightbox=\"yes\" data-elementor-lightbox-slideshow=\"305763b\" data-elementor-lightbox-title=\"wintermarkt_2024-22\" data-e-action-hash=\"#elementor-action%3Aaction%3Dlightbox%26settings%3DeyJpZCI6ODExNiwidXJsIjoiaHR0cHM6XC9cL3dpbnRlcm1hcmt0LXNjaGxvc3NwbGF0ei5kZVwvd3AtY29udGVudFwvdXBsb2Fkc1wvMjAyNFwvMTJcL3dpbnRlcm1hcmt0XzIwMjQtMjIud2VicCIsInNsaWRlc2hvdyI6IjMwNTc2M2IifQ%3D%3D\"><img loading=\"lazy\" decoding=\"async\" width=\"2000\" height=\"1333\" src=\"https:\/\/wintermarkt-schlossplatz.de\/wp-content\/uploads\/2024\/12\/wintermarkt_2024-22.webp\" class=\"attachment-full size-full wp-image-8116\" alt=\"\" srcset=\"https:\/\/wintermarkt-schlossplatz.de\/wp-content\/uploads\/2024\/12\/wintermarkt_2024-22.webp 2000w, https:\/\/wintermarkt-schlossplatz.de\/wp-content\/uploads\/2024\/12\/wintermarkt_2024-22-300x200.webp 300w, https:\/\/wintermarkt-schlossplatz.de\/wp-content\/uploads\/2024\/12\/wintermarkt_2024-22-1024x682.webp 1024w, https:\/\/wintermarkt-schlossplatz.de\/wp-content\/uploads\/2024\/12\/wintermarkt_2024-22-768x512.webp 768w, https:\/\/wintermarkt-schlossplatz.de\/wp-content\/uploads\/2024\/12\/wintermarkt_2024-22-1536x1024.webp 1536w, https:\/\/wintermarkt-schlossplatz.de\/wp-content\/uploads\/2024\/12\/wintermarkt_2024-22-18x12.webp 18w, https:\/\/wintermarkt-schlossplatz.de\/wp-content\/uploads\/2024\/12\/wintermarkt_2024-22-1920x1280.webp 1920w, https:\/\/wintermarkt-schlossplatz.de\/wp-content\/uploads\/2024\/12\/wintermarkt_2024-22-1440x960.webp 1440w, https:\/\/wintermarkt-schlossplatz.de\/wp-content\/uploads\/2024\/12\/wintermarkt_2024-22-1200x800.webp 1200w, https:\/\/wintermarkt-schlossplatz.de\/wp-content\/uploads\/2024\/12\/wintermarkt_2024-22-780x520.webp 780w, https:\/\/wintermarkt-schlossplatz.de\/wp-content\/uploads\/2024\/12\/wintermarkt_2024-22-600x400.webp 600w, https:\/\/wintermarkt-schlossplatz.de\/wp-content\/uploads\/2024\/12\/wintermarkt_2024-22-550x367.webp 550w, https:\/\/wintermarkt-schlossplatz.de\/wp-content\/uploads\/2024\/12\/wintermarkt_2024-22-370x247.webp 370w, https:\/\/wintermarkt-schlossplatz.de\/wp-content\/uploads\/2024\/12\/wintermarkt_2024-22-255x170.webp 255w\" sizes=\"(max-width: 2000px) 100vw, 2000px\" \/><\/a>                    <\/div>                    <div class=\"pt-gallery-item\">                            <a href=\"https:\/\/wintermarkt-schlossplatz.de\/wp-content\/uploads\/2024\/12\/wintermarkt_2024-24.webp\" data-elementor-open-lightbox=\"yes\" data-elementor-lightbox-slideshow=\"305763b\" data-elementor-lightbox-title=\"wintermarkt_2024-24\" data-e-action-hash=\"#elementor-action%3Aaction%3Dlightbox%26settings%3DeyJpZCI6ODExOCwidXJsIjoiaHR0cHM6XC9cL3dpbnRlcm1hcmt0LXNjaGxvc3NwbGF0ei5kZVwvd3AtY29udGVudFwvdXBsb2Fkc1wvMjAyNFwvMTJcL3dpbnRlcm1hcmt0XzIwMjQtMjQud2VicCIsInNsaWRlc2hvdyI6IjMwNTc2M2IifQ%3D%3D\"><img loading=\"lazy\" decoding=\"async\" width=\"2000\" height=\"1333\" src=\"https:\/\/wintermarkt-schlossplatz.de\/wp-content\/uploads\/2024\/12\/wintermarkt_2024-24.webp\" class=\"attachment-full size-full wp-image-8118\" alt=\"\" srcset=\"https:\/\/wintermarkt-schlossplatz.de\/wp-content\/uploads\/2024\/12\/wintermarkt_2024-24.webp 2000w, https:\/\/wintermarkt-schlossplatz.de\/wp-content\/uploads\/2024\/12\/wintermarkt_2024-24-300x200.webp 300w, https:\/\/wintermarkt-schlossplatz.de\/wp-content\/uploads\/2024\/12\/wintermarkt_2024-24-1024x682.webp 1024w, https:\/\/wintermarkt-schlossplatz.de\/wp-content\/uploads\/2024\/12\/wintermarkt_2024-24-768x512.webp 768w, https:\/\/wintermarkt-schlossplatz.de\/wp-content\/uploads\/2024\/12\/wintermarkt_2024-24-1536x1024.webp 1536w, https:\/\/wintermarkt-schlossplatz.de\/wp-content\/uploads\/2024\/12\/wintermarkt_2024-24-18x12.webp 18w, https:\/\/wintermarkt-schlossplatz.de\/wp-content\/uploads\/2024\/12\/wintermarkt_2024-24-1920x1280.webp 1920w, https:\/\/wintermarkt-schlossplatz.de\/wp-content\/uploads\/2024\/12\/wintermarkt_2024-24-1440x960.webp 1440w, https:\/\/wintermarkt-schlossplatz.de\/wp-content\/uploads\/2024\/12\/wintermarkt_2024-24-1200x800.webp 1200w, https:\/\/wintermarkt-schlossplatz.de\/wp-content\/uploads\/2024\/12\/wintermarkt_2024-24-780x520.webp 780w, https:\/\/wintermarkt-schlossplatz.de\/wp-content\/uploads\/2024\/12\/wintermarkt_2024-24-600x400.webp 600w, https:\/\/wintermarkt-schlossplatz.de\/wp-content\/uploads\/2024\/12\/wintermarkt_2024-24-550x367.webp 550w, https:\/\/wintermarkt-schlossplatz.de\/wp-content\/uploads\/2024\/12\/wintermarkt_2024-24-370x247.webp 370w, https:\/\/wintermarkt-schlossplatz.de\/wp-content\/uploads\/2024\/12\/wintermarkt_2024-24-255x170.webp 255w\" sizes=\"(max-width: 2000px) 100vw, 2000px\" \/><\/a>                    <\/div>                <\/div>\n            <\/div>\t\t\t\t<\/div>\n\t\t\t\t<\/div>\n\t\t\t\t\t<\/div>\n\t\t<\/div>\n\t\t\t\t\t<\/div>\n\t\t<\/section>\n\t\t\t\t<section class=\"elementor-section elementor-top-section elementor-element elementor-element-242f425 elementor-section-full_width elementor-section-height-min-height pt_scroll_y_150 pt-parallax-on-scroll elementor-section-height-default elementor-section-items-middle\" data-id=\"242f425\" data-element_type=\"section\" data-e-type=\"section\" id=\"menu-cocktails\" data-settings=\"{&quot;background_background&quot;:&quot;classic&quot;}\" data-pt-parallax-y=\"150\" style=\"background-image: none;\" data-pt-background-image=\"https:\/\/wintermarkt-schlossplatz.de\/wp-content\/uploads\/2023\/10\/kunst03.webp\">\n\t\t\t\t\t\t\t<div class=\"elementor-background-overlay\"><\/div>\n\t\t\t\t\t\t\t<div class=\"elementor-container elementor-column-gap-default\">\n\t\t\t\t\t<div class=\"elementor-column elementor-col-100 elementor-top-column elementor-element elementor-element-241a3cbb\" data-id=\"241a3cbb\" data-element_type=\"column\" data-e-type=\"column\">\n\t\t\t<div class=\"elementor-widget-wrap elementor-element-populated\">\n\t\t\t\t\t\t<div class=\"elementor-element elementor-element-6605233 elementor-widget elementor-widget-pt_title\" data-id=\"6605233\" data-element_type=\"widget\" data-e-type=\"widget\" data-widget_type=\"pt_title.default\">\n\t\t\t\t<div class=\"elementor-widget-container\">\n\t\t\t\t\t\n        <div class=\"pt-title-wrap text-center\">\t            <h3 class=\"pt-title\">\n\t                Esperamos su visita.\t            <\/h3>        <\/div>\t\t\t\t<\/div>\n\t\t\t\t<\/div>\n\t\t\t\t\t<\/div>\n\t\t<\/div>\n\t\t\t\t\t<\/div>\n\t\t<\/section>\n\t\t\t\t<\/div>","protected":false},"excerpt":{"rendered":"<p>Kunsthandwerk &amp; Handel Staunen Sie \u00fcber hangemalte Bilder, ukrainische Geschenkartikel und bedruckte T-Shirts. Der Wintermarkt am Berliner Schlo\u00dfplatz bietet ein gro\u00dfes Angebot an Geschenken wie handgefertigtem Schmuck, Seifen, Kerzen und Winteraccessoires. Ausstellerliste 2025 Winterartikel Verkauf von M\u00fctzen &#038; Schals an 3 St\u00e4nden Handmade Jewelry Verkauf von Schmuck mit Edelsteinen und Edelmetallen Wichtel Sprit of Nord &#8230;<\/p>","protected":false},"author":1,"featured_media":0,"parent":0,"menu_order":0,"comment_status":"closed","ping_status":"closed","template":"template-wide-content.php","meta":{"patiotime_single_page_hide_site_header":"","patiotime_single_page_site_header_source":"","patiotime_single_page_custom_site_header":"0","patiotime_single_page_custom_sticky_site_header":"0","patiotime_single_page_custom_page_title_margin_top_source":"","patiotime_single_page_custom_page_title_desktop_margin_top":"","patiotime_single_page_custom_page_title_tablet_margin_top":"","patiotime_single_page_custom_page_title_mobile_margin_top":"","patiotime_single_page_hide_page_title":"on","patiotime_single_page_header_section_size":"","patiotime_single_page_header_background_color":"","patiotime_single_page_header_background_position_x":"center","patiotime_single_page_header_background_position_y":"center","patiotime_single_page_header_background_size":"cover","patiotime_single_page_header_background_repeat":"off","patiotime_single_page_header_background_scroll":"on","patiotime_single_page_header_text_color":"","patiotime_single_page_header_show_breadcrumb":"","patiotime_single_page_site_footer_hide_main":"","patiotime_single_custom_site_footer_main_source":"","patiotime_single_custom_site_footer_main":"0","patiotime_single_page_site_footer_hide_above":"","patiotime_single_custom_site_footer_above_source":"","patiotime_single_custom_site_footer_above":"0","patiotime_single_page_site_footer_hide_instagram":"","patiotime_single_page_site_footer_hide_bottom":"","patiotime_single_custom_mobile_menu_source":"","patiotime_single_custom_mobile_menu":"0","patiotime_single_custom_mobile_menu_animation":"","patiotime_single_custom_mobile_menu_width":"","patiotime_single_custom_mobile_menu_custom_width":375,"footnotes":""},"class_list":["post-4894","page","type-page","status-publish","hentry"],"_links":{"self":[{"href":"https:\/\/wintermarkt-schlossplatz.de\/es\/wp-json\/wp\/v2\/pages\/4894","targetHints":{"allow":["GET"]}}],"collection":[{"href":"https:\/\/wintermarkt-schlossplatz.de\/es\/wp-json\/wp\/v2\/pages"}],"about":[{"href":"https:\/\/wintermarkt-schlossplatz.de\/es\/wp-json\/wp\/v2\/types\/page"}],"author":[{"embeddable":true,"href":"https:\/\/wintermarkt-schlossplatz.de\/es\/wp-json\/wp\/v2\/users\/1"}],"replies":[{"embeddable":true,"href":"https:\/\/wintermarkt-schlossplatz.de\/es\/wp-json\/wp\/v2\/comments?post=4894"}],"version-history":[{"count":0,"href":"https:\/\/wintermarkt-schlossplatz.de\/es\/wp-json\/wp\/v2\/pages\/4894\/revisions"}],"wp:attachment":[{"href":"https:\/\/wintermarkt-schlossplatz.de\/es\/wp-json\/wp\/v2\/media?parent=4894"}],"curies":[{"name":"wp","href":"https:\/\/api.w.org\/{rel}","templated":true}]}}