{"id":6792,"date":"2023-10-04T12:18:07","date_gmt":"2023-10-04T12:18:07","guid":{"rendered":"https:\/\/wintermarkt-schlossplatz.de\/?page_id=6792"},"modified":"2025-12-08T15:02:34","modified_gmt":"2025-12-08T15:02:34","slug":"kulinarisches","status":"publish","type":"page","link":"https:\/\/wintermarkt-schlossplatz.de\/es\/kulinarisches\/","title":{"rendered":"Delicias culinarias"},"content":{"rendered":"<div data-elementor-type=\"wp-page\" data-elementor-id=\"6792\" class=\"elementor elementor-6792\">\n\t\t\t\t\t\t<section class=\"elementor-section elementor-top-section elementor-element elementor-element-3af62068 pt-section-content-fullwidth pt_scroll_y_150 pt-parallax-on-scroll elementor-section-boxed elementor-section-height-default elementor-section-height-default\" data-id=\"3af62068\" data-element_type=\"section\" data-e-type=\"section\" data-settings=\"{&quot;background_background&quot;:&quot;classic&quot;}\" data-pt-parallax-y=\"150\" style=\"background-image: none;\" data-pt-background-image=\"https:\/\/wintermarkt-schlossplatz.de\/wp-content\/uploads\/2023\/10\/Kulinarisches02.webp\">\n\t\t\t\t\t\t\t<div class=\"elementor-background-overlay\"><\/div>\n\t\t\t\t\t\t\t<div class=\"elementor-container elementor-column-gap-no\">\n\t\t\t\t\t<div class=\"elementor-column elementor-col-100 elementor-top-column elementor-element elementor-element-52c41b2c dark-color\" data-id=\"52c41b2c\" data-element_type=\"column\" data-e-type=\"column\">\n\t\t\t<div class=\"elementor-widget-wrap elementor-element-populated\">\n\t\t\t\t\t\t<div class=\"elementor-element elementor-element-14e60969 elementor-widget elementor-widget-pt_title\" data-id=\"14e60969\" data-element_type=\"widget\" data-e-type=\"widget\" data-widget_type=\"pt_title.default\">\n\t\t\t\t<div class=\"elementor-widget-container\">\n\t\t\t\t\t\n        <div class=\"pt-title-wrap text-center\">\t            <h1 class=\"pt-title\">\n\t                Delicias culinarias\t            <\/h1>        <\/div>\t\t\t\t<\/div>\n\t\t\t\t<\/div>\n\t\t\t\t\t<\/div>\n\t\t<\/div>\n\t\t\t\t\t<\/div>\n\t\t<\/section>\n\t\t\t\t<section class=\"elementor-section elementor-top-section elementor-element elementor-element-2d5e6367 elementor-section-boxed elementor-section-height-default elementor-section-height-default\" data-id=\"2d5e6367\" data-element_type=\"section\" data-e-type=\"section\">\n\t\t\t\t\t\t<div class=\"elementor-container elementor-column-gap-no\">\n\t\t\t\t\t<div class=\"elementor-column elementor-col-100 elementor-top-column elementor-element elementor-element-383bda0e elementor-invisible\" data-id=\"383bda0e\" data-element_type=\"column\" data-e-type=\"column\" data-settings=\"{&quot;animation&quot;:&quot;fadeInUp&quot;}\">\n\t\t\t<div class=\"elementor-widget-wrap elementor-element-populated\">\n\t\t\t\t\t\t<div class=\"elementor-element elementor-element-ddc83b0 elementor-widget elementor-widget-text-editor\" data-id=\"ddc83b0\" data-element_type=\"widget\" data-e-type=\"widget\" data-widget_type=\"text-editor.default\">\n\t\t\t\t<div class=\"elementor-widget-container\">\n\t\t\t\t\t\t\t\t\t<p>En el mercado de invierno de la Schlo\u00dfplatz de Berl\u00edn hay para todos los gustos culinarios.<\/p><p>Ya sean cl\u00e1sicos como Baumstriezel, almendras tostadas, pasteles, vino caliente en distintas variedades o novedades como especialidades de Jaimakan, distintas variaciones de patatas, salm\u00f3n flameado, pasta de la rueda de quesos... casi todo se ofrece con calidad ecol\u00f3gica certificada. <br \/>Tambi\u00e9n se atiende a los m\u00e1s peque\u00f1os con zumos de fruta calientes directos. Hay una caba\u00f1a con zumos para ni\u00f1os de la regi\u00f3n.<\/p>\t\t\t\t\t\t\t\t<\/div>\n\t\t\t\t<\/div>\n\t\t\t\t\t<\/div>\n\t\t<\/div>\n\t\t\t\t\t<\/div>\n\t\t<\/section>\n\t\t\t\t<section class=\"elementor-section elementor-top-section elementor-element elementor-element-8221f1b elementor-section-boxed elementor-section-height-default elementor-section-height-default\" data-id=\"8221f1b\" data-element_type=\"section\" data-e-type=\"section\">\n\t\t\t\t\t\t<div class=\"elementor-container elementor-column-gap-no\">\n\t\t\t\t\t<div class=\"elementor-column elementor-col-100 elementor-top-column elementor-element elementor-element-2a78bf2 animated-slow elementor-invisible\" data-id=\"2a78bf2\" data-element_type=\"column\" data-e-type=\"column\" data-settings=\"{&quot;animation&quot;:&quot;fadeIn&quot;}\">\n\t\t\t<div class=\"elementor-widget-wrap elementor-element-populated\">\n\t\t\t\t\t\t<div class=\"elementor-element elementor-element-7fd84c8 elementor-widget elementor-widget-pt_divider\" data-id=\"7fd84c8\" data-element_type=\"widget\" data-e-type=\"widget\" data-widget_type=\"pt_divider.default\">\n\t\t\t\t<div class=\"elementor-widget-container\">\n\t\t\t\t\t\n        <div class=\"pt-divider divider-grass\">                <div class=\"pt-d-icon icon-start\">                    <svg xmlns=\"http:\/\/www.w3.org\/2000\/svg\" viewbox=\"0 0 31.06 29.67\">\n                        <path d=\"M36.53,21.85,31.78,18s-7.5.83-9.68,16.39C22.1,34.34,25.7,21.66,36.53,21.85Z\" transform=\"translate(-5.47 -4.66)\"><\/path>\n                        <path class=\"cls-1\" d=\"M5.47,21.85,10.22,18s7.5.83,9.68,16.39C19.9,34.34,16.3,21.66,5.47,21.85Z\" transform=\"translate(-5.47 -4.66)\"><\/path>\n                        <polygon class=\"cls-1\" points=\"15.53 0 18.66 6.56 15.53 22.16 12.39 6.56 15.53 0\"><\/polygon>\n                    <\/svg>                <\/div>            <div class=\"pt-d-line\"><\/div>                <div class=\"pt-d-icon icon-end\">                    <svg xmlns=\"http:\/\/www.w3.org\/2000\/svg\" viewbox=\"0 0 31.06 29.67\">\n                        <path d=\"M36.53,21.85,31.78,18s-7.5.83-9.68,16.39C22.1,34.34,25.7,21.66,36.53,21.85Z\" transform=\"translate(-5.47 -4.66)\"><\/path>\n                        <path class=\"cls-1\" d=\"M5.47,21.85,10.22,18s7.5.83,9.68,16.39C19.9,34.34,16.3,21.66,5.47,21.85Z\" transform=\"translate(-5.47 -4.66)\"><\/path>\n                        <polygon class=\"cls-1\" points=\"15.53 0 18.66 6.56 15.53 22.16 12.39 6.56 15.53 0\"><\/polygon>\n                    <\/svg>                <\/div>        <\/div>\t\t\t\t<\/div>\n\t\t\t\t<\/div>\n\t\t\t\t\t<\/div>\n\t\t<\/div>\n\t\t\t\t\t<\/div>\n\t\t<\/section>\n\t\t\t\t<section class=\"elementor-section elementor-top-section elementor-element elementor-element-dc16f18 elementor-section-boxed elementor-section-height-default elementor-section-height-default\" data-id=\"dc16f18\" data-element_type=\"section\" data-e-type=\"section\">\n\t\t\t\t\t\t<div class=\"elementor-container elementor-column-gap-no\">\n\t\t\t\t\t<div class=\"elementor-column elementor-col-100 elementor-top-column elementor-element elementor-element-fc20d2c animated-slow elementor-invisible\" data-id=\"fc20d2c\" data-element_type=\"column\" data-e-type=\"column\" data-settings=\"{&quot;animation&quot;:&quot;fadeInUp&quot;}\">\n\t\t\t<div class=\"elementor-widget-wrap elementor-element-populated\">\n\t\t\t\t\t\t<div class=\"elementor-element elementor-element-a448d8b elementor-widget elementor-widget-pt_title\" data-id=\"a448d8b\" data-element_type=\"widget\" data-e-type=\"widget\" data-widget_type=\"pt_title.default\">\n\t\t\t\t<div class=\"elementor-widget-container\">\n\t\t\t\t\t\n        <div class=\"pt-title-wrap text-center\">\t            <h2 class=\"pt-title\">\n\t                Destacados\t            <\/h2>        <\/div>\t\t\t\t<\/div>\n\t\t\t\t<\/div>\n\t\t\t\t<section class=\"elementor-section elementor-inner-section elementor-element elementor-element-c14aa72 elementor-section-boxed elementor-section-height-default elementor-section-height-default\" data-id=\"c14aa72\" data-element_type=\"section\" data-e-type=\"section\">\n\t\t\t\t\t\t<div class=\"elementor-container elementor-column-gap-default\">\n\t\t\t\t\t<div class=\"elementor-column elementor-col-50 elementor-inner-column elementor-element elementor-element-00ef188 elementor-invisible\" data-id=\"00ef188\" data-element_type=\"column\" data-e-type=\"column\" data-settings=\"{&quot;animation&quot;:&quot;fadeInUp&quot;,&quot;animation_delay&quot;:100}\">\n\t\t\t<div class=\"elementor-widget-wrap elementor-element-populated\">\n\t\t\t\t\t\t<div class=\"elementor-element elementor-element-76679f1 elementor-widget elementor-widget-image-carousel\" data-id=\"76679f1\" data-element_type=\"widget\" data-e-type=\"widget\" data-settings=\"{&quot;slides_to_show&quot;:&quot;1&quot;,&quot;navigation&quot;:&quot;none&quot;,&quot;autoplay&quot;:&quot;yes&quot;,&quot;pause_on_hover&quot;:&quot;yes&quot;,&quot;pause_on_interaction&quot;:&quot;yes&quot;,&quot;autoplay_speed&quot;:5000,&quot;infinite&quot;:&quot;yes&quot;,&quot;effect&quot;:&quot;slide&quot;,&quot;speed&quot;:500}\" data-widget_type=\"image-carousel.default\">\n\t\t\t\t<div class=\"elementor-widget-container\">\n\t\t\t\t\t\t\t<div class=\"elementor-image-carousel-wrapper swiper\" role=\"region\" aria-roledescription=\"carousel\" aria-label=\"Carrusel de im\u00e1genes\" dir=\"ltr\">\n\t\t\t<div class=\"elementor-image-carousel swiper-wrapper\" aria-live=\"off\">\n\t\t\t\t\t\t\t\t<div class=\"swiper-slide\" role=\"group\" aria-roledescription=\"slide\" aria-label=\"1 de 3\"><figure class=\"swiper-slide-inner\"><img decoding=\"async\" class=\"swiper-slide-image\" src=\"https:\/\/wintermarkt-schlossplatz.de\/wp-content\/uploads\/2024\/12\/wintermarkt_2024-11.webp\" alt=\"wintermarkt_2024-11\" \/><\/figure><\/div><div class=\"swiper-slide\" role=\"group\" aria-roledescription=\"slide\" aria-label=\"2 de 3\"><figure class=\"swiper-slide-inner\"><img decoding=\"async\" class=\"swiper-slide-image\" src=\"https:\/\/wintermarkt-schlossplatz.de\/wp-content\/uploads\/2024\/12\/wintermarkt_2024-29.webp\" alt=\"wintermarkt_2024-29\" \/><\/figure><\/div><div class=\"swiper-slide\" role=\"group\" aria-roledescription=\"slide\" aria-label=\"3 de 3\"><figure class=\"swiper-slide-inner\"><img decoding=\"async\" class=\"swiper-slide-image\" src=\"https:\/\/wintermarkt-schlossplatz.de\/wp-content\/uploads\/2023\/12\/wintermarkt26.webp\" alt=\"wintermarkt26\" \/><\/figure><\/div>\t\t\t<\/div>\n\t\t\t\t\t\t\t\n\t\t\t\t\t\t\t\t\t<\/div>\n\t\t\t\t\t\t<\/div>\n\t\t\t\t<\/div>\n\t\t\t\t<div class=\"elementor-element elementor-element-252ea0c elementor-widget elementor-widget-pt_title\" data-id=\"252ea0c\" data-element_type=\"widget\" data-e-type=\"widget\" data-widget_type=\"pt_title.default\">\n\t\t\t\t<div class=\"elementor-widget-container\">\n\t\t\t\t\t\n        <div class=\"pt-title-wrap text-left\">\t            <h3 class=\"pt-title\">\n\t                Feuerzangenbowle de Berl\u00edn\t            <\/h3>\t            <div class=\"pt-title-text\">\n\t                <p>Disfrute del mercado de invierno en Schlossplatz con un aut\u00e9ntico cl\u00e1sico: <strong>Pinzas de fuego punz\u00f3n<\/strong>!<br \/>El ponche caliente con pan de az\u00facar flambeado no s\u00f3lo calienta por dentro, sino que tambi\u00e9n deleita con su inconfundible sabor. Entre los puestos decorados festivamente, el <strong>Feuerzangenbowle de Berl\u00edn<\/strong> El \u00e1rbol de Navidad invita a quedarse, perfecto para contagiarse del esp\u00edritu navide\u00f1o con los amigos o la familia. <br \/><strong>No se pierda esta atracci\u00f3n invernal en pleno Schl\u00fcterhof.<\/strong><\/p>\t            <\/div>                <div class=\"pt-title-btn\">\n                    <a class=\"button elementor-button-link pt-btn-large\" role=\"button\" href=\"https:\/\/berliner-feuerzangenbowle.de\" target=\"_blank\">\n                        <span class=\"pt-btn-text\">Seguir leyendo<\/span>\n                    <\/a>\n                <\/div>\n                    <\/div>\t\t\t\t<\/div>\n\t\t\t\t<\/div>\n\t\t\t\t\t<\/div>\n\t\t<\/div>\n\t\t\t\t<div class=\"elementor-column elementor-col-50 elementor-inner-column elementor-element elementor-element-0eff418 elementor-invisible\" data-id=\"0eff418\" data-element_type=\"column\" data-e-type=\"column\" data-settings=\"{&quot;animation&quot;:&quot;fadeInUp&quot;,&quot;animation_delay&quot;:200}\">\n\t\t\t<div class=\"elementor-widget-wrap elementor-element-populated\">\n\t\t\t\t\t\t<div class=\"elementor-element elementor-element-d8e8baa elementor-widget elementor-widget-image-carousel\" data-id=\"d8e8baa\" data-element_type=\"widget\" data-e-type=\"widget\" data-settings=\"{&quot;slides_to_show&quot;:&quot;1&quot;,&quot;navigation&quot;:&quot;none&quot;,&quot;autoplay&quot;:&quot;yes&quot;,&quot;pause_on_hover&quot;:&quot;yes&quot;,&quot;pause_on_interaction&quot;:&quot;yes&quot;,&quot;autoplay_speed&quot;:5000,&quot;infinite&quot;:&quot;yes&quot;,&quot;effect&quot;:&quot;slide&quot;,&quot;speed&quot;:500}\" data-widget_type=\"image-carousel.default\">\n\t\t\t\t<div class=\"elementor-widget-container\">\n\t\t\t\t\t\t\t<div class=\"elementor-image-carousel-wrapper swiper\" role=\"region\" aria-roledescription=\"carousel\" aria-label=\"Carrusel de im\u00e1genes\" dir=\"ltr\">\n\t\t\t<div class=\"elementor-image-carousel swiper-wrapper\" aria-live=\"off\">\n\t\t\t\t\t\t\t\t<div class=\"swiper-slide\" role=\"group\" aria-roledescription=\"slide\" aria-label=\"1 de 5\"><figure class=\"swiper-slide-inner\"><img decoding=\"async\" class=\"swiper-slide-image\" src=\"https:\/\/wintermarkt-schlossplatz.de\/wp-content\/uploads\/2025\/11\/Spreeterrasse-am-Humboldtforum-4.webp\" alt=\"Spreeterrasse-am-Humboldtforum-4\" \/><\/figure><\/div><div class=\"swiper-slide\" role=\"group\" aria-roledescription=\"slide\" aria-label=\"2 de 5\"><figure class=\"swiper-slide-inner\"><img decoding=\"async\" class=\"swiper-slide-image\" src=\"https:\/\/wintermarkt-schlossplatz.de\/wp-content\/uploads\/2025\/11\/Verkaufsstand-Spreeterrasse-Humboldt-Forum.webp\" alt=\"Verkaufsstand-Spreeterrasse-Humboldt-Forum\" \/><\/figure><\/div><div class=\"swiper-slide\" role=\"group\" aria-roledescription=\"slide\" aria-label=\"3 de 5\"><figure class=\"swiper-slide-inner\"><img decoding=\"async\" class=\"swiper-slide-image\" src=\"https:\/\/wintermarkt-schlossplatz.de\/wp-content\/uploads\/2025\/11\/Beheiztes-Zelt-Spreeterrasse-Humboldt-Forum.webp\" alt=\"Beheiztes-Zelt-Spreeterrasse-Humboldt-Forum\" \/><\/figure><\/div><div class=\"swiper-slide\" role=\"group\" aria-roledescription=\"slide\" aria-label=\"4 de 5\"><figure class=\"swiper-slide-inner\"><img decoding=\"async\" class=\"swiper-slide-image\" src=\"https:\/\/wintermarkt-schlossplatz.de\/wp-content\/uploads\/2025\/11\/Spreeterrasse-am-Humboldtforum-2.webp\" alt=\"Spreeterrasse-am-Humboldtforum-2\" \/><\/figure><\/div><div class=\"swiper-slide\" role=\"group\" aria-roledescription=\"slide\" aria-label=\"5 de 5\"><figure class=\"swiper-slide-inner\"><img decoding=\"async\" class=\"swiper-slide-image\" src=\"https:\/\/wintermarkt-schlossplatz.de\/wp-content\/uploads\/2025\/11\/Spreeterrasse-am-Humboldtforum-5.webp\" alt=\"Spreeterrasse-am-Humboldtforum-5\" \/><\/figure><\/div>\t\t\t<\/div>\n\t\t\t\t\t\t\t\n\t\t\t\t\t\t\t\t\t<\/div>\n\t\t\t\t\t\t<\/div>\n\t\t\t\t<\/div>\n\t\t\t\t<div class=\"elementor-element elementor-element-6870cf1 elementor-widget elementor-widget-pt_title\" data-id=\"6870cf1\" data-element_type=\"widget\" data-e-type=\"widget\" data-widget_type=\"pt_title.default\">\n\t\t\t\t<div class=\"elementor-widget-container\">\n\t\t\t\t\t\n        <div class=\"pt-title-wrap text-left\">\t            <h3 class=\"pt-title\">\n\t                Spreeterrasse\t            <\/h3>\t            <div class=\"pt-title-text\">\n\t                <p><strong>Frente a la Catedral de Berl\u00edn, las Spreeterrassen del Humboldtforum son un oasis invernal donde disfrutar, detenerse y entrar en calor, en pleno centro de Berl\u00edn.<\/strong><\/p><p>Aqu\u00ed, el ambiente festivo se combina con la comodidad relajada, con vistas a la torre de TV, la catedral de Berl\u00edn y el barrio Nikolai. En el exterior, las luces brillantes y las chimeneas crean un ambiente acogedor. <strong>Amplia carpa climatizada para catering<\/strong> un c\u00e1lido refugio con un t\u00edpico <strong>Platos berlineses a la carta <\/strong>o<strong> Paquetes de men\u00fas<\/strong>.<\/p>\t            <\/div>                <div class=\"pt-title-btn\">\n                    <a class=\"button elementor-button-link pt-btn-large\" role=\"button\" href=\"https:\/\/spreeterrasse.de\" target=\"_blank\">\n                        <span class=\"pt-btn-text\">Reserve aqu\u00ed<\/span>\n                    <\/a>\n                <\/div>\n                    <\/div>\t\t\t\t<\/div>\n\t\t\t\t<\/div>\n\t\t\t\t\t<\/div>\n\t\t<\/div>\n\t\t\t\t\t<\/div>\n\t\t<\/section>\n\t\t\t\t\t<\/div>\n\t\t<\/div>\n\t\t\t\t\t<\/div>\n\t\t<\/section>\n\t\t\t\t<section class=\"elementor-section elementor-top-section elementor-element elementor-element-c90997f elementor-section-boxed elementor-section-height-default elementor-section-height-default\" data-id=\"c90997f\" data-element_type=\"section\" data-e-type=\"section\">\n\t\t\t\t\t\t<div class=\"elementor-container elementor-column-gap-no\">\n\t\t\t\t\t<div class=\"elementor-column elementor-col-100 elementor-top-column elementor-element elementor-element-363887b animated-slow elementor-invisible\" data-id=\"363887b\" data-element_type=\"column\" data-e-type=\"column\" data-settings=\"{&quot;animation&quot;:&quot;fadeIn&quot;}\">\n\t\t\t<div class=\"elementor-widget-wrap elementor-element-populated\">\n\t\t\t\t\t\t<div class=\"elementor-element elementor-element-593c6f4 elementor-widget elementor-widget-pt_divider\" data-id=\"593c6f4\" data-element_type=\"widget\" data-e-type=\"widget\" data-widget_type=\"pt_divider.default\">\n\t\t\t\t<div class=\"elementor-widget-container\">\n\t\t\t\t\t\n        <div class=\"pt-divider divider-grass\">                <div class=\"pt-d-icon icon-start\">                    <svg xmlns=\"http:\/\/www.w3.org\/2000\/svg\" viewbox=\"0 0 31.06 29.67\">\n                        <path d=\"M36.53,21.85,31.78,18s-7.5.83-9.68,16.39C22.1,34.34,25.7,21.66,36.53,21.85Z\" transform=\"translate(-5.47 -4.66)\"><\/path>\n                        <path class=\"cls-1\" d=\"M5.47,21.85,10.22,18s7.5.83,9.68,16.39C19.9,34.34,16.3,21.66,5.47,21.85Z\" transform=\"translate(-5.47 -4.66)\"><\/path>\n                        <polygon class=\"cls-1\" points=\"15.53 0 18.66 6.56 15.53 22.16 12.39 6.56 15.53 0\"><\/polygon>\n                    <\/svg>                <\/div>            <div class=\"pt-d-line\"><\/div>                <div class=\"pt-d-icon icon-end\">                    <svg xmlns=\"http:\/\/www.w3.org\/2000\/svg\" viewbox=\"0 0 31.06 29.67\">\n                        <path d=\"M36.53,21.85,31.78,18s-7.5.83-9.68,16.39C22.1,34.34,25.7,21.66,36.53,21.85Z\" transform=\"translate(-5.47 -4.66)\"><\/path>\n                        <path class=\"cls-1\" d=\"M5.47,21.85,10.22,18s7.5.83,9.68,16.39C19.9,34.34,16.3,21.66,5.47,21.85Z\" transform=\"translate(-5.47 -4.66)\"><\/path>\n                        <polygon class=\"cls-1\" points=\"15.53 0 18.66 6.56 15.53 22.16 12.39 6.56 15.53 0\"><\/polygon>\n                    <\/svg>                <\/div>        <\/div>\t\t\t\t<\/div>\n\t\t\t\t<\/div>\n\t\t\t\t\t<\/div>\n\t\t<\/div>\n\t\t\t\t\t<\/div>\n\t\t<\/section>\n\t\t\t\t<section class=\"elementor-section elementor-top-section elementor-element elementor-element-973aba0 elementor-section-boxed elementor-section-height-default elementor-section-height-default\" data-id=\"973aba0\" data-element_type=\"section\" data-e-type=\"section\">\n\t\t\t\t\t\t<div class=\"elementor-container elementor-column-gap-no\">\n\t\t\t\t\t<div class=\"elementor-column elementor-col-100 elementor-top-column elementor-element elementor-element-f4b8758 elementor-invisible\" data-id=\"f4b8758\" data-element_type=\"column\" data-e-type=\"column\" data-settings=\"{&quot;animation&quot;:&quot;fadeInUp&quot;}\">\n\t\t\t<div class=\"elementor-widget-wrap elementor-element-populated\">\n\t\t\t\t\t\t<div class=\"elementor-element elementor-element-4a93051 elementor-widget elementor-widget-pt_title\" data-id=\"4a93051\" data-element_type=\"widget\" data-e-type=\"widget\" data-widget_type=\"pt_title.default\">\n\t\t\t\t<div class=\"elementor-widget-container\">\n\t\t\t\t\t\n        <div class=\"pt-title-wrap text-left\">\t            <h2 class=\"pt-title\">\n\t                Lista de expositores 2025\t            <\/h2>        <\/div>\t\t\t\t<\/div>\n\t\t\t\t<\/div>\n\t\t\t\t<div class=\"elementor-element elementor-element-3b73311 elementor-widget elementor-widget-pt_food_menu\" data-id=\"3b73311\" data-element_type=\"widget\" data-e-type=\"widget\" data-widget_type=\"pt_food_menu.default\">\n\t\t\t\t<div class=\"elementor-widget-container\">\n\t\t\t\t\t            <div class=\"pt-food-menu food-menu-style-5 column-2 gap-10\">                <div class=\"pt-food-menu-item\">                    <div class=\"pt-food-menu-main\">\n                        <div class=\"pt-food-menu-header\">                            <h6 class=\"pt-food-menu-title\">                                    <a href=\"https:\/\/wintercottage-berlin.de\/wintercottage-am-schlossplatz\/\" target=\"_blank\">                                <span class=\"title-wrap\">WinterCottage en Schlossplatz\t\t\t\t\t\t\t\t<\/span><\/a>                            <\/h6>\n                            <div class=\"pt-food-menu-lines\"><\/div>                        <\/div>                            <p class=\"pt-food-menu-details\">Bar de bebidas con champ\u00e1n exclusivo en la caba\u00f1a<\/p>                    <\/div>\n                <\/div>                <div class=\"pt-food-menu-item\">                    <div class=\"pt-food-menu-main\">\n                        <div class=\"pt-food-menu-header\">                            <h6 class=\"pt-food-menu-title\">                                    <a href=\"https:\/\/look-catering.de\" target=\"_blank\">                                <span class=\"title-wrap\">Pabell\u00f3n Grill\t\t\t\t\t\t\t\t<\/span><\/a>                            <\/h6>\n                            <div class=\"pt-food-menu-lines\"><\/div>                        <\/div>                            <p class=\"pt-food-menu-details\">Bratwurst, salchichas de venado y mucho m\u00e1s<\/p>                    <\/div>\n                <\/div>                <div class=\"pt-food-menu-item\">                    <div class=\"pt-food-menu-main\">\n                        <div class=\"pt-food-menu-header\">                            <h6 class=\"pt-food-menu-title\">                                    <a href=\"https:\/\/berliner-feuerzangenbowle.de\" target=\"_blank\">                                <span class=\"title-wrap\">Feuerzangenbowle de Berl\u00edn\t\t\t\t\t\t\t\t<\/span><\/a>                            <\/h6>\n                            <div class=\"pt-food-menu-lines\"><\/div>                        <\/div>                            <p class=\"pt-food-menu-details\">Venta de Feuerzangenbowle<\/p>                    <\/div>\n                <\/div>                <div class=\"pt-food-menu-item\">                    <div class=\"pt-food-menu-main\">\n                        <div class=\"pt-food-menu-header\">                            <h6 class=\"pt-food-menu-title\">                                    <a href=\"https:\/\/spreeterrasse.de\" target=\"_blank\">                                <span class=\"title-wrap\">Spreeterrasse\t\t\t\t\t\t\t\t<\/span><\/a>                            <\/h6>\n                            <div class=\"pt-food-menu-lines\"><\/div>                        <\/div>                            <p class=\"pt-food-menu-details\">Comida y bebida en la carpa de restauraci\u00f3n del Spree<\/p>                    <\/div>\n                <\/div>                <div class=\"pt-food-menu-item\">                    <div class=\"pt-food-menu-main\">\n                        <div class=\"pt-food-menu-header\">                            <h6 class=\"pt-food-menu-title\">                                <span class=\"title-wrap\">Rosis Bar &amp; Grill\t\t\t\t\t\t\t\t<\/span>                            <\/h6>\n                            <div class=\"pt-food-menu-lines\"><\/div>                        <\/div>                            <p class=\"pt-food-menu-details\">1\/2 metro de bratwurst especial y barra exclusiva de champ\u00e1n<\/p>                    <\/div>\n                <\/div>                <div class=\"pt-food-menu-item\">                    <div class=\"pt-food-menu-main\">\n                        <div class=\"pt-food-menu-header\">                            <h6 class=\"pt-food-menu-title\">                                <span class=\"title-wrap\">Pir\u00e1mide Marilyn Fackler\t\t\t\t\t\t\t\t<\/span>                            <\/h6>\n                            <div class=\"pt-food-menu-lines\"><\/div>                        <\/div>                            <p class=\"pt-food-menu-details\">Mulled wine bar y Feuerzangenbowle con asientos<\/p>                    <\/div>\n                <\/div>                <div class=\"pt-food-menu-item\">                    <div class=\"pt-food-menu-main\">\n                        <div class=\"pt-food-menu-header\">                            <h6 class=\"pt-food-menu-title\">                                <span class=\"title-wrap\">Caba\u00f1a del Le\u00f3n y magia de las caba\u00f1as\t\t\t\t\t\t\t\t<\/span>                            <\/h6>\n                            <div class=\"pt-food-menu-lines\"><\/div>                        <\/div>                            <p class=\"pt-food-menu-details\">Servicio de vino caliente y bebidas<\/p>                    <\/div>\n                <\/div>                <div class=\"pt-food-menu-item\">                    <div class=\"pt-food-menu-main\">\n                        <div class=\"pt-food-menu-header\">                            <h6 class=\"pt-food-menu-title\">                                <span class=\"title-wrap\">Especialidades de barbacoa\t\t\t\t\t\t\t\t<\/span>                            <\/h6>\n                            <div class=\"pt-food-menu-lines\"><\/div>                        <\/div>                            <p class=\"pt-food-menu-details\">Barbacoa con bratwurst, currywurst, salchicha de venado y patatas fritas<\/p>                    <\/div>\n                <\/div>                <div class=\"pt-food-menu-item\">                    <div class=\"pt-food-menu-main\">\n                        <div class=\"pt-food-menu-header\">                            <h6 class=\"pt-food-menu-title\">                                <span class=\"title-wrap\">Spaetzle de queso\t\t\t\t\t\t\t\t<\/span>                            <\/h6>\n                            <div class=\"pt-food-menu-lines\"><\/div>                        <\/div>                            <p class=\"pt-food-menu-details\">Venta de spaetzle de queso<\/p>                    <\/div>\n                <\/div>                <div class=\"pt-food-menu-item\">                    <div class=\"pt-food-menu-main\">\n                        <div class=\"pt-food-menu-header\">                            <h6 class=\"pt-food-menu-title\">                                <span class=\"title-wrap\">Raclette\t\t\t\t\t\t\t\t<\/span>                            <\/h6>\n                            <div class=\"pt-food-menu-lines\"><\/div>                        <\/div>                            <p class=\"pt-food-menu-details\">Raclette sobre pan crujiente con diversos ingredientes y tiempo de pan (queso\/jam\u00f3n)<\/p>                    <\/div>\n                <\/div>                <div class=\"pt-food-menu-item\">                    <div class=\"pt-food-menu-main\">\n                        <div class=\"pt-food-menu-header\">                            <h6 class=\"pt-food-menu-title\">                                <span class=\"title-wrap\">Pan de mano\t\t\t\t\t\t\t\t<\/span>                            <\/h6>\n                            <div class=\"pt-food-menu-lines\"><\/div>                        <\/div>                            <p class=\"pt-food-menu-details\">pan reci\u00e9n hecho a mano - vers. variedades<\/p>                    <\/div>\n                <\/div>                <div class=\"pt-food-menu-item\">                    <div class=\"pt-food-menu-main\">\n                        <div class=\"pt-food-menu-header\">                            <h6 class=\"pt-food-menu-title\">                                <span class=\"title-wrap\">Especial salm\u00f3n flameado\t\t\t\t\t\t\t\t<\/span>                            <\/h6>\n                            <div class=\"pt-food-menu-lines\"><\/div>                        <\/div>                            <p class=\"pt-food-menu-details\">Salm\u00f3n reci\u00e9n preparado a la llama <\/p>                    <\/div>\n                <\/div>                <div class=\"pt-food-menu-item\">                    <div class=\"pt-food-menu-main\">\n                        <div class=\"pt-food-menu-header\">                            <h6 class=\"pt-food-menu-title\">                                <span class=\"title-wrap\">Pasta\t\t\t\t\t\t\t\t<\/span>                            <\/h6>\n                            <div class=\"pt-food-menu-lines\"><\/div>                        <\/div>                            <p class=\"pt-food-menu-details\">Pasta flambeada con trufa del pan parmesano<\/p>                    <\/div>\n                <\/div>                <div class=\"pt-food-menu-item\">                    <div class=\"pt-food-menu-main\">\n                        <div class=\"pt-food-menu-header\">                            <h6 class=\"pt-food-menu-title\">                                <span class=\"title-wrap\">Hamburguesas y m\u00e1s\t\t\t\t\t\t\t\t<\/span>                            <\/h6>\n                            <div class=\"pt-food-menu-lines\"><\/div>                        <\/div>                            <p class=\"pt-food-menu-details\">Venta de hamburguesas reci\u00e9n preparadas<\/p>                    <\/div>\n                <\/div>                <div class=\"pt-food-menu-item\">                    <div class=\"pt-food-menu-main\">\n                        <div class=\"pt-food-menu-header\">                            <h6 class=\"pt-food-menu-title\">                                <span class=\"title-wrap\">Twister de patatas y patatas fritas\t\t\t\t\t\t\t\t<\/span>                            <\/h6>\n                            <div class=\"pt-food-menu-lines\"><\/div>                        <\/div>                            <p class=\"pt-food-menu-details\">Twister de patatas y patatas fritas<\/p>                    <\/div>\n                <\/div>                <div class=\"pt-food-menu-item\">                    <div class=\"pt-food-menu-main\">\n                        <div class=\"pt-food-menu-header\">                            <h6 class=\"pt-food-menu-title\">                                <span class=\"title-wrap\">Patatas fritas holandesas\t\t\t\t\t\t\t\t<\/span>                            <\/h6>\n                            <div class=\"pt-food-menu-lines\"><\/div>                        <\/div>                            <p class=\"pt-food-menu-details\">Venta de patatas fritas holandesas con varios toppings. coberturas<\/p>                    <\/div>\n                <\/div>                <div class=\"pt-food-menu-item\">                    <div class=\"pt-food-menu-main\">\n                        <div class=\"pt-food-menu-header\">                            <h6 class=\"pt-food-menu-title\">                                <span class=\"title-wrap\">Bebidas calientes\t\t\t\t\t\t\t\t<\/span>                            <\/h6>\n                            <div class=\"pt-food-menu-lines\"><\/div>                        <\/div>                            <p class=\"pt-food-menu-details\">Bebidas de barril\nBar de digestivos de la emperatriz Augusta y Jack-Pott del k\u00e1iser Guillermo II<\/p>                    <\/div>\n                <\/div>                <div class=\"pt-food-menu-item\">                    <div class=\"pt-food-menu-main\">\n                        <div class=\"pt-food-menu-header\">                            <h6 class=\"pt-food-menu-title\">                                <span class=\"title-wrap\">Gl\u00f6gi finland\u00e9s\t\t\t\t\t\t\t\t<\/span>                            <\/h6>\n                            <div class=\"pt-food-menu-lines\"><\/div>                        <\/div>                            <p class=\"pt-food-menu-details\">Servir vino caliente escandinavo - tradicionalmente elaborado con vino de bayas<\/p>                    <\/div>\n                <\/div>                <div class=\"pt-food-menu-item\">                    <div class=\"pt-food-menu-main\">\n                        <div class=\"pt-food-menu-header\">                            <h6 class=\"pt-food-menu-title\">                                <span class=\"title-wrap\">Destiler\u00eda de chocolate, frutas y almendras\t\t\t\t\t\t\t\t<\/span>                            <\/h6>\n                            <div class=\"pt-food-menu-lines\"><\/div>                        <\/div>                            <p class=\"pt-food-menu-details\">Venta de frutas con chocolate, almendras tostadas y frutos secos<\/p>                    <\/div>\n                <\/div>                <div class=\"pt-food-menu-item\">                    <div class=\"pt-food-menu-main\">\n                        <div class=\"pt-food-menu-header\">                            <h6 class=\"pt-food-menu-title\">                                <span class=\"title-wrap\">Churros espa\u00f1oles\t\t\t\t\t\t\t\t<\/span>                            <\/h6>\n                            <div class=\"pt-food-menu-lines\"><\/div>                        <\/div>                            <p class=\"pt-food-menu-details\">Churros originales espa\u00f1oles en 2 puestos<\/p>                    <\/div>\n                <\/div>                <div class=\"pt-food-menu-item\">                    <div class=\"pt-food-menu-main\">\n                        <div class=\"pt-food-menu-header\">                            <h6 class=\"pt-food-menu-title\">                                <span class=\"title-wrap\">Pasteler\u00eda navide\u00f1a\t\t\t\t\t\t\t\t<\/span>                            <\/h6>\n                            <div class=\"pt-food-menu-lines\"><\/div>                        <\/div>                            <p class=\"pt-food-menu-details\">Venta de bolas de quark reci\u00e9n preparadas y pretzels con diversos ingredientes<\/p>                    <\/div>\n                <\/div>                <div class=\"pt-food-menu-item\">                    <div class=\"pt-food-menu-main\">\n                        <div class=\"pt-food-menu-header\">                            <h6 class=\"pt-food-menu-title\">                                <span class=\"title-wrap\">Kaiserschmarrn y gofres\t\t\t\t\t\t\t\t<\/span>                            <\/h6>\n                            <div class=\"pt-food-menu-lines\"><\/div>                        <\/div>                            <p class=\"pt-food-menu-details\">Kaiserschmarrn (3m) y gofres (3m)<\/p>                    <\/div>\n                <\/div>                <div class=\"pt-food-menu-item\">                    <div class=\"pt-food-menu-main\">\n                        <div class=\"pt-food-menu-header\">                            <h6 class=\"pt-food-menu-title\">                                <span class=\"title-wrap\">Gofres y crepes\t\t\t\t\t\t\t\t<\/span>                            <\/h6>\n                            <div class=\"pt-food-menu-lines\"><\/div>                        <\/div>                            <p class=\"pt-food-menu-details\">Venta de gofres y crepes<\/p>                    <\/div>\n                <\/div>                <div class=\"pt-food-menu-item\">                    <div class=\"pt-food-menu-main\">\n                        <div class=\"pt-food-menu-header\">                            <h6 class=\"pt-food-menu-title\">                                <span class=\"title-wrap\">Poffertjes\t\t\t\t\t\t\t\t<\/span>                            <\/h6>\n                            <div class=\"pt-food-menu-lines\"><\/div>                        <\/div>                            <p class=\"pt-food-menu-details\">Venta de poffertjes reci\u00e9n preparados<\/p>                    <\/div>\n                <\/div>                <div class=\"pt-food-menu-item\">                    <div class=\"pt-food-menu-main\">\n                        <div class=\"pt-food-menu-header\">                            <h6 class=\"pt-food-menu-title\">                                <span class=\"title-wrap\">Tortitas\t\t\t\t\t\t\t\t<\/span>                            <\/h6>\n                            <div class=\"pt-food-menu-lines\"><\/div>                        <\/div>                            <p class=\"pt-food-menu-details\">Venta de tortitas con salsa casera y toppings<\/p>                    <\/div>\n                <\/div>                <div class=\"pt-food-menu-item\">                    <div class=\"pt-food-menu-main\">\n                        <div class=\"pt-food-menu-header\">                            <h6 class=\"pt-food-menu-title\">                                <span class=\"title-wrap\">Crepes\t\t\t\t\t\t\t\t<\/span>                            <\/h6>\n                            <div class=\"pt-food-menu-lines\"><\/div>                        <\/div>                            <p class=\"pt-food-menu-details\">Venta de crepes, tortitas y tortitas al horno reci\u00e9n preparadas<\/p>                    <\/div>\n                <\/div>                <div class=\"pt-food-menu-item\">                    <div class=\"pt-food-menu-main\">\n                        <div class=\"pt-food-menu-header\">                            <h6 class=\"pt-food-menu-title\">                                <span class=\"title-wrap\">Galletas Mutzen\t\t\t\t\t\t\t\t<\/span>                            <\/h6>\n                            <div class=\"pt-food-menu-lines\"><\/div>                        <\/div>                            <p class=\"pt-food-menu-details\">Galletas Mutzen<\/p>                    <\/div>\n                <\/div>                <div class=\"pt-food-menu-item\">                    <div class=\"pt-food-menu-main\">\n                        <div class=\"pt-food-menu-header\">                            <h6 class=\"pt-food-menu-title\">                                <span class=\"title-wrap\">Moca Ur\t\t\t\t\t\t\t\t<\/span>                            <\/h6>\n                            <div class=\"pt-food-menu-lines\"><\/div>                        <\/div>                            <p class=\"pt-food-menu-details\">Moca reci\u00e9n preparada en varios sabores y moca en vaso para consumo en casa<\/p>                    <\/div>\n                <\/div>                <div class=\"pt-food-menu-item\">                    <div class=\"pt-food-menu-main\">\n                        <div class=\"pt-food-menu-header\">                            <h6 class=\"pt-food-menu-title\">                                <span class=\"title-wrap\">L\u00e1ngos h\u00fangaros\t\t\t\t\t\t\t\t<\/span>                            <\/h6>\n                            <div class=\"pt-food-menu-lines\"><\/div>                        <\/div>                            <p class=\"pt-food-menu-details\">Langos reci\u00e9n preparados<\/p>                    <\/div>\n                <\/div>                <div class=\"pt-food-menu-item\">                    <div class=\"pt-food-menu-main\">\n                        <div class=\"pt-food-menu-header\">                            <h6 class=\"pt-food-menu-title\">                                <span class=\"title-wrap\">Baumstriezel h\u00fangaro\t\t\t\t\t\t\t\t<\/span>                            <\/h6>\n                            <div class=\"pt-food-menu-lines\"><\/div>                        <\/div>                            <p class=\"pt-food-menu-details\">Baumstriezel h\u00fangaro y sopa h\u00fangara de col y gulash<\/p>                    <\/div>\n                <\/div>                <div class=\"pt-food-menu-item\">                    <div class=\"pt-food-menu-main\">\n                        <div class=\"pt-food-menu-header\">                            <h6 class=\"pt-food-menu-title\">                                <span class=\"title-wrap\">Cocina de Cachemira\t\t\t\t\t\t\t\t<\/span>                            <\/h6>\n                            <div class=\"pt-food-menu-lines\"><\/div>                        <\/div>                            <p class=\"pt-food-menu-details\">Cocina de Cachemira<\/p>                    <\/div>\n                <\/div>                <div class=\"pt-food-menu-item\">                    <div class=\"pt-food-menu-main\">\n                        <div class=\"pt-food-menu-header\">                            <h6 class=\"pt-food-menu-title\">                                <span class=\"title-wrap\">Dulce Jamaica\t\t\t\t\t\t\t\t<\/span>                            <\/h6>\n                            <div class=\"pt-food-menu-lines\"><\/div>                        <\/div>                            <p class=\"pt-food-menu-details\">Especialidades jamaicanas<\/p>                    <\/div>\n                <\/div>                <div class=\"pt-food-menu-item\">                    <div class=\"pt-food-menu-main\">\n                        <div class=\"pt-food-menu-header\">                            <h6 class=\"pt-food-menu-title\">                                <span class=\"title-wrap\">Comida callejera coreana\t\t\t\t\t\t\t\t<\/span>                            <\/h6>\n                            <div class=\"pt-food-menu-lines\"><\/div>                        <\/div>                            <p class=\"pt-food-menu-details\">Venta de dumplings coreanos reci\u00e9n preparados<\/p>                    <\/div>\n                <\/div>                <div class=\"pt-food-menu-item\">                    <div class=\"pt-food-menu-main\">\n                        <div class=\"pt-food-menu-header\">                            <h6 class=\"pt-food-menu-title\">                                <span class=\"title-wrap\">Comida asi\u00e1tica\t\t\t\t\t\t\t\t<\/span>                            <\/h6>\n                            <div class=\"pt-food-menu-lines\"><\/div>                        <\/div>                            <p class=\"pt-food-menu-details\">Venta de platos asi\u00e1ticos Indochinos<\/p>                    <\/div>\n                <\/div>                <div class=\"pt-food-menu-item\">                    <div class=\"pt-food-menu-main\">\n                        <div class=\"pt-food-menu-header\">                            <h6 class=\"pt-food-menu-title\">                                <span class=\"title-wrap\">Especialidades del Himalaya\t\t\t\t\t\t\t\t<\/span>                            <\/h6>\n                            <div class=\"pt-food-menu-lines\"><\/div>                        <\/div>                            <p class=\"pt-food-menu-details\">Venta de momos (alb\u00f3ndigas nepalesas) y comida nepalesa<\/p>                    <\/div>\n                <\/div>                <div class=\"pt-food-menu-item\">                    <div class=\"pt-food-menu-main\">\n                        <div class=\"pt-food-menu-header\">                            <h6 class=\"pt-food-menu-title\">                                <span class=\"title-wrap\">Empanadas\t\t\t\t\t\t\t\t<\/span>                            <\/h6>\n                            <div class=\"pt-food-menu-lines\"><\/div>                        <\/div>                            <p class=\"pt-food-menu-details\">Venta de empanadas peruanas<\/p>                    <\/div>\n                <\/div>                <div class=\"pt-food-menu-item\">                    <div class=\"pt-food-menu-main\">\n                        <div class=\"pt-food-menu-header\">                            <h6 class=\"pt-food-menu-title\">                                <span class=\"title-wrap\">Whirlpool\t\t\t\t\t\t\t\t<\/span>                            <\/h6>\n                            <div class=\"pt-food-menu-lines\"><\/div>                        <\/div>                            <p class=\"pt-food-menu-details\">Venta de strudels artesanales (con semillas de amapola, nueces y cerezas)<\/p>                    <\/div>\n                <\/div>                <div class=\"pt-food-menu-item\">                    <div class=\"pt-food-menu-main\">\n                        <div class=\"pt-food-menu-header\">                            <h6 class=\"pt-food-menu-title\">                                <span class=\"title-wrap\">Panader\u00eda de pretzels\t\t\t\t\t\t\t\t<\/span>                            <\/h6>\n                            <div class=\"pt-food-menu-lines\"><\/div>                        <\/div>                            <p class=\"pt-food-menu-details\">Pretzels con varios ingredientes <\/p>                    <\/div>\n                <\/div>                <div class=\"pt-food-menu-item\">                    <div class=\"pt-food-menu-main\">\n                        <div class=\"pt-food-menu-header\">                            <h6 class=\"pt-food-menu-title\">                                <span class=\"title-wrap\">Casta\u00f1as\t\t\t\t\t\t\t\t<\/span>                            <\/h6>\n                            <div class=\"pt-food-menu-lines\"><\/div>                        <\/div>                            <p class=\"pt-food-menu-details\">Venta de casta\u00f1as calientes<\/p>                    <\/div>\n                <\/div>            <\/div>\t\t\t\t<\/div>\n\t\t\t\t<\/div>\n\t\t\t\t\t<\/div>\n\t\t<\/div>\n\t\t\t\t\t<\/div>\n\t\t<\/section>\n\t\t\t\t<section class=\"elementor-section elementor-top-section elementor-element elementor-element-a418fd0 elementor-section-boxed elementor-section-height-default elementor-section-height-default\" data-id=\"a418fd0\" data-element_type=\"section\" data-e-type=\"section\" data-settings=\"{&quot;background_background&quot;:&quot;classic&quot;}\">\n\t\t\t\t\t\t<div class=\"elementor-container elementor-column-gap-no\">\n\t\t\t\t\t<div class=\"elementor-column elementor-col-100 elementor-top-column elementor-element elementor-element-eb6120e dark-color\" data-id=\"eb6120e\" data-element_type=\"column\" data-e-type=\"column\">\n\t\t\t<div class=\"elementor-widget-wrap elementor-element-populated\">\n\t\t\t\t\t\t<div class=\"elementor-element elementor-element-bac3b2a pt-animation-medium-offset elementor-invisible elementor-widget elementor-widget-pt_gallery\" data-id=\"bac3b2a\" data-element_type=\"widget\" data-e-type=\"widget\" data-settings=\"{&quot;_animation&quot;:&quot;fadeInUp&quot;,&quot;_animation_delay&quot;:500}\" data-widget_type=\"pt_gallery.default\">\n\t\t\t\t<div class=\"elementor-widget-container\">\n\t\t\t\t\t\n            <div class=\"pt-gallery gap-5 gallery-carousel align-middle-v\" data-column=\"1\" data-fade=\"on\" data-autoplay=\"on\" data-autoplay-speed=\"5000\" data-show-arrows=\"on\" data-show-dots=\"on\">\n                <div class=\"pt-gallery-wrap\">                    <div class=\"pt-gallery-item\">                            <a href=\"https:\/\/wintermarkt-schlossplatz.de\/wp-content\/uploads\/2025\/11\/Wintermarkt-Schlossplatz-2025-13.webp\" data-elementor-open-lightbox=\"yes\" data-elementor-lightbox-slideshow=\"bac3b2a\" data-elementor-lightbox-title=\"Wintermarkt-Schlossplatz-2025-13\" data-e-action-hash=\"#elementor-action%3Aaction%3Dlightbox%26settings%3DeyJpZCI6ODUzNywidXJsIjoiaHR0cHM6XC9cL3dpbnRlcm1hcmt0LXNjaGxvc3NwbGF0ei5kZVwvd3AtY29udGVudFwvdXBsb2Fkc1wvMjAyNVwvMTFcL1dpbnRlcm1hcmt0LVNjaGxvc3NwbGF0ei0yMDI1LTEzLndlYnAiLCJzbGlkZXNob3ciOiJiYWMzYjJhIn0%3D\"><img fetchpriority=\"high\" decoding=\"async\" width=\"1500\" height=\"1000\" src=\"https:\/\/wintermarkt-schlossplatz.de\/wp-content\/uploads\/2025\/11\/Wintermarkt-Schlossplatz-2025-13.webp\" class=\"attachment-full size-full wp-image-8537\" alt=\"\" srcset=\"https:\/\/wintermarkt-schlossplatz.de\/wp-content\/uploads\/2025\/11\/Wintermarkt-Schlossplatz-2025-13.webp 1500w, https:\/\/wintermarkt-schlossplatz.de\/wp-content\/uploads\/2025\/11\/Wintermarkt-Schlossplatz-2025-13-300x200.webp 300w, https:\/\/wintermarkt-schlossplatz.de\/wp-content\/uploads\/2025\/11\/Wintermarkt-Schlossplatz-2025-13-1024x683.webp 1024w, https:\/\/wintermarkt-schlossplatz.de\/wp-content\/uploads\/2025\/11\/Wintermarkt-Schlossplatz-2025-13-768x512.webp 768w, https:\/\/wintermarkt-schlossplatz.de\/wp-content\/uploads\/2025\/11\/Wintermarkt-Schlossplatz-2025-13-18x12.webp 18w, https:\/\/wintermarkt-schlossplatz.de\/wp-content\/uploads\/2025\/11\/Wintermarkt-Schlossplatz-2025-13-1440x960.webp 1440w, https:\/\/wintermarkt-schlossplatz.de\/wp-content\/uploads\/2025\/11\/Wintermarkt-Schlossplatz-2025-13-1200x800.webp 1200w, https:\/\/wintermarkt-schlossplatz.de\/wp-content\/uploads\/2025\/11\/Wintermarkt-Schlossplatz-2025-13-780x520.webp 780w, https:\/\/wintermarkt-schlossplatz.de\/wp-content\/uploads\/2025\/11\/Wintermarkt-Schlossplatz-2025-13-600x400.webp 600w, https:\/\/wintermarkt-schlossplatz.de\/wp-content\/uploads\/2025\/11\/Wintermarkt-Schlossplatz-2025-13-550x367.webp 550w, https:\/\/wintermarkt-schlossplatz.de\/wp-content\/uploads\/2025\/11\/Wintermarkt-Schlossplatz-2025-13-370x247.webp 370w, https:\/\/wintermarkt-schlossplatz.de\/wp-content\/uploads\/2025\/11\/Wintermarkt-Schlossplatz-2025-13-255x170.webp 255w\" sizes=\"(max-width: 1500px) 100vw, 1500px\" \/><\/a>                    <\/div>                    <div class=\"pt-gallery-item\">                            <a href=\"https:\/\/wintermarkt-schlossplatz.de\/wp-content\/uploads\/2023\/10\/Kulinarisches06.webp\" data-elementor-open-lightbox=\"yes\" data-elementor-lightbox-slideshow=\"bac3b2a\" data-elementor-lightbox-title=\"Kulinarisches06\" data-e-action-hash=\"#elementor-action%3Aaction%3Dlightbox%26settings%3DeyJpZCI6NzAzMSwidXJsIjoiaHR0cHM6XC9cL3dpbnRlcm1hcmt0LXNjaGxvc3NwbGF0ei5kZVwvd3AtY29udGVudFwvdXBsb2Fkc1wvMjAyM1wvMTBcL0t1bGluYXJpc2NoZXMwNi53ZWJwIiwic2xpZGVzaG93IjoiYmFjM2IyYSJ9\"><img decoding=\"async\" width=\"1535\" height=\"1024\" src=\"https:\/\/wintermarkt-schlossplatz.de\/wp-content\/uploads\/2023\/10\/Kulinarisches06.webp\" class=\"attachment-full size-full wp-image-7031\" alt=\"\" srcset=\"https:\/\/wintermarkt-schlossplatz.de\/wp-content\/uploads\/2023\/10\/Kulinarisches06.webp 1535w, https:\/\/wintermarkt-schlossplatz.de\/wp-content\/uploads\/2023\/10\/Kulinarisches06-300x200.webp 300w, https:\/\/wintermarkt-schlossplatz.de\/wp-content\/uploads\/2023\/10\/Kulinarisches06-1024x683.webp 1024w, https:\/\/wintermarkt-schlossplatz.de\/wp-content\/uploads\/2023\/10\/Kulinarisches06-768x512.webp 768w, https:\/\/wintermarkt-schlossplatz.de\/wp-content\/uploads\/2023\/10\/Kulinarisches06-1440x961.webp 1440w, https:\/\/wintermarkt-schlossplatz.de\/wp-content\/uploads\/2023\/10\/Kulinarisches06-1200x801.webp 1200w, https:\/\/wintermarkt-schlossplatz.de\/wp-content\/uploads\/2023\/10\/Kulinarisches06-780x520.webp 780w, https:\/\/wintermarkt-schlossplatz.de\/wp-content\/uploads\/2023\/10\/Kulinarisches06-600x400.webp 600w, https:\/\/wintermarkt-schlossplatz.de\/wp-content\/uploads\/2023\/10\/Kulinarisches06-550x367.webp 550w, https:\/\/wintermarkt-schlossplatz.de\/wp-content\/uploads\/2023\/10\/Kulinarisches06-370x247.webp 370w, https:\/\/wintermarkt-schlossplatz.de\/wp-content\/uploads\/2023\/10\/Kulinarisches06-255x170.webp 255w\" sizes=\"(max-width: 1535px) 100vw, 1535px\" \/><\/a>                    <\/div>                    <div class=\"pt-gallery-item\">                            <a href=\"https:\/\/wintermarkt-schlossplatz.de\/wp-content\/uploads\/2025\/11\/Wintermarkt-Schlossplatz-2025-11.webp\" data-elementor-open-lightbox=\"yes\" data-elementor-lightbox-slideshow=\"bac3b2a\" data-elementor-lightbox-title=\"Wintermarkt-Schlossplatz-2025-11\" data-e-action-hash=\"#elementor-action%3Aaction%3Dlightbox%26settings%3DeyJpZCI6ODUzNSwidXJsIjoiaHR0cHM6XC9cL3dpbnRlcm1hcmt0LXNjaGxvc3NwbGF0ei5kZVwvd3AtY29udGVudFwvdXBsb2Fkc1wvMjAyNVwvMTFcL1dpbnRlcm1hcmt0LVNjaGxvc3NwbGF0ei0yMDI1LTExLndlYnAiLCJzbGlkZXNob3ciOiJiYWMzYjJhIn0%3D\"><img decoding=\"async\" width=\"1500\" height=\"1000\" src=\"https:\/\/wintermarkt-schlossplatz.de\/wp-content\/uploads\/2025\/11\/Wintermarkt-Schlossplatz-2025-11.webp\" class=\"attachment-full size-full wp-image-8535\" alt=\"\" srcset=\"https:\/\/wintermarkt-schlossplatz.de\/wp-content\/uploads\/2025\/11\/Wintermarkt-Schlossplatz-2025-11.webp 1500w, https:\/\/wintermarkt-schlossplatz.de\/wp-content\/uploads\/2025\/11\/Wintermarkt-Schlossplatz-2025-11-300x200.webp 300w, https:\/\/wintermarkt-schlossplatz.de\/wp-content\/uploads\/2025\/11\/Wintermarkt-Schlossplatz-2025-11-1024x683.webp 1024w, https:\/\/wintermarkt-schlossplatz.de\/wp-content\/uploads\/2025\/11\/Wintermarkt-Schlossplatz-2025-11-768x512.webp 768w, https:\/\/wintermarkt-schlossplatz.de\/wp-content\/uploads\/2025\/11\/Wintermarkt-Schlossplatz-2025-11-18x12.webp 18w, https:\/\/wintermarkt-schlossplatz.de\/wp-content\/uploads\/2025\/11\/Wintermarkt-Schlossplatz-2025-11-1440x960.webp 1440w, https:\/\/wintermarkt-schlossplatz.de\/wp-content\/uploads\/2025\/11\/Wintermarkt-Schlossplatz-2025-11-1200x800.webp 1200w, https:\/\/wintermarkt-schlossplatz.de\/wp-content\/uploads\/2025\/11\/Wintermarkt-Schlossplatz-2025-11-780x520.webp 780w, https:\/\/wintermarkt-schlossplatz.de\/wp-content\/uploads\/2025\/11\/Wintermarkt-Schlossplatz-2025-11-600x400.webp 600w, https:\/\/wintermarkt-schlossplatz.de\/wp-content\/uploads\/2025\/11\/Wintermarkt-Schlossplatz-2025-11-550x367.webp 550w, https:\/\/wintermarkt-schlossplatz.de\/wp-content\/uploads\/2025\/11\/Wintermarkt-Schlossplatz-2025-11-370x247.webp 370w, https:\/\/wintermarkt-schlossplatz.de\/wp-content\/uploads\/2025\/11\/Wintermarkt-Schlossplatz-2025-11-255x170.webp 255w\" sizes=\"(max-width: 1500px) 100vw, 1500px\" \/><\/a>                    <\/div>                    <div class=\"pt-gallery-item\">                            <a href=\"https:\/\/wintermarkt-schlossplatz.de\/wp-content\/uploads\/2024\/12\/wintermarkt_2024-30.webp\" data-elementor-open-lightbox=\"yes\" data-elementor-lightbox-slideshow=\"bac3b2a\" data-elementor-lightbox-title=\"wintermarkt_2024-30\" data-e-action-hash=\"#elementor-action%3Aaction%3Dlightbox%26settings%3DeyJpZCI6ODEzMSwidXJsIjoiaHR0cHM6XC9cL3dpbnRlcm1hcmt0LXNjaGxvc3NwbGF0ei5kZVwvd3AtY29udGVudFwvdXBsb2Fkc1wvMjAyNFwvMTJcL3dpbnRlcm1hcmt0XzIwMjQtMzAud2VicCIsInNsaWRlc2hvdyI6ImJhYzNiMmEifQ%3D%3D\"><img loading=\"lazy\" decoding=\"async\" width=\"1500\" height=\"1000\" src=\"https:\/\/wintermarkt-schlossplatz.de\/wp-content\/uploads\/2024\/12\/wintermarkt_2024-30.webp\" class=\"attachment-full size-full wp-image-8131\" alt=\"\" srcset=\"https:\/\/wintermarkt-schlossplatz.de\/wp-content\/uploads\/2024\/12\/wintermarkt_2024-30.webp 1500w, https:\/\/wintermarkt-schlossplatz.de\/wp-content\/uploads\/2024\/12\/wintermarkt_2024-30-300x200.webp 300w, https:\/\/wintermarkt-schlossplatz.de\/wp-content\/uploads\/2024\/12\/wintermarkt_2024-30-1024x683.webp 1024w, https:\/\/wintermarkt-schlossplatz.de\/wp-content\/uploads\/2024\/12\/wintermarkt_2024-30-768x512.webp 768w, https:\/\/wintermarkt-schlossplatz.de\/wp-content\/uploads\/2024\/12\/wintermarkt_2024-30-18x12.webp 18w, https:\/\/wintermarkt-schlossplatz.de\/wp-content\/uploads\/2024\/12\/wintermarkt_2024-30-1440x960.webp 1440w, https:\/\/wintermarkt-schlossplatz.de\/wp-content\/uploads\/2024\/12\/wintermarkt_2024-30-1200x800.webp 1200w, https:\/\/wintermarkt-schlossplatz.de\/wp-content\/uploads\/2024\/12\/wintermarkt_2024-30-780x520.webp 780w, https:\/\/wintermarkt-schlossplatz.de\/wp-content\/uploads\/2024\/12\/wintermarkt_2024-30-600x400.webp 600w, https:\/\/wintermarkt-schlossplatz.de\/wp-content\/uploads\/2024\/12\/wintermarkt_2024-30-550x367.webp 550w, https:\/\/wintermarkt-schlossplatz.de\/wp-content\/uploads\/2024\/12\/wintermarkt_2024-30-370x247.webp 370w, https:\/\/wintermarkt-schlossplatz.de\/wp-content\/uploads\/2024\/12\/wintermarkt_2024-30-255x170.webp 255w\" sizes=\"(max-width: 1500px) 100vw, 1500px\" \/><\/a>                    <\/div>                    <div class=\"pt-gallery-item\">                            <a href=\"https:\/\/wintermarkt-schlossplatz.de\/wp-content\/uploads\/2024\/12\/wintermarkt_2024-11.webp\" data-elementor-open-lightbox=\"yes\" data-elementor-lightbox-slideshow=\"bac3b2a\" data-elementor-lightbox-title=\"wintermarkt_2024-11\" data-e-action-hash=\"#elementor-action%3Aaction%3Dlightbox%26settings%3DeyJpZCI6ODA4OCwidXJsIjoiaHR0cHM6XC9cL3dpbnRlcm1hcmt0LXNjaGxvc3NwbGF0ei5kZVwvd3AtY29udGVudFwvdXBsb2Fkc1wvMjAyNFwvMTJcL3dpbnRlcm1hcmt0XzIwMjQtMTEud2VicCIsInNsaWRlc2hvdyI6ImJhYzNiMmEifQ%3D%3D\"><img loading=\"lazy\" decoding=\"async\" width=\"2000\" height=\"1333\" src=\"https:\/\/wintermarkt-schlossplatz.de\/wp-content\/uploads\/2024\/12\/wintermarkt_2024-11.webp\" class=\"attachment-full size-full wp-image-8088\" alt=\"\" srcset=\"https:\/\/wintermarkt-schlossplatz.de\/wp-content\/uploads\/2024\/12\/wintermarkt_2024-11.webp 2000w, https:\/\/wintermarkt-schlossplatz.de\/wp-content\/uploads\/2024\/12\/wintermarkt_2024-11-300x200.webp 300w, https:\/\/wintermarkt-schlossplatz.de\/wp-content\/uploads\/2024\/12\/wintermarkt_2024-11-1024x682.webp 1024w, https:\/\/wintermarkt-schlossplatz.de\/wp-content\/uploads\/2024\/12\/wintermarkt_2024-11-768x512.webp 768w, https:\/\/wintermarkt-schlossplatz.de\/wp-content\/uploads\/2024\/12\/wintermarkt_2024-11-1536x1024.webp 1536w, https:\/\/wintermarkt-schlossplatz.de\/wp-content\/uploads\/2024\/12\/wintermarkt_2024-11-18x12.webp 18w, https:\/\/wintermarkt-schlossplatz.de\/wp-content\/uploads\/2024\/12\/wintermarkt_2024-11-1920x1280.webp 1920w, https:\/\/wintermarkt-schlossplatz.de\/wp-content\/uploads\/2024\/12\/wintermarkt_2024-11-1440x960.webp 1440w, https:\/\/wintermarkt-schlossplatz.de\/wp-content\/uploads\/2024\/12\/wintermarkt_2024-11-1200x800.webp 1200w, https:\/\/wintermarkt-schlossplatz.de\/wp-content\/uploads\/2024\/12\/wintermarkt_2024-11-780x520.webp 780w, https:\/\/wintermarkt-schlossplatz.de\/wp-content\/uploads\/2024\/12\/wintermarkt_2024-11-600x400.webp 600w, https:\/\/wintermarkt-schlossplatz.de\/wp-content\/uploads\/2024\/12\/wintermarkt_2024-11-550x367.webp 550w, https:\/\/wintermarkt-schlossplatz.de\/wp-content\/uploads\/2024\/12\/wintermarkt_2024-11-370x247.webp 370w, https:\/\/wintermarkt-schlossplatz.de\/wp-content\/uploads\/2024\/12\/wintermarkt_2024-11-255x170.webp 255w\" sizes=\"(max-width: 2000px) 100vw, 2000px\" \/><\/a>                    <\/div>                    <div class=\"pt-gallery-item\">                            <a href=\"https:\/\/wintermarkt-schlossplatz.de\/wp-content\/uploads\/2023\/12\/wintermarkt21.webp\" data-elementor-open-lightbox=\"yes\" data-elementor-lightbox-slideshow=\"bac3b2a\" data-elementor-lightbox-title=\"wintermarkt21\" data-e-action-hash=\"#elementor-action%3Aaction%3Dlightbox%26settings%3DeyJpZCI6NzU5MiwidXJsIjoiaHR0cHM6XC9cL3dpbnRlcm1hcmt0LXNjaGxvc3NwbGF0ei5kZVwvd3AtY29udGVudFwvdXBsb2Fkc1wvMjAyM1wvMTJcL3dpbnRlcm1hcmt0MjEud2VicCIsInNsaWRlc2hvdyI6ImJhYzNiMmEifQ%3D%3D\"><img loading=\"lazy\" decoding=\"async\" width=\"1500\" height=\"1000\" src=\"https:\/\/wintermarkt-schlossplatz.de\/wp-content\/uploads\/2023\/12\/wintermarkt21.webp\" class=\"attachment-full size-full wp-image-7592\" alt=\"\" srcset=\"https:\/\/wintermarkt-schlossplatz.de\/wp-content\/uploads\/2023\/12\/wintermarkt21.webp 1500w, https:\/\/wintermarkt-schlossplatz.de\/wp-content\/uploads\/2023\/12\/wintermarkt21-300x200.webp 300w, https:\/\/wintermarkt-schlossplatz.de\/wp-content\/uploads\/2023\/12\/wintermarkt21-1024x683.webp 1024w, https:\/\/wintermarkt-schlossplatz.de\/wp-content\/uploads\/2023\/12\/wintermarkt21-768x512.webp 768w, https:\/\/wintermarkt-schlossplatz.de\/wp-content\/uploads\/2023\/12\/wintermarkt21-1440x960.webp 1440w, https:\/\/wintermarkt-schlossplatz.de\/wp-content\/uploads\/2023\/12\/wintermarkt21-1200x800.webp 1200w, https:\/\/wintermarkt-schlossplatz.de\/wp-content\/uploads\/2023\/12\/wintermarkt21-780x520.webp 780w, https:\/\/wintermarkt-schlossplatz.de\/wp-content\/uploads\/2023\/12\/wintermarkt21-600x400.webp 600w, https:\/\/wintermarkt-schlossplatz.de\/wp-content\/uploads\/2023\/12\/wintermarkt21-550x367.webp 550w, https:\/\/wintermarkt-schlossplatz.de\/wp-content\/uploads\/2023\/12\/wintermarkt21-370x247.webp 370w, https:\/\/wintermarkt-schlossplatz.de\/wp-content\/uploads\/2023\/12\/wintermarkt21-255x170.webp 255w\" sizes=\"(max-width: 1500px) 100vw, 1500px\" \/><\/a>                    <\/div>                    <div class=\"pt-gallery-item\">                            <a href=\"https:\/\/wintermarkt-schlossplatz.de\/wp-content\/uploads\/2025\/11\/WinterCottage-am-Humboldt-Forum.webp\" data-elementor-open-lightbox=\"yes\" data-elementor-lightbox-slideshow=\"bac3b2a\" data-elementor-lightbox-title=\"WinterCottage-am-Humboldt-Forum\" data-e-action-hash=\"#elementor-action%3Aaction%3Dlightbox%26settings%3DeyJpZCI6ODU0MSwidXJsIjoiaHR0cHM6XC9cL3dpbnRlcm1hcmt0LXNjaGxvc3NwbGF0ei5kZVwvd3AtY29udGVudFwvdXBsb2Fkc1wvMjAyNVwvMTFcL1dpbnRlckNvdHRhZ2UtYW0tSHVtYm9sZHQtRm9ydW0ud2VicCIsInNsaWRlc2hvdyI6ImJhYzNiMmEifQ%3D%3D\"><img loading=\"lazy\" decoding=\"async\" width=\"1500\" height=\"1000\" src=\"https:\/\/wintermarkt-schlossplatz.de\/wp-content\/uploads\/2025\/11\/WinterCottage-am-Humboldt-Forum.webp\" class=\"attachment-full size-full wp-image-8541\" alt=\"\" srcset=\"https:\/\/wintermarkt-schlossplatz.de\/wp-content\/uploads\/2025\/11\/WinterCottage-am-Humboldt-Forum.webp 1500w, https:\/\/wintermarkt-schlossplatz.de\/wp-content\/uploads\/2025\/11\/WinterCottage-am-Humboldt-Forum-300x200.webp 300w, https:\/\/wintermarkt-schlossplatz.de\/wp-content\/uploads\/2025\/11\/WinterCottage-am-Humboldt-Forum-1024x683.webp 1024w, https:\/\/wintermarkt-schlossplatz.de\/wp-content\/uploads\/2025\/11\/WinterCottage-am-Humboldt-Forum-768x512.webp 768w, https:\/\/wintermarkt-schlossplatz.de\/wp-content\/uploads\/2025\/11\/WinterCottage-am-Humboldt-Forum-18x12.webp 18w, https:\/\/wintermarkt-schlossplatz.de\/wp-content\/uploads\/2025\/11\/WinterCottage-am-Humboldt-Forum-1440x960.webp 1440w, https:\/\/wintermarkt-schlossplatz.de\/wp-content\/uploads\/2025\/11\/WinterCottage-am-Humboldt-Forum-1200x800.webp 1200w, https:\/\/wintermarkt-schlossplatz.de\/wp-content\/uploads\/2025\/11\/WinterCottage-am-Humboldt-Forum-780x520.webp 780w, https:\/\/wintermarkt-schlossplatz.de\/wp-content\/uploads\/2025\/11\/WinterCottage-am-Humboldt-Forum-600x400.webp 600w, https:\/\/wintermarkt-schlossplatz.de\/wp-content\/uploads\/2025\/11\/WinterCottage-am-Humboldt-Forum-550x367.webp 550w, https:\/\/wintermarkt-schlossplatz.de\/wp-content\/uploads\/2025\/11\/WinterCottage-am-Humboldt-Forum-370x247.webp 370w, https:\/\/wintermarkt-schlossplatz.de\/wp-content\/uploads\/2025\/11\/WinterCottage-am-Humboldt-Forum-255x170.webp 255w\" sizes=\"(max-width: 1500px) 100vw, 1500px\" \/><\/a>                    <\/div>                    <div class=\"pt-gallery-item\">                            <a href=\"https:\/\/wintermarkt-schlossplatz.de\/wp-content\/uploads\/2025\/11\/Wintermarkt-Schlossplatz-2025-08.webp\" data-elementor-open-lightbox=\"yes\" data-elementor-lightbox-slideshow=\"bac3b2a\" data-elementor-lightbox-title=\"Wintermarkt-Schlossplatz-2025-08\" data-e-action-hash=\"#elementor-action%3Aaction%3Dlightbox%26settings%3DeyJpZCI6ODUzMiwidXJsIjoiaHR0cHM6XC9cL3dpbnRlcm1hcmt0LXNjaGxvc3NwbGF0ei5kZVwvd3AtY29udGVudFwvdXBsb2Fkc1wvMjAyNVwvMTFcL1dpbnRlcm1hcmt0LVNjaGxvc3NwbGF0ei0yMDI1LTA4LndlYnAiLCJzbGlkZXNob3ciOiJiYWMzYjJhIn0%3D\"><img loading=\"lazy\" decoding=\"async\" width=\"1500\" height=\"1000\" src=\"https:\/\/wintermarkt-schlossplatz.de\/wp-content\/uploads\/2025\/11\/Wintermarkt-Schlossplatz-2025-08.webp\" class=\"attachment-full size-full wp-image-8532\" alt=\"\" srcset=\"https:\/\/wintermarkt-schlossplatz.de\/wp-content\/uploads\/2025\/11\/Wintermarkt-Schlossplatz-2025-08.webp 1500w, https:\/\/wintermarkt-schlossplatz.de\/wp-content\/uploads\/2025\/11\/Wintermarkt-Schlossplatz-2025-08-300x200.webp 300w, https:\/\/wintermarkt-schlossplatz.de\/wp-content\/uploads\/2025\/11\/Wintermarkt-Schlossplatz-2025-08-1024x683.webp 1024w, https:\/\/wintermarkt-schlossplatz.de\/wp-content\/uploads\/2025\/11\/Wintermarkt-Schlossplatz-2025-08-768x512.webp 768w, https:\/\/wintermarkt-schlossplatz.de\/wp-content\/uploads\/2025\/11\/Wintermarkt-Schlossplatz-2025-08-18x12.webp 18w, https:\/\/wintermarkt-schlossplatz.de\/wp-content\/uploads\/2025\/11\/Wintermarkt-Schlossplatz-2025-08-1440x960.webp 1440w, https:\/\/wintermarkt-schlossplatz.de\/wp-content\/uploads\/2025\/11\/Wintermarkt-Schlossplatz-2025-08-1200x800.webp 1200w, https:\/\/wintermarkt-schlossplatz.de\/wp-content\/uploads\/2025\/11\/Wintermarkt-Schlossplatz-2025-08-780x520.webp 780w, https:\/\/wintermarkt-schlossplatz.de\/wp-content\/uploads\/2025\/11\/Wintermarkt-Schlossplatz-2025-08-600x400.webp 600w, https:\/\/wintermarkt-schlossplatz.de\/wp-content\/uploads\/2025\/11\/Wintermarkt-Schlossplatz-2025-08-550x367.webp 550w, https:\/\/wintermarkt-schlossplatz.de\/wp-content\/uploads\/2025\/11\/Wintermarkt-Schlossplatz-2025-08-370x247.webp 370w, https:\/\/wintermarkt-schlossplatz.de\/wp-content\/uploads\/2025\/11\/Wintermarkt-Schlossplatz-2025-08-255x170.webp 255w\" sizes=\"(max-width: 1500px) 100vw, 1500px\" \/><\/a>                    <\/div>                    <div class=\"pt-gallery-item\">                            <a href=\"https:\/\/wintermarkt-schlossplatz.de\/wp-content\/uploads\/2023\/10\/Kulinarisches07.webp\" data-elementor-open-lightbox=\"yes\" data-elementor-lightbox-slideshow=\"bac3b2a\" data-elementor-lightbox-title=\"Kulinarisches07\" data-e-action-hash=\"#elementor-action%3Aaction%3Dlightbox%26settings%3DeyJpZCI6NzAzMiwidXJsIjoiaHR0cHM6XC9cL3dpbnRlcm1hcmt0LXNjaGxvc3NwbGF0ei5kZVwvd3AtY29udGVudFwvdXBsb2Fkc1wvMjAyM1wvMTBcL0t1bGluYXJpc2NoZXMwNy53ZWJwIiwic2xpZGVzaG93IjoiYmFjM2IyYSJ9\"><img loading=\"lazy\" decoding=\"async\" width=\"1535\" height=\"1024\" src=\"https:\/\/wintermarkt-schlossplatz.de\/wp-content\/uploads\/2023\/10\/Kulinarisches07.webp\" class=\"attachment-full size-full wp-image-7032\" alt=\"\" srcset=\"https:\/\/wintermarkt-schlossplatz.de\/wp-content\/uploads\/2023\/10\/Kulinarisches07.webp 1535w, https:\/\/wintermarkt-schlossplatz.de\/wp-content\/uploads\/2023\/10\/Kulinarisches07-300x200.webp 300w, https:\/\/wintermarkt-schlossplatz.de\/wp-content\/uploads\/2023\/10\/Kulinarisches07-1024x683.webp 1024w, https:\/\/wintermarkt-schlossplatz.de\/wp-content\/uploads\/2023\/10\/Kulinarisches07-768x512.webp 768w, https:\/\/wintermarkt-schlossplatz.de\/wp-content\/uploads\/2023\/10\/Kulinarisches07-1440x961.webp 1440w, https:\/\/wintermarkt-schlossplatz.de\/wp-content\/uploads\/2023\/10\/Kulinarisches07-1200x801.webp 1200w, https:\/\/wintermarkt-schlossplatz.de\/wp-content\/uploads\/2023\/10\/Kulinarisches07-780x520.webp 780w, https:\/\/wintermarkt-schlossplatz.de\/wp-content\/uploads\/2023\/10\/Kulinarisches07-600x400.webp 600w, https:\/\/wintermarkt-schlossplatz.de\/wp-content\/uploads\/2023\/10\/Kulinarisches07-550x367.webp 550w, https:\/\/wintermarkt-schlossplatz.de\/wp-content\/uploads\/2023\/10\/Kulinarisches07-370x247.webp 370w, https:\/\/wintermarkt-schlossplatz.de\/wp-content\/uploads\/2023\/10\/Kulinarisches07-255x170.webp 255w\" sizes=\"(max-width: 1535px) 100vw, 1535px\" \/><\/a>                    <\/div>                    <div class=\"pt-gallery-item\">                            <a href=\"https:\/\/wintermarkt-schlossplatz.de\/wp-content\/uploads\/2025\/11\/Wintermarkt-Schlossplatz-2025-12.webp\" data-elementor-open-lightbox=\"yes\" data-elementor-lightbox-slideshow=\"bac3b2a\" data-elementor-lightbox-title=\"Wintermarkt-Schlossplatz-2025-12\" data-e-action-hash=\"#elementor-action%3Aaction%3Dlightbox%26settings%3DeyJpZCI6ODUzNiwidXJsIjoiaHR0cHM6XC9cL3dpbnRlcm1hcmt0LXNjaGxvc3NwbGF0ei5kZVwvd3AtY29udGVudFwvdXBsb2Fkc1wvMjAyNVwvMTFcL1dpbnRlcm1hcmt0LVNjaGxvc3NwbGF0ei0yMDI1LTEyLndlYnAiLCJzbGlkZXNob3ciOiJiYWMzYjJhIn0%3D\"><img loading=\"lazy\" decoding=\"async\" width=\"1500\" height=\"1000\" src=\"https:\/\/wintermarkt-schlossplatz.de\/wp-content\/uploads\/2025\/11\/Wintermarkt-Schlossplatz-2025-12.webp\" class=\"attachment-full size-full wp-image-8536\" alt=\"\" srcset=\"https:\/\/wintermarkt-schlossplatz.de\/wp-content\/uploads\/2025\/11\/Wintermarkt-Schlossplatz-2025-12.webp 1500w, https:\/\/wintermarkt-schlossplatz.de\/wp-content\/uploads\/2025\/11\/Wintermarkt-Schlossplatz-2025-12-300x200.webp 300w, https:\/\/wintermarkt-schlossplatz.de\/wp-content\/uploads\/2025\/11\/Wintermarkt-Schlossplatz-2025-12-1024x683.webp 1024w, https:\/\/wintermarkt-schlossplatz.de\/wp-content\/uploads\/2025\/11\/Wintermarkt-Schlossplatz-2025-12-768x512.webp 768w, https:\/\/wintermarkt-schlossplatz.de\/wp-content\/uploads\/2025\/11\/Wintermarkt-Schlossplatz-2025-12-18x12.webp 18w, https:\/\/wintermarkt-schlossplatz.de\/wp-content\/uploads\/2025\/11\/Wintermarkt-Schlossplatz-2025-12-1440x960.webp 1440w, https:\/\/wintermarkt-schlossplatz.de\/wp-content\/uploads\/2025\/11\/Wintermarkt-Schlossplatz-2025-12-1200x800.webp 1200w, https:\/\/wintermarkt-schlossplatz.de\/wp-content\/uploads\/2025\/11\/Wintermarkt-Schlossplatz-2025-12-780x520.webp 780w, https:\/\/wintermarkt-schlossplatz.de\/wp-content\/uploads\/2025\/11\/Wintermarkt-Schlossplatz-2025-12-600x400.webp 600w, https:\/\/wintermarkt-schlossplatz.de\/wp-content\/uploads\/2025\/11\/Wintermarkt-Schlossplatz-2025-12-550x367.webp 550w, https:\/\/wintermarkt-schlossplatz.de\/wp-content\/uploads\/2025\/11\/Wintermarkt-Schlossplatz-2025-12-370x247.webp 370w, https:\/\/wintermarkt-schlossplatz.de\/wp-content\/uploads\/2025\/11\/Wintermarkt-Schlossplatz-2025-12-255x170.webp 255w\" sizes=\"(max-width: 1500px) 100vw, 1500px\" \/><\/a>                    <\/div>                    <div class=\"pt-gallery-item\">                            <a href=\"https:\/\/wintermarkt-schlossplatz.de\/wp-content\/uploads\/2023\/10\/Kulinarisches05.webp\" data-elementor-open-lightbox=\"yes\" data-elementor-lightbox-slideshow=\"bac3b2a\" data-elementor-lightbox-title=\"Kulinarisches05\" data-e-action-hash=\"#elementor-action%3Aaction%3Dlightbox%26settings%3DeyJpZCI6NzAzMCwidXJsIjoiaHR0cHM6XC9cL3dpbnRlcm1hcmt0LXNjaGxvc3NwbGF0ei5kZVwvd3AtY29udGVudFwvdXBsb2Fkc1wvMjAyM1wvMTBcL0t1bGluYXJpc2NoZXMwNS53ZWJwIiwic2xpZGVzaG93IjoiYmFjM2IyYSJ9\"><img loading=\"lazy\" decoding=\"async\" width=\"1535\" height=\"1024\" src=\"https:\/\/wintermarkt-schlossplatz.de\/wp-content\/uploads\/2023\/10\/Kulinarisches05.webp\" class=\"attachment-full size-full wp-image-7030\" alt=\"\" srcset=\"https:\/\/wintermarkt-schlossplatz.de\/wp-content\/uploads\/2023\/10\/Kulinarisches05.webp 1535w, https:\/\/wintermarkt-schlossplatz.de\/wp-content\/uploads\/2023\/10\/Kulinarisches05-300x200.webp 300w, https:\/\/wintermarkt-schlossplatz.de\/wp-content\/uploads\/2023\/10\/Kulinarisches05-1024x683.webp 1024w, https:\/\/wintermarkt-schlossplatz.de\/wp-content\/uploads\/2023\/10\/Kulinarisches05-768x512.webp 768w, https:\/\/wintermarkt-schlossplatz.de\/wp-content\/uploads\/2023\/10\/Kulinarisches05-1440x961.webp 1440w, https:\/\/wintermarkt-schlossplatz.de\/wp-content\/uploads\/2023\/10\/Kulinarisches05-1200x801.webp 1200w, https:\/\/wintermarkt-schlossplatz.de\/wp-content\/uploads\/2023\/10\/Kulinarisches05-780x520.webp 780w, https:\/\/wintermarkt-schlossplatz.de\/wp-content\/uploads\/2023\/10\/Kulinarisches05-600x400.webp 600w, https:\/\/wintermarkt-schlossplatz.de\/wp-content\/uploads\/2023\/10\/Kulinarisches05-550x367.webp 550w, https:\/\/wintermarkt-schlossplatz.de\/wp-content\/uploads\/2023\/10\/Kulinarisches05-370x247.webp 370w, https:\/\/wintermarkt-schlossplatz.de\/wp-content\/uploads\/2023\/10\/Kulinarisches05-255x170.webp 255w\" sizes=\"(max-width: 1535px) 100vw, 1535px\" \/><\/a>                    <\/div>                    <div class=\"pt-gallery-item\">                            <a href=\"https:\/\/wintermarkt-schlossplatz.de\/wp-content\/uploads\/2025\/11\/Wintermarkt-Schlossplatz-2025-04.webp\" data-elementor-open-lightbox=\"yes\" data-elementor-lightbox-slideshow=\"bac3b2a\" data-elementor-lightbox-title=\"Wintermarkt-Schlossplatz-2025-04\" data-e-action-hash=\"#elementor-action%3Aaction%3Dlightbox%26settings%3DeyJpZCI6ODUyOCwidXJsIjoiaHR0cHM6XC9cL3dpbnRlcm1hcmt0LXNjaGxvc3NwbGF0ei5kZVwvd3AtY29udGVudFwvdXBsb2Fkc1wvMjAyNVwvMTFcL1dpbnRlcm1hcmt0LVNjaGxvc3NwbGF0ei0yMDI1LTA0LndlYnAiLCJzbGlkZXNob3ciOiJiYWMzYjJhIn0%3D\"><img loading=\"lazy\" decoding=\"async\" width=\"1500\" height=\"1000\" src=\"https:\/\/wintermarkt-schlossplatz.de\/wp-content\/uploads\/2025\/11\/Wintermarkt-Schlossplatz-2025-04.webp\" class=\"attachment-full size-full wp-image-8528\" alt=\"\" srcset=\"https:\/\/wintermarkt-schlossplatz.de\/wp-content\/uploads\/2025\/11\/Wintermarkt-Schlossplatz-2025-04.webp 1500w, https:\/\/wintermarkt-schlossplatz.de\/wp-content\/uploads\/2025\/11\/Wintermarkt-Schlossplatz-2025-04-300x200.webp 300w, https:\/\/wintermarkt-schlossplatz.de\/wp-content\/uploads\/2025\/11\/Wintermarkt-Schlossplatz-2025-04-1024x683.webp 1024w, https:\/\/wintermarkt-schlossplatz.de\/wp-content\/uploads\/2025\/11\/Wintermarkt-Schlossplatz-2025-04-768x512.webp 768w, https:\/\/wintermarkt-schlossplatz.de\/wp-content\/uploads\/2025\/11\/Wintermarkt-Schlossplatz-2025-04-18x12.webp 18w, https:\/\/wintermarkt-schlossplatz.de\/wp-content\/uploads\/2025\/11\/Wintermarkt-Schlossplatz-2025-04-1440x960.webp 1440w, https:\/\/wintermarkt-schlossplatz.de\/wp-content\/uploads\/2025\/11\/Wintermarkt-Schlossplatz-2025-04-1200x800.webp 1200w, https:\/\/wintermarkt-schlossplatz.de\/wp-content\/uploads\/2025\/11\/Wintermarkt-Schlossplatz-2025-04-780x520.webp 780w, https:\/\/wintermarkt-schlossplatz.de\/wp-content\/uploads\/2025\/11\/Wintermarkt-Schlossplatz-2025-04-600x400.webp 600w, https:\/\/wintermarkt-schlossplatz.de\/wp-content\/uploads\/2025\/11\/Wintermarkt-Schlossplatz-2025-04-550x367.webp 550w, https:\/\/wintermarkt-schlossplatz.de\/wp-content\/uploads\/2025\/11\/Wintermarkt-Schlossplatz-2025-04-370x247.webp 370w, https:\/\/wintermarkt-schlossplatz.de\/wp-content\/uploads\/2025\/11\/Wintermarkt-Schlossplatz-2025-04-255x170.webp 255w\" sizes=\"(max-width: 1500px) 100vw, 1500px\" \/><\/a>                    <\/div>                    <div class=\"pt-gallery-item\">                            <a href=\"https:\/\/wintermarkt-schlossplatz.de\/wp-content\/uploads\/2025\/11\/Wintermarkt-Schlossplatz-2025-01.webp\" data-elementor-open-lightbox=\"yes\" data-elementor-lightbox-slideshow=\"bac3b2a\" data-elementor-lightbox-title=\"Wintermarkt-Schlossplatz-2025-01\" data-e-action-hash=\"#elementor-action%3Aaction%3Dlightbox%26settings%3DeyJpZCI6ODUyNSwidXJsIjoiaHR0cHM6XC9cL3dpbnRlcm1hcmt0LXNjaGxvc3NwbGF0ei5kZVwvd3AtY29udGVudFwvdXBsb2Fkc1wvMjAyNVwvMTFcL1dpbnRlcm1hcmt0LVNjaGxvc3NwbGF0ei0yMDI1LTAxLndlYnAiLCJzbGlkZXNob3ciOiJiYWMzYjJhIn0%3D\"><img loading=\"lazy\" decoding=\"async\" width=\"1500\" height=\"1000\" src=\"https:\/\/wintermarkt-schlossplatz.de\/wp-content\/uploads\/2025\/11\/Wintermarkt-Schlossplatz-2025-01.webp\" class=\"attachment-full size-full wp-image-8525\" alt=\"\" srcset=\"https:\/\/wintermarkt-schlossplatz.de\/wp-content\/uploads\/2025\/11\/Wintermarkt-Schlossplatz-2025-01.webp 1500w, https:\/\/wintermarkt-schlossplatz.de\/wp-content\/uploads\/2025\/11\/Wintermarkt-Schlossplatz-2025-01-300x200.webp 300w, https:\/\/wintermarkt-schlossplatz.de\/wp-content\/uploads\/2025\/11\/Wintermarkt-Schlossplatz-2025-01-1024x683.webp 1024w, https:\/\/wintermarkt-schlossplatz.de\/wp-content\/uploads\/2025\/11\/Wintermarkt-Schlossplatz-2025-01-768x512.webp 768w, https:\/\/wintermarkt-schlossplatz.de\/wp-content\/uploads\/2025\/11\/Wintermarkt-Schlossplatz-2025-01-18x12.webp 18w, https:\/\/wintermarkt-schlossplatz.de\/wp-content\/uploads\/2025\/11\/Wintermarkt-Schlossplatz-2025-01-1440x960.webp 1440w, https:\/\/wintermarkt-schlossplatz.de\/wp-content\/uploads\/2025\/11\/Wintermarkt-Schlossplatz-2025-01-1200x800.webp 1200w, https:\/\/wintermarkt-schlossplatz.de\/wp-content\/uploads\/2025\/11\/Wintermarkt-Schlossplatz-2025-01-780x520.webp 780w, https:\/\/wintermarkt-schlossplatz.de\/wp-content\/uploads\/2025\/11\/Wintermarkt-Schlossplatz-2025-01-600x400.webp 600w, https:\/\/wintermarkt-schlossplatz.de\/wp-content\/uploads\/2025\/11\/Wintermarkt-Schlossplatz-2025-01-550x367.webp 550w, https:\/\/wintermarkt-schlossplatz.de\/wp-content\/uploads\/2025\/11\/Wintermarkt-Schlossplatz-2025-01-370x247.webp 370w, https:\/\/wintermarkt-schlossplatz.de\/wp-content\/uploads\/2025\/11\/Wintermarkt-Schlossplatz-2025-01-255x170.webp 255w\" sizes=\"(max-width: 1500px) 100vw, 1500px\" \/><\/a>                    <\/div>                    <div class=\"pt-gallery-item\">                            <a href=\"https:\/\/wintermarkt-schlossplatz.de\/wp-content\/uploads\/2023\/12\/wintermarkt31.webp\" data-elementor-open-lightbox=\"yes\" data-elementor-lightbox-slideshow=\"bac3b2a\" data-elementor-lightbox-title=\"wintermarkt31\" data-e-action-hash=\"#elementor-action%3Aaction%3Dlightbox%26settings%3DeyJpZCI6Nzc1MywidXJsIjoiaHR0cHM6XC9cL3dpbnRlcm1hcmt0LXNjaGxvc3NwbGF0ei5kZVwvd3AtY29udGVudFwvdXBsb2Fkc1wvMjAyM1wvMTJcL3dpbnRlcm1hcmt0MzEud2VicCIsInNsaWRlc2hvdyI6ImJhYzNiMmEifQ%3D%3D\"><img loading=\"lazy\" decoding=\"async\" width=\"1500\" height=\"1000\" src=\"https:\/\/wintermarkt-schlossplatz.de\/wp-content\/uploads\/2023\/12\/wintermarkt31.webp\" class=\"attachment-full size-full wp-image-7753\" alt=\"\" srcset=\"https:\/\/wintermarkt-schlossplatz.de\/wp-content\/uploads\/2023\/12\/wintermarkt31.webp 1500w, https:\/\/wintermarkt-schlossplatz.de\/wp-content\/uploads\/2023\/12\/wintermarkt31-300x200.webp 300w, https:\/\/wintermarkt-schlossplatz.de\/wp-content\/uploads\/2023\/12\/wintermarkt31-1024x683.webp 1024w, https:\/\/wintermarkt-schlossplatz.de\/wp-content\/uploads\/2023\/12\/wintermarkt31-768x512.webp 768w, https:\/\/wintermarkt-schlossplatz.de\/wp-content\/uploads\/2023\/12\/wintermarkt31-1440x960.webp 1440w, https:\/\/wintermarkt-schlossplatz.de\/wp-content\/uploads\/2023\/12\/wintermarkt31-1200x800.webp 1200w, https:\/\/wintermarkt-schlossplatz.de\/wp-content\/uploads\/2023\/12\/wintermarkt31-780x520.webp 780w, https:\/\/wintermarkt-schlossplatz.de\/wp-content\/uploads\/2023\/12\/wintermarkt31-600x400.webp 600w, https:\/\/wintermarkt-schlossplatz.de\/wp-content\/uploads\/2023\/12\/wintermarkt31-550x367.webp 550w, https:\/\/wintermarkt-schlossplatz.de\/wp-content\/uploads\/2023\/12\/wintermarkt31-370x247.webp 370w, https:\/\/wintermarkt-schlossplatz.de\/wp-content\/uploads\/2023\/12\/wintermarkt31-255x170.webp 255w\" sizes=\"(max-width: 1500px) 100vw, 1500px\" \/><\/a>                    <\/div>                    <div class=\"pt-gallery-item\">                            <a href=\"https:\/\/wintermarkt-schlossplatz.de\/wp-content\/uploads\/2025\/11\/Wintermarkt-Schlossplatz-2025-06.webp\" data-elementor-open-lightbox=\"yes\" data-elementor-lightbox-slideshow=\"bac3b2a\" data-elementor-lightbox-title=\"Wintermarkt-Schlossplatz-2025-06\" data-e-action-hash=\"#elementor-action%3Aaction%3Dlightbox%26settings%3DeyJpZCI6ODUzMCwidXJsIjoiaHR0cHM6XC9cL3dpbnRlcm1hcmt0LXNjaGxvc3NwbGF0ei5kZVwvd3AtY29udGVudFwvdXBsb2Fkc1wvMjAyNVwvMTFcL1dpbnRlcm1hcmt0LVNjaGxvc3NwbGF0ei0yMDI1LTA2LndlYnAiLCJzbGlkZXNob3ciOiJiYWMzYjJhIn0%3D\"><img loading=\"lazy\" decoding=\"async\" width=\"1500\" height=\"1000\" src=\"https:\/\/wintermarkt-schlossplatz.de\/wp-content\/uploads\/2025\/11\/Wintermarkt-Schlossplatz-2025-06.webp\" class=\"attachment-full size-full wp-image-8530\" alt=\"\" srcset=\"https:\/\/wintermarkt-schlossplatz.de\/wp-content\/uploads\/2025\/11\/Wintermarkt-Schlossplatz-2025-06.webp 1500w, https:\/\/wintermarkt-schlossplatz.de\/wp-content\/uploads\/2025\/11\/Wintermarkt-Schlossplatz-2025-06-300x200.webp 300w, https:\/\/wintermarkt-schlossplatz.de\/wp-content\/uploads\/2025\/11\/Wintermarkt-Schlossplatz-2025-06-1024x683.webp 1024w, https:\/\/wintermarkt-schlossplatz.de\/wp-content\/uploads\/2025\/11\/Wintermarkt-Schlossplatz-2025-06-768x512.webp 768w, https:\/\/wintermarkt-schlossplatz.de\/wp-content\/uploads\/2025\/11\/Wintermarkt-Schlossplatz-2025-06-18x12.webp 18w, https:\/\/wintermarkt-schlossplatz.de\/wp-content\/uploads\/2025\/11\/Wintermarkt-Schlossplatz-2025-06-1440x960.webp 1440w, https:\/\/wintermarkt-schlossplatz.de\/wp-content\/uploads\/2025\/11\/Wintermarkt-Schlossplatz-2025-06-1200x800.webp 1200w, https:\/\/wintermarkt-schlossplatz.de\/wp-content\/uploads\/2025\/11\/Wintermarkt-Schlossplatz-2025-06-780x520.webp 780w, https:\/\/wintermarkt-schlossplatz.de\/wp-content\/uploads\/2025\/11\/Wintermarkt-Schlossplatz-2025-06-600x400.webp 600w, https:\/\/wintermarkt-schlossplatz.de\/wp-content\/uploads\/2025\/11\/Wintermarkt-Schlossplatz-2025-06-550x367.webp 550w, https:\/\/wintermarkt-schlossplatz.de\/wp-content\/uploads\/2025\/11\/Wintermarkt-Schlossplatz-2025-06-370x247.webp 370w, https:\/\/wintermarkt-schlossplatz.de\/wp-content\/uploads\/2025\/11\/Wintermarkt-Schlossplatz-2025-06-255x170.webp 255w\" sizes=\"(max-width: 1500px) 100vw, 1500px\" \/><\/a>                    <\/div>                    <div class=\"pt-gallery-item\">                            <a href=\"https:\/\/wintermarkt-schlossplatz.de\/wp-content\/uploads\/2023\/10\/Kulinarisches08.webp\" data-elementor-open-lightbox=\"yes\" data-elementor-lightbox-slideshow=\"bac3b2a\" data-elementor-lightbox-title=\"Kulinarisches08\" data-e-action-hash=\"#elementor-action%3Aaction%3Dlightbox%26settings%3DeyJpZCI6NzAzMywidXJsIjoiaHR0cHM6XC9cL3dpbnRlcm1hcmt0LXNjaGxvc3NwbGF0ei5kZVwvd3AtY29udGVudFwvdXBsb2Fkc1wvMjAyM1wvMTBcL0t1bGluYXJpc2NoZXMwOC53ZWJwIiwic2xpZGVzaG93IjoiYmFjM2IyYSJ9\"><img loading=\"lazy\" decoding=\"async\" width=\"1535\" height=\"1024\" src=\"https:\/\/wintermarkt-schlossplatz.de\/wp-content\/uploads\/2023\/10\/Kulinarisches08.webp\" class=\"attachment-full size-full wp-image-7033\" alt=\"\" srcset=\"https:\/\/wintermarkt-schlossplatz.de\/wp-content\/uploads\/2023\/10\/Kulinarisches08.webp 1535w, https:\/\/wintermarkt-schlossplatz.de\/wp-content\/uploads\/2023\/10\/Kulinarisches08-300x200.webp 300w, https:\/\/wintermarkt-schlossplatz.de\/wp-content\/uploads\/2023\/10\/Kulinarisches08-1024x683.webp 1024w, https:\/\/wintermarkt-schlossplatz.de\/wp-content\/uploads\/2023\/10\/Kulinarisches08-768x512.webp 768w, https:\/\/wintermarkt-schlossplatz.de\/wp-content\/uploads\/2023\/10\/Kulinarisches08-1440x961.webp 1440w, https:\/\/wintermarkt-schlossplatz.de\/wp-content\/uploads\/2023\/10\/Kulinarisches08-1200x801.webp 1200w, https:\/\/wintermarkt-schlossplatz.de\/wp-content\/uploads\/2023\/10\/Kulinarisches08-780x520.webp 780w, https:\/\/wintermarkt-schlossplatz.de\/wp-content\/uploads\/2023\/10\/Kulinarisches08-600x400.webp 600w, https:\/\/wintermarkt-schlossplatz.de\/wp-content\/uploads\/2023\/10\/Kulinarisches08-550x367.webp 550w, https:\/\/wintermarkt-schlossplatz.de\/wp-content\/uploads\/2023\/10\/Kulinarisches08-370x247.webp 370w, https:\/\/wintermarkt-schlossplatz.de\/wp-content\/uploads\/2023\/10\/Kulinarisches08-255x170.webp 255w\" sizes=\"(max-width: 1535px) 100vw, 1535px\" \/><\/a>                    <\/div>                    <div class=\"pt-gallery-item\">                            <a href=\"https:\/\/wintermarkt-schlossplatz.de\/wp-content\/uploads\/2024\/12\/wintermarkt_2024-28.webp\" data-elementor-open-lightbox=\"yes\" data-elementor-lightbox-slideshow=\"bac3b2a\" data-elementor-lightbox-title=\"wintermarkt_2024-28\" data-e-action-hash=\"#elementor-action%3Aaction%3Dlightbox%26settings%3DeyJpZCI6ODEyOSwidXJsIjoiaHR0cHM6XC9cL3dpbnRlcm1hcmt0LXNjaGxvc3NwbGF0ei5kZVwvd3AtY29udGVudFwvdXBsb2Fkc1wvMjAyNFwvMTJcL3dpbnRlcm1hcmt0XzIwMjQtMjgud2VicCIsInNsaWRlc2hvdyI6ImJhYzNiMmEifQ%3D%3D\"><img loading=\"lazy\" decoding=\"async\" width=\"2000\" height=\"1333\" src=\"https:\/\/wintermarkt-schlossplatz.de\/wp-content\/uploads\/2024\/12\/wintermarkt_2024-28.webp\" class=\"attachment-full size-full wp-image-8129\" alt=\"\" srcset=\"https:\/\/wintermarkt-schlossplatz.de\/wp-content\/uploads\/2024\/12\/wintermarkt_2024-28.webp 2000w, https:\/\/wintermarkt-schlossplatz.de\/wp-content\/uploads\/2024\/12\/wintermarkt_2024-28-300x200.webp 300w, https:\/\/wintermarkt-schlossplatz.de\/wp-content\/uploads\/2024\/12\/wintermarkt_2024-28-1024x682.webp 1024w, https:\/\/wintermarkt-schlossplatz.de\/wp-content\/uploads\/2024\/12\/wintermarkt_2024-28-768x512.webp 768w, https:\/\/wintermarkt-schlossplatz.de\/wp-content\/uploads\/2024\/12\/wintermarkt_2024-28-1536x1024.webp 1536w, https:\/\/wintermarkt-schlossplatz.de\/wp-content\/uploads\/2024\/12\/wintermarkt_2024-28-18x12.webp 18w, https:\/\/wintermarkt-schlossplatz.de\/wp-content\/uploads\/2024\/12\/wintermarkt_2024-28-1920x1280.webp 1920w, https:\/\/wintermarkt-schlossplatz.de\/wp-content\/uploads\/2024\/12\/wintermarkt_2024-28-1440x960.webp 1440w, https:\/\/wintermarkt-schlossplatz.de\/wp-content\/uploads\/2024\/12\/wintermarkt_2024-28-1200x800.webp 1200w, https:\/\/wintermarkt-schlossplatz.de\/wp-content\/uploads\/2024\/12\/wintermarkt_2024-28-780x520.webp 780w, https:\/\/wintermarkt-schlossplatz.de\/wp-content\/uploads\/2024\/12\/wintermarkt_2024-28-600x400.webp 600w, https:\/\/wintermarkt-schlossplatz.de\/wp-content\/uploads\/2024\/12\/wintermarkt_2024-28-550x367.webp 550w, https:\/\/wintermarkt-schlossplatz.de\/wp-content\/uploads\/2024\/12\/wintermarkt_2024-28-370x247.webp 370w, https:\/\/wintermarkt-schlossplatz.de\/wp-content\/uploads\/2024\/12\/wintermarkt_2024-28-255x170.webp 255w\" sizes=\"(max-width: 2000px) 100vw, 2000px\" \/><\/a>                    <\/div>                    <div class=\"pt-gallery-item\">                            <a href=\"https:\/\/wintermarkt-schlossplatz.de\/wp-content\/uploads\/2023\/10\/Kulinarisches04.webp\" data-elementor-open-lightbox=\"yes\" data-elementor-lightbox-slideshow=\"bac3b2a\" data-elementor-lightbox-title=\"Kulinarisches04\" data-e-action-hash=\"#elementor-action%3Aaction%3Dlightbox%26settings%3DeyJpZCI6NzAyOSwidXJsIjoiaHR0cHM6XC9cL3dpbnRlcm1hcmt0LXNjaGxvc3NwbGF0ei5kZVwvd3AtY29udGVudFwvdXBsb2Fkc1wvMjAyM1wvMTBcL0t1bGluYXJpc2NoZXMwNC53ZWJwIiwic2xpZGVzaG93IjoiYmFjM2IyYSJ9\"><img loading=\"lazy\" decoding=\"async\" width=\"1535\" height=\"1024\" src=\"https:\/\/wintermarkt-schlossplatz.de\/wp-content\/uploads\/2023\/10\/Kulinarisches04.webp\" class=\"attachment-full size-full wp-image-7029\" alt=\"\" srcset=\"https:\/\/wintermarkt-schlossplatz.de\/wp-content\/uploads\/2023\/10\/Kulinarisches04.webp 1535w, https:\/\/wintermarkt-schlossplatz.de\/wp-content\/uploads\/2023\/10\/Kulinarisches04-300x200.webp 300w, https:\/\/wintermarkt-schlossplatz.de\/wp-content\/uploads\/2023\/10\/Kulinarisches04-1024x683.webp 1024w, https:\/\/wintermarkt-schlossplatz.de\/wp-content\/uploads\/2023\/10\/Kulinarisches04-768x512.webp 768w, https:\/\/wintermarkt-schlossplatz.de\/wp-content\/uploads\/2023\/10\/Kulinarisches04-1440x961.webp 1440w, https:\/\/wintermarkt-schlossplatz.de\/wp-content\/uploads\/2023\/10\/Kulinarisches04-1200x801.webp 1200w, https:\/\/wintermarkt-schlossplatz.de\/wp-content\/uploads\/2023\/10\/Kulinarisches04-780x520.webp 780w, https:\/\/wintermarkt-schlossplatz.de\/wp-content\/uploads\/2023\/10\/Kulinarisches04-600x400.webp 600w, https:\/\/wintermarkt-schlossplatz.de\/wp-content\/uploads\/2023\/10\/Kulinarisches04-550x367.webp 550w, https:\/\/wintermarkt-schlossplatz.de\/wp-content\/uploads\/2023\/10\/Kulinarisches04-370x247.webp 370w, https:\/\/wintermarkt-schlossplatz.de\/wp-content\/uploads\/2023\/10\/Kulinarisches04-255x170.webp 255w\" sizes=\"(max-width: 1535px) 100vw, 1535px\" \/><\/a>                    <\/div>                <\/div>\n            <\/div>\t\t\t\t<\/div>\n\t\t\t\t<\/div>\n\t\t\t\t\t<\/div>\n\t\t<\/div>\n\t\t\t\t\t<\/div>\n\t\t<\/section>\n\t\t\t\t<section class=\"elementor-section elementor-top-section elementor-element elementor-element-242f425 elementor-section-full_width elementor-section-height-min-height pt_scroll_y_150 pt-parallax-on-scroll elementor-section-height-default elementor-section-items-middle\" data-id=\"242f425\" data-element_type=\"section\" data-e-type=\"section\" id=\"menu-cocktails\" data-settings=\"{&quot;background_background&quot;:&quot;classic&quot;}\" data-pt-parallax-y=\"150\" style=\"background-image: none;\" data-pt-background-image=\"https:\/\/wintermarkt-schlossplatz.de\/wp-content\/uploads\/2023\/10\/Kulinarisches03-e1696430793127.webp\">\n\t\t\t\t\t\t\t<div class=\"elementor-background-overlay\"><\/div>\n\t\t\t\t\t\t\t<div class=\"elementor-container elementor-column-gap-default\">\n\t\t\t\t\t<div class=\"elementor-column elementor-col-100 elementor-top-column elementor-element elementor-element-241a3cbb\" data-id=\"241a3cbb\" data-element_type=\"column\" data-e-type=\"column\">\n\t\t\t<div class=\"elementor-widget-wrap elementor-element-populated\">\n\t\t\t\t\t\t<div class=\"elementor-element elementor-element-6e5f9b3 elementor-widget elementor-widget-pt_title\" data-id=\"6e5f9b3\" data-element_type=\"widget\" data-e-type=\"widget\" data-widget_type=\"pt_title.default\">\n\t\t\t\t<div class=\"elementor-widget-container\">\n\t\t\t\t\t\n        <div class=\"pt-title-wrap text-center\">\t            <h3 class=\"pt-title\">\n\t                Esperamos su visita.\t            <\/h3>        <\/div>\t\t\t\t<\/div>\n\t\t\t\t<\/div>\n\t\t\t\t\t<\/div>\n\t\t<\/div>\n\t\t\t\t\t<\/div>\n\t\t<\/section>\n\t\t\t\t<\/div>","protected":false},"excerpt":{"rendered":"<p>Kulinarisches Kulinarisch wird auf dem Wintermarkt am Berliner Schlo\u00dfplatz f\u00fcr jeden Geschmack etwas geboten. Ob Klassiker wie Baumstriezel, gebrannte Mandeln, Geb\u00e4ck, Gl\u00fchwein in verschiedenen Sorten oder Neuheiten wie jaimakanische Spezialit\u00e4ten, verschiedene Kartoffelvariationen, Flammlachs, Pasta aus dem K\u00e4selaib\u2013 fast alles wird in zertifizierter Bio-Qualit\u00e4t angeboten. Auch die kleinen G\u00e4ste kommen mit hei\u00dfen Direktfruchts\u00e4ften nicht zu kurz. &#8230;<\/p>","protected":false},"author":1,"featured_media":0,"parent":0,"menu_order":0,"comment_status":"closed","ping_status":"closed","template":"template-wide-content.php","meta":{"patiotime_single_page_hide_site_header":"","patiotime_single_page_site_header_source":"","patiotime_single_page_custom_site_header":"0","patiotime_single_page_custom_sticky_site_header":"0","patiotime_single_page_custom_page_title_margin_top_source":"","patiotime_single_page_custom_page_title_desktop_margin_top":"","patiotime_single_page_custom_page_title_tablet_margin_top":"","patiotime_single_page_custom_page_title_mobile_margin_top":"","patiotime_single_page_hide_page_title":"on","patiotime_single_page_header_section_size":"","patiotime_single_page_header_background_color":"","patiotime_single_page_header_background_position_x":"center","patiotime_single_page_header_background_position_y":"center","patiotime_single_page_header_background_size":"cover","patiotime_single_page_header_background_repeat":"off","patiotime_single_page_header_background_scroll":"on","patiotime_single_page_header_text_color":"","patiotime_single_page_header_show_breadcrumb":"","patiotime_single_page_site_footer_hide_main":"","patiotime_single_custom_site_footer_main_source":"","patiotime_single_custom_site_footer_main":"0","patiotime_single_page_site_footer_hide_above":"","patiotime_single_custom_site_footer_above_source":"","patiotime_single_custom_site_footer_above":"0","patiotime_single_page_site_footer_hide_instagram":"","patiotime_single_page_site_footer_hide_bottom":"","patiotime_single_custom_mobile_menu_source":"","patiotime_single_custom_mobile_menu":"0","patiotime_single_custom_mobile_menu_animation":"","patiotime_single_custom_mobile_menu_width":"","patiotime_single_custom_mobile_menu_custom_width":375,"footnotes":""},"class_list":["post-6792","page","type-page","status-publish","hentry"],"_links":{"self":[{"href":"https:\/\/wintermarkt-schlossplatz.de\/es\/wp-json\/wp\/v2\/pages\/6792","targetHints":{"allow":["GET"]}}],"collection":[{"href":"https:\/\/wintermarkt-schlossplatz.de\/es\/wp-json\/wp\/v2\/pages"}],"about":[{"href":"https:\/\/wintermarkt-schlossplatz.de\/es\/wp-json\/wp\/v2\/types\/page"}],"author":[{"embeddable":true,"href":"https:\/\/wintermarkt-schlossplatz.de\/es\/wp-json\/wp\/v2\/users\/1"}],"replies":[{"embeddable":true,"href":"https:\/\/wintermarkt-schlossplatz.de\/es\/wp-json\/wp\/v2\/comments?post=6792"}],"version-history":[{"count":6,"href":"https:\/\/wintermarkt-schlossplatz.de\/es\/wp-json\/wp\/v2\/pages\/6792\/revisions"}],"predecessor-version":[{"id":8577,"href":"https:\/\/wintermarkt-schlossplatz.de\/es\/wp-json\/wp\/v2\/pages\/6792\/revisions\/8577"}],"wp:attachment":[{"href":"https:\/\/wintermarkt-schlossplatz.de\/es\/wp-json\/wp\/v2\/media?parent=6792"}],"curies":[{"name":"wp","href":"https:\/\/api.w.org\/{rel}","templated":true}]}}