{"id":7126,"date":"2023-10-04T16:50:33","date_gmt":"2023-10-04T16:50:33","guid":{"rendered":"https:\/\/wintermarkt-schlossplatz.de\/?page_id=7126"},"modified":"2025-11-04T10:01:33","modified_gmt":"2025-11-04T10:01:33","slug":"datenschutz-2","status":"publish","type":"page","link":"https:\/\/wintermarkt-schlossplatz.de\/es\/datenschutz-2\/","title":{"rendered":"Pol\u00edtica de privacidad"},"content":{"rendered":"<div data-elementor-type=\"wp-page\" data-elementor-id=\"7126\" class=\"elementor elementor-7126\">\n\t\t\t\t\t\t<section class=\"elementor-section elementor-top-section elementor-element elementor-element-22919a6e pt-section-content-fullwidth pt_scroll_y_150 pt-parallax-on-scroll elementor-section-boxed elementor-section-height-default elementor-section-height-default\" data-id=\"22919a6e\" data-element_type=\"section\" data-e-type=\"section\" data-settings=\"{&quot;background_background&quot;:&quot;classic&quot;}\" data-pt-parallax-y=\"150\" style=\"background-image: none;\" data-pt-background-image=\"https:\/\/wintermarkt-schlossplatz.de\/wp-content\/uploads\/2023\/10\/wintermarkt01.webp\">\n\t\t\t\t\t\t\t<div class=\"elementor-background-overlay\"><\/div>\n\t\t\t\t\t\t\t<div class=\"elementor-container elementor-column-gap-no\">\n\t\t\t\t\t<div class=\"elementor-column elementor-col-100 elementor-top-column elementor-element elementor-element-506879d8 dark-color\" data-id=\"506879d8\" data-element_type=\"column\" data-e-type=\"column\">\n\t\t\t<div class=\"elementor-widget-wrap elementor-element-populated\">\n\t\t\t\t\t\t<div class=\"elementor-element elementor-element-78737567 elementor-widget elementor-widget-pt_title\" data-id=\"78737567\" data-element_type=\"widget\" data-e-type=\"widget\" data-widget_type=\"pt_title.default\">\n\t\t\t\t<div class=\"elementor-widget-container\">\n\t\t\t\t\t\n        <div class=\"pt-title-wrap text-center\">\t            <h1 class=\"pt-title\">\n\t                Protecci\u00f3n de datos\t            <\/h1>        <\/div>\t\t\t\t<\/div>\n\t\t\t\t<\/div>\n\t\t\t\t\t<\/div>\n\t\t<\/div>\n\t\t\t\t\t<\/div>\n\t\t<\/section>\n\t\t\t\t<section class=\"elementor-section elementor-top-section elementor-element elementor-element-bea9968 elementor-section-boxed elementor-section-height-default elementor-section-height-default\" data-id=\"bea9968\" data-element_type=\"section\" data-e-type=\"section\">\n\t\t\t\t\t\t<div class=\"elementor-container elementor-column-gap-default\">\n\t\t\t\t\t<div class=\"elementor-column elementor-col-100 elementor-top-column elementor-element elementor-element-e546a48 elementor-invisible\" data-id=\"e546a48\" data-element_type=\"column\" data-e-type=\"column\" data-settings=\"{&quot;animation&quot;:&quot;fadeInUp&quot;}\">\n\t\t\t<div class=\"elementor-widget-wrap elementor-element-populated\">\n\t\t\t\t\t\t<div class=\"elementor-element elementor-element-90700d4 elementor-widget elementor-widget-text-editor\" data-id=\"90700d4\" data-element_type=\"widget\" data-e-type=\"widget\" data-widget_type=\"text-editor.default\">\n\t\t\t\t<div class=\"elementor-widget-container\">\n\t\t\t\t\t\t\t\t\t<h2><strong>Informaci\u00f3n general sobre el tratamiento de datos<\/strong><\/h2><h3><strong>1. \u00e1mbito del tratamiento de datos personales<\/strong><\/h3><p>S\u00f3lo procesamos los datos personales de nuestros usuarios en la medida en que sea necesario para proporcionar un sitio web funcional y nuestros contenidos y servicios. El tratamiento de los datos personales de nuestros usuarios s\u00f3lo tiene lugar regularmente con el consentimiento del usuario. Se aplica una excepci\u00f3n en los casos en que no puede obtenerse el consentimiento previo por razones de hecho y el tratamiento de los datos est\u00e1 permitido por la ley.<\/p><h3>2. fundamento jur\u00eddico del tratamiento de datos personales<\/h3><p>En la medida en que obtengamos el consentimiento del interesado para el tratamiento de sus datos personales, el fundamento jur\u00eddico es el art\u00edculo 6, apartado 1, letra a) del Reglamento general de protecci\u00f3n de datos de la UE (RGPD).<\/p><p>Cuando el tratamiento de datos personales sea necesario para el cumplimiento de un contrato en el que el interesado sea parte, el fundamento jur\u00eddico ser\u00e1 el art\u00edculo 6, apartado 1, letra b) del RGPD. Esto tambi\u00e9n se aplica a las operaciones de tratamiento que son necesarias para la ejecuci\u00f3n de medidas precontractuales.<\/p><p>En la medida en que el tratamiento de datos personales sea necesario para cumplir una obligaci\u00f3n legal a la que est\u00e9 sujeta nuestra empresa, el Art. 6 p\u00e1rrafo 1 lit. c GDPR sirve como base legal.<\/p><p>En el caso de que los intereses vitales del interesado o de otra persona f\u00edsica requieran el tratamiento de datos personales, el Art. 6 para. 1 lit. d GDPR sirve como base legal.<\/p><p>Si el tratamiento es necesario para salvaguardar un inter\u00e9s leg\u00edtimo de nuestra empresa o de un tercero y si los intereses, derechos fundamentales y libertades del interesado no prevalecen sobre el inter\u00e9s anterior, el Art. 6 p\u00e1rrafo 1 lit. f GDPR sirve como base legal para el tratamiento.<\/p><h3>3. borrado de datos y duraci\u00f3n del almacenamiento<\/h3><p>Los datos personales del interesado se suprimir\u00e1n o bloquear\u00e1n en cuanto deje de ser aplicable la finalidad del almacenamiento. Los datos tambi\u00e9n podr\u00e1n almacenarse si as\u00ed lo ha dispuesto el legislador europeo o nacional en reglamentos, leyes u otras disposiciones de la UE a las que est\u00e9 sujeto el responsable del tratamiento. Los datos tambi\u00e9n se bloquear\u00e1n o borrar\u00e1n si expira un periodo de almacenamiento prescrito por las normas mencionadas, a menos que sea necesario seguir almacenando los datos para la celebraci\u00f3n o el cumplimiento de un contrato.<\/p><h2>Pol\u00edtica de privacidad<\/h2><h4>Nombre y direcci\u00f3n de la persona responsable<\/h4><p>El responsable del tratamiento en el sentido del Reglamento General de Protecci\u00f3n de Datos y otras leyes nacionales de protecci\u00f3n de datos de los Estados miembros, as\u00ed como otras normativas de protecci\u00f3n de datos, es el:<\/p><p>Espect\u00e1culo de Wollenschlaeger GmbH<br \/>Thilo-Harry Wollenschlaeger<br \/>Paseo del lago 96<br \/>14612 Falkensee<br \/>Alemania<\/p><p>Tel\u00e9fono: +49 3322 42 882 45<br \/>Correo electr\u00f3nico: info@wollenschlaeger-berlin.de<br \/>P\u00e1gina web: www.wollenschlaeger-berlin.de<\/p><h4>Nombre y direcci\u00f3n del responsable de la protecci\u00f3n de datos<\/h4><p>El responsable de la protecci\u00f3n de datos del responsable del tratamiento es<br \/>Wollenschlaeger GmbH<br \/>Thilo-Harry Wollenschlaeger<br \/>Tel\u00e9fono: +49 3322 42 882 45<br \/>Correo electr\u00f3nico: info@wollenschlaeger-berlin.de<\/p><h4>Puesta a disposici\u00f3n del sitio web y creaci\u00f3n de archivos de registro<\/h4><p>Cada vez que se accede a nuestro sitio web, nuestro sistema recopila autom\u00e1ticamente datos e informaci\u00f3n del sistema inform\u00e1tico del ordenador que accede. Se recogen los siguientes datos:<\/p><h4>Informaci\u00f3n sobre el tipo y la versi\u00f3n del navegador utilizado<\/h4><p>- El sistema operativo del usuario<br \/>- El proveedor de servicios de Internet del usuario<br \/>- La direcci\u00f3n IP del usuario<br \/>- Fecha y hora de acceso<br \/>- Sitios web desde los que el sistema del usuario accede a nuestro sitio web<br \/>- Sitios web a los que accede el sistema del usuario a trav\u00e9s de nuestro sitio web<\/p><p>Los datos tambi\u00e9n se almacenan en los archivos de registro de nuestro sistema. Esto no afecta a las direcciones IP del usuario ni a otros datos que permitan asignar los datos a un usuario. Estos datos no se almacenan junto con otros datos personales del usuario.<\/p><p>La base jur\u00eddica para el almacenamiento temporal de datos y archivos de registro es el art\u00edculo 6, apartado 1, letra f) del RGPD.<\/p><p>El almacenamiento temporal de la direcci\u00f3n IP por parte del sistema es necesario para permitir la entrega del sitio web al ordenador del usuario. Para ello, la direcci\u00f3n IP del usuario debe permanecer almacenada mientras dure la sesi\u00f3n.<\/p><p>Los datos se almacenan en archivos de registro para garantizar la funcionalidad del sitio web. Tambi\u00e9n utilizamos los datos para optimizar el sitio web y garantizar la seguridad de nuestros sistemas inform\u00e1ticos. En este contexto, los datos no se analizan con fines comerciales.<\/p><p>Los datos se suprimen en cuanto dejan de ser necesarios para cumplir la finalidad para la que se recogieron. En el caso de la recogida de datos para la puesta a disposici\u00f3n del sitio web, esto ocurre cuando ha finalizado la sesi\u00f3n correspondiente.<\/p><p>Si los datos se almacenan en archivos de registro, las direcciones IP de los usuarios se eliminan o se anonimizan para que ya no sea posible identificar al cliente que accede.<\/p><p>La recogida de datos para la puesta a disposici\u00f3n del sitio web y el almacenamiento de datos en archivos de registro son absolutamente necesarios para el funcionamiento del sitio web. En consecuencia, el usuario no tiene opci\u00f3n de oponerse.<\/p><h4>Uso de cookies y cookies de sesi\u00f3n<\/h4><p>Nuestro sitio web utiliza cookies y cookies de sesi\u00f3n. Las cookies son archivos de texto que se almacenan en el navegador de Internet o por el navegador de Internet en el sistema inform\u00e1tico del usuario. Cuando un usuario accede a un sitio web, puede almacenarse una cookie en el sistema operativo del usuario. Esta cookie contiene una cadena de caracteres caracter\u00edstica que permite identificar un\u00edvocamente el navegador cuando se vuelve a acceder al sitio web. Las cookies de sesi\u00f3n son informaci\u00f3n que se almacena en la memoria de trabajo del ordenador del visitante. En una cookie de sesi\u00f3n se almacena un identificador \u00fanico generado aleatoriamente (ID de sesi\u00f3n). Una cookie de sesi\u00f3n tambi\u00e9n contiene informaci\u00f3n sobre su origen y el periodo de almacenamiento.<\/p><p>Utilizamos cookies para facilitar el uso de nuestro sitio web. Algunos elementos de nuestro sitio web requieren que el navegador de acceso pueda ser identificado incluso despu\u00e9s de un cambio de p\u00e1gina. Los datos de usuario recogidos por las cookies t\u00e9cnicamente necesarias no se utilizan para crear perfiles de usuario.<\/p><p>Los siguientes datos se almacenan y transmiten en las cookies:<\/p><p><strong>ID de sesi\u00f3n<\/strong><\/p><p>La base jur\u00eddica para el tratamiento de datos personales mediante el uso de cookies es el art. 6 p\u00e1rr. 1 lit. f GDPR.<\/p><p>Las cookies se almacenan en el ordenador del usuario y \u00e9ste las transmite a nuestro sitio web. Por lo tanto, como usuario tiene pleno control sobre el uso de cookies. Puede desactivar o restringir la transmisi\u00f3n de cookies modificando la configuraci\u00f3n de su navegador de Internet. Las cookies ya guardadas pueden eliminarse en cualquier momento. Esto tambi\u00e9n puede hacerse autom\u00e1ticamente. Si se desactivan las cookies de nuestro sitio web, puede que ya no sea posible utilizar todas las funciones del sitio web en toda su extensi\u00f3n.<\/p><h4>Correo electr\u00f3nico<\/h4><p>Es posible ponerse en contacto con nosotros a trav\u00e9s de la direcci\u00f3n de correo electr\u00f3nico facilitada. En este caso, se almacenar\u00e1n los datos personales del usuario transmitidos con el correo electr\u00f3nico.<\/p><p>Los datos s\u00f3lo se transmitir\u00e1n a socios colaboradores en el \u00e1mbito y con el fin de la correcta ejecuci\u00f3n del pedido o para el cumplimiento del contrato. En tal caso, s\u00f3lo transmitimos los datos necesarios para el pedido correspondiente. Estos datos s\u00f3lo se transmiten a socios colaboradores seleccionados que est\u00e1n obligados a cumplir la normativa sobre protecci\u00f3n de datos.<\/p><p>Adem\u00e1s, sus datos no se transmitir\u00e1n a terceros.<\/p><p>La base jur\u00eddica para el tratamiento de los datos transmitidos durante el env\u00edo de un correo electr\u00f3nico es el art\u00edculo 6, apartado 1, letra f) del RGPD. Si el contacto por correo electr\u00f3nico tiene por objeto la celebraci\u00f3n de un contrato, la base jur\u00eddica adicional para el tratamiento es el art\u00edculo 6, apartado 1, letra b) del RGPD.<\/p><p>Los datos se suprimen en cuanto dejan de ser necesarios para cumplir la finalidad para la que se recogieron. En el caso de los datos personales, este es el caso cuando ha finalizado la conversaci\u00f3n correspondiente con el usuario. La conversaci\u00f3n finaliza cuando puede deducirse de las circunstancias que el asunto en cuesti\u00f3n se ha aclarado de forma concluyente.<\/p><p>El usuario tiene la opci\u00f3n de revocar su consentimiento al tratamiento de datos personales en cualquier momento.<\/p><p>En este caso, se eliminar\u00e1n todos los datos personales almacenados durante el contacto con nosotros. Si el usuario se pone en contacto con nosotros por correo electr\u00f3nico, puede oponerse al almacenamiento de sus datos personales en cualquier momento. En tal caso, la conversaci\u00f3n no podr\u00e1 continuar. Adem\u00e1s, se aplicar\u00e1n los plazos legales de archivo.<\/p><h4>Fotos<\/h4><p>Hacemos fotos y filmaciones en nuestros actos. Estas im\u00e1genes se utilizan para informar en nuestra p\u00e1gina web (www.wollenschlaeger-berlin.de) y en nuestras p\u00e1ginas de Facebook. Al entrar en el lugar del evento, el visitante cede el derecho a su propia imagen, as\u00ed como los derechos de autor, derechos accesorios, derechos personales u otros derechos que puedan surgir exclusivamente al organizador sin restricci\u00f3n en cuanto a tiempo, lugar o contenido. En consecuencia, se aplica el art\u00edculo 23 (1) n\u00ba 3 de la KunstUrhG.<\/p><p>Si no desea ser fotografiado o filmado, h\u00e1gaselo saber a nuestro fot\u00f3grafo. Tambi\u00e9n puede informarnos a posteriori si descubre im\u00e1genes suyas en nuestro sitio web que desea que eliminemos. En este caso, env\u00ede un correo electr\u00f3nico a info@wollenschlaeger-berlin.de.<\/p><h4>Google Maps<\/h4><p>Este sitio web utiliza Google Maps para mostrar mapas. Utilizamos la denominada \u201esoluci\u00f3n de 2 clics\u201c. Esto significa que el plugin correspondiente est\u00e1 inactivo y debe ser activado manualmente por usted.<\/p><p>Cuando visita p\u00e1ginas que contienen un plugin de este tipo, se transmiten a Google diversos datos personales, como la direcci\u00f3n IP o las cookies, como parte de la visualizaci\u00f3n del mapa. No tenemos ninguna influencia sobre el tipo y el alcance de los datos recopilados y transmitidos a Google. Si al mismo tiempo ha iniciado sesi\u00f3n con su cuenta de Google, Google puede asignar la visita a su cuenta de Google.<\/p><p>Google Maps es operado por Google Inc, 1600 Amphitheatre Parkway, Mountain View, CA 94043, USA. Al activar el plugin en este sitio web, usted consiente la recopilaci\u00f3n, el procesamiento y el uso de los datos recogidos autom\u00e1ticamente y de los datos introducidos por usted por parte de Google, uno de sus representantes o terceros proveedores. Encontrar\u00e1 m\u00e1s informaci\u00f3n sobre el tratamiento de datos por parte de Google aqu\u00ed: http:\/\/www.google.com\/intl\/de_de\/policies\/privacy\/<\/p><p>All\u00ed tambi\u00e9n puedes cambiar y gestionar la configuraci\u00f3n del centro de protecci\u00f3n de datos para que tus datos est\u00e9n mejor protegidos.<\/p><h4>YouTube<\/h4><p>Utilizamos plugins de YouTube para la integraci\u00f3n y visualizaci\u00f3n de contenidos de v\u00eddeo. YouTube es un portal de v\u00eddeos en Internet que permite subir videoclips de forma gratuita y tambi\u00e9n verlos, comentarlos y puntuarlos gratuitamente.<\/p><p>Este servicio es proporcionado por: YouTube LLC, 901 Cherry Ave, San Bruno, CA 94066, EE.UU., representada por: Google LLC, 1600 Amphitheatre Parkway, Mountain View, CA 94043, EE.UU.<\/p><p>Cuando accede a una p\u00e1gina con un plugin de YouTube integrado, se solicita autom\u00e1ticamente a su navegador de Internet que descargue el videoclip correspondiente de YouTube. De este modo, YouTube y Google saben qu\u00e9 subp\u00e1gina concreta de nuestro sitio web ha visitado.<\/p><p>Si ha iniciado sesi\u00f3n en su cuenta de YouTube, YouTube puede asignar esta informaci\u00f3n directamente a su perfil personal. Puede evitarlo cerrando la sesi\u00f3n de su cuenta de YouTube antes de acceder a nuestro sitio web.<\/p><p>El uso de YouTube redunda en inter\u00e9s de una presentaci\u00f3n atractiva de nuestras ofertas en l\u00ednea. Esto constituye un inter\u00e9s leg\u00edtimo en el sentido del art. 6, apdo. 1, letra f del RGPD.<\/p><p>Encontrar\u00e1 informaci\u00f3n sobre el tratamiento de los datos de los usuarios en la pol\u00edtica de privacidad de YouTube, a la que puede acceder aqu\u00ed https:\/\/www.google.de\/intl\/de\/policies\/privacy.<\/p><h4>Derechos del interesado<\/h4><p>Si se tratan sus datos personales, usted es un interesado en el sentido del RGPD y tiene los siguientes derechos frente al responsable del tratamiento:<\/p><h4>Derecho a la informaci\u00f3n<\/h4><p>Puede solicitar confirmaci\u00f3n al responsable del tratamiento sobre si estamos tratando datos personales que le conciernen.<\/p><p>Si se ha llevado a cabo dicho tratamiento, puede solicitar la siguiente informaci\u00f3n al responsable del tratamiento:<\/p><p>los fines para los que se tratan los datos personales;<\/p><p>las categor\u00edas de datos personales que se tratan;<\/p><p>los destinatarios o categor\u00edas de destinatarios a los que se han comunicado o se comunicar\u00e1n los datos personales que le conciernen;<\/p><p>la duraci\u00f3n prevista del almacenamiento de los datos personales que le conciernen o, si no es posible facilitar informaci\u00f3n espec\u00edfica al respecto, los criterios para determinar el per\u00edodo de almacenamiento;<\/p><p>la existencia de un derecho de rectificaci\u00f3n o supresi\u00f3n de los datos personales que le conciernen, un derecho de limitaci\u00f3n del tratamiento por parte del responsable del tratamiento o un derecho de oposici\u00f3n a dicho tratamiento;<\/p><p>la existencia de un derecho de recurso ante una autoridad de control;<\/p><p>toda la informaci\u00f3n disponible sobre el origen de los datos si los datos personales no se recogen del interesado;<\/p><p>la existencia de la toma de decisiones automatizada, incluida la elaboraci\u00f3n de perfiles, a que se refiere el art\u00edculo 22, apartados 1 y 4, del RGPD y, al menos en esos casos, informaci\u00f3n significativa sobre la l\u00f3gica implicada, as\u00ed como la importancia y las consecuencias previstas de dicho tratamiento para el interesado.<\/p><p>Tiene derecho a solicitar informaci\u00f3n sobre si los datos personales que le conciernen se transfieren a un tercer pa\u00eds o a una organizaci\u00f3n internacional. En este contexto, puede solicitar que se le informe de las garant\u00edas adecuadas con arreglo al art\u00edculo 46 del RGPD en relaci\u00f3n con la transferencia.<\/p><h4>Derecho de rectificaci\u00f3n<\/h4><p>Usted tiene derecho a rectificar o completar los datos que le conciernen ante el responsable del tratamiento si son incorrectos o est\u00e1n incompletos. El responsable del tratamiento debe realizar la rectificaci\u00f3n sin demora.<\/p><h4>Derecho a la limitaci\u00f3n del tratamiento<\/h4><p>En las siguientes condiciones, puede solicitar la restricci\u00f3n del tratamiento de sus datos personales:<\/p><p>si impugna la exactitud de los datos personales que le conciernen durante un periodo que permita al responsable del tratamiento verificar la exactitud de los datos personales;<\/p><p>el tratamiento es il\u00edcito y usted se opone a la supresi\u00f3n de los datos personales y solicita en su lugar la limitaci\u00f3n de su uso;<\/p><p>el responsable del tratamiento ya no necesita los datos personales para los fines del tratamiento, pero usted los necesita para el reconocimiento, el ejercicio o la defensa de un derecho en un procedimiento judicial, o<\/p><p>si se ha opuesto al tratamiento de conformidad con el art\u00edculo 21, apartado 1, del RGPD y a\u00fan no se sabe con certeza si los motivos leg\u00edtimos del responsable del tratamiento prevalecen sobre los suyos.<\/p><p>Si se ha restringido el tratamiento de los datos personales que le conciernen, estos datos -aparte de su almacenamiento- s\u00f3lo podr\u00e1n tratarse con su consentimiento o para el reconocimiento, ejercicio o defensa de un derecho en un procedimiento judicial o para la protecci\u00f3n de los derechos de otra persona f\u00edsica o jur\u00eddica, o por razones de inter\u00e9s p\u00fablico importante de la Uni\u00f3n o de un Estado miembro.<\/p><p>Si la restricci\u00f3n del tratamiento se ha restringido de conformidad con las condiciones anteriores, el responsable del tratamiento le informar\u00e1 antes de que se levante la restricci\u00f3n.<\/p><h4>Derecho de anulaci\u00f3n<\/h4><p>a) Obligaci\u00f3n de cancelaci\u00f3n<\/p><p>Usted tiene derecho a obtener del responsable del tratamiento la supresi\u00f3n sin dilaci\u00f3n indebida de los datos personales que le conciernan, y el responsable del tratamiento tendr\u00e1 la obligaci\u00f3n de suprimir sin dilaci\u00f3n indebida los datos personales cuando concurra uno de los motivos siguientes:<\/p><p>Los datos personales que le conciernen ya no son necesarios para los fines para los que fueron recogidos o tratados de otro modo.<\/p><p>Usted revoca el consentimiento en el que se basaba el tratamiento de conformidad con el art\u00edculo 6, apartado 1, letra a), o el art\u00edculo 9, apartado 2, letra a), del RGPD y no existe ning\u00fan otro fundamento jur\u00eddico para el tratamiento.<\/p><p>Se opone al tratamiento de conformidad con el art\u00edculo 21, apartado 1, del RGPD y no existen motivos leg\u00edtimos imperiosos para el tratamiento, o se opone al tratamiento de conformidad con el art\u00edculo 21, apartado 2, del RGPD.<\/p><p>Los datos personales que le conciernen han sido tratados ilegalmente.<\/p><p>La supresi\u00f3n de los datos personales que le conciernen es necesaria para cumplir una obligaci\u00f3n legal en virtud del Derecho de la Uni\u00f3n o de los Estados miembros a los que est\u00e1 sujeto el responsable del tratamiento.<\/p><p>Los datos personales que le conciernen se recogieron en relaci\u00f3n con los servicios de la sociedad de la informaci\u00f3n ofrecidos de conformidad con el art\u00edculo 8, apartado 1, del RGPD.<\/p><p>b) Informaci\u00f3n a terceros<\/p><p>Si el responsable del tratamiento ha hecho p\u00fablicos los datos personales que le conciernen y est\u00e1 obligado a suprimirlos de conformidad con el art\u00edculo 17, apartado 1, del RGPD, tomar\u00e1 las medidas adecuadas, incluidas medidas t\u00e9cnicas, teniendo en cuenta la tecnolog\u00eda disponible y los costes de aplicaci\u00f3n, para informar a los responsables del tratamiento que tratan los datos personales de que usted, como interesado, ha solicitado la supresi\u00f3n de todos los enlaces a estos datos personales o de las copias o r\u00e9plicas de estos datos personales.<\/p><p>c) Excepciones<\/p><p>El derecho de supresi\u00f3n no existe si el tratamiento es necesario<\/p><p>ejercer el derecho a la libertad de expresi\u00f3n e informaci\u00f3n;<\/p><p>para el cumplimiento de una obligaci\u00f3n jur\u00eddica que requiera un tratamiento en virtud del Derecho de la Uni\u00f3n o de los Estados miembros al que est\u00e9 sujeto el responsable del tratamiento, o para el cumplimiento de una misi\u00f3n de inter\u00e9s p\u00fablico o inherente al ejercicio del poder p\u00fablico conferido al responsable del tratamiento;<\/p><p>por razones de inter\u00e9s p\u00fablico en el \u00e1mbito de la salud p\u00fablica, de conformidad con el art\u00edculo 9, apartado 2, letras h) e i), y el art\u00edculo 9, apartado 3, del GDPR;<\/p><p>para fines de archivo en inter\u00e9s p\u00fablico, fines de investigaci\u00f3n cient\u00edfica o hist\u00f3rica o fines estad\u00edsticos de conformidad con el apartado 1 del art\u00edculo 89 del RGPD, en la medida en que el derecho mencionado en el apartado a) pueda hacer imposible o perjudicar gravemente la consecuci\u00f3n de los objetivos de dicho tratamiento, o bien<\/p><p>para la formulaci\u00f3n, el ejercicio o la defensa de reclamaciones judiciales.<\/p><h4>Derecho a la informaci\u00f3n<\/h4><p>Si usted ha hecho valer el derecho de rectificaci\u00f3n, supresi\u00f3n o limitaci\u00f3n del tratamiento frente al responsable del tratamiento, \u00e9ste est\u00e1 obligado a notificar dicha rectificaci\u00f3n o supresi\u00f3n o limitaci\u00f3n del tratamiento a todos los destinatarios a los que se hayan comunicado los datos personales que le conciernen, salvo que ello resulte imposible o suponga un esfuerzo desproporcionado.<\/p><p>Tiene derecho a que el responsable del tratamiento le informe sobre estos destinatarios.<\/p><h4>Derecho a la portabilidad de los datos<\/h4><p>Usted tiene derecho a recibir los datos personales que le conciernan, que haya facilitado al responsable del tratamiento, en un formato estructurado, de uso com\u00fan y lectura mec\u00e1nica. Tambi\u00e9n tiene derecho a transmitir estos datos a otro responsable del tratamiento sin impedimentos por parte del responsable al que se han facilitado los datos personales, cuando<\/p><p>el tratamiento se basa en el consentimiento de conformidad con el art\u00edculo 6, apartado 1, letra a) del RGPD o el art\u00edculo 9, apartado 2, letra a) del RGPD, o en un contrato de conformidad con el art\u00edculo 6, apartado 1, letra b) del RGPD, y<\/p><p>el tratamiento se realiza mediante procedimientos automatizados.<\/p><p>En el ejercicio de este derecho, tambi\u00e9n tiene derecho a que los datos personales que le conciernen se transmitan directamente de un responsable del tratamiento a otro, siempre que sea t\u00e9cnicamente posible. Esto no debe afectar a las libertades y derechos de otras personas.<\/p><p>El derecho a la portabilidad de los datos no se aplica al tratamiento de datos personales necesario para el cumplimiento de una misi\u00f3n realizada en inter\u00e9s p\u00fablico o en el ejercicio de poderes p\u00fablicos conferidos al responsable del tratamiento.<\/p><h4>Derecho de oposici\u00f3n<\/h4><p>Tiene derecho a oponerse en cualquier momento, por motivos relacionados con su situaci\u00f3n particular, al tratamiento de los datos personales que le conciernen basado en el art\u00edculo 6, apartado 1, letras e) o f), del RGPD, incluida la elaboraci\u00f3n de perfiles basada en dichas disposiciones.<\/p><p>El responsable del tratamiento dejar\u00e1 de tratar los datos personales que le conciernan a menos que demuestre motivos leg\u00edtimos imperiosos para el tratamiento que prevalezcan sobre sus intereses, derechos y libertades o para el reconocimiento, ejercicio o defensa de reclamaciones judiciales.<\/p><p>Si sus datos personales se tratan con fines de mercadotecnia directa, tiene derecho a oponerse en cualquier momento al tratamiento de sus datos personales para dicha mercadotecnia, lo que incluye la elaboraci\u00f3n de perfiles en la medida en que est\u00e9 relacionada con dicha mercadotecnia directa.<\/p><p>Si se opone al tratamiento con fines de venta directa, los datos personales que le conciernen dejar\u00e1n de tratarse con estos fines.<\/p><p>No obstante lo dispuesto en la Directiva 2002\/58\/CE, usted tiene la opci\u00f3n de ejercer su derecho de oposici\u00f3n en relaci\u00f3n con el uso de servicios de la sociedad de la informaci\u00f3n mediante procedimientos automatizados que utilizan especificaciones t\u00e9cnicas.<\/p><p>Derecho a revocar la declaraci\u00f3n de consentimiento conforme a la ley de protecci\u00f3n de datos<\/p><p>Usted tiene derecho a revocar en cualquier momento su declaraci\u00f3n de consentimiento con arreglo a la legislaci\u00f3n sobre protecci\u00f3n de datos. La retirada del consentimiento no afecta a la licitud del tratamiento basado en el consentimiento previo a su retirada.<\/p><h4>Toma de decisiones automatizada en casos individuales, incluida la elaboraci\u00f3n de perfiles<\/h4><p>Tiene derecho a no ser objeto de una decisi\u00f3n basada \u00fanicamente en el tratamiento automatizado, incluida la elaboraci\u00f3n de perfiles, que produzca efectos jur\u00eddicos en usted o le afecte de forma similar. Esto no se aplica si la decisi\u00f3n<\/p><p>sea necesaria para la celebraci\u00f3n o el cumplimiento de un contrato entre usted y el responsable del tratamiento,<\/p><p>est\u00e9 autorizada por el Derecho de la Uni\u00f3n o de los Estados miembros al que est\u00e9 sujeto el responsable del tratamiento y que establezca asimismo medidas adecuadas para salvaguardar sus derechos y libertades e intereses leg\u00edtimos; o bien<\/p><p>con su consentimiento expreso.<\/p><p>No obstante, estas decisiones no podr\u00e1n basarse en categor\u00edas especiales de datos personales de conformidad con el art\u00edculo 9, apartado 1 del RGPD, a menos que se aplique el art\u00edculo 9, apartado 2, letra a o g del RGPD y se hayan tomado las medidas adecuadas para proteger los derechos y libertades, as\u00ed como sus intereses leg\u00edtimos.<\/p><p>En los casos contemplados en los apartados 1 y 3, el responsable del tratamiento aplicar\u00e1 las medidas adecuadas para salvaguardar sus derechos y libertades e intereses leg\u00edtimos, al menos el derecho a obtener la intervenci\u00f3n humana por parte del responsable del tratamiento, a expresar su punto de vista y a impugnar la decisi\u00f3n.<\/p><h4>Derecho a presentar una reclamaci\u00f3n ante una autoridad de control<\/h4><p>Sin perjuicio de cualquier otro recurso administrativo o judicial, tiene derecho a presentar una reclamaci\u00f3n ante una autoridad de control, en particular en el Estado miembro de su residencia habitual, lugar de trabajo o lugar de la presunta infracci\u00f3n, si considera que el tratamiento de los datos personales que le conciernen infringe el RGPD.<\/p><p>La autoridad de control ante la que se haya presentado la reclamaci\u00f3n informar\u00e1 al reclamante de la situaci\u00f3n y el resultado de la reclamaci\u00f3n, incluida la posibilidad de interponer un recurso judicial de conformidad con el art\u00edculo 78 del RGPD.<\/p><p>Versi\u00f3n 1.08 \/ 29.01.2020<\/p>\t\t\t\t\t\t\t\t<\/div>\n\t\t\t\t<\/div>\n\t\t\t\t\t<\/div>\n\t\t<\/div>\n\t\t\t\t\t<\/div>\n\t\t<\/section>\n\t\t\t\t<\/div>","protected":false},"excerpt":{"rendered":"<p>Datenschutz Allgemeines zur Datenverarbeitung 1. Umfang der Verarbeitung personenbezogener Daten Wir verarbeiten personenbezogene Daten unserer Nutzer grunds\u00e4tzlich nur, soweit dies zur Bereitstellung einer funktionsf\u00e4higen Website sowie unserer Inhalte und Leistungen erforderlich ist. Die Verarbeitung personenbezogener Daten unserer Nutzer erfolgt regelm\u00e4\u00dfig nur nach Einwilligung des Nutzers. Eine Ausnahme gilt in solchen F\u00e4llen, in denen eine vorherige &#8230;<\/p>","protected":false},"author":1,"featured_media":0,"parent":0,"menu_order":0,"comment_status":"closed","ping_status":"closed","template":"template-wide-content.php","meta":{"patiotime_single_page_hide_site_header":"","patiotime_single_page_site_header_source":"","patiotime_single_page_custom_site_header":"0","patiotime_single_page_custom_sticky_site_header":"0","patiotime_single_page_custom_page_title_margin_top_source":"","patiotime_single_page_custom_page_title_desktop_margin_top":"","patiotime_single_page_custom_page_title_tablet_margin_top":"","patiotime_single_page_custom_page_title_mobile_margin_top":"","patiotime_single_page_hide_page_title":"on","patiotime_single_page_header_section_size":"","patiotime_single_page_header_background_color":"","patiotime_single_page_header_background_position_x":"center","patiotime_single_page_header_background_position_y":"center","patiotime_single_page_header_background_size":"cover","patiotime_single_page_header_background_repeat":"off","patiotime_single_page_header_background_scroll":"on","patiotime_single_page_header_text_color":"","patiotime_single_page_header_show_breadcrumb":"","patiotime_single_page_site_footer_hide_main":"","patiotime_single_custom_site_footer_main_source":"","patiotime_single_custom_site_footer_main":"0","patiotime_single_page_site_footer_hide_above":"on","patiotime_single_custom_site_footer_above_source":"","patiotime_single_custom_site_footer_above":"0","patiotime_single_page_site_footer_hide_instagram":"","patiotime_single_page_site_footer_hide_bottom":"","patiotime_single_custom_mobile_menu_source":"","patiotime_single_custom_mobile_menu":"0","patiotime_single_custom_mobile_menu_animation":"","patiotime_single_custom_mobile_menu_width":"","patiotime_single_custom_mobile_menu_custom_width":375,"footnotes":""},"class_list":["post-7126","page","type-page","status-publish","hentry"],"_links":{"self":[{"href":"https:\/\/wintermarkt-schlossplatz.de\/es\/wp-json\/wp\/v2\/pages\/7126","targetHints":{"allow":["GET"]}}],"collection":[{"href":"https:\/\/wintermarkt-schlossplatz.de\/es\/wp-json\/wp\/v2\/pages"}],"about":[{"href":"https:\/\/wintermarkt-schlossplatz.de\/es\/wp-json\/wp\/v2\/types\/page"}],"author":[{"embeddable":true,"href":"https:\/\/wintermarkt-schlossplatz.de\/es\/wp-json\/wp\/v2\/users\/1"}],"replies":[{"embeddable":true,"href":"https:\/\/wintermarkt-schlossplatz.de\/es\/wp-json\/wp\/v2\/comments?post=7126"}],"version-history":[{"count":0,"href":"https:\/\/wintermarkt-schlossplatz.de\/es\/wp-json\/wp\/v2\/pages\/7126\/revisions"}],"wp:attachment":[{"href":"https:\/\/wintermarkt-schlossplatz.de\/es\/wp-json\/wp\/v2\/media?parent=7126"}],"curies":[{"name":"wp","href":"https:\/\/api.w.org\/{rel}","templated":true}]}}