{"id":4888,"date":"2025-10-06T13:54:00","date_gmt":"2025-10-06T13:54:00","guid":{"rendered":"https:\/\/patiotime.loftocean.com\/demo2\/?page_id=4888"},"modified":"2026-01-09T15:15:31","modified_gmt":"2026-01-09T15:15:31","slug":"home","status":"publish","type":"page","link":"https:\/\/wintermarkt-schlossplatz.de\/fr\/","title":{"rendered":"Accueil"},"content":{"rendered":"\t\t<div data-elementor-type=\"wp-page\" data-elementor-id=\"4888\" class=\"elementor elementor-4888\">\n\t\t\t\t\t\t<section class=\"elementor-section elementor-top-section elementor-element elementor-element-116fbe69 elementor-section-height-min-height pt-section-content-fullwidth elementor-section-boxed elementor-section-height-default elementor-section-items-middle\" data-id=\"116fbe69\" data-element_type=\"section\" data-e-type=\"section\" data-settings=\"{&quot;background_background&quot;:&quot;slideshow&quot;,&quot;background_slideshow_gallery&quot;:[{&quot;id&quot;:6886,&quot;url&quot;:&quot;https:\\\/\\\/wintermarkt-schlossplatz.de\\\/wp-content\\\/uploads\\\/2023\\\/10\\\/wintermarkt01.webp&quot;},{&quot;id&quot;:8555,&quot;url&quot;:&quot;https:\\\/\\\/wintermarkt-schlossplatz.de\\\/wp-content\\\/uploads\\\/2025\\\/11\\\/Wintermarkt-Schlossplatz-2025-14.webp&quot;},{&quot;id&quot;:8078,&quot;url&quot;:&quot;https:\\\/\\\/wintermarkt-schlossplatz.de\\\/wp-content\\\/uploads\\\/2024\\\/12\\\/wintermarkt_2024-04.webp&quot;},{&quot;id&quot;:8075,&quot;url&quot;:&quot;https:\\\/\\\/wintermarkt-schlossplatz.de\\\/wp-content\\\/uploads\\\/2024\\\/12\\\/wintermarkt_2024-01.webp&quot;},{&quot;id&quot;:8076,&quot;url&quot;:&quot;https:\\\/\\\/wintermarkt-schlossplatz.de\\\/wp-content\\\/uploads\\\/2024\\\/12\\\/wintermarkt_2024-02.webp&quot;},{&quot;id&quot;:8499,&quot;url&quot;:&quot;https:\\\/\\\/wintermarkt-schlossplatz.de\\\/wp-content\\\/uploads\\\/2025\\\/11\\\/Spreeterrasse-am-Humboldtforum-2.webp&quot;},{&quot;id&quot;:8077,&quot;url&quot;:&quot;https:\\\/\\\/wintermarkt-schlossplatz.de\\\/wp-content\\\/uploads\\\/2024\\\/12\\\/wintermarkt_2024-03.webp&quot;}],&quot;background_slideshow_slide_duration&quot;:8000,&quot;background_slideshow_transition_duration&quot;:1000,&quot;background_slideshow_lazyload&quot;:&quot;yes&quot;,&quot;background_slideshow_ken_burns&quot;:&quot;yes&quot;,&quot;background_slideshow_loop&quot;:&quot;yes&quot;,&quot;background_slideshow_slide_transition&quot;:&quot;fade&quot;,&quot;background_slideshow_ken_burns_zoom_direction&quot;:&quot;in&quot;}\">\n\t\t\t\t\t\t\t<div class=\"elementor-background-overlay\"><\/div>\n\t\t\t\t\t\t\t<div class=\"elementor-container elementor-column-gap-default\">\n\t\t\t\t\t<div class=\"elementor-column elementor-col-100 elementor-top-column elementor-element elementor-element-2bc6a93a dark-color\" data-id=\"2bc6a93a\" data-element_type=\"column\" data-e-type=\"column\">\n\t\t\t<div class=\"elementor-widget-wrap elementor-element-populated\">\n\t\t\t\t\t\t<div class=\"elementor-element elementor-element-7f1c540b elementor-invisible elementor-widget elementor-widget-pt_title\" data-id=\"7f1c540b\" data-element_type=\"widget\" data-e-type=\"widget\" data-settings=\"{&quot;_animation&quot;:&quot;fadeInUp&quot;}\" data-widget_type=\"pt_title.default\">\n\t\t\t\t<div class=\"elementor-widget-container\">\n\t\t\t\t\t\n        <div class=\"pt-title-wrap text-center\">\t            <div class=\"pt-subtitle-wrap\"><span class=\"pt-subtitle color-white style-bordered\">Berlin Mitte<\/span><\/div>\t            <h1 class=\"pt-title\">\n\t                 <em>Willkommen auf dem<\/em><br>\nWintermarkt Schlo\u00dfplatz\t            <\/h1>\t            <div class=\"pt-title-text\">\n\t                <p>18. Nov. 2026 &#8211; 03. Jan. 2027<\/p>\t            <\/div>        <\/div>\t\t\t\t<\/div>\n\t\t\t\t<\/div>\n\t\t\t\t\t<\/div>\n\t\t<\/div>\n\t\t\t\t\t<\/div>\n\t\t<\/section>\n\t\t\t\t<section class=\"elementor-section elementor-top-section elementor-element elementor-element-72102fe elementor-section-boxed elementor-section-height-default elementor-section-height-default\" data-id=\"72102fe\" data-element_type=\"section\" data-e-type=\"section\">\n\t\t\t\t\t\t<div class=\"elementor-container elementor-column-gap-default\">\n\t\t\t\t\t<div class=\"elementor-column elementor-col-100 elementor-top-column elementor-element elementor-element-786959a\" data-id=\"786959a\" data-element_type=\"column\" data-e-type=\"column\">\n\t\t\t<div class=\"elementor-widget-wrap elementor-element-populated\">\n\t\t\t\t\t\t<div class=\"elementor-element elementor-element-e923362 elementor-widget elementor-widget-pt_title\" data-id=\"e923362\" data-element_type=\"widget\" data-e-type=\"widget\" data-widget_type=\"pt_title.default\">\n\t\t\t\t<div class=\"elementor-widget-container\">\n\t\t\t\t\t\n        <div class=\"pt-title-wrap text-center\">\t            <div class=\"pt-subtitle-wrap\"><span class=\"pt-subtitle color-secondary style-bordered\">Bewerben Sie sich<\/span><\/div>\t            <h2 class=\"pt-title\">\n\t                H\u00e4ndlerbewerbung\t            <\/h2>\t            <div class=\"pt-title-text\">\n\t                <p>Gesucht werden vorf\u00fchrendes Kunsthandwerk, hochwertiger Handel, Kreatives und Design<br \/>sowie ausgesuchte hochwertige kulinarische Spezialit\u00e4ten.<\/p>\t            <\/div>        <\/div>\t\t\t\t<\/div>\n\t\t\t\t<\/div>\n\t\t\t\t\t<\/div>\n\t\t<\/div>\n\t\t\t\t\t<\/div>\n\t\t<\/section>\n\t\t\t\t<section class=\"elementor-section elementor-top-section elementor-element elementor-element-d56af7b elementor-section-content-middle elementor-section-boxed elementor-section-height-default elementor-section-height-default\" data-id=\"d56af7b\" data-element_type=\"section\" data-e-type=\"section\">\n\t\t\t\t\t\t<div class=\"elementor-container elementor-column-gap-default\">\n\t\t\t\t\t<div class=\"elementor-column elementor-col-50 elementor-top-column elementor-element elementor-element-9e27dc2\" data-id=\"9e27dc2\" data-element_type=\"column\" data-e-type=\"column\">\n\t\t\t<div class=\"elementor-widget-wrap elementor-element-populated\">\n\t\t\t\t\t\t<div class=\"elementor-element elementor-element-564cc68 elementor-align-right elementor-mobile-align-center elementor-widget elementor-widget-pt_button\" data-id=\"564cc68\" data-element_type=\"widget\" data-e-type=\"widget\" data-widget_type=\"pt_button.default\">\n\t\t\t\t<div class=\"elementor-widget-container\">\n\t\t\t\t\t        <a href=\"https:\/\/wintermarkt-schlossplatz.de\/haendlerbewerbung\/\" class=\"elementor-button-link button pt-btn-large\" role=\"button\">\n            <span class=\"pt-btn-text\">Jetzt Bewerben<\/span>\n        <\/a>\t\t\t\t<\/div>\n\t\t\t\t<\/div>\n\t\t\t\t\t<\/div>\n\t\t<\/div>\n\t\t\t\t<div class=\"elementor-column elementor-col-50 elementor-top-column elementor-element elementor-element-eec4878\" data-id=\"eec4878\" data-element_type=\"column\" data-e-type=\"column\">\n\t\t\t<div class=\"elementor-widget-wrap elementor-element-populated\">\n\t\t\t\t\t\t<div class=\"elementor-element elementor-element-7da53f4 elementor-align-left elementor-mobile-align-center elementor-widget elementor-widget-pt_button\" data-id=\"7da53f4\" data-element_type=\"widget\" data-e-type=\"widget\" data-widget_type=\"pt_button.default\">\n\t\t\t\t<div class=\"elementor-widget-container\">\n\t\t\t\t\t        <a href=\"https:\/\/wintermarkt-schlossplatz.de\/wp-content\/uploads\/2026\/01\/Flyer_Wintermarkt_Schlossplatz_2026.pdf\" target=\"_blank\" class=\"elementor-button-link button pt-btn-large\" role=\"button\">\n            <span class=\"pt-btn-text\">Flyer<\/span>\n        <\/a>\t\t\t\t<\/div>\n\t\t\t\t<\/div>\n\t\t\t\t\t<\/div>\n\t\t<\/div>\n\t\t\t\t\t<\/div>\n\t\t<\/section>\n\t\t\t\t<section class=\"elementor-section elementor-top-section elementor-element elementor-element-31938e8 elementor-hidden-desktop elementor-hidden-tablet elementor-hidden-mobile elementor-section-boxed elementor-section-height-default elementor-section-height-default elementor-invisible\" data-id=\"31938e8\" data-element_type=\"section\" data-e-type=\"section\" data-settings=\"{&quot;animation&quot;:&quot;fadeInUp&quot;}\">\n\t\t\t\t\t\t<div class=\"elementor-container elementor-column-gap-default\">\n\t\t\t\t\t<div class=\"elementor-column elementor-col-100 elementor-top-column elementor-element elementor-element-8c85701\" data-id=\"8c85701\" data-element_type=\"column\" data-e-type=\"column\">\n\t\t\t<div class=\"elementor-widget-wrap elementor-element-populated\">\n\t\t\t\t\t\t<div class=\"elementor-element elementor-element-c20732f elementor-widget elementor-widget-pt_title\" data-id=\"c20732f\" data-element_type=\"widget\" data-e-type=\"widget\" data-widget_type=\"pt_title.default\">\n\t\t\t\t<div class=\"elementor-widget-container\">\n\t\t\t\t\t\n        <div class=\"pt-title-wrap text-center\">\t            <div class=\"pt-subtitle-wrap\"><span class=\"pt-subtitle color-secondary style-bordered\">Emotionen in Licht und Klang - jeden Dienstag und Donnerstag<\/span><\/div>\t            <h2 class=\"pt-title\">\n\t                NEU Lasershow\t            <\/h2>\t            <div class=\"pt-title-text\">\n\t                <p dir=\"ltr\">Wir machen Musik sichtbar! \u201c<strong>Hauptstadt Laser Berlin<\/strong>\u201d steht f\u00fcr spektakul\u00e4re Lasershows, die Klang und Licht zu einem einzigartigen Erlebnis verschmelzen lassen. Mit modernster Technik und perfekter Musiksynchronisation entstehen magische Momente, die begeistern und ber\u00fchren.<\/p><p dir=\"ltr\">Live zu erleben \u2013 jeden Dienstag und Donnerstag um 18:00 Uhr und 20:00 Uhr an der Au\u00dfenfassade der Spreeterrassen.<\/p><p dir=\"ltr\"><strong>Der Eintritt ist frei!<\/strong><\/p>\t            <\/div>        <\/div>\t\t\t\t<\/div>\n\t\t\t\t<\/div>\n\t\t\t\t<section class=\"elementor-section elementor-inner-section elementor-element elementor-element-86e3e32 elementor-section-boxed elementor-section-height-default elementor-section-height-default\" data-id=\"86e3e32\" data-element_type=\"section\" data-e-type=\"section\">\n\t\t\t\t\t\t<div class=\"elementor-container elementor-column-gap-default\">\n\t\t\t\t\t<div class=\"elementor-column elementor-col-33 elementor-inner-column elementor-element elementor-element-41bd2ad\" data-id=\"41bd2ad\" data-element_type=\"column\" data-e-type=\"column\">\n\t\t\t<div class=\"elementor-widget-wrap elementor-element-populated\">\n\t\t\t\t\t\t<div class=\"elementor-element elementor-element-2e2d745 elementor-widget elementor-widget-image\" data-id=\"2e2d745\" data-element_type=\"widget\" data-e-type=\"widget\" data-widget_type=\"image.default\">\n\t\t\t\t<div class=\"elementor-widget-container\">\n\t\t\t\t\t\t\t\t\t\t\t\t\t\t\t<img fetchpriority=\"high\" decoding=\"async\" width=\"1024\" height=\"683\" src=\"https:\/\/wintermarkt-schlossplatz.de\/wp-content\/uploads\/2025\/11\/Lasershow-Spreeterrasse-Humboldtforum-4-1024x683.webp\" class=\"attachment-large size-large wp-image-8558\" alt=\"\" srcset=\"https:\/\/wintermarkt-schlossplatz.de\/wp-content\/uploads\/2025\/11\/Lasershow-Spreeterrasse-Humboldtforum-4-1024x683.webp 1024w, https:\/\/wintermarkt-schlossplatz.de\/wp-content\/uploads\/2025\/11\/Lasershow-Spreeterrasse-Humboldtforum-4-300x200.webp 300w, https:\/\/wintermarkt-schlossplatz.de\/wp-content\/uploads\/2025\/11\/Lasershow-Spreeterrasse-Humboldtforum-4-768x512.webp 768w, https:\/\/wintermarkt-schlossplatz.de\/wp-content\/uploads\/2025\/11\/Lasershow-Spreeterrasse-Humboldtforum-4-18x12.webp 18w, https:\/\/wintermarkt-schlossplatz.de\/wp-content\/uploads\/2025\/11\/Lasershow-Spreeterrasse-Humboldtforum-4-1440x960.webp 1440w, https:\/\/wintermarkt-schlossplatz.de\/wp-content\/uploads\/2025\/11\/Lasershow-Spreeterrasse-Humboldtforum-4-1200x800.webp 1200w, https:\/\/wintermarkt-schlossplatz.de\/wp-content\/uploads\/2025\/11\/Lasershow-Spreeterrasse-Humboldtforum-4-780x520.webp 780w, https:\/\/wintermarkt-schlossplatz.de\/wp-content\/uploads\/2025\/11\/Lasershow-Spreeterrasse-Humboldtforum-4-600x400.webp 600w, https:\/\/wintermarkt-schlossplatz.de\/wp-content\/uploads\/2025\/11\/Lasershow-Spreeterrasse-Humboldtforum-4-550x367.webp 550w, https:\/\/wintermarkt-schlossplatz.de\/wp-content\/uploads\/2025\/11\/Lasershow-Spreeterrasse-Humboldtforum-4-370x247.webp 370w, https:\/\/wintermarkt-schlossplatz.de\/wp-content\/uploads\/2025\/11\/Lasershow-Spreeterrasse-Humboldtforum-4-255x170.webp 255w, https:\/\/wintermarkt-schlossplatz.de\/wp-content\/uploads\/2025\/11\/Lasershow-Spreeterrasse-Humboldtforum-4.webp 1500w\" sizes=\"(max-width: 1024px) 100vw, 1024px\" \/>\t\t\t\t\t\t\t\t\t\t\t\t\t\t\t<\/div>\n\t\t\t\t<\/div>\n\t\t\t\t\t<\/div>\n\t\t<\/div>\n\t\t\t\t<div class=\"elementor-column elementor-col-33 elementor-inner-column elementor-element elementor-element-4d9fa77\" data-id=\"4d9fa77\" data-element_type=\"column\" data-e-type=\"column\">\n\t\t\t<div class=\"elementor-widget-wrap elementor-element-populated\">\n\t\t\t\t\t\t<div class=\"elementor-element elementor-element-1b170a3 elementor-widget elementor-widget-image\" data-id=\"1b170a3\" data-element_type=\"widget\" data-e-type=\"widget\" data-widget_type=\"image.default\">\n\t\t\t\t<div class=\"elementor-widget-container\">\n\t\t\t\t\t\t\t\t\t\t\t\t\t\t\t<img decoding=\"async\" width=\"1000\" height=\"644\" src=\"https:\/\/wintermarkt-schlossplatz.de\/wp-content\/uploads\/2025\/11\/hauptstadtlaser-wintermarkt-schlossplatz-1.webp\" class=\"attachment-large size-large wp-image-8317\" alt=\"\" srcset=\"https:\/\/wintermarkt-schlossplatz.de\/wp-content\/uploads\/2025\/11\/hauptstadtlaser-wintermarkt-schlossplatz-1.webp 1000w, https:\/\/wintermarkt-schlossplatz.de\/wp-content\/uploads\/2025\/11\/hauptstadtlaser-wintermarkt-schlossplatz-1-300x193.webp 300w, https:\/\/wintermarkt-schlossplatz.de\/wp-content\/uploads\/2025\/11\/hauptstadtlaser-wintermarkt-schlossplatz-1-768x495.webp 768w, https:\/\/wintermarkt-schlossplatz.de\/wp-content\/uploads\/2025\/11\/hauptstadtlaser-wintermarkt-schlossplatz-1-18x12.webp 18w, https:\/\/wintermarkt-schlossplatz.de\/wp-content\/uploads\/2025\/11\/hauptstadtlaser-wintermarkt-schlossplatz-1-780x502.webp 780w, https:\/\/wintermarkt-schlossplatz.de\/wp-content\/uploads\/2025\/11\/hauptstadtlaser-wintermarkt-schlossplatz-1-600x386.webp 600w, https:\/\/wintermarkt-schlossplatz.de\/wp-content\/uploads\/2025\/11\/hauptstadtlaser-wintermarkt-schlossplatz-1-550x354.webp 550w, https:\/\/wintermarkt-schlossplatz.de\/wp-content\/uploads\/2025\/11\/hauptstadtlaser-wintermarkt-schlossplatz-1-370x238.webp 370w, https:\/\/wintermarkt-schlossplatz.de\/wp-content\/uploads\/2025\/11\/hauptstadtlaser-wintermarkt-schlossplatz-1-255x164.webp 255w\" sizes=\"(max-width: 1000px) 100vw, 1000px\" \/>\t\t\t\t\t\t\t\t\t\t\t\t\t\t\t<\/div>\n\t\t\t\t<\/div>\n\t\t\t\t\t<\/div>\n\t\t<\/div>\n\t\t\t\t<div class=\"elementor-column elementor-col-33 elementor-inner-column elementor-element elementor-element-fe2e8f7\" data-id=\"fe2e8f7\" data-element_type=\"column\" data-e-type=\"column\">\n\t\t\t<div class=\"elementor-widget-wrap elementor-element-populated\">\n\t\t\t\t\t\t<div class=\"elementor-element elementor-element-b00a03b elementor-widget elementor-widget-image\" data-id=\"b00a03b\" data-element_type=\"widget\" data-e-type=\"widget\" data-widget_type=\"image.default\">\n\t\t\t\t<div class=\"elementor-widget-container\">\n\t\t\t\t\t\t\t\t\t\t\t\t\t\t\t<img decoding=\"async\" width=\"1024\" height=\"683\" src=\"https:\/\/wintermarkt-schlossplatz.de\/wp-content\/uploads\/2025\/11\/Lasershow-Spreeterrasse-Humboldtforum-2-1024x683.webp\" class=\"attachment-large size-large wp-image-8557\" alt=\"\" srcset=\"https:\/\/wintermarkt-schlossplatz.de\/wp-content\/uploads\/2025\/11\/Lasershow-Spreeterrasse-Humboldtforum-2-1024x683.webp 1024w, https:\/\/wintermarkt-schlossplatz.de\/wp-content\/uploads\/2025\/11\/Lasershow-Spreeterrasse-Humboldtforum-2-300x200.webp 300w, https:\/\/wintermarkt-schlossplatz.de\/wp-content\/uploads\/2025\/11\/Lasershow-Spreeterrasse-Humboldtforum-2-768x512.webp 768w, https:\/\/wintermarkt-schlossplatz.de\/wp-content\/uploads\/2025\/11\/Lasershow-Spreeterrasse-Humboldtforum-2-18x12.webp 18w, https:\/\/wintermarkt-schlossplatz.de\/wp-content\/uploads\/2025\/11\/Lasershow-Spreeterrasse-Humboldtforum-2-1440x960.webp 1440w, https:\/\/wintermarkt-schlossplatz.de\/wp-content\/uploads\/2025\/11\/Lasershow-Spreeterrasse-Humboldtforum-2-1200x800.webp 1200w, https:\/\/wintermarkt-schlossplatz.de\/wp-content\/uploads\/2025\/11\/Lasershow-Spreeterrasse-Humboldtforum-2-780x520.webp 780w, https:\/\/wintermarkt-schlossplatz.de\/wp-content\/uploads\/2025\/11\/Lasershow-Spreeterrasse-Humboldtforum-2-600x400.webp 600w, https:\/\/wintermarkt-schlossplatz.de\/wp-content\/uploads\/2025\/11\/Lasershow-Spreeterrasse-Humboldtforum-2-550x367.webp 550w, https:\/\/wintermarkt-schlossplatz.de\/wp-content\/uploads\/2025\/11\/Lasershow-Spreeterrasse-Humboldtforum-2-370x247.webp 370w, https:\/\/wintermarkt-schlossplatz.de\/wp-content\/uploads\/2025\/11\/Lasershow-Spreeterrasse-Humboldtforum-2-255x170.webp 255w, https:\/\/wintermarkt-schlossplatz.de\/wp-content\/uploads\/2025\/11\/Lasershow-Spreeterrasse-Humboldtforum-2.webp 1500w\" sizes=\"(max-width: 1024px) 100vw, 1024px\" \/>\t\t\t\t\t\t\t\t\t\t\t\t\t\t\t<\/div>\n\t\t\t\t<\/div>\n\t\t\t\t\t<\/div>\n\t\t<\/div>\n\t\t\t\t\t<\/div>\n\t\t<\/section>\n\t\t\t\t\t<\/div>\n\t\t<\/div>\n\t\t\t\t\t<\/div>\n\t\t<\/section>\n\t\t\t\t<section class=\"elementor-section elementor-top-section elementor-element elementor-element-713535ac animated-fast pt-animation-medium-offset elementor-section-boxed elementor-section-height-default elementor-section-height-default elementor-invisible\" data-id=\"713535ac\" data-element_type=\"section\" data-e-type=\"section\" data-settings=\"{&quot;background_background&quot;:&quot;classic&quot;,&quot;animation&quot;:&quot;fadeInUp&quot;,&quot;animation_delay&quot;:500}\">\n\t\t\t\t\t\t<div class=\"elementor-container elementor-column-gap-no\">\n\t\t\t\t\t<div class=\"elementor-column elementor-col-50 elementor-top-column elementor-element elementor-element-75d9e11b dark-color elementor-invisible\" data-id=\"75d9e11b\" data-element_type=\"column\" data-e-type=\"column\" data-settings=\"{&quot;animation&quot;:&quot;fadeInUp&quot;,&quot;animation_delay&quot;:200}\">\n\t\t\t<div class=\"elementor-widget-wrap elementor-element-populated\">\n\t\t\t\t\t\t<div class=\"elementor-element elementor-element-3daa8fcf elementor-widget elementor-widget-pt_title\" data-id=\"3daa8fcf\" data-element_type=\"widget\" data-e-type=\"widget\" data-widget_type=\"pt_title.default\">\n\t\t\t\t<div class=\"elementor-widget-container\">\n\t\t\t\t\t\n        <div class=\"pt-title-wrap text-left text-left-mobile\">\t            <div class=\"pt-title-text\">\n\t                <p>Stimmungsvoll beleuchtete Fassaden, internationale Spezialit\u00e4ten und hochwertiges Kunsthandwerk. Ab dem 18. November 2026 k\u00f6nnen Besucher*innen wieder auf dem Schlo\u00dfplatz in Berlin-Mitte einen Wintermarkt mit Klassikern wie gebrannten Mandeln, Baumstritzeln, Feuerzangenbowle sowie diversen Geschenkartikeln erleben.<\/p><p>So wird der Schlo\u00dfplatz zu einem neuen Treffpunkt und Attraktion, um hier mit Freunden oder der Familie den Jahresausklang mit Blick auf den Lustgarten, die Museumsinsel und den Berliner Dom zu genie\u00dfen. Auch im Schl\u00fcterhof des Humboldt Forums erwarten Besucher*innen weitere Highlights.<\/p><p>F\u00fcr eine besondere Atmosph\u00e4re sorgen die aufwendig mit Videomapping produzierten Animationen. Die Projektionen werden extra f\u00fcr diesen Ort gestaltet und dynamisieren k\u00fcnstlerisch die barocken Fassaden im Schl\u00fcterhof und rund um den Schlossplatz. Die bekannte Illuminations-Technik Firma Boehlke, die bereits viele Wahrzeichen der Stadt u.a. f\u00fcr das Festival of Lights kunstvoll illuminiert hat, hat hierf\u00fcr die Lichtinstallationen geschaffen.<\/p><p>Der Wintermarkt bietet ein t\u00e4glich wechselndes Programm mit Angeboten insbesondere f\u00fcr Kinder und Familien. Auch k\u00f6nnen Firmenfeiern mit Gl\u00fchwein und veganem Speisenangebot gebucht werden. <br \/><strong>Der Eintritt ist frei!<\/strong><\/p>\t            <\/div>        <\/div>\t\t\t\t<\/div>\n\t\t\t\t<\/div>\n\t\t\t\t\t<\/div>\n\t\t<\/div>\n\t\t\t\t<div class=\"elementor-column elementor-col-50 elementor-top-column elementor-element elementor-element-3b4e1471 elementor-invisible\" data-id=\"3b4e1471\" data-element_type=\"column\" data-e-type=\"column\" data-settings=\"{&quot;animation&quot;:&quot;fadeInUp&quot;}\">\n\t\t\t<div class=\"elementor-widget-wrap elementor-element-populated\">\n\t\t\t\t\t\t<div class=\"elementor-element elementor-element-3ae3f2a9 elementor-widget elementor-widget-image\" data-id=\"3ae3f2a9\" data-element_type=\"widget\" data-e-type=\"widget\" data-widget_type=\"image.default\">\n\t\t\t\t<div class=\"elementor-widget-container\">\n\t\t\t\t\t\t\t\t\t\t\t\t\t\t\t<img loading=\"lazy\" decoding=\"async\" width=\"2000\" height=\"1333\" src=\"https:\/\/wintermarkt-schlossplatz.de\/wp-content\/uploads\/2024\/12\/wintermarkt_2024-10.webp\" class=\"attachment-full size-full wp-image-8087\" alt=\"\" srcset=\"https:\/\/wintermarkt-schlossplatz.de\/wp-content\/uploads\/2024\/12\/wintermarkt_2024-10.webp 2000w, https:\/\/wintermarkt-schlossplatz.de\/wp-content\/uploads\/2024\/12\/wintermarkt_2024-10-300x200.webp 300w, https:\/\/wintermarkt-schlossplatz.de\/wp-content\/uploads\/2024\/12\/wintermarkt_2024-10-1024x682.webp 1024w, https:\/\/wintermarkt-schlossplatz.de\/wp-content\/uploads\/2024\/12\/wintermarkt_2024-10-768x512.webp 768w, https:\/\/wintermarkt-schlossplatz.de\/wp-content\/uploads\/2024\/12\/wintermarkt_2024-10-1536x1024.webp 1536w, https:\/\/wintermarkt-schlossplatz.de\/wp-content\/uploads\/2024\/12\/wintermarkt_2024-10-18x12.webp 18w, https:\/\/wintermarkt-schlossplatz.de\/wp-content\/uploads\/2024\/12\/wintermarkt_2024-10-1920x1280.webp 1920w, https:\/\/wintermarkt-schlossplatz.de\/wp-content\/uploads\/2024\/12\/wintermarkt_2024-10-1440x960.webp 1440w, https:\/\/wintermarkt-schlossplatz.de\/wp-content\/uploads\/2024\/12\/wintermarkt_2024-10-1200x800.webp 1200w, https:\/\/wintermarkt-schlossplatz.de\/wp-content\/uploads\/2024\/12\/wintermarkt_2024-10-780x520.webp 780w, https:\/\/wintermarkt-schlossplatz.de\/wp-content\/uploads\/2024\/12\/wintermarkt_2024-10-600x400.webp 600w, https:\/\/wintermarkt-schlossplatz.de\/wp-content\/uploads\/2024\/12\/wintermarkt_2024-10-550x367.webp 550w, https:\/\/wintermarkt-schlossplatz.de\/wp-content\/uploads\/2024\/12\/wintermarkt_2024-10-370x247.webp 370w, https:\/\/wintermarkt-schlossplatz.de\/wp-content\/uploads\/2024\/12\/wintermarkt_2024-10-255x170.webp 255w\" sizes=\"(max-width: 2000px) 100vw, 2000px\" \/>\t\t\t\t\t\t\t\t\t\t\t\t\t\t\t<\/div>\n\t\t\t\t<\/div>\n\t\t\t\t<div class=\"elementor-element elementor-element-61d75f9 elementor-widget elementor-widget-image\" data-id=\"61d75f9\" data-element_type=\"widget\" data-e-type=\"widget\" data-widget_type=\"image.default\">\n\t\t\t\t<div class=\"elementor-widget-container\">\n\t\t\t\t\t\t\t\t\t\t\t\t\t\t\t<img loading=\"lazy\" decoding=\"async\" width=\"2000\" height=\"1333\" src=\"https:\/\/wintermarkt-schlossplatz.de\/wp-content\/uploads\/2024\/12\/wintermarkt_2024-01.webp\" class=\"attachment-full size-full wp-image-8075\" alt=\"\" srcset=\"https:\/\/wintermarkt-schlossplatz.de\/wp-content\/uploads\/2024\/12\/wintermarkt_2024-01.webp 2000w, https:\/\/wintermarkt-schlossplatz.de\/wp-content\/uploads\/2024\/12\/wintermarkt_2024-01-300x200.webp 300w, https:\/\/wintermarkt-schlossplatz.de\/wp-content\/uploads\/2024\/12\/wintermarkt_2024-01-1024x682.webp 1024w, https:\/\/wintermarkt-schlossplatz.de\/wp-content\/uploads\/2024\/12\/wintermarkt_2024-01-768x512.webp 768w, https:\/\/wintermarkt-schlossplatz.de\/wp-content\/uploads\/2024\/12\/wintermarkt_2024-01-1536x1024.webp 1536w, https:\/\/wintermarkt-schlossplatz.de\/wp-content\/uploads\/2024\/12\/wintermarkt_2024-01-18x12.webp 18w, https:\/\/wintermarkt-schlossplatz.de\/wp-content\/uploads\/2024\/12\/wintermarkt_2024-01-1920x1280.webp 1920w, https:\/\/wintermarkt-schlossplatz.de\/wp-content\/uploads\/2024\/12\/wintermarkt_2024-01-1440x960.webp 1440w, https:\/\/wintermarkt-schlossplatz.de\/wp-content\/uploads\/2024\/12\/wintermarkt_2024-01-1200x800.webp 1200w, https:\/\/wintermarkt-schlossplatz.de\/wp-content\/uploads\/2024\/12\/wintermarkt_2024-01-780x520.webp 780w, https:\/\/wintermarkt-schlossplatz.de\/wp-content\/uploads\/2024\/12\/wintermarkt_2024-01-600x400.webp 600w, https:\/\/wintermarkt-schlossplatz.de\/wp-content\/uploads\/2024\/12\/wintermarkt_2024-01-550x367.webp 550w, https:\/\/wintermarkt-schlossplatz.de\/wp-content\/uploads\/2024\/12\/wintermarkt_2024-01-370x247.webp 370w, https:\/\/wintermarkt-schlossplatz.de\/wp-content\/uploads\/2024\/12\/wintermarkt_2024-01-255x170.webp 255w\" sizes=\"(max-width: 2000px) 100vw, 2000px\" \/>\t\t\t\t\t\t\t\t\t\t\t\t\t\t\t<\/div>\n\t\t\t\t<\/div>\n\t\t\t\t\t<\/div>\n\t\t<\/div>\n\t\t\t\t\t<\/div>\n\t\t<\/section>\n\t\t\t\t<section class=\"elementor-section elementor-top-section elementor-element elementor-element-d19de86 elementor-section-boxed elementor-section-height-default elementor-section-height-default elementor-invisible\" data-id=\"d19de86\" data-element_type=\"section\" data-e-type=\"section\" data-settings=\"{&quot;animation&quot;:&quot;fadeInUp&quot;}\">\n\t\t\t\t\t\t<div class=\"elementor-container elementor-column-gap-default\">\n\t\t\t\t\t<div class=\"elementor-column elementor-col-100 elementor-top-column elementor-element elementor-element-42c7b1e\" data-id=\"42c7b1e\" data-element_type=\"column\" data-e-type=\"column\">\n\t\t\t<div class=\"elementor-widget-wrap elementor-element-populated\">\n\t\t\t\t\t\t<div class=\"elementor-element elementor-element-3ac18d5 elementor-widget elementor-widget-pt_title\" data-id=\"3ac18d5\" data-element_type=\"widget\" data-e-type=\"widget\" data-widget_type=\"pt_title.default\">\n\t\t\t\t<div class=\"elementor-widget-container\">\n\t\t\t\t\t\n        <div class=\"pt-title-wrap text-center\">\t            <div class=\"pt-subtitle-wrap\"><span class=\"pt-subtitle color-secondary style-bordered\">Das erwartet Sie auf dem Wintermarkt am Schlo\u00dfplatz<\/span><\/div>\t            <h2 class=\"pt-title\">\n\t                Highlights\t            <\/h2>        <\/div>\t\t\t\t<\/div>\n\t\t\t\t<\/div>\n\t\t\t\t<section class=\"elementor-section elementor-inner-section elementor-element elementor-element-6be4be2 elementor-section-boxed elementor-section-height-default elementor-section-height-default\" data-id=\"6be4be2\" data-element_type=\"section\" data-e-type=\"section\">\n\t\t\t\t\t\t<div class=\"elementor-container elementor-column-gap-default\">\n\t\t\t\t\t<div class=\"elementor-column elementor-col-50 elementor-inner-column elementor-element elementor-element-26f490e elementor-invisible\" data-id=\"26f490e\" data-element_type=\"column\" data-e-type=\"column\" data-settings=\"{&quot;animation&quot;:&quot;fadeInUp&quot;}\">\n\t\t\t<div class=\"elementor-widget-wrap elementor-element-populated\">\n\t\t\t\t\t\t<div class=\"elementor-element elementor-element-0af228b elementor-widget elementor-widget-image-carousel\" data-id=\"0af228b\" data-element_type=\"widget\" data-e-type=\"widget\" data-settings=\"{&quot;slides_to_show&quot;:&quot;1&quot;,&quot;navigation&quot;:&quot;none&quot;,&quot;autoplay&quot;:&quot;yes&quot;,&quot;pause_on_hover&quot;:&quot;yes&quot;,&quot;pause_on_interaction&quot;:&quot;yes&quot;,&quot;autoplay_speed&quot;:5000,&quot;infinite&quot;:&quot;yes&quot;,&quot;effect&quot;:&quot;slide&quot;,&quot;speed&quot;:500}\" data-widget_type=\"image-carousel.default\">\n\t\t\t\t<div class=\"elementor-widget-container\">\n\t\t\t\t\t\t\t<div class=\"elementor-image-carousel-wrapper swiper\" role=\"region\" aria-roledescription=\"carousel\" aria-label=\"Bild Karussell\" dir=\"ltr\">\n\t\t\t<div class=\"elementor-image-carousel swiper-wrapper\" aria-live=\"off\">\n\t\t\t\t\t\t\t\t<div class=\"swiper-slide\" role=\"group\" aria-roledescription=\"slide\" aria-label=\"1 sur 3\"><figure class=\"swiper-slide-inner\"><img decoding=\"async\" class=\"swiper-slide-image\" src=\"https:\/\/wintermarkt-schlossplatz.de\/wp-content\/uploads\/2024\/12\/wintermarkt_2024-11.webp\" alt=\"wintermarkt_2024-11\" \/><\/figure><\/div><div class=\"swiper-slide\" role=\"group\" aria-roledescription=\"slide\" aria-label=\"2 sur 3\"><figure class=\"swiper-slide-inner\"><img decoding=\"async\" class=\"swiper-slide-image\" src=\"https:\/\/wintermarkt-schlossplatz.de\/wp-content\/uploads\/2024\/12\/wintermarkt_2024-29.webp\" alt=\"wintermarkt_2024-29\" \/><\/figure><\/div><div class=\"swiper-slide\" role=\"group\" aria-roledescription=\"slide\" aria-label=\"3 sur 3\"><figure class=\"swiper-slide-inner\"><img decoding=\"async\" class=\"swiper-slide-image\" src=\"https:\/\/wintermarkt-schlossplatz.de\/wp-content\/uploads\/2023\/12\/wintermarkt26.webp\" alt=\"wintermarkt26\" \/><\/figure><\/div>\t\t\t<\/div>\n\t\t\t\t\t\t\t\n\t\t\t\t\t\t\t\t\t<\/div>\n\t\t\t\t\t\t<\/div>\n\t\t\t\t<\/div>\n\t\t\t\t<div class=\"elementor-element elementor-element-3bf1f95 elementor-widget elementor-widget-pt_title\" data-id=\"3bf1f95\" data-element_type=\"widget\" data-e-type=\"widget\" data-widget_type=\"pt_title.default\">\n\t\t\t\t<div class=\"elementor-widget-container\">\n\t\t\t\t\t\n        <div class=\"pt-title-wrap text-left\">\t            <h3 class=\"pt-title\">\n\t                Berliner Feuerzangenbowle\t            <\/h3>\t            <div class=\"pt-title-text\">\n\t                <p>Genie\u00dfen Sie den Wintermarkt am Schlossplatz mit einem echten Klassiker: <strong>Feuerzangenbowle<\/strong>!<br \/>Der hei\u00dfe Punsch mit flambiertem Zuckerhut w\u00e4rmt nicht nur von innen, sondern begeistert mit seinem unverwechselbaren Aroma. Inmitten der festlich geschm\u00fcckten St\u00e4nde l\u00e4dt die <strong>Berliner Feuerzangenbowle<\/strong> zum Verweilen ein \u2013 perfekt, um sich mit Freunden oder Familie auf die Weihnachtszeit einzustimmen. <br \/><strong>Lassen Sie sich dieses winterliche Highlight direkt im Schl\u00fcterhof nicht entgehen!<\/strong><\/p>\t            <\/div>                <div class=\"pt-title-btn\">\n                    <a class=\"button elementor-button-link pt-btn-large\" role=\"button\" href=\"https:\/\/berliner-feuerzangenbowle.de\" target=\"_blank\">\n                        <span class=\"pt-btn-text\">Mehr Infos<\/span>\n                    <\/a>\n                <\/div>\n                    <\/div>\t\t\t\t<\/div>\n\t\t\t\t<\/div>\n\t\t\t\t\t<\/div>\n\t\t<\/div>\n\t\t\t\t<div class=\"elementor-column elementor-col-50 elementor-inner-column elementor-element elementor-element-99b7d84 elementor-invisible\" data-id=\"99b7d84\" data-element_type=\"column\" data-e-type=\"column\" data-settings=\"{&quot;animation&quot;:&quot;fadeInUp&quot;,&quot;animation_delay&quot;:100}\">\n\t\t\t<div class=\"elementor-widget-wrap elementor-element-populated\">\n\t\t\t\t\t\t<div class=\"elementor-element elementor-element-f60a509 elementor-widget elementor-widget-image-carousel\" data-id=\"f60a509\" data-element_type=\"widget\" data-e-type=\"widget\" data-settings=\"{&quot;slides_to_show&quot;:&quot;1&quot;,&quot;navigation&quot;:&quot;none&quot;,&quot;autoplay&quot;:&quot;yes&quot;,&quot;pause_on_hover&quot;:&quot;yes&quot;,&quot;pause_on_interaction&quot;:&quot;yes&quot;,&quot;autoplay_speed&quot;:5000,&quot;infinite&quot;:&quot;yes&quot;,&quot;effect&quot;:&quot;slide&quot;,&quot;speed&quot;:500}\" data-widget_type=\"image-carousel.default\">\n\t\t\t\t<div class=\"elementor-widget-container\">\n\t\t\t\t\t\t\t<div class=\"elementor-image-carousel-wrapper swiper\" role=\"region\" aria-roledescription=\"carousel\" aria-label=\"Bild Karussell\" dir=\"ltr\">\n\t\t\t<div class=\"elementor-image-carousel swiper-wrapper\" aria-live=\"off\">\n\t\t\t\t\t\t\t\t<div class=\"swiper-slide\" role=\"group\" aria-roledescription=\"slide\" aria-label=\"1 sur 6\"><figure class=\"swiper-slide-inner\"><img decoding=\"async\" class=\"swiper-slide-image\" src=\"https:\/\/wintermarkt-schlossplatz.de\/wp-content\/uploads\/2025\/11\/Spreeterrasse-am-Humboldtforum-1.webp\" alt=\"Spreeterrasse-am-Humboldtforum-1\" \/><\/figure><\/div><div class=\"swiper-slide\" role=\"group\" aria-roledescription=\"slide\" aria-label=\"2 sur 6\"><figure class=\"swiper-slide-inner\"><img decoding=\"async\" class=\"swiper-slide-image\" src=\"https:\/\/wintermarkt-schlossplatz.de\/wp-content\/uploads\/2025\/11\/Verkaufsstand-Spreeterrasse-Humboldt-Forum.webp\" alt=\"Verkaufsstand-Spreeterrasse-Humboldt-Forum\" \/><\/figure><\/div><div class=\"swiper-slide\" role=\"group\" aria-roledescription=\"slide\" aria-label=\"3 sur 6\"><figure class=\"swiper-slide-inner\"><img decoding=\"async\" class=\"swiper-slide-image\" src=\"https:\/\/wintermarkt-schlossplatz.de\/wp-content\/uploads\/2025\/11\/Spreeterrasse-am-Humboldtforum-4.webp\" alt=\"Spreeterrasse-am-Humboldtforum-4\" \/><\/figure><\/div><div class=\"swiper-slide\" role=\"group\" aria-roledescription=\"slide\" aria-label=\"4 sur 6\"><figure class=\"swiper-slide-inner\"><img decoding=\"async\" class=\"swiper-slide-image\" src=\"https:\/\/wintermarkt-schlossplatz.de\/wp-content\/uploads\/2025\/11\/Beheiztes-Zelt-Spreeterrasse-Humboldt-Forum.webp\" alt=\"Beheiztes-Zelt-Spreeterrasse-Humboldt-Forum\" \/><\/figure><\/div><div class=\"swiper-slide\" role=\"group\" aria-roledescription=\"slide\" aria-label=\"5 sur 6\"><figure class=\"swiper-slide-inner\"><img decoding=\"async\" class=\"swiper-slide-image\" src=\"https:\/\/wintermarkt-schlossplatz.de\/wp-content\/uploads\/2025\/11\/Spreeterrasse-am-Humboldtforum-5.webp\" alt=\"Spreeterrasse-am-Humboldtforum-5\" \/><\/figure><\/div><div class=\"swiper-slide\" role=\"group\" aria-roledescription=\"slide\" aria-label=\"6 sur 6\"><figure class=\"swiper-slide-inner\"><img decoding=\"async\" class=\"swiper-slide-image\" src=\"https:\/\/wintermarkt-schlossplatz.de\/wp-content\/uploads\/2025\/11\/Spreeterrasse-08.webp\" alt=\"Spreeterrasse-08\" \/><\/figure><\/div>\t\t\t<\/div>\n\t\t\t\t\t\t\t\n\t\t\t\t\t\t\t\t\t<\/div>\n\t\t\t\t\t\t<\/div>\n\t\t\t\t<\/div>\n\t\t\t\t<div class=\"elementor-element elementor-element-dcddeda elementor-widget elementor-widget-pt_title\" data-id=\"dcddeda\" data-element_type=\"widget\" data-e-type=\"widget\" data-widget_type=\"pt_title.default\">\n\t\t\t\t<div class=\"elementor-widget-container\">\n\t\t\t\t\t\n        <div class=\"pt-title-wrap text-left\">\t            <h3 class=\"pt-title\">\n\t                Spreeterrasse\t            <\/h3>\t            <div class=\"pt-title-text\">\n\t                <p><strong>Gegen\u00fcber dem Berliner Dom erwartet Sie auf den Spreeterrassen am Humboldt Forum eine winterliche Oase zum Genie\u00dfen, Verweilen und Aufw\u00e4rmen\u00a0 &#8211; mitten im Herzen Berlins.<\/strong><\/p><p>Hier trifft festliche Stimmung auf entspannte Gem\u00fctlichkeit &#8211; mit Blick auf Fernsehturm, Berliner Dom und Nikolaiviertel. W\u00e4hrend drau\u00dfen Lichterglanz und Feuerstellen f\u00fcr stimmungsvolle Momente sorgen, bietet das <strong>gro\u00dfz\u00fcgige, beheizte Gastronomiezelt<\/strong> einen warmen R\u00fcckzugsort mit typischer <strong>Berliner Gerichten \u00e1 la carte <\/strong>oder<strong> Men\u00fcpaketen<\/strong>.<\/p>\t            <\/div>                <div class=\"pt-title-btn\">\n                    <a class=\"button elementor-button-link pt-btn-large\" role=\"button\" href=\"https:\/\/spreeterrasse.de\" target=\"_blank\">\n                        <span class=\"pt-btn-text\">Hier Reservieren<\/span>\n                    <\/a>\n                <\/div>\n                    <\/div>\t\t\t\t<\/div>\n\t\t\t\t<\/div>\n\t\t\t\t\t<\/div>\n\t\t<\/div>\n\t\t\t\t\t<\/div>\n\t\t<\/section>\n\t\t\t\t\t<\/div>\n\t\t<\/div>\n\t\t\t\t\t<\/div>\n\t\t<\/section>\n\t\t\t\t<section class=\"elementor-section elementor-top-section elementor-element elementor-element-1546e24 elementor-section-boxed elementor-section-height-default elementor-section-height-default elementor-invisible\" data-id=\"1546e24\" data-element_type=\"section\" data-e-type=\"section\" data-settings=\"{&quot;animation&quot;:&quot;fadeInUp&quot;}\">\n\t\t\t\t\t\t<div class=\"elementor-container elementor-column-gap-default\">\n\t\t\t\t\t<div class=\"elementor-column elementor-col-100 elementor-top-column elementor-element elementor-element-9baabf0\" data-id=\"9baabf0\" data-element_type=\"column\" data-e-type=\"column\">\n\t\t\t<div class=\"elementor-widget-wrap elementor-element-populated\">\n\t\t\t\t\t\t<div class=\"elementor-element elementor-element-ee7e32c elementor-widget elementor-widget-pt_title\" data-id=\"ee7e32c\" data-element_type=\"widget\" data-e-type=\"widget\" data-widget_type=\"pt_title.default\">\n\t\t\t\t<div class=\"elementor-widget-container\">\n\t\t\t\t\t\n        <div class=\"pt-title-wrap text-center\">\t            <div class=\"pt-subtitle-wrap\"><span class=\"pt-subtitle color-secondary style-bordered\">Wo ist was auf dem Wintermarkt Schlo\u00dfplatz<\/span><\/div>\t            <h2 class=\"pt-title\">\n\t                Lageplan\t            <\/h2>                <div class=\"pt-title-btn\">\n                    <a class=\"button elementor-button-link\" role=\"button\" href=\"https:\/\/wintermarkt-schlossplatz.de\/wp-content\/uploads\/2025\/11\/Wintermarkt-Lageplan-2025.pdf\" target=\"_blank\">\n                        <span class=\"pt-btn-text\">Lageplan \u00f6ffnen<\/span>\n                    <\/a>\n                <\/div>\n                    <\/div>\t\t\t\t<\/div>\n\t\t\t\t<\/div>\n\t\t\t\t\t<\/div>\n\t\t<\/div>\n\t\t\t\t\t<\/div>\n\t\t<\/section>\n\t\t\t\t<section class=\"elementor-section elementor-top-section elementor-element elementor-element-60c5d26 elementor-section-boxed elementor-section-height-default elementor-section-height-default elementor-invisible\" data-id=\"60c5d26\" data-element_type=\"section\" data-e-type=\"section\" data-settings=\"{&quot;animation&quot;:&quot;fadeInUp&quot;}\">\n\t\t\t\t\t\t<div class=\"elementor-container elementor-column-gap-default\">\n\t\t\t\t\t<div class=\"elementor-column elementor-col-100 elementor-top-column elementor-element elementor-element-5ae5fa8\" data-id=\"5ae5fa8\" data-element_type=\"column\" data-e-type=\"column\">\n\t\t\t<div class=\"elementor-widget-wrap elementor-element-populated\">\n\t\t\t\t\t\t<div class=\"elementor-element elementor-element-c40495f elementor-widget elementor-widget-pt_title\" data-id=\"c40495f\" data-element_type=\"widget\" data-e-type=\"widget\" data-widget_type=\"pt_title.default\">\n\t\t\t\t<div class=\"elementor-widget-container\">\n\t\t\t\t\t\n        <div class=\"pt-title-wrap text-center\">\t            <div class=\"pt-subtitle-wrap\"><span class=\"pt-subtitle color-secondary style-bordered\">So erreichen Sie den Wintermarkt Schlo\u00dfplatz<\/span><\/div>\t            <h2 class=\"pt-title\">\n\t                Anreise\t            <\/h2>        <\/div>\t\t\t\t<\/div>\n\t\t\t\t<\/div>\n\t\t\t\t<section class=\"elementor-section elementor-inner-section elementor-element elementor-element-02ec693 elementor-section-boxed elementor-section-height-default elementor-section-height-default\" data-id=\"02ec693\" data-element_type=\"section\" data-e-type=\"section\">\n\t\t\t\t\t\t<div class=\"elementor-container elementor-column-gap-default\">\n\t\t\t\t\t<div class=\"elementor-column elementor-col-25 elementor-inner-column elementor-element elementor-element-124a17a elementor-invisible\" data-id=\"124a17a\" data-element_type=\"column\" data-e-type=\"column\" data-settings=\"{&quot;animation&quot;:&quot;fadeInUp&quot;}\">\n\t\t\t<div class=\"elementor-widget-wrap elementor-element-populated\">\n\t\t\t\t\t\t<div class=\"elementor-element elementor-element-5d44c49 elementor-view-default elementor-position-block-start elementor-mobile-position-block-start elementor-widget elementor-widget-icon-box\" data-id=\"5d44c49\" data-element_type=\"widget\" data-e-type=\"widget\" data-widget_type=\"icon-box.default\">\n\t\t\t\t<div class=\"elementor-widget-container\">\n\t\t\t\t\t\t\t<div class=\"elementor-icon-box-wrapper\">\n\n\t\t\t\t\t\t<div class=\"elementor-icon-box-icon\">\n\t\t\t\t<span  class=\"elementor-icon\">\n\t\t\t\t<i aria-hidden=\"true\" class=\"fas fa-train\"><\/i>\t\t\t\t<\/span>\n\t\t\t<\/div>\n\t\t\t\n\t\t\t\t\t\t<div class=\"elementor-icon-box-content\">\n\n\t\t\t\t\t\t\t\t\t<h3 class=\"elementor-icon-box-title\">\n\t\t\t\t\t\t<span  >\n\t\t\t\t\t\t\tU-BAHN\t\t\t\t\t\t<\/span>\n\t\t\t\t\t<\/h3>\n\t\t\t\t\n\t\t\t\t\t\t\t\t\t<p class=\"elementor-icon-box-description\">\n\t\t\t\t\t\tLinie U5<br>Haltestelle Museumsinsel\t\t\t\t\t<\/p>\n\t\t\t\t\n\t\t\t<\/div>\n\t\t\t\n\t\t<\/div>\n\t\t\t\t\t\t<\/div>\n\t\t\t\t<\/div>\n\t\t\t\t\t<\/div>\n\t\t<\/div>\n\t\t\t\t<div class=\"elementor-column elementor-col-25 elementor-inner-column elementor-element elementor-element-20ed3ed elementor-invisible\" data-id=\"20ed3ed\" data-element_type=\"column\" data-e-type=\"column\" data-settings=\"{&quot;animation&quot;:&quot;fadeInUp&quot;,&quot;animation_delay&quot;:100}\">\n\t\t\t<div class=\"elementor-widget-wrap elementor-element-populated\">\n\t\t\t\t\t\t<div class=\"elementor-element elementor-element-d769fd5 elementor-view-default elementor-position-block-start elementor-mobile-position-block-start elementor-widget elementor-widget-icon-box\" data-id=\"d769fd5\" data-element_type=\"widget\" data-e-type=\"widget\" data-widget_type=\"icon-box.default\">\n\t\t\t\t<div class=\"elementor-widget-container\">\n\t\t\t\t\t\t\t<div class=\"elementor-icon-box-wrapper\">\n\n\t\t\t\t\t\t<div class=\"elementor-icon-box-icon\">\n\t\t\t\t<span  class=\"elementor-icon\">\n\t\t\t\t<i aria-hidden=\"true\" class=\"fas fa-bus\"><\/i>\t\t\t\t<\/span>\n\t\t\t<\/div>\n\t\t\t\n\t\t\t\t\t\t<div class=\"elementor-icon-box-content\">\n\n\t\t\t\t\t\t\t\t\t<h3 class=\"elementor-icon-box-title\">\n\t\t\t\t\t\t<span  >\n\t\t\t\t\t\t\tBUS\t\t\t\t\t\t<\/span>\n\t\t\t\t\t<\/h3>\n\t\t\t\t\n\t\t\t\t\t\t\t\t\t<p class=\"elementor-icon-box-description\">\n\t\t\t\t\t\tLinien 100, 300<br>Haltestelle Museumsinsel\t\t\t\t\t<\/p>\n\t\t\t\t\n\t\t\t<\/div>\n\t\t\t\n\t\t<\/div>\n\t\t\t\t\t\t<\/div>\n\t\t\t\t<\/div>\n\t\t\t\t\t<\/div>\n\t\t<\/div>\n\t\t\t\t<div class=\"elementor-column elementor-col-25 elementor-inner-column elementor-element elementor-element-7c132b1 elementor-invisible\" data-id=\"7c132b1\" data-element_type=\"column\" data-e-type=\"column\" data-settings=\"{&quot;animation&quot;:&quot;fadeInUp&quot;,&quot;animation_delay&quot;:200}\">\n\t\t\t<div class=\"elementor-widget-wrap elementor-element-populated\">\n\t\t\t\t\t\t<div class=\"elementor-element elementor-element-a4ea341 elementor-view-default elementor-position-block-start elementor-mobile-position-block-start elementor-widget elementor-widget-icon-box\" data-id=\"a4ea341\" data-element_type=\"widget\" data-e-type=\"widget\" data-widget_type=\"icon-box.default\">\n\t\t\t\t<div class=\"elementor-widget-container\">\n\t\t\t\t\t\t\t<div class=\"elementor-icon-box-wrapper\">\n\n\t\t\t\t\t\t<div class=\"elementor-icon-box-icon\">\n\t\t\t\t<span  class=\"elementor-icon\">\n\t\t\t\t<i aria-hidden=\"true\" class=\"fas fa-train\"><\/i>\t\t\t\t<\/span>\n\t\t\t<\/div>\n\t\t\t\n\t\t\t\t\t\t<div class=\"elementor-icon-box-content\">\n\n\t\t\t\t\t\t\t\t\t<h3 class=\"elementor-icon-box-title\">\n\t\t\t\t\t\t<span  >\n\t\t\t\t\t\t\tTRAM\t\t\t\t\t\t<\/span>\n\t\t\t\t\t<\/h3>\n\t\t\t\t\n\t\t\t\t\t\t\t\t\t<p class=\"elementor-icon-box-description\">\n\t\t\t\t\t\tLinien M4, M5, M6<br>Spandauer Str. \/ Marienkirche\t\t\t\t\t<\/p>\n\t\t\t\t\n\t\t\t<\/div>\n\t\t\t\n\t\t<\/div>\n\t\t\t\t\t\t<\/div>\n\t\t\t\t<\/div>\n\t\t\t\t\t<\/div>\n\t\t<\/div>\n\t\t\t\t<div class=\"elementor-column elementor-col-25 elementor-inner-column elementor-element elementor-element-ccf2462 elementor-invisible\" data-id=\"ccf2462\" data-element_type=\"column\" data-e-type=\"column\" data-settings=\"{&quot;animation&quot;:&quot;fadeInUp&quot;,&quot;animation_delay&quot;:300}\">\n\t\t\t<div class=\"elementor-widget-wrap elementor-element-populated\">\n\t\t\t\t\t\t<div class=\"elementor-element elementor-element-4eb74e4 elementor-view-default elementor-position-block-start elementor-mobile-position-block-start elementor-widget elementor-widget-icon-box\" data-id=\"4eb74e4\" data-element_type=\"widget\" data-e-type=\"widget\" data-widget_type=\"icon-box.default\">\n\t\t\t\t<div class=\"elementor-widget-container\">\n\t\t\t\t\t\t\t<div class=\"elementor-icon-box-wrapper\">\n\n\t\t\t\t\t\t<div class=\"elementor-icon-box-icon\">\n\t\t\t\t<span  class=\"elementor-icon\">\n\t\t\t\t<i aria-hidden=\"true\" class=\"fas fa-car\"><\/i>\t\t\t\t<\/span>\n\t\t\t<\/div>\n\t\t\t\n\t\t\t\t\t\t<div class=\"elementor-icon-box-content\">\n\n\t\t\t\t\t\t\t\t\t<h3 class=\"elementor-icon-box-title\">\n\t\t\t\t\t\t<span  >\n\t\t\t\t\t\t\teigener PKW\t\t\t\t\t\t<\/span>\n\t\t\t\t\t<\/h3>\n\t\t\t\t\n\t\t\t\t\t\t\t\t\t<p class=\"elementor-icon-box-description\">\n\t\t\t\t\t\tQ-Park Unter den Linden \/ Staatsoper\t\t\t\t\t<\/p>\n\t\t\t\t\n\t\t\t<\/div>\n\t\t\t\n\t\t<\/div>\n\t\t\t\t\t\t<\/div>\n\t\t\t\t<\/div>\n\t\t\t\t\t<\/div>\n\t\t<\/div>\n\t\t\t\t\t<\/div>\n\t\t<\/section>\n\t\t\t\t\t<\/div>\n\t\t<\/div>\n\t\t\t\t\t<\/div>\n\t\t<\/section>\n\t\t\t\t<section class=\"elementor-section elementor-top-section elementor-element elementor-element-e071c99 elementor-section-boxed elementor-section-height-default elementor-section-height-default elementor-invisible\" data-id=\"e071c99\" data-element_type=\"section\" data-e-type=\"section\" data-settings=\"{&quot;animation&quot;:&quot;fadeInUp&quot;}\">\n\t\t\t\t\t\t<div class=\"elementor-container elementor-column-gap-default\">\n\t\t\t\t\t<div class=\"elementor-column elementor-col-100 elementor-top-column elementor-element elementor-element-d2cf82d\" data-id=\"d2cf82d\" data-element_type=\"column\" data-e-type=\"column\">\n\t\t\t<div class=\"elementor-widget-wrap elementor-element-populated\">\n\t\t\t\t\t\t<div class=\"elementor-element elementor-element-efb9e1b elementor-widget elementor-widget-pt_title\" data-id=\"efb9e1b\" data-element_type=\"widget\" data-e-type=\"widget\" data-widget_type=\"pt_title.default\">\n\t\t\t\t<div class=\"elementor-widget-container\">\n\t\t\t\t\t\n        <div class=\"pt-title-wrap text-center\">\t            <div class=\"pt-subtitle-wrap\"><span class=\"pt-subtitle color-secondary style-bordered\">Ihre Veranstaltung im Berliner Stadtschloss<\/span><\/div>\t            <h3 class=\"pt-title\">\n\t                Weihnachtsfeier auf dem Wintermarkt\t            <\/h3>        <\/div>\t\t\t\t<\/div>\n\t\t\t\t<\/div>\n\t\t\t\t<section class=\"elementor-section elementor-inner-section elementor-element elementor-element-af77112 elementor-section-boxed elementor-section-height-default elementor-section-height-default\" data-id=\"af77112\" data-element_type=\"section\" data-e-type=\"section\">\n\t\t\t\t\t\t<div class=\"elementor-container elementor-column-gap-default\">\n\t\t\t\t\t<div class=\"elementor-column elementor-col-50 elementor-inner-column elementor-element elementor-element-c5ad990 elementor-invisible\" data-id=\"c5ad990\" data-element_type=\"column\" data-e-type=\"column\" data-settings=\"{&quot;animation&quot;:&quot;fadeInUp&quot;}\">\n\t\t\t<div class=\"elementor-widget-wrap elementor-element-populated\">\n\t\t\t\t\t\t<div class=\"elementor-element elementor-element-846ebd9 elementor-widget elementor-widget-pt_title\" data-id=\"846ebd9\" data-element_type=\"widget\" data-e-type=\"widget\" data-widget_type=\"pt_title.default\">\n\t\t\t\t<div class=\"elementor-widget-container\">\n\t\t\t\t\t\n        <div class=\"pt-title-wrap text-left\">\t            <div class=\"pt-title-text\">\n\t                <p>Gibt es einen sch\u00f6neren Ort f\u00fcr eine besondere Feier als das <strong>Berliner Stadtschloss<\/strong>, wo Geschichte auf Gegenwart trifft und Menschen aus aller Welt zusammenkommen? Feiert in einem der beeindruckendsten Orte der Stadt &#8211; mitten im Herzen Berlins!<\/p>\t            <\/div>        <\/div>\t\t\t\t<\/div>\n\t\t\t\t<\/div>\n\t\t\t\t<div class=\"elementor-element elementor-element-a767941 elementor-widget elementor-widget-pt_title\" data-id=\"a767941\" data-element_type=\"widget\" data-e-type=\"widget\" data-widget_type=\"pt_title.default\">\n\t\t\t\t<div class=\"elementor-widget-container\">\n\t\t\t\t\t\n        <div class=\"pt-title-wrap text-left\">\t            <h4 class=\"pt-title\">\n\t                Weihnachtsfeiern im Caf\u00e9 Alexander &amp; in der Brasserie Wilhelm\t            <\/h4>\t            <div class=\"pt-title-text\">\n\t                <p>Ob stilvolle <strong>Weihnachtsfeier<\/strong>, inspirierendes <strong>Meeting<\/strong> oder unvergesslicher <strong>Empfang<\/strong> &#8211; das <strong>Caf\u00e9 Alexander<\/strong> und die <strong>Brasserie Wilhelm<\/strong> bieten mit ihren eleganten Innenr\u00e4umen und gro\u00dfz\u00fcgigen Au\u00dfenfl\u00e4chen den perfekten Rahmen f\u00fcr eure Veranstaltung.<\/p><p>Inspiriert von der Neugier und Weltoffenheit der Br\u00fcder Wilhelm und Alexander von Humboldt, pr\u00e4sentiert unser K\u00fcchenteam ein kulinarisches Konzept, das Geschichten erz\u00e4hlt &#8211; kreativ, international und voller Geschmack.<\/p><p>Wir beraten sie gerne individuell und stellen ein festliches Men\u00fc ganz nach ihren Vorstellungen und eurem Budget zusammen.<\/p>\t            <\/div>        <\/div>\t\t\t\t<\/div>\n\t\t\t\t<\/div>\n\t\t\t\t\t<\/div>\n\t\t<\/div>\n\t\t\t\t<div class=\"elementor-column elementor-col-50 elementor-inner-column elementor-element elementor-element-d5cc8b0 elementor-invisible\" data-id=\"d5cc8b0\" data-element_type=\"column\" data-e-type=\"column\" data-settings=\"{&quot;animation&quot;:&quot;fadeInUp&quot;,&quot;animation_delay&quot;:100}\">\n\t\t\t<div class=\"elementor-widget-wrap elementor-element-populated\">\n\t\t\t\t\t\t<div class=\"elementor-element elementor-element-c53dac8 elementor-widget elementor-widget-image\" data-id=\"c53dac8\" data-element_type=\"widget\" data-e-type=\"widget\" data-widget_type=\"image.default\">\n\t\t\t\t<div class=\"elementor-widget-container\">\n\t\t\t\t\t\t\t\t\t\t\t\t\t\t\t<img loading=\"lazy\" decoding=\"async\" width=\"1024\" height=\"683\" src=\"https:\/\/wintermarkt-schlossplatz.de\/wp-content\/uploads\/2025\/10\/weihnachtsfeier-fuer-gruppen-1024x683.webp\" class=\"attachment-large size-large wp-image-8295\" alt=\"\" srcset=\"https:\/\/wintermarkt-schlossplatz.de\/wp-content\/uploads\/2025\/10\/weihnachtsfeier-fuer-gruppen-1024x683.webp 1024w, https:\/\/wintermarkt-schlossplatz.de\/wp-content\/uploads\/2025\/10\/weihnachtsfeier-fuer-gruppen-300x200.webp 300w, https:\/\/wintermarkt-schlossplatz.de\/wp-content\/uploads\/2025\/10\/weihnachtsfeier-fuer-gruppen-768x512.webp 768w, https:\/\/wintermarkt-schlossplatz.de\/wp-content\/uploads\/2025\/10\/weihnachtsfeier-fuer-gruppen-18x12.webp 18w, https:\/\/wintermarkt-schlossplatz.de\/wp-content\/uploads\/2025\/10\/weihnachtsfeier-fuer-gruppen-1440x960.webp 1440w, https:\/\/wintermarkt-schlossplatz.de\/wp-content\/uploads\/2025\/10\/weihnachtsfeier-fuer-gruppen-1200x800.webp 1200w, https:\/\/wintermarkt-schlossplatz.de\/wp-content\/uploads\/2025\/10\/weihnachtsfeier-fuer-gruppen-780x520.webp 780w, https:\/\/wintermarkt-schlossplatz.de\/wp-content\/uploads\/2025\/10\/weihnachtsfeier-fuer-gruppen-600x400.webp 600w, https:\/\/wintermarkt-schlossplatz.de\/wp-content\/uploads\/2025\/10\/weihnachtsfeier-fuer-gruppen-550x367.webp 550w, https:\/\/wintermarkt-schlossplatz.de\/wp-content\/uploads\/2025\/10\/weihnachtsfeier-fuer-gruppen-370x247.webp 370w, https:\/\/wintermarkt-schlossplatz.de\/wp-content\/uploads\/2025\/10\/weihnachtsfeier-fuer-gruppen-255x170.webp 255w, https:\/\/wintermarkt-schlossplatz.de\/wp-content\/uploads\/2025\/10\/weihnachtsfeier-fuer-gruppen.webp 1500w\" sizes=\"(max-width: 1024px) 100vw, 1024px\" \/>\t\t\t\t\t\t\t\t\t\t\t\t\t\t\t<\/div>\n\t\t\t\t<\/div>\n\t\t\t\t<div class=\"elementor-element elementor-element-5cbe699 elementor-widget elementor-widget-pt_title\" data-id=\"5cbe699\" data-element_type=\"widget\" data-e-type=\"widget\" data-widget_type=\"pt_title.default\">\n\t\t\t\t<div class=\"elementor-widget-container\">\n\t\t\t\t\t\n        <div class=\"pt-title-wrap text-left\">\t            <h4 class=\"pt-title\">\n\t                Kontakt f\u00fcr Reservierungen &amp; Men\u00fcs:\t            <\/h4>\t            <div class=\"pt-title-text\">\n\t                <p><strong>Sodexo Cafeteria Services GmbH<br \/><\/strong>\u00a0c\/o Restaurant Wilhelm Alexander \u2013 Humboldt Forum<br \/>\u00a0Schlo\u00dfplatz 1, 10178 Berlin<br \/>\u00a0E-Mail: <a href=\"mailto:Humboldt-Berlin.DE@sodexo.com\" target=\"_blank\" rel=\"noopener\">Humboldt-Berlin.DE@sodexo.com<\/a><br \/>\u00a0Telefon: +49 (0)151 &#8211; 264 424 65<\/p>\t            <\/div>        <\/div>\t\t\t\t<\/div>\n\t\t\t\t<\/div>\n\t\t\t\t\t<\/div>\n\t\t<\/div>\n\t\t\t\t\t<\/div>\n\t\t<\/section>\n\t\t\t\t<div class=\"elementor-element elementor-element-1de9c95 elementor-widget elementor-widget-pt_title\" data-id=\"1de9c95\" data-element_type=\"widget\" data-e-type=\"widget\" data-widget_type=\"pt_title.default\">\n\t\t\t\t<div class=\"elementor-widget-container\">\n\t\t\t\t\t\n        <div class=\"pt-title-wrap text-center\">\t            <div class=\"pt-subtitle-wrap\"><span class=\"pt-subtitle color-secondary style-bordered\">Exklusive Reservierungsbereiche<\/span><\/div>\t            <h4 class=\"pt-title\">\n\t                Gruppenangebote auf dem Wintermarkt\t            <\/h4>\t            <div class=\"pt-title-text\">\n\t                <p>F\u00fcr Gruppen ab <strong>10 Personen<\/strong>, die auf dem <strong>Wintermarkt<\/strong> gemeinsam Gl\u00fchwein genie\u00dfen oder kulinarische Highlights wie Bratwurst und s\u00fc\u00dfe Leckereien erleben m\u00f6chten, bieten wir exklusive <strong>Reservierungsbereiche<\/strong> und <strong>Sonderkonditionen<\/strong> an.<br \/>Perfekt f\u00fcr Firmenfeiern, Vereine oder Freundesgruppen &#8211; mitten in der festlichen Atmosph\u00e4re des Schl\u00fcterhofs.<\/p><p><strong>Kontakt f\u00fcr Gruppen &amp; Reservierungen:<br \/><\/strong><a href=\"mailto:info@wollenschlaeger-berlin.de\" target=\"_blank\" rel=\"noopener\">info@wollenschlaeger-berlin.de<\/a><\/p>\t            <\/div>        <\/div>\t\t\t\t<\/div>\n\t\t\t\t<\/div>\n\t\t\t\t\t<\/div>\n\t\t<\/div>\n\t\t\t\t\t<\/div>\n\t\t<\/section>\n\t\t\t\t<section class=\"elementor-section elementor-top-section elementor-element elementor-element-2a61cf8b pt-section-content-fullwidth pt_scroll_y_180 pt-parallax-on-scroll elementor-section-boxed elementor-section-height-default elementor-section-height-default\" data-id=\"2a61cf8b\" data-element_type=\"section\" data-e-type=\"section\" data-settings=\"{&quot;background_background&quot;:&quot;slideshow&quot;,&quot;animation&quot;:&quot;none&quot;,&quot;background_slideshow_gallery&quot;:[{&quot;id&quot;:8533,&quot;url&quot;:&quot;https:\\\/\\\/wintermarkt-schlossplatz.de\\\/wp-content\\\/uploads\\\/2025\\\/11\\\/Wintermarkt-Schlossplatz-2025-09.webp&quot;},{&quot;id&quot;:8091,&quot;url&quot;:&quot;https:\\\/\\\/wintermarkt-schlossplatz.de\\\/wp-content\\\/uploads\\\/2024\\\/12\\\/wintermarkt_2024-14.webp&quot;},{&quot;id&quot;:8526,&quot;url&quot;:&quot;https:\\\/\\\/wintermarkt-schlossplatz.de\\\/wp-content\\\/uploads\\\/2025\\\/11\\\/Wintermarkt-Schlossplatz-2025-02.webp&quot;},{&quot;id&quot;:8537,&quot;url&quot;:&quot;https:\\\/\\\/wintermarkt-schlossplatz.de\\\/wp-content\\\/uploads\\\/2025\\\/11\\\/Wintermarkt-Schlossplatz-2025-13.webp&quot;},{&quot;id&quot;:8531,&quot;url&quot;:&quot;https:\\\/\\\/wintermarkt-schlossplatz.de\\\/wp-content\\\/uploads\\\/2025\\\/11\\\/Wintermarkt-Schlossplatz-2025-07.webp&quot;},{&quot;id&quot;:8527,&quot;url&quot;:&quot;https:\\\/\\\/wintermarkt-schlossplatz.de\\\/wp-content\\\/uploads\\\/2025\\\/11\\\/Wintermarkt-Schlossplatz-2025-03.webp&quot;},{&quot;id&quot;:8087,&quot;url&quot;:&quot;https:\\\/\\\/wintermarkt-schlossplatz.de\\\/wp-content\\\/uploads\\\/2024\\\/12\\\/wintermarkt_2024-10.webp&quot;},{&quot;id&quot;:8083,&quot;url&quot;:&quot;https:\\\/\\\/wintermarkt-schlossplatz.de\\\/wp-content\\\/uploads\\\/2024\\\/12\\\/wintermarkt_2024-06.webp&quot;},{&quot;id&quot;:8525,&quot;url&quot;:&quot;https:\\\/\\\/wintermarkt-schlossplatz.de\\\/wp-content\\\/uploads\\\/2025\\\/11\\\/Wintermarkt-Schlossplatz-2025-01.webp&quot;}],&quot;background_slideshow_slide_duration&quot;:8000,&quot;background_slideshow_transition_duration&quot;:1000,&quot;background_slideshow_lazyload&quot;:&quot;yes&quot;,&quot;background_slideshow_loop&quot;:&quot;yes&quot;,&quot;background_slideshow_slide_transition&quot;:&quot;fade&quot;}\" data-pt-parallax-y=\"180\">\n\t\t\t\t\t\t\t<div class=\"elementor-background-overlay\"><\/div>\n\t\t\t\t\t\t\t<div class=\"elementor-container elementor-column-gap-no\">\n\t\t\t\t\t<div class=\"elementor-column elementor-col-100 elementor-top-column elementor-element elementor-element-1f35b06f dark-color\" data-id=\"1f35b06f\" data-element_type=\"column\" data-e-type=\"column\">\n\t\t\t<div class=\"elementor-widget-wrap elementor-element-populated\">\n\t\t\t\t\t\t<div class=\"elementor-element elementor-element-9f7ab51 elementor-hidden-desktop elementor-hidden-tablet elementor-hidden-mobile elementor-widget elementor-widget-image\" data-id=\"9f7ab51\" data-element_type=\"widget\" data-e-type=\"widget\" data-widget_type=\"image.default\">\n\t\t\t\t<div class=\"elementor-widget-container\">\n\t\t\t\t\t\t\t\t\t\t\t\t\t\t\t<img decoding=\"async\" src=\"https:\/\/wintermarkt-schlossplatz.de\/wp-content\/uploads\/2022\/04\/experience-text.png\" title=\"\" alt=\"\" loading=\"lazy\" \/>\t\t\t\t\t\t\t\t\t\t\t\t\t\t\t<\/div>\n\t\t\t\t<\/div>\n\t\t\t\t\t<\/div>\n\t\t<\/div>\n\t\t\t\t\t<\/div>\n\t\t<\/section>\n\t\t\t\t<section class=\"elementor-section elementor-top-section elementor-element elementor-element-eb6b8c4 elementor-section-boxed elementor-section-height-default elementor-section-height-default\" data-id=\"eb6b8c4\" data-element_type=\"section\" data-e-type=\"section\" data-settings=\"{&quot;background_background&quot;:&quot;classic&quot;}\">\n\t\t\t\t\t\t<div class=\"elementor-container elementor-column-gap-default\">\n\t\t\t\t\t<div class=\"elementor-column elementor-col-33 elementor-top-column elementor-element elementor-element-407f17cb pt-animation-large-offset elementor-invisible\" data-id=\"407f17cb\" data-element_type=\"column\" data-e-type=\"column\" data-settings=\"{&quot;animation&quot;:&quot;fadeInUp&quot;}\">\n\t\t\t<div class=\"elementor-widget-wrap elementor-element-populated\">\n\t\t\t\t\t\t<div class=\"elementor-element elementor-element-2a022b64 elementor-widget elementor-widget-pt_call_to_action\" data-id=\"2a022b64\" data-element_type=\"widget\" data-e-type=\"widget\" data-settings=\"{&quot;overlay_background&quot;:&quot;gradient&quot;}\" data-widget_type=\"pt_call_to_action.default\">\n\t\t\t\t<div class=\"elementor-widget-container\">\n\t\t\t\t\t\n\t\t<div class=\"pt-cta cta-layout-text-overlap content-bottom text-center cta-hover-img-zoom dark-color\">\n            <div class=\"pt-cta-wrap\">\t                <div class=\"pt-cta-img\">\n\t                    <img loading=\"lazy\" decoding=\"async\" width=\"900\" height=\"1350\" src=\"https:\/\/wintermarkt-schlossplatz.de\/wp-content\/uploads\/2023\/10\/kunst01.webp\" class=\"attachment-full size-full wp-image-6844\" alt=\"\" srcset=\"https:\/\/wintermarkt-schlossplatz.de\/wp-content\/uploads\/2023\/10\/kunst01.webp 900w, https:\/\/wintermarkt-schlossplatz.de\/wp-content\/uploads\/2023\/10\/kunst01-200x300.webp 200w, https:\/\/wintermarkt-schlossplatz.de\/wp-content\/uploads\/2023\/10\/kunst01-683x1024.webp 683w, https:\/\/wintermarkt-schlossplatz.de\/wp-content\/uploads\/2023\/10\/kunst01-768x1152.webp 768w, https:\/\/wintermarkt-schlossplatz.de\/wp-content\/uploads\/2023\/10\/kunst01-780x1170.webp 780w, https:\/\/wintermarkt-schlossplatz.de\/wp-content\/uploads\/2023\/10\/kunst01-600x900.webp 600w, https:\/\/wintermarkt-schlossplatz.de\/wp-content\/uploads\/2023\/10\/kunst01-550x825.webp 550w, https:\/\/wintermarkt-schlossplatz.de\/wp-content\/uploads\/2023\/10\/kunst01-370x555.webp 370w, https:\/\/wintermarkt-schlossplatz.de\/wp-content\/uploads\/2023\/10\/kunst01-255x383.webp 255w\" sizes=\"(max-width: 900px) 100vw, 900px\" \/>\t                <\/div>                <div class=\"pt-cta-overlay\"><\/div>\n\n                <div class=\"pt-cta-content\">\t\t            <h4 class=\"pt-cta-title pt-title\">\n\t\t                Kunsthandwerk &amp; Handel\t\t            <\/h4>\t                <div class=\"pt-cta-btn\">\n\t                    <a class=\"button pt-btn-underline\" role=\"button\" href=\"https:\/\/wintermarkt-schlossplatz.de\/kunsthandwerk\">\n\t                        <span class=\"pt-btn-text\">mehr erfahren<\/span>\n\t                    <\/a>\n\t                <\/div>\t\t\t<\/div>                <a class=\"pt-cta-link\" href=\"https:\/\/wintermarkt-schlossplatz.de\/kunsthandwerk\"><\/a>            <\/div>\n        <\/div>\t\t\t\t<\/div>\n\t\t\t\t<\/div>\n\t\t\t\t\t<\/div>\n\t\t<\/div>\n\t\t\t\t<div class=\"elementor-column elementor-col-33 elementor-top-column elementor-element elementor-element-1b059d6c pt-animation-large-offset elementor-invisible\" data-id=\"1b059d6c\" data-element_type=\"column\" data-e-type=\"column\" data-settings=\"{&quot;animation&quot;:&quot;fadeInUp&quot;,&quot;animation_delay&quot;:200}\">\n\t\t\t<div class=\"elementor-widget-wrap elementor-element-populated\">\n\t\t\t\t\t\t<div class=\"elementor-element elementor-element-5ff94959 elementor-widget elementor-widget-pt_call_to_action\" data-id=\"5ff94959\" data-element_type=\"widget\" data-e-type=\"widget\" data-settings=\"{&quot;overlay_background&quot;:&quot;gradient&quot;}\" data-widget_type=\"pt_call_to_action.default\">\n\t\t\t\t<div class=\"elementor-widget-container\">\n\t\t\t\t\t\n\t\t<div class=\"pt-cta cta-layout-text-overlap content-bottom text-center cta-hover-img-zoom dark-color\">\n            <div class=\"pt-cta-wrap\">\t                <div class=\"pt-cta-img\">\n\t                    <img loading=\"lazy\" decoding=\"async\" width=\"900\" height=\"1349\" src=\"https:\/\/wintermarkt-schlossplatz.de\/wp-content\/uploads\/2023\/10\/Kulinarisches01.webp\" class=\"attachment-full size-full wp-image-6816\" alt=\"\" srcset=\"https:\/\/wintermarkt-schlossplatz.de\/wp-content\/uploads\/2023\/10\/Kulinarisches01.webp 900w, https:\/\/wintermarkt-schlossplatz.de\/wp-content\/uploads\/2023\/10\/Kulinarisches01-200x300.webp 200w, https:\/\/wintermarkt-schlossplatz.de\/wp-content\/uploads\/2023\/10\/Kulinarisches01-683x1024.webp 683w, https:\/\/wintermarkt-schlossplatz.de\/wp-content\/uploads\/2023\/10\/Kulinarisches01-768x1151.webp 768w, https:\/\/wintermarkt-schlossplatz.de\/wp-content\/uploads\/2023\/10\/Kulinarisches01-780x1169.webp 780w, https:\/\/wintermarkt-schlossplatz.de\/wp-content\/uploads\/2023\/10\/Kulinarisches01-600x899.webp 600w, https:\/\/wintermarkt-schlossplatz.de\/wp-content\/uploads\/2023\/10\/Kulinarisches01-550x824.webp 550w, https:\/\/wintermarkt-schlossplatz.de\/wp-content\/uploads\/2023\/10\/Kulinarisches01-370x555.webp 370w, https:\/\/wintermarkt-schlossplatz.de\/wp-content\/uploads\/2023\/10\/Kulinarisches01-255x382.webp 255w\" sizes=\"(max-width: 900px) 100vw, 900px\" \/>\t                <\/div>                <div class=\"pt-cta-overlay\"><\/div>\n\n                <div class=\"pt-cta-content\">\t\t            <h4 class=\"pt-cta-title pt-title\">\n\t\t                Kulinarische Spezialit\u00e4ten\t\t            <\/h4>\t                <div class=\"pt-cta-btn\">\n\t                    <a class=\"button pt-btn-underline\" role=\"button\" href=\"https:\/\/wintermarkt-schlossplatz.de\/kulinarisches\">\n\t                        <span class=\"pt-btn-text\">mehr erfahren<\/span>\n\t                    <\/a>\n\t                <\/div>\t\t\t<\/div>                <a class=\"pt-cta-link\" href=\"https:\/\/wintermarkt-schlossplatz.de\/kulinarisches\"><\/a>            <\/div>\n        <\/div>\t\t\t\t<\/div>\n\t\t\t\t<\/div>\n\t\t\t\t\t<\/div>\n\t\t<\/div>\n\t\t\t\t<div class=\"elementor-column elementor-col-33 elementor-top-column elementor-element elementor-element-7d137910 pt-animation-large-offset elementor-invisible\" data-id=\"7d137910\" data-element_type=\"column\" data-e-type=\"column\" data-settings=\"{&quot;animation&quot;:&quot;fadeInUp&quot;,&quot;animation_delay&quot;:300}\">\n\t\t\t<div class=\"elementor-widget-wrap elementor-element-populated\">\n\t\t\t\t\t\t<div class=\"elementor-element elementor-element-36969222 elementor-widget elementor-widget-pt_call_to_action\" data-id=\"36969222\" data-element_type=\"widget\" data-e-type=\"widget\" data-settings=\"{&quot;overlay_background&quot;:&quot;gradient&quot;}\" data-widget_type=\"pt_call_to_action.default\">\n\t\t\t\t<div class=\"elementor-widget-container\">\n\t\t\t\t\t\n\t\t<div class=\"pt-cta cta-layout-text-overlap content-bottom text-center cta-hover-img-zoom dark-color\">\n            <div class=\"pt-cta-wrap\">\t                <div class=\"pt-cta-img\">\n\t                    <img loading=\"lazy\" decoding=\"async\" width=\"900\" height=\"1350\" src=\"https:\/\/wintermarkt-schlossplatz.de\/wp-content\/uploads\/2023\/10\/aktionsstand01.webp\" class=\"attachment-full size-full wp-image-6922\" alt=\"\" srcset=\"https:\/\/wintermarkt-schlossplatz.de\/wp-content\/uploads\/2023\/10\/aktionsstand01.webp 900w, https:\/\/wintermarkt-schlossplatz.de\/wp-content\/uploads\/2023\/10\/aktionsstand01-200x300.webp 200w, https:\/\/wintermarkt-schlossplatz.de\/wp-content\/uploads\/2023\/10\/aktionsstand01-683x1024.webp 683w, https:\/\/wintermarkt-schlossplatz.de\/wp-content\/uploads\/2023\/10\/aktionsstand01-768x1152.webp 768w, https:\/\/wintermarkt-schlossplatz.de\/wp-content\/uploads\/2023\/10\/aktionsstand01-780x1170.webp 780w, https:\/\/wintermarkt-schlossplatz.de\/wp-content\/uploads\/2023\/10\/aktionsstand01-600x900.webp 600w, https:\/\/wintermarkt-schlossplatz.de\/wp-content\/uploads\/2023\/10\/aktionsstand01-550x825.webp 550w, https:\/\/wintermarkt-schlossplatz.de\/wp-content\/uploads\/2023\/10\/aktionsstand01-370x555.webp 370w, https:\/\/wintermarkt-schlossplatz.de\/wp-content\/uploads\/2023\/10\/aktionsstand01-255x383.webp 255w\" sizes=\"(max-width: 900px) 100vw, 900px\" \/>\t                <\/div>                <div class=\"pt-cta-overlay\"><\/div>\n\n                <div class=\"pt-cta-content\">\t\t            <h4 class=\"pt-cta-title pt-title\">\n\t\t                Sozial- &amp; Aktionsst\u00e4nde\t\t            <\/h4>\t                <div class=\"pt-cta-btn\">\n\t                    <a class=\"button pt-btn-underline\" role=\"button\" href=\"https:\/\/wintermarkt-schlossplatz.de\/aktionsstaende\">\n\t                        <span class=\"pt-btn-text\">mehr erfahren<\/span>\n\t                    <\/a>\n\t                <\/div>\t\t\t<\/div>                <a class=\"pt-cta-link\" href=\"https:\/\/wintermarkt-schlossplatz.de\/aktionsstaende\"><\/a>            <\/div>\n        <\/div>\t\t\t\t<\/div>\n\t\t\t\t<\/div>\n\t\t\t\t\t<\/div>\n\t\t<\/div>\n\t\t\t\t\t<\/div>\n\t\t<\/section>\n\t\t\t\t<section class=\"elementor-section elementor-top-section elementor-element elementor-element-1388ede pt-section-content-fullwidth pt_scroll_y_180 pt-parallax-on-scroll elementor-section-boxed elementor-section-height-default elementor-section-height-default\" data-id=\"1388ede\" data-element_type=\"section\" data-e-type=\"section\" data-settings=\"{&quot;background_background&quot;:&quot;classic&quot;}\" data-pt-parallax-y=\"180\" style=\"background-image: none;\" data-pt-background-image=\"https:\/\/wintermarkt-schlossplatz.de\/wp-content\/uploads\/2023\/10\/wintermarkt08.webp\">\n\t\t\t\t\t\t\t<div class=\"elementor-background-overlay\"><\/div>\n\t\t\t\t\t\t\t<div class=\"elementor-container elementor-column-gap-no\">\n\t\t\t\t\t<div class=\"elementor-column elementor-col-100 elementor-top-column elementor-element elementor-element-d50814a dark-color\" data-id=\"d50814a\" data-element_type=\"column\" data-e-type=\"column\">\n\t\t\t<div class=\"elementor-widget-wrap elementor-element-populated\">\n\t\t\t\t\t\t<div class=\"elementor-element elementor-element-5d286d3 elementor-widget elementor-widget-pt_title\" data-id=\"5d286d3\" data-element_type=\"widget\" data-e-type=\"widget\" data-widget_type=\"pt_title.default\">\n\t\t\t\t<div class=\"elementor-widget-container\">\n\t\t\t\t\t\n        <div class=\"pt-title-wrap text-center\">\t            <div class=\"pt-subtitle-wrap\"><span class=\"pt-subtitle color-white style-bordered\">L\u00e4sst alle Kinderaugen strahlen<\/span><\/div>\t            <h2 class=\"pt-title\">\n\t                Kinderprogramm\t            <\/h2>                <div class=\"pt-title-btn\">\n                    <a class=\"button elementor-button-link pt-btn-outline\" role=\"button\" href=\"https:\/\/wintermarkt-schlossplatz.de\/kinderprogramm\">\n                        <span class=\"pt-btn-text\">mehr erfahren<\/span>\n                    <\/a>\n                <\/div>\n                    <\/div>\t\t\t\t<\/div>\n\t\t\t\t<\/div>\n\t\t\t\t\t<\/div>\n\t\t<\/div>\n\t\t\t\t\t<\/div>\n\t\t<\/section>\n\t\t\t\t<section class=\"elementor-section elementor-top-section elementor-element elementor-element-783dad7e elementor-section-boxed elementor-section-height-default elementor-section-height-default\" data-id=\"783dad7e\" data-element_type=\"section\" data-e-type=\"section\" data-settings=\"{&quot;background_background&quot;:&quot;classic&quot;}\">\n\t\t\t\t\t\t<div class=\"elementor-container elementor-column-gap-no\">\n\t\t\t\t\t<div class=\"elementor-column elementor-col-100 elementor-top-column elementor-element elementor-element-25f6717d dark-color\" data-id=\"25f6717d\" data-element_type=\"column\" data-e-type=\"column\">\n\t\t\t<div class=\"elementor-widget-wrap elementor-element-populated\">\n\t\t\t\t\t\t<div class=\"elementor-element elementor-element-7f788f7d elementor-widget elementor-widget-pt_title\" data-id=\"7f788f7d\" data-element_type=\"widget\" data-e-type=\"widget\" data-widget_type=\"pt_title.default\">\n\t\t\t\t<div class=\"elementor-widget-container\">\n\t\t\t\t\t\n        <div class=\"pt-title-wrap text-center\">\t            <div class=\"pt-subtitle-wrap\"><span class=\"pt-subtitle color-secondary style-bordered\">F\u00fcr die ganze Familie<\/span><\/div>\t            <h2 class=\"pt-title\">\n\t                Kulturprogramm\t            <\/h2>\t            <div class=\"pt-title-text\">\n\t                <p class=\"p1\">Auf die Besucher des Wintermarkts am Schlo\u00dfplatz Berlin Mitte wartet ein umfangreiches kostenloses Kulturprogramm.<br \/>Weitere Informationen folgen in K\u00fcrze.<\/p>\t            <\/div>        <\/div>\t\t\t\t<\/div>\n\t\t\t\t<\/div>\n\t\t\t\t<div class=\"elementor-element elementor-element-877fb64 pt-animation-medium-offset elementor-invisible elementor-widget elementor-widget-pt_gallery\" data-id=\"877fb64\" data-element_type=\"widget\" data-e-type=\"widget\" data-settings=\"{&quot;_animation&quot;:&quot;fadeInUp&quot;,&quot;_animation_delay&quot;:500}\" data-widget_type=\"pt_gallery.default\">\n\t\t\t\t<div class=\"elementor-widget-container\">\n\t\t\t\t\t\n            <div class=\"pt-gallery gap-5 gallery-carousel align-middle-v\" data-column=\"1\" data-fade=\"on\" data-autoplay=\"on\" data-autoplay-speed=\"5000\" data-show-arrows=\"on\" data-show-dots=\"on\">\n                <div class=\"pt-gallery-wrap\">                    <div class=\"pt-gallery-item\"><img loading=\"lazy\" decoding=\"async\" width=\"768\" height=\"512\" src=\"https:\/\/wintermarkt-schlossplatz.de\/wp-content\/uploads\/2023\/12\/wintermarkt28-768x512.webp\" class=\"attachment-medium_large size-medium_large wp-image-7599\" alt=\"\" srcset=\"https:\/\/wintermarkt-schlossplatz.de\/wp-content\/uploads\/2023\/12\/wintermarkt28-768x512.webp 768w, https:\/\/wintermarkt-schlossplatz.de\/wp-content\/uploads\/2023\/12\/wintermarkt28-300x200.webp 300w, https:\/\/wintermarkt-schlossplatz.de\/wp-content\/uploads\/2023\/12\/wintermarkt28-1024x683.webp 1024w, https:\/\/wintermarkt-schlossplatz.de\/wp-content\/uploads\/2023\/12\/wintermarkt28-1440x960.webp 1440w, https:\/\/wintermarkt-schlossplatz.de\/wp-content\/uploads\/2023\/12\/wintermarkt28-1200x800.webp 1200w, https:\/\/wintermarkt-schlossplatz.de\/wp-content\/uploads\/2023\/12\/wintermarkt28-780x520.webp 780w, https:\/\/wintermarkt-schlossplatz.de\/wp-content\/uploads\/2023\/12\/wintermarkt28-600x400.webp 600w, https:\/\/wintermarkt-schlossplatz.de\/wp-content\/uploads\/2023\/12\/wintermarkt28-550x367.webp 550w, https:\/\/wintermarkt-schlossplatz.de\/wp-content\/uploads\/2023\/12\/wintermarkt28-370x247.webp 370w, https:\/\/wintermarkt-schlossplatz.de\/wp-content\/uploads\/2023\/12\/wintermarkt28-255x170.webp 255w, https:\/\/wintermarkt-schlossplatz.de\/wp-content\/uploads\/2023\/12\/wintermarkt28.webp 1500w\" sizes=\"(max-width: 768px) 100vw, 768px\" \/>                    <\/div>                    <div class=\"pt-gallery-item\"><img loading=\"lazy\" decoding=\"async\" width=\"768\" height=\"512\" src=\"https:\/\/wintermarkt-schlossplatz.de\/wp-content\/uploads\/2023\/12\/wintermarkt14-768x512.webp\" class=\"attachment-medium_large size-medium_large wp-image-7585\" alt=\"\" srcset=\"https:\/\/wintermarkt-schlossplatz.de\/wp-content\/uploads\/2023\/12\/wintermarkt14-768x512.webp 768w, https:\/\/wintermarkt-schlossplatz.de\/wp-content\/uploads\/2023\/12\/wintermarkt14-300x200.webp 300w, https:\/\/wintermarkt-schlossplatz.de\/wp-content\/uploads\/2023\/12\/wintermarkt14-1024x683.webp 1024w, https:\/\/wintermarkt-schlossplatz.de\/wp-content\/uploads\/2023\/12\/wintermarkt14-1440x960.webp 1440w, https:\/\/wintermarkt-schlossplatz.de\/wp-content\/uploads\/2023\/12\/wintermarkt14-1200x800.webp 1200w, https:\/\/wintermarkt-schlossplatz.de\/wp-content\/uploads\/2023\/12\/wintermarkt14-780x520.webp 780w, https:\/\/wintermarkt-schlossplatz.de\/wp-content\/uploads\/2023\/12\/wintermarkt14-600x400.webp 600w, https:\/\/wintermarkt-schlossplatz.de\/wp-content\/uploads\/2023\/12\/wintermarkt14-550x367.webp 550w, https:\/\/wintermarkt-schlossplatz.de\/wp-content\/uploads\/2023\/12\/wintermarkt14-370x247.webp 370w, https:\/\/wintermarkt-schlossplatz.de\/wp-content\/uploads\/2023\/12\/wintermarkt14-255x170.webp 255w, https:\/\/wintermarkt-schlossplatz.de\/wp-content\/uploads\/2023\/12\/wintermarkt14.webp 1500w\" sizes=\"(max-width: 768px) 100vw, 768px\" \/>                    <\/div>                    <div class=\"pt-gallery-item\"><img loading=\"lazy\" decoding=\"async\" width=\"768\" height=\"512\" src=\"https:\/\/wintermarkt-schlossplatz.de\/wp-content\/uploads\/2023\/10\/wintermarkt05-768x512.webp\" class=\"attachment-medium_large size-medium_large wp-image-6994\" alt=\"\" srcset=\"https:\/\/wintermarkt-schlossplatz.de\/wp-content\/uploads\/2023\/10\/wintermarkt05-768x512.webp 768w, https:\/\/wintermarkt-schlossplatz.de\/wp-content\/uploads\/2023\/10\/wintermarkt05-300x200.webp 300w, https:\/\/wintermarkt-schlossplatz.de\/wp-content\/uploads\/2023\/10\/wintermarkt05-1024x683.webp 1024w, https:\/\/wintermarkt-schlossplatz.de\/wp-content\/uploads\/2023\/10\/wintermarkt05-1440x960.webp 1440w, https:\/\/wintermarkt-schlossplatz.de\/wp-content\/uploads\/2023\/10\/wintermarkt05-1200x800.webp 1200w, https:\/\/wintermarkt-schlossplatz.de\/wp-content\/uploads\/2023\/10\/wintermarkt05-780x520.webp 780w, https:\/\/wintermarkt-schlossplatz.de\/wp-content\/uploads\/2023\/10\/wintermarkt05-600x400.webp 600w, https:\/\/wintermarkt-schlossplatz.de\/wp-content\/uploads\/2023\/10\/wintermarkt05-550x367.webp 550w, https:\/\/wintermarkt-schlossplatz.de\/wp-content\/uploads\/2023\/10\/wintermarkt05-370x247.webp 370w, https:\/\/wintermarkt-schlossplatz.de\/wp-content\/uploads\/2023\/10\/wintermarkt05-255x170.webp 255w, https:\/\/wintermarkt-schlossplatz.de\/wp-content\/uploads\/2023\/10\/wintermarkt05.webp 1536w\" sizes=\"(max-width: 768px) 100vw, 768px\" \/>                    <\/div>                    <div class=\"pt-gallery-item\"><img loading=\"lazy\" decoding=\"async\" width=\"768\" height=\"512\" src=\"https:\/\/wintermarkt-schlossplatz.de\/wp-content\/uploads\/2023\/10\/wintermarkt06-768x512.webp\" class=\"attachment-medium_large size-medium_large wp-image-6995\" alt=\"\" srcset=\"https:\/\/wintermarkt-schlossplatz.de\/wp-content\/uploads\/2023\/10\/wintermarkt06-768x512.webp 768w, https:\/\/wintermarkt-schlossplatz.de\/wp-content\/uploads\/2023\/10\/wintermarkt06-300x200.webp 300w, https:\/\/wintermarkt-schlossplatz.de\/wp-content\/uploads\/2023\/10\/wintermarkt06-1024x683.webp 1024w, https:\/\/wintermarkt-schlossplatz.de\/wp-content\/uploads\/2023\/10\/wintermarkt06-1440x960.webp 1440w, https:\/\/wintermarkt-schlossplatz.de\/wp-content\/uploads\/2023\/10\/wintermarkt06-1200x800.webp 1200w, https:\/\/wintermarkt-schlossplatz.de\/wp-content\/uploads\/2023\/10\/wintermarkt06-780x520.webp 780w, https:\/\/wintermarkt-schlossplatz.de\/wp-content\/uploads\/2023\/10\/wintermarkt06-600x400.webp 600w, https:\/\/wintermarkt-schlossplatz.de\/wp-content\/uploads\/2023\/10\/wintermarkt06-550x367.webp 550w, https:\/\/wintermarkt-schlossplatz.de\/wp-content\/uploads\/2023\/10\/wintermarkt06-370x247.webp 370w, https:\/\/wintermarkt-schlossplatz.de\/wp-content\/uploads\/2023\/10\/wintermarkt06-255x170.webp 255w, https:\/\/wintermarkt-schlossplatz.de\/wp-content\/uploads\/2023\/10\/wintermarkt06.webp 1536w\" sizes=\"(max-width: 768px) 100vw, 768px\" \/>                    <\/div>                    <div class=\"pt-gallery-item\"><img loading=\"lazy\" decoding=\"async\" width=\"768\" height=\"511\" src=\"https:\/\/wintermarkt-schlossplatz.de\/wp-content\/uploads\/2023\/10\/wintermarkt07-768x511.webp\" class=\"attachment-medium_large size-medium_large wp-image-6996\" alt=\"\" srcset=\"https:\/\/wintermarkt-schlossplatz.de\/wp-content\/uploads\/2023\/10\/wintermarkt07-768x511.webp 768w, https:\/\/wintermarkt-schlossplatz.de\/wp-content\/uploads\/2023\/10\/wintermarkt07-300x200.webp 300w, https:\/\/wintermarkt-schlossplatz.de\/wp-content\/uploads\/2023\/10\/wintermarkt07-1024x682.webp 1024w, https:\/\/wintermarkt-schlossplatz.de\/wp-content\/uploads\/2023\/10\/wintermarkt07-1536x1023.webp 1536w, https:\/\/wintermarkt-schlossplatz.de\/wp-content\/uploads\/2023\/10\/wintermarkt07-1440x959.webp 1440w, https:\/\/wintermarkt-schlossplatz.de\/wp-content\/uploads\/2023\/10\/wintermarkt07-1200x799.webp 1200w, https:\/\/wintermarkt-schlossplatz.de\/wp-content\/uploads\/2023\/10\/wintermarkt07-780x519.webp 780w, https:\/\/wintermarkt-schlossplatz.de\/wp-content\/uploads\/2023\/10\/wintermarkt07-600x399.webp 600w, https:\/\/wintermarkt-schlossplatz.de\/wp-content\/uploads\/2023\/10\/wintermarkt07-550x366.webp 550w, https:\/\/wintermarkt-schlossplatz.de\/wp-content\/uploads\/2023\/10\/wintermarkt07-370x246.webp 370w, https:\/\/wintermarkt-schlossplatz.de\/wp-content\/uploads\/2023\/10\/wintermarkt07-255x170.webp 255w, https:\/\/wintermarkt-schlossplatz.de\/wp-content\/uploads\/2023\/10\/wintermarkt07.webp 1538w\" sizes=\"(max-width: 768px) 100vw, 768px\" \/>                    <\/div>                <\/div>\n            <\/div>\t\t\t\t<\/div>\n\t\t\t\t<\/div>\n\t\t\t\t\t<\/div>\n\t\t<\/div>\n\t\t\t\t\t<\/div>\n\t\t<\/section>\n\t\t\t\t<section class=\"elementor-section elementor-top-section elementor-element elementor-element-c88f396 elementor-section-boxed elementor-section-height-default elementor-section-height-default\" data-id=\"c88f396\" data-element_type=\"section\" data-e-type=\"section\">\n\t\t\t\t\t\t<div class=\"elementor-container elementor-column-gap-no\">\n\t\t\t\t\t<div class=\"elementor-column elementor-col-100 elementor-top-column elementor-element elementor-element-ab4c5b8\" data-id=\"ab4c5b8\" data-element_type=\"column\" data-e-type=\"column\">\n\t\t\t<div class=\"elementor-widget-wrap elementor-element-populated\">\n\t\t\t\t\t\t<div class=\"elementor-element elementor-element-781ad2d elementor-widget__width-initial elementor-widget elementor-widget-pt_title\" data-id=\"781ad2d\" data-element_type=\"widget\" data-e-type=\"widget\" data-widget_type=\"pt_title.default\">\n\t\t\t\t<div class=\"elementor-widget-container\">\n\t\t\t\t\t\n        <div class=\"pt-title-wrap text-center\">\t            <div class=\"pt-subtitle-wrap\"><span class=\"pt-subtitle\">Danke<\/span><\/div>\t            <h4 class=\"pt-title\">\n\t                Unsere Partner\t            <\/h4>\t            <div class=\"pt-title-text\">\n\t                <p>Wir danken allen Partnern, Unterst\u00fctzern und Besuchern des Wintermarktes.<\/p>\t            <\/div>        <\/div>\t\t\t\t<\/div>\n\t\t\t\t<\/div>\n\t\t\t\t<section class=\"elementor-section elementor-inner-section elementor-element elementor-element-775fb2f elementor-section-boxed elementor-section-height-default elementor-section-height-default\" data-id=\"775fb2f\" data-element_type=\"section\" data-e-type=\"section\">\n\t\t\t\t\t\t<div class=\"elementor-container elementor-column-gap-default\">\n\t\t\t\t\t<div class=\"elementor-column elementor-col-50 elementor-inner-column elementor-element elementor-element-df82bd1 elementor-invisible\" data-id=\"df82bd1\" data-element_type=\"column\" data-e-type=\"column\" data-settings=\"{&quot;animation&quot;:&quot;fadeInUp&quot;,&quot;background_background&quot;:&quot;classic&quot;}\">\n\t\t\t<div class=\"elementor-widget-wrap elementor-element-populated\">\n\t\t\t\t\t\t<div class=\"elementor-element elementor-element-d476adc elementor-widget elementor-widget-image\" data-id=\"d476adc\" data-element_type=\"widget\" data-e-type=\"widget\" data-widget_type=\"image.default\">\n\t\t\t\t<div class=\"elementor-widget-container\">\n\t\t\t\t\t\t\t\t\t\t\t\t\t\t\t<img loading=\"lazy\" decoding=\"async\" width=\"250\" height=\"28\" src=\"https:\/\/wintermarkt-schlossplatz.de\/wp-content\/uploads\/2025\/07\/blauesherz-2013-rgb-1c3b4997.webp\" class=\"attachment-large size-large wp-image-8191\" alt=\"\" srcset=\"https:\/\/wintermarkt-schlossplatz.de\/wp-content\/uploads\/2025\/07\/blauesherz-2013-rgb-1c3b4997.webp 250w, https:\/\/wintermarkt-schlossplatz.de\/wp-content\/uploads\/2025\/07\/blauesherz-2013-rgb-1c3b4997-18x2.webp 18w\" sizes=\"(max-width: 250px) 100vw, 250px\" \/>\t\t\t\t\t\t\t\t\t\t\t\t\t\t\t<\/div>\n\t\t\t\t<\/div>\n\t\t\t\t<div class=\"elementor-element elementor-element-9a077a0 elementor-widget elementor-widget-text-editor\" data-id=\"9a077a0\" data-element_type=\"widget\" data-e-type=\"widget\" data-widget_type=\"text-editor.default\">\n\t\t\t\t<div class=\"elementor-widget-container\">\n\t\t\t\t\t\t\t\t\t<p>Seit 2008 Kinder in Gefahr e.V.<\/p>\t\t\t\t\t\t\t\t<\/div>\n\t\t\t\t<\/div>\n\t\t\t\t\t<\/div>\n\t\t<\/div>\n\t\t\t\t<div class=\"elementor-column elementor-col-50 elementor-inner-column elementor-element elementor-element-c672186 elementor-invisible\" data-id=\"c672186\" data-element_type=\"column\" data-e-type=\"column\" data-settings=\"{&quot;animation&quot;:&quot;fadeInUp&quot;,&quot;animation_delay&quot;:100,&quot;background_background&quot;:&quot;classic&quot;}\">\n\t\t\t<div class=\"elementor-widget-wrap elementor-element-populated\">\n\t\t\t\t\t\t<div class=\"elementor-element elementor-element-d1049ec elementor-widget elementor-widget-image\" data-id=\"d1049ec\" data-element_type=\"widget\" data-e-type=\"widget\" data-widget_type=\"image.default\">\n\t\t\t\t<div class=\"elementor-widget-container\">\n\t\t\t\t\t\t\t\t\t\t\t\t\t\t\t<img loading=\"lazy\" decoding=\"async\" width=\"1024\" height=\"205\" src=\"https:\/\/wintermarkt-schlossplatz.de\/wp-content\/uploads\/2025\/07\/b_ba_mi_logo_de_h_pw_4c-1024x205.avif\" class=\"attachment-large size-large wp-image-8189\" alt=\"\" srcset=\"https:\/\/wintermarkt-schlossplatz.de\/wp-content\/uploads\/2025\/07\/b_ba_mi_logo_de_h_pw_4c-1024x205.avif 1024w, https:\/\/wintermarkt-schlossplatz.de\/wp-content\/uploads\/2025\/07\/b_ba_mi_logo_de_h_pw_4c-300x60.avif 300w, https:\/\/wintermarkt-schlossplatz.de\/wp-content\/uploads\/2025\/07\/b_ba_mi_logo_de_h_pw_4c-768x154.avif 768w, https:\/\/wintermarkt-schlossplatz.de\/wp-content\/uploads\/2025\/07\/b_ba_mi_logo_de_h_pw_4c-18x4.avif 18w, https:\/\/wintermarkt-schlossplatz.de\/wp-content\/uploads\/2025\/07\/b_ba_mi_logo_de_h_pw_4c-1440x289.avif 1440w, https:\/\/wintermarkt-schlossplatz.de\/wp-content\/uploads\/2025\/07\/b_ba_mi_logo_de_h_pw_4c-1200x241.avif 1200w, https:\/\/wintermarkt-schlossplatz.de\/wp-content\/uploads\/2025\/07\/b_ba_mi_logo_de_h_pw_4c-780x157.avif 780w, https:\/\/wintermarkt-schlossplatz.de\/wp-content\/uploads\/2025\/07\/b_ba_mi_logo_de_h_pw_4c-600x120.avif 600w, https:\/\/wintermarkt-schlossplatz.de\/wp-content\/uploads\/2025\/07\/b_ba_mi_logo_de_h_pw_4c-550x110.avif 550w, https:\/\/wintermarkt-schlossplatz.de\/wp-content\/uploads\/2025\/07\/b_ba_mi_logo_de_h_pw_4c-370x74.avif 370w, https:\/\/wintermarkt-schlossplatz.de\/wp-content\/uploads\/2025\/07\/b_ba_mi_logo_de_h_pw_4c-255x51.avif 255w, https:\/\/wintermarkt-schlossplatz.de\/wp-content\/uploads\/2025\/07\/b_ba_mi_logo_de_h_pw_4c.avif 1500w\" sizes=\"(max-width: 1024px) 100vw, 1024px\" \/>\t\t\t\t\t\t\t\t\t\t\t\t\t\t\t<\/div>\n\t\t\t\t<\/div>\n\t\t\t\t\t<\/div>\n\t\t<\/div>\n\t\t\t\t\t<\/div>\n\t\t<\/section>\n\t\t\t\t<section class=\"elementor-section elementor-inner-section elementor-element elementor-element-5c1c642 elementor-section-boxed elementor-section-height-default elementor-section-height-default\" data-id=\"5c1c642\" data-element_type=\"section\" data-e-type=\"section\">\n\t\t\t\t\t\t<div class=\"elementor-container elementor-column-gap-default\">\n\t\t\t\t\t<div class=\"elementor-column elementor-col-50 elementor-inner-column elementor-element elementor-element-f41815d elementor-invisible\" data-id=\"f41815d\" data-element_type=\"column\" data-e-type=\"column\" data-settings=\"{&quot;animation&quot;:&quot;fadeInUp&quot;,&quot;background_background&quot;:&quot;classic&quot;}\">\n\t\t\t<div class=\"elementor-widget-wrap elementor-element-populated\">\n\t\t\t\t\t\t<div class=\"elementor-element elementor-element-26449d1 elementor-widget elementor-widget-image\" data-id=\"26449d1\" data-element_type=\"widget\" data-e-type=\"widget\" data-widget_type=\"image.default\">\n\t\t\t\t<div class=\"elementor-widget-container\">\n\t\t\t\t\t\t\t\t\t\t\t\t\t\t\t<img loading=\"lazy\" decoding=\"async\" width=\"614\" height=\"107\" src=\"https:\/\/wintermarkt-schlossplatz.de\/wp-content\/uploads\/2025\/10\/logo_volksfeststiftung-white.png\" class=\"attachment-large size-large wp-image-8290\" alt=\"\" srcset=\"https:\/\/wintermarkt-schlossplatz.de\/wp-content\/uploads\/2025\/10\/logo_volksfeststiftung-white.png 614w, https:\/\/wintermarkt-schlossplatz.de\/wp-content\/uploads\/2025\/10\/logo_volksfeststiftung-white-300x52.png 300w, https:\/\/wintermarkt-schlossplatz.de\/wp-content\/uploads\/2025\/10\/logo_volksfeststiftung-white-18x3.png 18w, https:\/\/wintermarkt-schlossplatz.de\/wp-content\/uploads\/2025\/10\/logo_volksfeststiftung-white-600x105.png 600w, https:\/\/wintermarkt-schlossplatz.de\/wp-content\/uploads\/2025\/10\/logo_volksfeststiftung-white-550x96.png 550w, https:\/\/wintermarkt-schlossplatz.de\/wp-content\/uploads\/2025\/10\/logo_volksfeststiftung-white-370x64.png 370w, https:\/\/wintermarkt-schlossplatz.de\/wp-content\/uploads\/2025\/10\/logo_volksfeststiftung-white-255x44.png 255w\" sizes=\"(max-width: 614px) 100vw, 614px\" \/>\t\t\t\t\t\t\t\t\t\t\t\t\t\t\t<\/div>\n\t\t\t\t<\/div>\n\t\t\t\t\t<\/div>\n\t\t<\/div>\n\t\t\t\t<div class=\"elementor-column elementor-col-50 elementor-inner-column elementor-element elementor-element-84f480b elementor-invisible\" data-id=\"84f480b\" data-element_type=\"column\" data-e-type=\"column\" data-settings=\"{&quot;animation&quot;:&quot;fadeInUp&quot;,&quot;animation_delay&quot;:100,&quot;background_background&quot;:&quot;classic&quot;}\">\n\t\t\t<div class=\"elementor-widget-wrap elementor-element-populated\">\n\t\t\t\t\t\t<div class=\"elementor-element elementor-element-6a75749 elementor-widget elementor-widget-image\" data-id=\"6a75749\" data-element_type=\"widget\" data-e-type=\"widget\" data-widget_type=\"image.default\">\n\t\t\t\t<div class=\"elementor-widget-container\">\n\t\t\t\t\t\t\t\t\t\t\t\t\t\t\t<img loading=\"lazy\" decoding=\"async\" width=\"908\" height=\"257\" src=\"https:\/\/wintermarkt-schlossplatz.de\/wp-content\/uploads\/2025\/11\/Boehle-Beleuchtungstechnik.png\" class=\"attachment-large size-large wp-image-8461\" alt=\"\" srcset=\"https:\/\/wintermarkt-schlossplatz.de\/wp-content\/uploads\/2025\/11\/Boehle-Beleuchtungstechnik.png 908w, https:\/\/wintermarkt-schlossplatz.de\/wp-content\/uploads\/2025\/11\/Boehle-Beleuchtungstechnik-300x85.png 300w, https:\/\/wintermarkt-schlossplatz.de\/wp-content\/uploads\/2025\/11\/Boehle-Beleuchtungstechnik-768x217.png 768w, https:\/\/wintermarkt-schlossplatz.de\/wp-content\/uploads\/2025\/11\/Boehle-Beleuchtungstechnik-18x5.png 18w, https:\/\/wintermarkt-schlossplatz.de\/wp-content\/uploads\/2025\/11\/Boehle-Beleuchtungstechnik-780x221.png 780w, https:\/\/wintermarkt-schlossplatz.de\/wp-content\/uploads\/2025\/11\/Boehle-Beleuchtungstechnik-600x170.png 600w, https:\/\/wintermarkt-schlossplatz.de\/wp-content\/uploads\/2025\/11\/Boehle-Beleuchtungstechnik-550x156.png 550w, https:\/\/wintermarkt-schlossplatz.de\/wp-content\/uploads\/2025\/11\/Boehle-Beleuchtungstechnik-370x105.png 370w, https:\/\/wintermarkt-schlossplatz.de\/wp-content\/uploads\/2025\/11\/Boehle-Beleuchtungstechnik-255x72.png 255w, https:\/\/wintermarkt-schlossplatz.de\/wp-content\/uploads\/2025\/11\/Boehle-Beleuchtungstechnik-350x100.png 350w\" sizes=\"(max-width: 908px) 100vw, 908px\" \/>\t\t\t\t\t\t\t\t\t\t\t\t\t\t\t<\/div>\n\t\t\t\t<\/div>\n\t\t\t\t\t<\/div>\n\t\t<\/div>\n\t\t\t\t\t<\/div>\n\t\t<\/section>\n\t\t\t\t<section class=\"elementor-section elementor-inner-section elementor-element elementor-element-b3c884d elementor-section-boxed elementor-section-height-default elementor-section-height-default\" data-id=\"b3c884d\" data-element_type=\"section\" data-e-type=\"section\">\n\t\t\t\t\t\t<div class=\"elementor-container elementor-column-gap-default\">\n\t\t\t\t\t<div class=\"elementor-column elementor-col-50 elementor-inner-column elementor-element elementor-element-34b0096 elementor-invisible\" data-id=\"34b0096\" data-element_type=\"column\" data-e-type=\"column\" data-settings=\"{&quot;animation&quot;:&quot;fadeInUp&quot;,&quot;background_background&quot;:&quot;classic&quot;}\">\n\t\t\t<div class=\"elementor-widget-wrap\">\n\t\t\t\t\t\t\t<\/div>\n\t\t<\/div>\n\t\t\t\t<div class=\"elementor-column elementor-col-50 elementor-inner-column elementor-element elementor-element-dbf9f74 elementor-invisible\" data-id=\"dbf9f74\" data-element_type=\"column\" data-e-type=\"column\" data-settings=\"{&quot;animation&quot;:&quot;fadeInUp&quot;,&quot;animation_delay&quot;:100,&quot;background_background&quot;:&quot;classic&quot;}\">\n\t\t\t<div class=\"elementor-widget-wrap elementor-element-populated\">\n\t\t\t\t\t\t<div class=\"elementor-element elementor-element-d6c9118 elementor-widget elementor-widget-image\" data-id=\"d6c9118\" data-element_type=\"widget\" data-e-type=\"widget\" data-widget_type=\"image.default\">\n\t\t\t\t<div class=\"elementor-widget-container\">\n\t\t\t\t\t\t\t\t\t\t\t\t\t\t\t<img loading=\"lazy\" decoding=\"async\" width=\"640\" height=\"454\" src=\"https:\/\/wintermarkt-schlossplatz.de\/wp-content\/uploads\/2025\/11\/logo_traditionsbus.jpeg\" class=\"attachment-large size-large wp-image-8469\" alt=\"\" srcset=\"https:\/\/wintermarkt-schlossplatz.de\/wp-content\/uploads\/2025\/11\/logo_traditionsbus.jpeg 640w, https:\/\/wintermarkt-schlossplatz.de\/wp-content\/uploads\/2025\/11\/logo_traditionsbus-300x213.jpeg 300w, https:\/\/wintermarkt-schlossplatz.de\/wp-content\/uploads\/2025\/11\/logo_traditionsbus-18x12.jpeg 18w, https:\/\/wintermarkt-schlossplatz.de\/wp-content\/uploads\/2025\/11\/logo_traditionsbus-600x426.jpeg 600w, https:\/\/wintermarkt-schlossplatz.de\/wp-content\/uploads\/2025\/11\/logo_traditionsbus-550x390.jpeg 550w, https:\/\/wintermarkt-schlossplatz.de\/wp-content\/uploads\/2025\/11\/logo_traditionsbus-370x262.jpeg 370w, https:\/\/wintermarkt-schlossplatz.de\/wp-content\/uploads\/2025\/11\/logo_traditionsbus-255x181.jpeg 255w\" sizes=\"(max-width: 640px) 100vw, 640px\" \/>\t\t\t\t\t\t\t\t\t\t\t\t\t\t\t<\/div>\n\t\t\t\t<\/div>\n\t\t\t\t\t<\/div>\n\t\t<\/div>\n\t\t\t\t\t<\/div>\n\t\t<\/section>\n\t\t\t\t\t<\/div>\n\t\t<\/div>\n\t\t\t\t\t<\/div>\n\t\t<\/section>\n\t\t\t\t<\/div>\n\t\t","protected":false},"excerpt":{"rendered":"<p>Berlin Mitte Willkommen auf dem Wintermarkt Schlo\u00dfplatz 18. Nov. 2026 &#8211; 03. Jan. 2027 Bewerben Sie sich H\u00e4ndlerbewerbung Gesucht werden vorf\u00fchrendes Kunsthandwerk, hochwertiger Handel, Kreatives und Designsowie ausgesuchte hochwertige kulinarische Spezialit\u00e4ten. Jetzt Bewerben Flyer Emotionen in Licht und Klang &#8211; jeden Dienstag und Donnerstag NEU Lasershow Wir machen Musik sichtbar! \u201cHauptstadt Laser Berlin\u201d steht f\u00fcr &#8230;<\/p>","protected":false},"author":1,"featured_media":0,"parent":0,"menu_order":0,"comment_status":"closed","ping_status":"closed","template":"template-wide-content.php","meta":{"patiotime_single_page_hide_site_header":"","patiotime_single_page_site_header_source":"","patiotime_single_page_custom_site_header":"0","patiotime_single_page_custom_sticky_site_header":"0","patiotime_single_page_custom_page_title_margin_top_source":"","patiotime_single_page_custom_page_title_desktop_margin_top":"","patiotime_single_page_custom_page_title_tablet_margin_top":"","patiotime_single_page_custom_page_title_mobile_margin_top":"","patiotime_single_page_hide_page_title":"on","patiotime_single_page_header_section_size":"","patiotime_single_page_header_background_color":"","patiotime_single_page_header_background_position_x":"center","patiotime_single_page_header_background_position_y":"center","patiotime_single_page_header_background_size":"cover","patiotime_single_page_header_background_repeat":"off","patiotime_single_page_header_background_scroll":"on","patiotime_single_page_header_text_color":"","patiotime_single_page_header_show_breadcrumb":"","patiotime_single_page_site_footer_hide_main":"","patiotime_single_custom_site_footer_main_source":"","patiotime_single_custom_site_footer_main":"0","patiotime_single_page_site_footer_hide_above":"","patiotime_single_custom_site_footer_above_source":"","patiotime_single_custom_site_footer_above":"0","patiotime_single_page_site_footer_hide_instagram":"","patiotime_single_page_site_footer_hide_bottom":"","patiotime_single_custom_mobile_menu_source":"","patiotime_single_custom_mobile_menu":"0","patiotime_single_custom_mobile_menu_animation":"","patiotime_single_custom_mobile_menu_width":"","patiotime_single_custom_mobile_menu_custom_width":375,"footnotes":""},"class_list":["post-4888","page","type-page","status-publish","hentry"],"_links":{"self":[{"href":"https:\/\/wintermarkt-schlossplatz.de\/fr\/wp-json\/wp\/v2\/pages\/4888","targetHints":{"allow":["GET"]}}],"collection":[{"href":"https:\/\/wintermarkt-schlossplatz.de\/fr\/wp-json\/wp\/v2\/pages"}],"about":[{"href":"https:\/\/wintermarkt-schlossplatz.de\/fr\/wp-json\/wp\/v2\/types\/page"}],"author":[{"embeddable":true,"href":"https:\/\/wintermarkt-schlossplatz.de\/fr\/wp-json\/wp\/v2\/users\/1"}],"replies":[{"embeddable":true,"href":"https:\/\/wintermarkt-schlossplatz.de\/fr\/wp-json\/wp\/v2\/comments?post=4888"}],"version-history":[{"count":24,"href":"https:\/\/wintermarkt-schlossplatz.de\/fr\/wp-json\/wp\/v2\/pages\/4888\/revisions"}],"predecessor-version":[{"id":8600,"href":"https:\/\/wintermarkt-schlossplatz.de\/fr\/wp-json\/wp\/v2\/pages\/4888\/revisions\/8600"}],"wp:attachment":[{"href":"https:\/\/wintermarkt-schlossplatz.de\/fr\/wp-json\/wp\/v2\/media?parent=4888"}],"curies":[{"name":"wp","href":"https:\/\/api.w.org\/{rel}","templated":true}]}}