{"id":4892,"date":"2022-04-05T13:54:45","date_gmt":"2022-04-05T13:54:45","guid":{"rendered":"https:\/\/patiotime.loftocean.com\/demo2\/?page_id=4892"},"modified":"2023-10-29T07:24:34","modified_gmt":"2023-10-29T07:24:34","slug":"kontakt","status":"publish","type":"page","link":"https:\/\/wintermarkt-schlossplatz.de\/fr\/kontakt\/","title":{"rendered":"Contact"},"content":{"rendered":"<div data-elementor-type=\"wp-page\" data-elementor-id=\"4892\" class=\"elementor elementor-4892\">\n\t\t\t\t\t\t<section class=\"elementor-section elementor-top-section elementor-element elementor-element-22919a6e pt-section-content-fullwidth pt_scroll_y_150 pt-parallax-on-scroll elementor-section-boxed elementor-section-height-default elementor-section-height-default\" data-id=\"22919a6e\" data-element_type=\"section\" data-e-type=\"section\" data-settings=\"{&quot;background_background&quot;:&quot;classic&quot;}\" data-pt-parallax-y=\"150\" style=\"background-image: none;\" data-pt-background-image=\"https:\/\/wintermarkt-schlossplatz.de\/wp-content\/uploads\/2023\/10\/wintermarkt01.webp\">\n\t\t\t\t\t\t\t<div class=\"elementor-background-overlay\"><\/div>\n\t\t\t\t\t\t\t<div class=\"elementor-container elementor-column-gap-no\">\n\t\t\t\t\t<div class=\"elementor-column elementor-col-100 elementor-top-column elementor-element elementor-element-506879d8 dark-color\" data-id=\"506879d8\" data-element_type=\"column\" data-e-type=\"column\">\n\t\t\t<div class=\"elementor-widget-wrap elementor-element-populated\">\n\t\t\t\t\t\t<div class=\"elementor-element elementor-element-78737567 elementor-widget elementor-widget-pt_title\" data-id=\"78737567\" data-element_type=\"widget\" data-e-type=\"widget\" data-widget_type=\"pt_title.default\">\n\t\t\t\t<div class=\"elementor-widget-container\">\n\t\t\t\t\t\n        <div class=\"pt-title-wrap text-center\">\t            <h1 class=\"pt-title\">\n\t                Contact\t            <\/h1>        <\/div>\t\t\t\t<\/div>\n\t\t\t\t<\/div>\n\t\t\t\t\t<\/div>\n\t\t<\/div>\n\t\t\t\t\t<\/div>\n\t\t<\/section>\n\t\t\t\t<section class=\"elementor-section elementor-top-section elementor-element elementor-element-52fd65fb elementor-section-boxed elementor-section-height-default elementor-section-height-default\" data-id=\"52fd65fb\" data-element_type=\"section\" data-e-type=\"section\" data-settings=\"{&quot;background_background&quot;:&quot;classic&quot;}\">\n\t\t\t\t\t\t<div class=\"elementor-container elementor-column-gap-no\">\n\t\t\t\t\t<div class=\"elementor-column elementor-col-50 elementor-top-column elementor-element elementor-element-181a9750\" data-id=\"181a9750\" data-element_type=\"column\" data-e-type=\"column\">\n\t\t\t<div class=\"elementor-widget-wrap elementor-element-populated\">\n\t\t\t\t\t\t<div class=\"elementor-element elementor-element-18c882a6 elementor-widget elementor-widget-pt_title\" data-id=\"18c882a6\" data-element_type=\"widget\" data-e-type=\"widget\" data-widget_type=\"pt_title.default\">\n\t\t\t\t<div class=\"elementor-widget-container\">\n\t\t\t\t\t\n        <div class=\"pt-title-wrap text-left-mobile text-center-tablet\">\t            <div class=\"pt-subtitle-wrap\"><span class=\"pt-subtitle color-secondary\">Comment pouvons-nous vous aider ?<\/span><\/div>\t            <h5 class=\"pt-title\">\n\t                Contact\t            <\/h5>\t            <div class=\"pt-title-text\">\n\t                <p>Veuillez nous envoyer votre demande directement via le formulaire.<\/p><p>Vous pouvez \u00e9galement nous contacter par t\u00e9l\u00e9phone au <br \/>+49 (0)3322 42 882 45.<\/p><p>Nous sommes impatients d'avoir de vos nouvelles.<\/p>\t            <\/div>        <\/div>\t\t\t\t<\/div>\n\t\t\t\t<\/div>\n\t\t\t\t<div class=\"elementor-element elementor-element-063cfe8 elementor-widget-divider--view-line elementor-widget elementor-widget-divider\" data-id=\"063cfe8\" data-element_type=\"widget\" data-e-type=\"widget\" data-widget_type=\"divider.default\">\n\t\t\t\t<div class=\"elementor-widget-container\">\n\t\t\t\t\t\t\t<div class=\"elementor-divider\">\n\t\t\t<span class=\"elementor-divider-separator\">\n\t\t\t\t\t\t<\/span>\n\t\t<\/div>\n\t\t\t\t\t\t<\/div>\n\t\t\t\t<\/div>\n\t\t\t\t<div class=\"elementor-element elementor-element-57676d8 elementor-widget elementor-widget-pt_title\" data-id=\"57676d8\" data-element_type=\"widget\" data-e-type=\"widget\" data-widget_type=\"pt_title.default\">\n\t\t\t\t<div class=\"elementor-widget-container\">\n\t\t\t\t\t\n        <div class=\"pt-title-wrap text-left-mobile text-center-tablet\">\t            <h6 class=\"pt-title\">\n\t                Organisateur\t            <\/h6>\t            <div class=\"pt-title-text\">\n\t                <p><strong>Entreprise foraine Wollenschlaeger GmbH<br \/><\/strong>Adresse de l'usine :<br \/>Werkstr. 1, 16727 Oberkr\u00e4mer \/ OT B\u00f6tzow<br \/>Adresse du bureau :<br \/>Seepromenade 96, 14612 Falkensee<\/p><p>T\u00e9l\u00e9phone : +49 (0)3322 42 882 45<br \/>T\u00e9l\u00e9copieur : +49 (0)3322 42 341 39<br \/>Mobile : +49 (0)163 4000 500<\/p>\t            <\/div>        <\/div>\t\t\t\t<\/div>\n\t\t\t\t<\/div>\n\t\t\t\t\t<\/div>\n\t\t<\/div>\n\t\t\t\t<div class=\"elementor-column elementor-col-50 elementor-top-column elementor-element elementor-element-f019041\" data-id=\"f019041\" data-element_type=\"column\" data-e-type=\"column\">\n\t\t\t<div class=\"elementor-widget-wrap elementor-element-populated\">\n\t\t\t\t\t\t<div class=\"elementor-element elementor-element-c0d60f1 elementor-widget elementor-widget-pt_form_cf7\" data-id=\"c0d60f1\" data-element_type=\"widget\" data-e-type=\"widget\" data-widget_type=\"pt_form_cf7.default\">\n\t\t\t\t<div class=\"elementor-widget-container\">\n\t\t\t\t\t            <div class=\"pt-form-cf7 placeholder-normal\">\n                <div class=\"pt-form-cf7-wrap\">\n<div class=\"wpcf7 no-js\" id=\"wpcf7-f4836-o1\" lang=\"en-US\" dir=\"ltr\" data-wpcf7-id=\"4836\">\n<div class=\"screen-reader-response\"><p role=\"status\" aria-live=\"polite\" aria-atomic=\"true\"><\/p> <ul><\/ul><\/div>\n<form action=\"\/fr\/wp-json\/wp\/v2\/pages\/4892#wpcf7-f4836-o1\" method=\"post\" class=\"wpcf7-form init\" aria-label=\"Contact form\" novalidate=\"novalidate\" data-status=\"init\" data-trp-original-action=\"\/fr\/wp-json\/wp\/v2\/pages\/4892#wpcf7-f4836-o1\">\n<fieldset class=\"hidden-fields-container\"><input type=\"hidden\" name=\"_wpcf7\" value=\"4836\" \/><input type=\"hidden\" name=\"_wpcf7_version\" value=\"6.1.5\" \/><input type=\"hidden\" name=\"_wpcf7_locale\" value=\"en_US\" \/><input type=\"hidden\" name=\"_wpcf7_unit_tag\" value=\"wpcf7-f4836-o1\" \/><input type=\"hidden\" name=\"_wpcf7_container_post\" value=\"0\" \/><input type=\"hidden\" name=\"_wpcf7_posted_data_hash\" value=\"\" \/><input type=\"hidden\" name=\"_uacf7_hidden_conditional_fields\" value=\"\" \/>\n<\/fieldset>\n<div class=\"uacf7-form-wrapper-container uacf7-form-4836\"><div class=\"row\">\n    <div class=\"col-1-2\">\n         Votre nom :\n            <span class=\"wpcf7-form-control-wrap\" data-name=\"your-name\"><input size=\"40\" maxlength=\"400\" class=\"wpcf7-form-control wpcf7-text wpcf7-validates-as-required\" aria-required=\"true\" aria-invalid=\"false\" value=\"\" type=\"text\" name=\"your-name\" \/><\/span>\n <span id=\"wpcf7-69f0537839328-wrapper\" class=\"wpcf7-form-control-wrap zweiter-name-wrap\" style=\"display:none !important; visibility:hidden !important;\"><label for=\"zweiter-name\" class=\"hp-message\">Please leave this field empty.<\/label><input id=\"zweiter-name\"  class=\"wpcf7-form-control wpcf7-text\" type=\"text\" name=\"zweiter-name\" value=\"\" size=\"40\" tabindex=\"-1\" autocomplete=\"off\" \/><\/span>\n    <\/div>\n\n    <div class=\"col-1-2\">\n         Votre adresse e-mail :\n            <span class=\"wpcf7-form-control-wrap\" data-name=\"your-email\"><input size=\"40\" maxlength=\"400\" class=\"wpcf7-form-control wpcf7-email wpcf7-validates-as-required wpcf7-text wpcf7-validates-as-email\" aria-required=\"true\" aria-invalid=\"false\" value=\"\" type=\"email\" name=\"your-email\" \/><\/span> \n    <\/div>\n<\/div>\n\n<div class=\"row\"><div class=\"col-1-1\"> Objet :\n    <span class=\"wpcf7-form-control-wrap\" data-name=\"your-subject\"><input size=\"40\" maxlength=\"400\" class=\"wpcf7-form-control wpcf7-text wpcf7-validates-as-required\" aria-required=\"true\" aria-invalid=\"false\" value=\"\" type=\"text\" name=\"your-subject\" \/><\/span>  <\/div><\/div>\n\n<div class=\"row\"><div class=\"col-1-1\"> Votre message\n    <span class=\"wpcf7-form-control-wrap\" data-name=\"your-message\"><textarea cols=\"40\" rows=\"10\" maxlength=\"2000\" class=\"wpcf7-form-control wpcf7-textarea\" aria-invalid=\"false\" name=\"your-message\"><\/textarea><\/span><span id=\"wpcf7-69f0537839416-wrapper\" class=\"wpcf7-form-control-wrap lieblingsseite-wrap\" style=\"display:none !important; visibility:hidden !important;\"><label for=\"lieblingsseite\" class=\"hp-message\">Please leave this field empty.<\/label><input id=\"lieblingsseite\"  class=\"wpcf7-form-control wpcf7-text\" type=\"text\" name=\"lieblingsseite\" value=\"\" size=\"40\" tabindex=\"-1\" autocomplete=\"off\" \/><\/span> <\/div><\/div>\n\n<span class=\"wpcf7-form-control-wrap\" data-name=\"acceptance-946\"><span class=\"wpcf7-form-control wpcf7-acceptance\"><span class=\"wpcf7-list-item\"><input type=\"checkbox\" name=\"acceptance-946\" value=\"1\" aria-invalid=\"false\" \/><\/span><\/span><\/span>&nbsp;&nbsp;&nbsp;J'ai pris connaissance de la d\u00e9claration de protection des donn\u00e9es et je l'accepte. J'accepte que mes donn\u00e9es de formulaire soient enregistr\u00e9es pour la prise de contact ou le traitement de ma demande.\n\n<input class=\"wpcf7-form-control wpcf7-submit has-spinner\" type=\"submit\" value=\"ENVOYER\" \/><\/div><div class=\"wpcf7-response-output\" aria-hidden=\"true\"><\/div>\n<input type=\"hidden\" name=\"trp-form-language\" value=\"fr\"\/><\/form>\n<\/div>\n<\/div>\n            <\/div>\t\t\t\t<\/div>\n\t\t\t\t<\/div>\n\t\t\t\t\t<\/div>\n\t\t<\/div>\n\t\t\t\t\t<\/div>\n\t\t<\/section>\n\t\t\t\t<section class=\"elementor-section elementor-top-section elementor-element elementor-element-a8a4c23 elementor-section-boxed elementor-section-height-default elementor-section-height-default\" data-id=\"a8a4c23\" data-element_type=\"section\" data-e-type=\"section\" data-settings=\"{&quot;background_background&quot;:&quot;classic&quot;}\">\n\t\t\t\t\t\t<div class=\"elementor-container elementor-column-gap-no\">\n\t\t\t\t\t<div class=\"elementor-column elementor-col-100 elementor-top-column elementor-element elementor-element-06c83c4\" data-id=\"06c83c4\" data-element_type=\"column\" data-e-type=\"column\">\n\t\t\t<div class=\"elementor-widget-wrap elementor-element-populated\">\n\t\t\t\t\t\t<div class=\"elementor-element elementor-element-75b5ff6 elementor-widget elementor-widget-pt_title\" data-id=\"75b5ff6\" data-element_type=\"widget\" data-e-type=\"widget\" data-widget_type=\"pt_title.default\">\n\t\t\t\t<div class=\"elementor-widget-container\">\n\t\t\t\t\t\n        <div class=\"pt-title-wrap text-left-mobile text-center-tablet\">\t            <h6 class=\"pt-title\">\n\t                Attention aux forains &amp; commer\u00e7ants\t            <\/h6>\t            <div class=\"pt-title-text\">\n\t                <p class=\"p1\">Si vous vous consid\u00e9rez comme <span class=\"s1\">Commer\u00e7ant, artiste<\/span> et<span class=\"Apple-converted-space\">\u00a0 <\/span>Les forains \u00e0 <span class=\"s1\">notre march\u00e9 d'hiver Place du ch\u00e2teau<\/span> veuillez vous adresser directement \u00e0 notre bureau. Veuillez envoyer votre dossier (espace n\u00e9cessaire, raccordement kw, photo actuelle de votre exploitation, port de retour) \u00e0 cette adresse :<\/p><p class=\"p1\">Entreprise foraine Wollenschlaeger GmbH<br \/>Promenade du lac 96<br \/>14612 Falkensee<br \/>T\u00e9l\u00e9phone : +49 (0)3322 42 882 45<br \/>T\u00e9l\u00e9copieur : +49 (0)3322 42 341 39<br \/>Courrier \u00e9lectronique : info@wollenschlaeger-berlin.de<\/p>\t            <\/div>        <\/div>\t\t\t\t<\/div>\n\t\t\t\t<\/div>\n\t\t\t\t\t<\/div>\n\t\t<\/div>\n\t\t\t\t\t<\/div>\n\t\t<\/section>\n\t\t\t\t<\/div>","protected":false},"excerpt":{"rendered":"<p>Kontakt Wie k\u00f6nnen wir Ihnen helfen? Kontakt Bitte senden Sie uns Ihre Anfrage direkt \u00fcber das Formular. Sie k\u00f6nnen uns auch telefonisch unter +49 (0)3322 42 882 45 erreichen. Wir freuen uns darauf, von Ihnen zu h\u00f6ren. Veranstalter Schaustellerbetrieb Wollenschlaeger GmbHWerksadresse:Werkstr. 1, 16727 Oberkr\u00e4mer \/ OT B\u00f6tzowB\u00fcroadresse:Seepromenade 96, 14612 Falkensee Telefon: +49 (0)3322 42 882 &#8230;<\/p>","protected":false},"author":1,"featured_media":0,"parent":0,"menu_order":0,"comment_status":"closed","ping_status":"closed","template":"template-wide-content.php","meta":{"patiotime_single_page_hide_site_header":"","patiotime_single_page_site_header_source":"","patiotime_single_page_custom_site_header":"0","patiotime_single_page_custom_sticky_site_header":"0","patiotime_single_page_custom_page_title_margin_top_source":"","patiotime_single_page_custom_page_title_desktop_margin_top":"","patiotime_single_page_custom_page_title_tablet_margin_top":"","patiotime_single_page_custom_page_title_mobile_margin_top":"","patiotime_single_page_hide_page_title":"on","patiotime_single_page_header_section_size":"","patiotime_single_page_header_background_color":"","patiotime_single_page_header_background_position_x":"center","patiotime_single_page_header_background_position_y":"center","patiotime_single_page_header_background_size":"cover","patiotime_single_page_header_background_repeat":"off","patiotime_single_page_header_background_scroll":"on","patiotime_single_page_header_text_color":"","patiotime_single_page_header_show_breadcrumb":"","patiotime_single_page_site_footer_hide_main":"","patiotime_single_custom_site_footer_main_source":"","patiotime_single_custom_site_footer_main":"0","patiotime_single_page_site_footer_hide_above":"on","patiotime_single_custom_site_footer_above_source":"","patiotime_single_custom_site_footer_above":"0","patiotime_single_page_site_footer_hide_instagram":"","patiotime_single_page_site_footer_hide_bottom":"","patiotime_single_custom_mobile_menu_source":"","patiotime_single_custom_mobile_menu":"0","patiotime_single_custom_mobile_menu_animation":"","patiotime_single_custom_mobile_menu_width":"","patiotime_single_custom_mobile_menu_custom_width":375,"footnotes":""},"class_list":["post-4892","page","type-page","status-publish","hentry"],"_links":{"self":[{"href":"https:\/\/wintermarkt-schlossplatz.de\/fr\/wp-json\/wp\/v2\/pages\/4892","targetHints":{"allow":["GET"]}}],"collection":[{"href":"https:\/\/wintermarkt-schlossplatz.de\/fr\/wp-json\/wp\/v2\/pages"}],"about":[{"href":"https:\/\/wintermarkt-schlossplatz.de\/fr\/wp-json\/wp\/v2\/types\/page"}],"author":[{"embeddable":true,"href":"https:\/\/wintermarkt-schlossplatz.de\/fr\/wp-json\/wp\/v2\/users\/1"}],"replies":[{"embeddable":true,"href":"https:\/\/wintermarkt-schlossplatz.de\/fr\/wp-json\/wp\/v2\/comments?post=4892"}],"version-history":[{"count":0,"href":"https:\/\/wintermarkt-schlossplatz.de\/fr\/wp-json\/wp\/v2\/pages\/4892\/revisions"}],"wp:attachment":[{"href":"https:\/\/wintermarkt-schlossplatz.de\/fr\/wp-json\/wp\/v2\/media?parent=4892"}],"curies":[{"name":"wp","href":"https:\/\/api.w.org\/{rel}","templated":true}]}}