{"id":6792,"date":"2023-10-04T12:18:07","date_gmt":"2023-10-04T12:18:07","guid":{"rendered":"https:\/\/wintermarkt-schlossplatz.de\/?page_id=6792"},"modified":"2025-12-08T15:02:34","modified_gmt":"2025-12-08T15:02:34","slug":"kulinarisches","status":"publish","type":"page","link":"https:\/\/wintermarkt-schlossplatz.de\/fr\/kulinarisches\/","title":{"rendered":"Culinaire"},"content":{"rendered":"<div data-elementor-type=\"wp-page\" data-elementor-id=\"6792\" class=\"elementor elementor-6792\">\n\t\t\t\t\t\t<section class=\"elementor-section elementor-top-section elementor-element elementor-element-3af62068 pt-section-content-fullwidth pt_scroll_y_150 pt-parallax-on-scroll elementor-section-boxed elementor-section-height-default elementor-section-height-default\" data-id=\"3af62068\" data-element_type=\"section\" data-e-type=\"section\" data-settings=\"{&quot;background_background&quot;:&quot;classic&quot;}\" data-pt-parallax-y=\"150\" style=\"background-image: none;\" data-pt-background-image=\"https:\/\/wintermarkt-schlossplatz.de\/wp-content\/uploads\/2023\/10\/Kulinarisches02.webp\">\n\t\t\t\t\t\t\t<div class=\"elementor-background-overlay\"><\/div>\n\t\t\t\t\t\t\t<div class=\"elementor-container elementor-column-gap-no\">\n\t\t\t\t\t<div class=\"elementor-column elementor-col-100 elementor-top-column elementor-element elementor-element-52c41b2c dark-color\" data-id=\"52c41b2c\" data-element_type=\"column\" data-e-type=\"column\">\n\t\t\t<div class=\"elementor-widget-wrap elementor-element-populated\">\n\t\t\t\t\t\t<div class=\"elementor-element elementor-element-14e60969 elementor-widget elementor-widget-pt_title\" data-id=\"14e60969\" data-element_type=\"widget\" data-e-type=\"widget\" data-widget_type=\"pt_title.default\">\n\t\t\t\t<div class=\"elementor-widget-container\">\n\t\t\t\t\t\n        <div class=\"pt-title-wrap text-center\">\t            <h1 class=\"pt-title\">\n\t                Culinaire\t            <\/h1>        <\/div>\t\t\t\t<\/div>\n\t\t\t\t<\/div>\n\t\t\t\t\t<\/div>\n\t\t<\/div>\n\t\t\t\t\t<\/div>\n\t\t<\/section>\n\t\t\t\t<section class=\"elementor-section elementor-top-section elementor-element elementor-element-2d5e6367 elementor-section-boxed elementor-section-height-default elementor-section-height-default\" data-id=\"2d5e6367\" data-element_type=\"section\" data-e-type=\"section\">\n\t\t\t\t\t\t<div class=\"elementor-container elementor-column-gap-no\">\n\t\t\t\t\t<div class=\"elementor-column elementor-col-100 elementor-top-column elementor-element elementor-element-383bda0e elementor-invisible\" data-id=\"383bda0e\" data-element_type=\"column\" data-e-type=\"column\" data-settings=\"{&quot;animation&quot;:&quot;fadeInUp&quot;}\">\n\t\t\t<div class=\"elementor-widget-wrap elementor-element-populated\">\n\t\t\t\t\t\t<div class=\"elementor-element elementor-element-ddc83b0 elementor-widget elementor-widget-text-editor\" data-id=\"ddc83b0\" data-element_type=\"widget\" data-e-type=\"widget\" data-widget_type=\"text-editor.default\">\n\t\t\t\t<div class=\"elementor-widget-container\">\n\t\t\t\t\t\t\t\t\t<p>Sur le plan culinaire, le march\u00e9 d'hiver de la Schlo\u00dfplatz de Berlin propose des plats pour tous les go\u00fbts.<\/p><p>Qu'il s'agisse de classiques comme les Baumstriezel, les amandes grill\u00e9es, les p\u00e2tisseries, le vin chaud en diff\u00e9rentes vari\u00e9t\u00e9s ou de nouveaut\u00e9s comme les sp\u00e9cialit\u00e9s ja\u00efmaques, les diff\u00e9rentes variations de pommes de terre, le saumon flamb\u00e9, les p\u00e2tes au fromage, presque tout est propos\u00e9 en qualit\u00e9 bio certifi\u00e9e. <br \/>Les petits ne sont pas en reste avec des jus de fruits directs chauds. Il y a une cabane avec des jus pour enfants de la r\u00e9gion.<\/p>\t\t\t\t\t\t\t\t<\/div>\n\t\t\t\t<\/div>\n\t\t\t\t\t<\/div>\n\t\t<\/div>\n\t\t\t\t\t<\/div>\n\t\t<\/section>\n\t\t\t\t<section class=\"elementor-section elementor-top-section elementor-element elementor-element-8221f1b elementor-section-boxed elementor-section-height-default elementor-section-height-default\" data-id=\"8221f1b\" data-element_type=\"section\" data-e-type=\"section\">\n\t\t\t\t\t\t<div class=\"elementor-container elementor-column-gap-no\">\n\t\t\t\t\t<div class=\"elementor-column elementor-col-100 elementor-top-column elementor-element elementor-element-2a78bf2 animated-slow elementor-invisible\" data-id=\"2a78bf2\" data-element_type=\"column\" data-e-type=\"column\" data-settings=\"{&quot;animation&quot;:&quot;fadeIn&quot;}\">\n\t\t\t<div class=\"elementor-widget-wrap elementor-element-populated\">\n\t\t\t\t\t\t<div class=\"elementor-element elementor-element-7fd84c8 elementor-widget elementor-widget-pt_divider\" data-id=\"7fd84c8\" data-element_type=\"widget\" data-e-type=\"widget\" data-widget_type=\"pt_divider.default\">\n\t\t\t\t<div class=\"elementor-widget-container\">\n\t\t\t\t\t\n        <div class=\"pt-divider divider-grass\">                <div class=\"pt-d-icon icon-start\">                    <svg xmlns=\"http:\/\/www.w3.org\/2000\/svg\" viewbox=\"0 0 31.06 29.67\">\n                        <path d=\"M36.53,21.85,31.78,18s-7.5.83-9.68,16.39C22.1,34.34,25.7,21.66,36.53,21.85Z\" transform=\"translate(-5.47 -4.66)\"><\/path>\n                        <path class=\"cls-1\" d=\"M5.47,21.85,10.22,18s7.5.83,9.68,16.39C19.9,34.34,16.3,21.66,5.47,21.85Z\" transform=\"translate(-5.47 -4.66)\"><\/path>\n                        <polygon class=\"cls-1\" points=\"15.53 0 18.66 6.56 15.53 22.16 12.39 6.56 15.53 0\"><\/polygon>\n                    <\/svg>                <\/div>            <div class=\"pt-d-line\"><\/div>                <div class=\"pt-d-icon icon-end\">                    <svg xmlns=\"http:\/\/www.w3.org\/2000\/svg\" viewbox=\"0 0 31.06 29.67\">\n                        <path d=\"M36.53,21.85,31.78,18s-7.5.83-9.68,16.39C22.1,34.34,25.7,21.66,36.53,21.85Z\" transform=\"translate(-5.47 -4.66)\"><\/path>\n                        <path class=\"cls-1\" d=\"M5.47,21.85,10.22,18s7.5.83,9.68,16.39C19.9,34.34,16.3,21.66,5.47,21.85Z\" transform=\"translate(-5.47 -4.66)\"><\/path>\n                        <polygon class=\"cls-1\" points=\"15.53 0 18.66 6.56 15.53 22.16 12.39 6.56 15.53 0\"><\/polygon>\n                    <\/svg>                <\/div>        <\/div>\t\t\t\t<\/div>\n\t\t\t\t<\/div>\n\t\t\t\t\t<\/div>\n\t\t<\/div>\n\t\t\t\t\t<\/div>\n\t\t<\/section>\n\t\t\t\t<section class=\"elementor-section elementor-top-section elementor-element elementor-element-dc16f18 elementor-section-boxed elementor-section-height-default elementor-section-height-default\" data-id=\"dc16f18\" data-element_type=\"section\" data-e-type=\"section\">\n\t\t\t\t\t\t<div class=\"elementor-container elementor-column-gap-no\">\n\t\t\t\t\t<div class=\"elementor-column elementor-col-100 elementor-top-column elementor-element elementor-element-fc20d2c animated-slow elementor-invisible\" data-id=\"fc20d2c\" data-element_type=\"column\" data-e-type=\"column\" data-settings=\"{&quot;animation&quot;:&quot;fadeInUp&quot;}\">\n\t\t\t<div class=\"elementor-widget-wrap elementor-element-populated\">\n\t\t\t\t\t\t<div class=\"elementor-element elementor-element-a448d8b elementor-widget elementor-widget-pt_title\" data-id=\"a448d8b\" data-element_type=\"widget\" data-e-type=\"widget\" data-widget_type=\"pt_title.default\">\n\t\t\t\t<div class=\"elementor-widget-container\">\n\t\t\t\t\t\n        <div class=\"pt-title-wrap text-center\">\t            <h2 class=\"pt-title\">\n\t                Points forts\t            <\/h2>        <\/div>\t\t\t\t<\/div>\n\t\t\t\t<\/div>\n\t\t\t\t<section class=\"elementor-section elementor-inner-section elementor-element elementor-element-c14aa72 elementor-section-boxed elementor-section-height-default elementor-section-height-default\" data-id=\"c14aa72\" data-element_type=\"section\" data-e-type=\"section\">\n\t\t\t\t\t\t<div class=\"elementor-container elementor-column-gap-default\">\n\t\t\t\t\t<div class=\"elementor-column elementor-col-50 elementor-inner-column elementor-element elementor-element-00ef188 elementor-invisible\" data-id=\"00ef188\" data-element_type=\"column\" data-e-type=\"column\" data-settings=\"{&quot;animation&quot;:&quot;fadeInUp&quot;,&quot;animation_delay&quot;:100}\">\n\t\t\t<div class=\"elementor-widget-wrap elementor-element-populated\">\n\t\t\t\t\t\t<div class=\"elementor-element elementor-element-76679f1 elementor-widget elementor-widget-image-carousel\" data-id=\"76679f1\" data-element_type=\"widget\" data-e-type=\"widget\" data-settings=\"{&quot;slides_to_show&quot;:&quot;1&quot;,&quot;navigation&quot;:&quot;none&quot;,&quot;autoplay&quot;:&quot;yes&quot;,&quot;pause_on_hover&quot;:&quot;yes&quot;,&quot;pause_on_interaction&quot;:&quot;yes&quot;,&quot;autoplay_speed&quot;:5000,&quot;infinite&quot;:&quot;yes&quot;,&quot;effect&quot;:&quot;slide&quot;,&quot;speed&quot;:500}\" data-widget_type=\"image-carousel.default\">\n\t\t\t\t<div class=\"elementor-widget-container\">\n\t\t\t\t\t\t\t<div class=\"elementor-image-carousel-wrapper swiper\" role=\"region\" aria-roledescription=\"carousel\" aria-label=\"Bild Karussell\" dir=\"ltr\">\n\t\t\t<div class=\"elementor-image-carousel swiper-wrapper\" aria-live=\"off\">\n\t\t\t\t\t\t\t\t<div class=\"swiper-slide\" role=\"group\" aria-roledescription=\"slide\" aria-label=\"1 sur 3\"><figure class=\"swiper-slide-inner\"><img decoding=\"async\" class=\"swiper-slide-image\" src=\"https:\/\/wintermarkt-schlossplatz.de\/wp-content\/uploads\/2024\/12\/wintermarkt_2024-11.webp\" alt=\"wintermarkt_2024-11\" \/><\/figure><\/div><div class=\"swiper-slide\" role=\"group\" aria-roledescription=\"slide\" aria-label=\"2 sur 3\"><figure class=\"swiper-slide-inner\"><img decoding=\"async\" class=\"swiper-slide-image\" src=\"https:\/\/wintermarkt-schlossplatz.de\/wp-content\/uploads\/2024\/12\/wintermarkt_2024-29.webp\" alt=\"wintermarkt_2024-29\" \/><\/figure><\/div><div class=\"swiper-slide\" role=\"group\" aria-roledescription=\"slide\" aria-label=\"3 sur 3\"><figure class=\"swiper-slide-inner\"><img decoding=\"async\" class=\"swiper-slide-image\" src=\"https:\/\/wintermarkt-schlossplatz.de\/wp-content\/uploads\/2023\/12\/wintermarkt26.webp\" alt=\"wintermarkt26\" \/><\/figure><\/div>\t\t\t<\/div>\n\t\t\t\t\t\t\t\n\t\t\t\t\t\t\t\t\t<\/div>\n\t\t\t\t\t\t<\/div>\n\t\t\t\t<\/div>\n\t\t\t\t<div class=\"elementor-element elementor-element-252ea0c elementor-widget elementor-widget-pt_title\" data-id=\"252ea0c\" data-element_type=\"widget\" data-e-type=\"widget\" data-widget_type=\"pt_title.default\">\n\t\t\t\t<div class=\"elementor-widget-container\">\n\t\t\t\t\t\n        <div class=\"pt-title-wrap text-left\">\t            <h3 class=\"pt-title\">\n\t                Punch aux pommes de terre berlinoises\t            <\/h3>\t            <div class=\"pt-title-text\">\n\t                <p>Profitez du march\u00e9 d'hiver sur la place du ch\u00e2teau avec un vrai classique : <strong>Punch aux cigares<\/strong>!<br \/>Le punch chaud au pain de sucre flamb\u00e9 ne r\u00e9chauffe pas seulement de l'int\u00e9rieur, il enthousiasme aussi par son ar\u00f4me incomparable. Au milieu des stands d\u00e9cor\u00e9s pour la f\u00eate, la <strong>Punch aux pommes de terre berlinoises<\/strong> pour se mettre dans l'ambiance de No\u00ebl avec des amis ou la famille. <br \/><strong>Ne manquez pas ce moment fort de l'hiver directement au Schl\u00fcterhof !<\/strong><\/p>\t            <\/div>                <div class=\"pt-title-btn\">\n                    <a class=\"button elementor-button-link pt-btn-large\" role=\"button\" href=\"https:\/\/berliner-feuerzangenbowle.de\" target=\"_blank\">\n                        <span class=\"pt-btn-text\">Plus d'infos<\/span>\n                    <\/a>\n                <\/div>\n                    <\/div>\t\t\t\t<\/div>\n\t\t\t\t<\/div>\n\t\t\t\t\t<\/div>\n\t\t<\/div>\n\t\t\t\t<div class=\"elementor-column elementor-col-50 elementor-inner-column elementor-element elementor-element-0eff418 elementor-invisible\" data-id=\"0eff418\" data-element_type=\"column\" data-e-type=\"column\" data-settings=\"{&quot;animation&quot;:&quot;fadeInUp&quot;,&quot;animation_delay&quot;:200}\">\n\t\t\t<div class=\"elementor-widget-wrap elementor-element-populated\">\n\t\t\t\t\t\t<div class=\"elementor-element elementor-element-d8e8baa elementor-widget elementor-widget-image-carousel\" data-id=\"d8e8baa\" data-element_type=\"widget\" data-e-type=\"widget\" data-settings=\"{&quot;slides_to_show&quot;:&quot;1&quot;,&quot;navigation&quot;:&quot;none&quot;,&quot;autoplay&quot;:&quot;yes&quot;,&quot;pause_on_hover&quot;:&quot;yes&quot;,&quot;pause_on_interaction&quot;:&quot;yes&quot;,&quot;autoplay_speed&quot;:5000,&quot;infinite&quot;:&quot;yes&quot;,&quot;effect&quot;:&quot;slide&quot;,&quot;speed&quot;:500}\" data-widget_type=\"image-carousel.default\">\n\t\t\t\t<div class=\"elementor-widget-container\">\n\t\t\t\t\t\t\t<div class=\"elementor-image-carousel-wrapper swiper\" role=\"region\" aria-roledescription=\"carousel\" aria-label=\"Bild Karussell\" dir=\"ltr\">\n\t\t\t<div class=\"elementor-image-carousel swiper-wrapper\" aria-live=\"off\">\n\t\t\t\t\t\t\t\t<div class=\"swiper-slide\" role=\"group\" aria-roledescription=\"slide\" aria-label=\"1 sur 5\"><figure class=\"swiper-slide-inner\"><img decoding=\"async\" class=\"swiper-slide-image\" src=\"https:\/\/wintermarkt-schlossplatz.de\/wp-content\/uploads\/2025\/11\/Spreeterrasse-am-Humboldtforum-4.webp\" alt=\"Spreeterrasse-am-Humboldtforum-4\" \/><\/figure><\/div><div class=\"swiper-slide\" role=\"group\" aria-roledescription=\"slide\" aria-label=\"2 sur 5\"><figure class=\"swiper-slide-inner\"><img decoding=\"async\" class=\"swiper-slide-image\" src=\"https:\/\/wintermarkt-schlossplatz.de\/wp-content\/uploads\/2025\/11\/Verkaufsstand-Spreeterrasse-Humboldt-Forum.webp\" alt=\"Verkaufsstand-Spreeterrasse-Humboldt-Forum\" \/><\/figure><\/div><div class=\"swiper-slide\" role=\"group\" aria-roledescription=\"slide\" aria-label=\"3 sur 5\"><figure class=\"swiper-slide-inner\"><img decoding=\"async\" class=\"swiper-slide-image\" src=\"https:\/\/wintermarkt-schlossplatz.de\/wp-content\/uploads\/2025\/11\/Beheiztes-Zelt-Spreeterrasse-Humboldt-Forum.webp\" alt=\"Beheiztes-Zelt-Spreeterrasse-Humboldt-Forum\" \/><\/figure><\/div><div class=\"swiper-slide\" role=\"group\" aria-roledescription=\"slide\" aria-label=\"4 sur 5\"><figure class=\"swiper-slide-inner\"><img decoding=\"async\" class=\"swiper-slide-image\" src=\"https:\/\/wintermarkt-schlossplatz.de\/wp-content\/uploads\/2025\/11\/Spreeterrasse-am-Humboldtforum-2.webp\" alt=\"Spreeterrasse-am-Humboldtforum-2\" \/><\/figure><\/div><div class=\"swiper-slide\" role=\"group\" aria-roledescription=\"slide\" aria-label=\"5 sur 5\"><figure class=\"swiper-slide-inner\"><img decoding=\"async\" class=\"swiper-slide-image\" src=\"https:\/\/wintermarkt-schlossplatz.de\/wp-content\/uploads\/2025\/11\/Spreeterrasse-am-Humboldtforum-5.webp\" alt=\"Spreeterrasse-am-Humboldtforum-5\" \/><\/figure><\/div>\t\t\t<\/div>\n\t\t\t\t\t\t\t\n\t\t\t\t\t\t\t\t\t<\/div>\n\t\t\t\t\t\t<\/div>\n\t\t\t\t<\/div>\n\t\t\t\t<div class=\"elementor-element elementor-element-6870cf1 elementor-widget elementor-widget-pt_title\" data-id=\"6870cf1\" data-element_type=\"widget\" data-e-type=\"widget\" data-widget_type=\"pt_title.default\">\n\t\t\t\t<div class=\"elementor-widget-container\">\n\t\t\t\t\t\n        <div class=\"pt-title-wrap text-left\">\t            <h3 class=\"pt-title\">\n\t                Terrasse de la Spree\t            <\/h3>\t            <div class=\"pt-title-text\">\n\t                <p><strong>En face de la cath\u00e9drale de Berlin, les Spreeterrassen du Humboldtforum vous attendent comme une oasis hivernale pour savourer, s'attarder et se r\u00e9chauffer - en plein c\u0153ur de Berlin.<\/strong><\/p><p>Ici, l'ambiance festive rencontre la convivialit\u00e9 d\u00e9tendue - avec vue sur la tour de t\u00e9l\u00e9vision, la cath\u00e9drale de Berlin et le quartier Saint-Nicolas. Tandis qu'\u00e0 l'ext\u00e9rieur, les lumi\u00e8res et les foyers cr\u00e9ent des moments d'ambiance, l'h\u00f4tel offre une vue imprenable sur la ville. <strong>tente gastronomique spacieuse et chauff\u00e9e<\/strong> einen warmen R\u00fcckzugsort mit typischer <strong>Berliner Gerichten \u00e1 la carte <\/strong>oder<strong> Men\u00fcpaketen<\/strong>.<\/p>\t            <\/div>                <div class=\"pt-title-btn\">\n                    <a class=\"button elementor-button-link pt-btn-large\" role=\"button\" href=\"https:\/\/spreeterrasse.de\" target=\"_blank\">\n                        <span class=\"pt-btn-text\">Hier Reservieren<\/span>\n                    <\/a>\n                <\/div>\n                    <\/div>\t\t\t\t<\/div>\n\t\t\t\t<\/div>\n\t\t\t\t\t<\/div>\n\t\t<\/div>\n\t\t\t\t\t<\/div>\n\t\t<\/section>\n\t\t\t\t\t<\/div>\n\t\t<\/div>\n\t\t\t\t\t<\/div>\n\t\t<\/section>\n\t\t\t\t<section class=\"elementor-section elementor-top-section elementor-element elementor-element-c90997f elementor-section-boxed elementor-section-height-default elementor-section-height-default\" data-id=\"c90997f\" data-element_type=\"section\" data-e-type=\"section\">\n\t\t\t\t\t\t<div class=\"elementor-container elementor-column-gap-no\">\n\t\t\t\t\t<div class=\"elementor-column elementor-col-100 elementor-top-column elementor-element elementor-element-363887b animated-slow elementor-invisible\" data-id=\"363887b\" data-element_type=\"column\" data-e-type=\"column\" data-settings=\"{&quot;animation&quot;:&quot;fadeIn&quot;}\">\n\t\t\t<div class=\"elementor-widget-wrap elementor-element-populated\">\n\t\t\t\t\t\t<div class=\"elementor-element elementor-element-593c6f4 elementor-widget elementor-widget-pt_divider\" data-id=\"593c6f4\" data-element_type=\"widget\" data-e-type=\"widget\" data-widget_type=\"pt_divider.default\">\n\t\t\t\t<div class=\"elementor-widget-container\">\n\t\t\t\t\t\n        <div class=\"pt-divider divider-grass\">                <div class=\"pt-d-icon icon-start\">                    <svg xmlns=\"http:\/\/www.w3.org\/2000\/svg\" viewbox=\"0 0 31.06 29.67\">\n                        <path d=\"M36.53,21.85,31.78,18s-7.5.83-9.68,16.39C22.1,34.34,25.7,21.66,36.53,21.85Z\" transform=\"translate(-5.47 -4.66)\"><\/path>\n                        <path class=\"cls-1\" d=\"M5.47,21.85,10.22,18s7.5.83,9.68,16.39C19.9,34.34,16.3,21.66,5.47,21.85Z\" transform=\"translate(-5.47 -4.66)\"><\/path>\n                        <polygon class=\"cls-1\" points=\"15.53 0 18.66 6.56 15.53 22.16 12.39 6.56 15.53 0\"><\/polygon>\n                    <\/svg>                <\/div>            <div class=\"pt-d-line\"><\/div>                <div class=\"pt-d-icon icon-end\">                    <svg xmlns=\"http:\/\/www.w3.org\/2000\/svg\" viewbox=\"0 0 31.06 29.67\">\n                        <path d=\"M36.53,21.85,31.78,18s-7.5.83-9.68,16.39C22.1,34.34,25.7,21.66,36.53,21.85Z\" transform=\"translate(-5.47 -4.66)\"><\/path>\n                        <path class=\"cls-1\" d=\"M5.47,21.85,10.22,18s7.5.83,9.68,16.39C19.9,34.34,16.3,21.66,5.47,21.85Z\" transform=\"translate(-5.47 -4.66)\"><\/path>\n                        <polygon class=\"cls-1\" points=\"15.53 0 18.66 6.56 15.53 22.16 12.39 6.56 15.53 0\"><\/polygon>\n                    <\/svg>                <\/div>        <\/div>\t\t\t\t<\/div>\n\t\t\t\t<\/div>\n\t\t\t\t\t<\/div>\n\t\t<\/div>\n\t\t\t\t\t<\/div>\n\t\t<\/section>\n\t\t\t\t<section class=\"elementor-section elementor-top-section elementor-element elementor-element-973aba0 elementor-section-boxed elementor-section-height-default elementor-section-height-default\" data-id=\"973aba0\" data-element_type=\"section\" data-e-type=\"section\">\n\t\t\t\t\t\t<div class=\"elementor-container elementor-column-gap-no\">\n\t\t\t\t\t<div class=\"elementor-column elementor-col-100 elementor-top-column elementor-element elementor-element-f4b8758 elementor-invisible\" data-id=\"f4b8758\" data-element_type=\"column\" data-e-type=\"column\" data-settings=\"{&quot;animation&quot;:&quot;fadeInUp&quot;}\">\n\t\t\t<div class=\"elementor-widget-wrap elementor-element-populated\">\n\t\t\t\t\t\t<div class=\"elementor-element elementor-element-4a93051 elementor-widget elementor-widget-pt_title\" data-id=\"4a93051\" data-element_type=\"widget\" data-e-type=\"widget\" data-widget_type=\"pt_title.default\">\n\t\t\t\t<div class=\"elementor-widget-container\">\n\t\t\t\t\t\n        <div class=\"pt-title-wrap text-left\">\t            <h2 class=\"pt-title\">\n\t                Liste des exposants 2025\t            <\/h2>        <\/div>\t\t\t\t<\/div>\n\t\t\t\t<\/div>\n\t\t\t\t<div class=\"elementor-element elementor-element-3b73311 elementor-widget elementor-widget-pt_food_menu\" data-id=\"3b73311\" data-element_type=\"widget\" data-e-type=\"widget\" data-widget_type=\"pt_food_menu.default\">\n\t\t\t\t<div class=\"elementor-widget-container\">\n\t\t\t\t\t            <div class=\"pt-food-menu food-menu-style-5 column-2 gap-10\">                <div class=\"pt-food-menu-item\">                    <div class=\"pt-food-menu-main\">\n                        <div class=\"pt-food-menu-header\">                            <h6 class=\"pt-food-menu-title\">                                    <a href=\"https:\/\/wintercottage-berlin.de\/wintercottage-am-schlossplatz\/\" target=\"_blank\">                                <span class=\"title-wrap\">WinterCottage sur la place du ch\u00e2teau\t\t\t\t\t\t\t\t<\/span><\/a>                            <\/h6>\n                            <div class=\"pt-food-menu-lines\"><\/div>                        <\/div>                            <p class=\"pt-food-menu-details\">D\u00e9bit de boissons avec bar \u00e0 champagne exclusif dans la cabane<\/p>                    <\/div>\n                <\/div>                <div class=\"pt-food-menu-item\">                    <div class=\"pt-food-menu-main\">\n                        <div class=\"pt-food-menu-header\">                            <h6 class=\"pt-food-menu-title\">                                    <a href=\"https:\/\/look-catering.de\" target=\"_blank\">                                <span class=\"title-wrap\">Barbecue Pavillon\t\t\t\t\t\t\t\t<\/span><\/a>                            <\/h6>\n                            <div class=\"pt-food-menu-lines\"><\/div>                        <\/div>                            <p class=\"pt-food-menu-details\">Saucisse \u00e0 r\u00f4tir, saucisse \u00e0 r\u00f4tir de gibier et plus encore<\/p>                    <\/div>\n                <\/div>                <div class=\"pt-food-menu-item\">                    <div class=\"pt-food-menu-main\">\n                        <div class=\"pt-food-menu-header\">                            <h6 class=\"pt-food-menu-title\">                                    <a href=\"https:\/\/berliner-feuerzangenbowle.de\" target=\"_blank\">                                <span class=\"title-wrap\">Punch aux pommes de terre berlinoises\t\t\t\t\t\t\t\t<\/span><\/a>                            <\/h6>\n                            <div class=\"pt-food-menu-lines\"><\/div>                        <\/div>                            <p class=\"pt-food-menu-details\">Vente de punch au feu<\/p>                    <\/div>\n                <\/div>                <div class=\"pt-food-menu-item\">                    <div class=\"pt-food-menu-main\">\n                        <div class=\"pt-food-menu-header\">                            <h6 class=\"pt-food-menu-title\">                                    <a href=\"https:\/\/spreeterrasse.de\" target=\"_blank\">                                <span class=\"title-wrap\">Terrasse de la Spree\t\t\t\t\t\t\t\t<\/span><\/a>                            <\/h6>\n                            <div class=\"pt-food-menu-lines\"><\/div>                        <\/div>                            <p class=\"pt-food-menu-details\">Repas &amp; boissons dans la tente gastronomique au bord de la Spree<\/p>                    <\/div>\n                <\/div>                <div class=\"pt-food-menu-item\">                    <div class=\"pt-food-menu-main\">\n                        <div class=\"pt-food-menu-header\">                            <h6 class=\"pt-food-menu-title\">                                <span class=\"title-wrap\">Rosis Bar &amp; Grill\t\t\t\t\t\t\t\t<\/span>                            <\/h6>\n                            <div class=\"pt-food-menu-lines\"><\/div>                        <\/div>                            <p class=\"pt-food-menu-details\">1\/2 m\u00e8tre de saucisse sp\u00e9ciale et bar \u00e0 champagne exclusif<\/p>                    <\/div>\n                <\/div>                <div class=\"pt-food-menu-item\">                    <div class=\"pt-food-menu-main\">\n                        <div class=\"pt-food-menu-header\">                            <h6 class=\"pt-food-menu-title\">                                <span class=\"title-wrap\">Pyramide de Marilyn Fackler\t\t\t\t\t\t\t\t<\/span>                            <\/h6>\n                            <div class=\"pt-food-menu-lines\"><\/div>                        <\/div>                            <p class=\"pt-food-menu-details\">Vente de vin chaud et de punch avec possibilit\u00e9 de s'asseoir<\/p>                    <\/div>\n                <\/div>                <div class=\"pt-food-menu-item\">                    <div class=\"pt-food-menu-main\">\n                        <div class=\"pt-food-menu-header\">                            <h6 class=\"pt-food-menu-title\">                                <span class=\"title-wrap\">L\u00f6wenh\u00fctte &amp; H\u00fcttenzauber\t\t\t\t\t\t\t\t<\/span>                            <\/h6>\n                            <div class=\"pt-food-menu-lines\"><\/div>                        <\/div>                            <p class=\"pt-food-menu-details\">Distribution de vin chaud et de boissons<\/p>                    <\/div>\n                <\/div>                <div class=\"pt-food-menu-item\">                    <div class=\"pt-food-menu-main\">\n                        <div class=\"pt-food-menu-header\">                            <h6 class=\"pt-food-menu-title\">                                <span class=\"title-wrap\">Sp\u00e9cialit\u00e9s de grillades\t\t\t\t\t\t\t\t<\/span>                            <\/h6>\n                            <div class=\"pt-food-menu-lines\"><\/div>                        <\/div>                            <p class=\"pt-food-menu-details\">Barbecue pivotant avec BRatwurst, Currywurst, Wildbratwurst et frites<\/p>                    <\/div>\n                <\/div>                <div class=\"pt-food-menu-item\">                    <div class=\"pt-food-menu-main\">\n                        <div class=\"pt-food-menu-header\">                            <h6 class=\"pt-food-menu-title\">                                <span class=\"title-wrap\">Sp\u00e4tzle au fromage\t\t\t\t\t\t\t\t<\/span>                            <\/h6>\n                            <div class=\"pt-food-menu-lines\"><\/div>                        <\/div>                            <p class=\"pt-food-menu-details\">Vente de sp\u00e4tzle au fromage<\/p>                    <\/div>\n                <\/div>                <div class=\"pt-food-menu-item\">                    <div class=\"pt-food-menu-main\">\n                        <div class=\"pt-food-menu-header\">                            <h6 class=\"pt-food-menu-title\">                                <span class=\"title-wrap\">Raclette\t\t\t\t\t\t\t\t<\/span>                            <\/h6>\n                            <div class=\"pt-food-menu-lines\"><\/div>                        <\/div>                            <p class=\"pt-food-menu-details\">Raclette sur pain de cro\u00fbte avec diff\u00e9rents toppings et temps de pain (fromage\/jambon)<\/p>                    <\/div>\n                <\/div>                <div class=\"pt-food-menu-item\">                    <div class=\"pt-food-menu-main\">\n                        <div class=\"pt-food-menu-header\">                            <h6 class=\"pt-food-menu-title\">                                <span class=\"title-wrap\">Pain \u00e0 la main\t\t\t\t\t\t\t\t<\/span>                            <\/h6>\n                            <div class=\"pt-food-menu-lines\"><\/div>                        <\/div>                            <p class=\"pt-food-menu-details\">pain manuel fra\u00eechement pr\u00e9par\u00e9 - vers. sortes<\/p>                    <\/div>\n                <\/div>                <div class=\"pt-food-menu-item\">                    <div class=\"pt-food-menu-main\">\n                        <div class=\"pt-food-menu-header\">                            <h6 class=\"pt-food-menu-title\">                                <span class=\"title-wrap\">Saumon flamb\u00e9 sp\u00e9cial\t\t\t\t\t\t\t\t<\/span>                            <\/h6>\n                            <div class=\"pt-food-menu-lines\"><\/div>                        <\/div>                            <p class=\"pt-food-menu-details\">saumon fra\u00eechement pr\u00e9par\u00e9 au feu de bois <\/p>                    <\/div>\n                <\/div>                <div class=\"pt-food-menu-item\">                    <div class=\"pt-food-menu-main\">\n                        <div class=\"pt-food-menu-header\">                            <h6 class=\"pt-food-menu-title\">                                <span class=\"title-wrap\">P\u00e2tes alimentaires\t\t\t\t\t\t\t\t<\/span>                            <\/h6>\n                            <div class=\"pt-food-menu-lines\"><\/div>                        <\/div>                            <p class=\"pt-food-menu-details\">P\u00e2tes flamb\u00e9es aux truffes de la meule de parmesan<\/p>                    <\/div>\n                <\/div>                <div class=\"pt-food-menu-item\">                    <div class=\"pt-food-menu-main\">\n                        <div class=\"pt-food-menu-header\">                            <h6 class=\"pt-food-menu-title\">                                <span class=\"title-wrap\">Burger &amp; More\t\t\t\t\t\t\t\t<\/span>                            <\/h6>\n                            <div class=\"pt-food-menu-lines\"><\/div>                        <\/div>                            <p class=\"pt-food-menu-details\">Vente de burgers fra\u00eechement pr\u00e9par\u00e9s<\/p>                    <\/div>\n                <\/div>                <div class=\"pt-food-menu-item\">                    <div class=\"pt-food-menu-main\">\n                        <div class=\"pt-food-menu-header\">                            <h6 class=\"pt-food-menu-title\">                                <span class=\"title-wrap\">Potato Twister &amp; Chips\t\t\t\t\t\t\t\t<\/span>                            <\/h6>\n                            <div class=\"pt-food-menu-lines\"><\/div>                        <\/div>                            <p class=\"pt-food-menu-details\">Potato Twister &amp; Chips<\/p>                    <\/div>\n                <\/div>                <div class=\"pt-food-menu-item\">                    <div class=\"pt-food-menu-main\">\n                        <div class=\"pt-food-menu-header\">                            <h6 class=\"pt-food-menu-title\">                                <span class=\"title-wrap\">Frites hollandaises\t\t\t\t\t\t\t\t<\/span>                            <\/h6>\n                            <div class=\"pt-food-menu-lines\"><\/div>                        <\/div>                            <p class=\"pt-food-menu-details\">Vente de frites hollandaises avec diff\u00e9rents types de frites. Toppings<\/p>                    <\/div>\n                <\/div>                <div class=\"pt-food-menu-item\">                    <div class=\"pt-food-menu-main\">\n                        <div class=\"pt-food-menu-header\">                            <h6 class=\"pt-food-menu-title\">                                <span class=\"title-wrap\">Boissons chaudes\t\t\t\t\t\t\t\t<\/span>                            <\/h6>\n                            <div class=\"pt-food-menu-lines\"><\/div>                        <\/div>                            <p class=\"pt-food-menu-details\">D\u00e9bit de boissons\nBar \u00e0 digestifs de l'imp\u00e9ratrice Auguste et Jack-Pott de l'empereur Guillaume II<\/p>                    <\/div>\n                <\/div>                <div class=\"pt-food-menu-item\">                    <div class=\"pt-food-menu-main\">\n                        <div class=\"pt-food-menu-header\">                            <h6 class=\"pt-food-menu-title\">                                <span class=\"title-wrap\">Gl\u00f6gi finlandais\t\t\t\t\t\t\t\t<\/span>                            <\/h6>\n                            <div class=\"pt-food-menu-lines\"><\/div>                        <\/div>                            <p class=\"pt-food-menu-details\">D\u00e9bit de vin chaud scandinave - traditionnellement \u00e0 base de vin de baies<\/p>                    <\/div>\n                <\/div>                <div class=\"pt-food-menu-item\">                    <div class=\"pt-food-menu-main\">\n                        <div class=\"pt-food-menu-header\">                            <h6 class=\"pt-food-menu-title\">                                <span class=\"title-wrap\">Fruits au chocolat &amp; Distillerie d'amandes\t\t\t\t\t\t\t\t<\/span>                            <\/h6>\n                            <div class=\"pt-food-menu-lines\"><\/div>                        <\/div>                            <p class=\"pt-food-menu-details\">Vente de fruits en chocolat, d'amandes grill\u00e9es et de noix<\/p>                    <\/div>\n                <\/div>                <div class=\"pt-food-menu-item\">                    <div class=\"pt-food-menu-main\">\n                        <div class=\"pt-food-menu-header\">                            <h6 class=\"pt-food-menu-title\">                                <span class=\"title-wrap\">Churros espagnols\t\t\t\t\t\t\t\t<\/span>                            <\/h6>\n                            <div class=\"pt-food-menu-lines\"><\/div>                        <\/div>                            <p class=\"pt-food-menu-details\">Churros espagnols originaux sur 2 stands<\/p>                    <\/div>\n                <\/div>                <div class=\"pt-food-menu-item\">                    <div class=\"pt-food-menu-main\">\n                        <div class=\"pt-food-menu-header\">                            <h6 class=\"pt-food-menu-title\">                                <span class=\"title-wrap\">Boulangerie de No\u00ebl\t\t\t\t\t\t\t\t<\/span>                            <\/h6>\n                            <div class=\"pt-food-menu-lines\"><\/div>                        <\/div>                            <p class=\"pt-food-menu-details\">Vente de boulettes de fromage blanc et de bretzels fra\u00eechement pr\u00e9par\u00e9s avec diff\u00e9rents ingr\u00e9dients<\/p>                    <\/div>\n                <\/div>                <div class=\"pt-food-menu-item\">                    <div class=\"pt-food-menu-main\">\n                        <div class=\"pt-food-menu-header\">                            <h6 class=\"pt-food-menu-title\">                                <span class=\"title-wrap\">Kaiserschmarrn et gaufres\t\t\t\t\t\t\t\t<\/span>                            <\/h6>\n                            <div class=\"pt-food-menu-lines\"><\/div>                        <\/div>                            <p class=\"pt-food-menu-details\">Kaiserschmarrn (3m) et gaufres (3m)<\/p>                    <\/div>\n                <\/div>                <div class=\"pt-food-menu-item\">                    <div class=\"pt-food-menu-main\">\n                        <div class=\"pt-food-menu-header\">                            <h6 class=\"pt-food-menu-title\">                                <span class=\"title-wrap\">Gaufres &amp; cr\u00eapes\t\t\t\t\t\t\t\t<\/span>                            <\/h6>\n                            <div class=\"pt-food-menu-lines\"><\/div>                        <\/div>                            <p class=\"pt-food-menu-details\">Vente de gaufres &amp; cr\u00eapes<\/p>                    <\/div>\n                <\/div>                <div class=\"pt-food-menu-item\">                    <div class=\"pt-food-menu-main\">\n                        <div class=\"pt-food-menu-header\">                            <h6 class=\"pt-food-menu-title\">                                <span class=\"title-wrap\">Poffertjes\t\t\t\t\t\t\t\t<\/span>                            <\/h6>\n                            <div class=\"pt-food-menu-lines\"><\/div>                        <\/div>                            <p class=\"pt-food-menu-details\">Vente de poffertjes fra\u00eechement pr\u00e9par\u00e9s<\/p>                    <\/div>\n                <\/div>                <div class=\"pt-food-menu-item\">                    <div class=\"pt-food-menu-main\">\n                        <div class=\"pt-food-menu-header\">                            <h6 class=\"pt-food-menu-title\">                                <span class=\"title-wrap\">Pancakes\t\t\t\t\t\t\t\t<\/span>                            <\/h6>\n                            <div class=\"pt-food-menu-lines\"><\/div>                        <\/div>                            <p class=\"pt-food-menu-details\">Vente de cr\u00eapes avec sauce maison et toppings<\/p>                    <\/div>\n                <\/div>                <div class=\"pt-food-menu-item\">                    <div class=\"pt-food-menu-main\">\n                        <div class=\"pt-food-menu-header\">                            <h6 class=\"pt-food-menu-title\">                                <span class=\"title-wrap\">Cr\u00eapes\t\t\t\t\t\t\t\t<\/span>                            <\/h6>\n                            <div class=\"pt-food-menu-lines\"><\/div>                        <\/div>                            <p class=\"pt-food-menu-details\">Vente de cr\u00eapes, de cr\u00eapes \u00e0 la cr\u00e8me et de strudel au four fra\u00eechement pr\u00e9par\u00e9s<\/p>                    <\/div>\n                <\/div>                <div class=\"pt-food-menu-item\">                    <div class=\"pt-food-menu-main\">\n                        <div class=\"pt-food-menu-header\">                            <h6 class=\"pt-food-menu-title\">                                <span class=\"title-wrap\">Biscuits Mutzen\t\t\t\t\t\t\t\t<\/span>                            <\/h6>\n                            <div class=\"pt-food-menu-lines\"><\/div>                        <\/div>                            <p class=\"pt-food-menu-details\">Biscuits Mutzen<\/p>                    <\/div>\n                <\/div>                <div class=\"pt-food-menu-item\">                    <div class=\"pt-food-menu-main\">\n                        <div class=\"pt-food-menu-header\">                            <h6 class=\"pt-food-menu-title\">                                <span class=\"title-wrap\">Mokka Ur\t\t\t\t\t\t\t\t<\/span>                            <\/h6>\n                            <div class=\"pt-food-menu-lines\"><\/div>                        <\/div>                            <p class=\"pt-food-menu-details\">Moka fra\u00eechement pr\u00e9par\u00e9 en diff\u00e9rents parfums et moka en verre \u00e0 consommer chez soi<\/p>                    <\/div>\n                <\/div>                <div class=\"pt-food-menu-item\">                    <div class=\"pt-food-menu-main\">\n                        <div class=\"pt-food-menu-header\">                            <h6 class=\"pt-food-menu-title\">                                <span class=\"title-wrap\">L\u00e1ngos hongrois\t\t\t\t\t\t\t\t<\/span>                            <\/h6>\n                            <div class=\"pt-food-menu-lines\"><\/div>                        <\/div>                            <p class=\"pt-food-menu-details\">Langos fra\u00eechement pr\u00e9par\u00e9s<\/p>                    <\/div>\n                <\/div>                <div class=\"pt-food-menu-item\">                    <div class=\"pt-food-menu-main\">\n                        <div class=\"pt-food-menu-header\">                            <h6 class=\"pt-food-menu-title\">                                <span class=\"title-wrap\">Strieel d'arbre hongrois\t\t\t\t\t\t\t\t<\/span>                            <\/h6>\n                            <div class=\"pt-food-menu-lines\"><\/div>                        <\/div>                            <p class=\"pt-food-menu-details\">Tripes \u00e0 l'arbre hongroises et soupe au chou et au goulasch hongrois<\/p>                    <\/div>\n                <\/div>                <div class=\"pt-food-menu-item\">                    <div class=\"pt-food-menu-main\">\n                        <div class=\"pt-food-menu-header\">                            <h6 class=\"pt-food-menu-title\">                                <span class=\"title-wrap\">Cuisine du Cachemire Food\t\t\t\t\t\t\t\t<\/span>                            <\/h6>\n                            <div class=\"pt-food-menu-lines\"><\/div>                        <\/div>                            <p class=\"pt-food-menu-details\">Cuisine du Cachemire Food<\/p>                    <\/div>\n                <\/div>                <div class=\"pt-food-menu-item\">                    <div class=\"pt-food-menu-main\">\n                        <div class=\"pt-food-menu-header\">                            <h6 class=\"pt-food-menu-title\">                                <span class=\"title-wrap\">Douce Jama\u00efque\t\t\t\t\t\t\t\t<\/span>                            <\/h6>\n                            <div class=\"pt-food-menu-lines\"><\/div>                        <\/div>                            <p class=\"pt-food-menu-details\">Sp\u00e9cialit\u00e9s jama\u00efcaines<\/p>                    <\/div>\n                <\/div>                <div class=\"pt-food-menu-item\">                    <div class=\"pt-food-menu-main\">\n                        <div class=\"pt-food-menu-header\">                            <h6 class=\"pt-food-menu-title\">                                <span class=\"title-wrap\">La street food cor\u00e9enne\t\t\t\t\t\t\t\t<\/span>                            <\/h6>\n                            <div class=\"pt-food-menu-lines\"><\/div>                        <\/div>                            <p class=\"pt-food-menu-details\">Vente de raviolis cor\u00e9ens fra\u00eechement pr\u00e9par\u00e9s<\/p>                    <\/div>\n                <\/div>                <div class=\"pt-food-menu-item\">                    <div class=\"pt-food-menu-main\">\n                        <div class=\"pt-food-menu-header\">                            <h6 class=\"pt-food-menu-title\">                                <span class=\"title-wrap\">Aliments asiatiques\t\t\t\t\t\t\t\t<\/span>                            <\/h6>\n                            <div class=\"pt-food-menu-lines\"><\/div>                        <\/div>                            <p class=\"pt-food-menu-details\">Vente de plats asiatiques Indo-Chinois<\/p>                    <\/div>\n                <\/div>                <div class=\"pt-food-menu-item\">                    <div class=\"pt-food-menu-main\">\n                        <div class=\"pt-food-menu-header\">                            <h6 class=\"pt-food-menu-title\">                                <span class=\"title-wrap\">Sp\u00e9cialit\u00e9s de l'Himalaya\t\t\t\t\t\t\t\t<\/span>                            <\/h6>\n                            <div class=\"pt-food-menu-lines\"><\/div>                        <\/div>                            <p class=\"pt-food-menu-details\">Vente de momos (raviolis n\u00e9palais) et de nourriture n\u00e9palaise<\/p>                    <\/div>\n                <\/div>                <div class=\"pt-food-menu-item\">                    <div class=\"pt-food-menu-main\">\n                        <div class=\"pt-food-menu-header\">                            <h6 class=\"pt-food-menu-title\">                                <span class=\"title-wrap\">Empanadas\t\t\t\t\t\t\t\t<\/span>                            <\/h6>\n                            <div class=\"pt-food-menu-lines\"><\/div>                        <\/div>                            <p class=\"pt-food-menu-details\">Vente d'empanadas p\u00e9ruviens<\/p>                    <\/div>\n                <\/div>                <div class=\"pt-food-menu-item\">                    <div class=\"pt-food-menu-main\">\n                        <div class=\"pt-food-menu-header\">                            <h6 class=\"pt-food-menu-title\">                                <span class=\"title-wrap\">Strudel\t\t\t\t\t\t\t\t<\/span>                            <\/h6>\n                            <div class=\"pt-food-menu-lines\"><\/div>                        <\/div>                            <p class=\"pt-food-menu-details\">Vente de strudels artisanaux (aux graines de pavot, aux noix et aux cerises)<\/p>                    <\/div>\n                <\/div>                <div class=\"pt-food-menu-item\">                    <div class=\"pt-food-menu-main\">\n                        <div class=\"pt-food-menu-header\">                            <h6 class=\"pt-food-menu-title\">                                <span class=\"title-wrap\">Boulangerie Bretzel\t\t\t\t\t\t\t\t<\/span>                            <\/h6>\n                            <div class=\"pt-food-menu-lines\"><\/div>                        <\/div>                            <p class=\"pt-food-menu-details\">Bretzels avec diff\u00e9rents ingr\u00e9dients <\/p>                    <\/div>\n                <\/div>                <div class=\"pt-food-menu-item\">                    <div class=\"pt-food-menu-main\">\n                        <div class=\"pt-food-menu-header\">                            <h6 class=\"pt-food-menu-title\">                                <span class=\"title-wrap\">Maroni\t\t\t\t\t\t\t\t<\/span>                            <\/h6>\n                            <div class=\"pt-food-menu-lines\"><\/div>                        <\/div>                            <p class=\"pt-food-menu-details\">Vente de marrons chauds<\/p>                    <\/div>\n                <\/div>            <\/div>\t\t\t\t<\/div>\n\t\t\t\t<\/div>\n\t\t\t\t\t<\/div>\n\t\t<\/div>\n\t\t\t\t\t<\/div>\n\t\t<\/section>\n\t\t\t\t<section class=\"elementor-section elementor-top-section elementor-element elementor-element-a418fd0 elementor-section-boxed elementor-section-height-default elementor-section-height-default\" data-id=\"a418fd0\" data-element_type=\"section\" data-e-type=\"section\" data-settings=\"{&quot;background_background&quot;:&quot;classic&quot;}\">\n\t\t\t\t\t\t<div class=\"elementor-container elementor-column-gap-no\">\n\t\t\t\t\t<div class=\"elementor-column elementor-col-100 elementor-top-column elementor-element elementor-element-eb6120e dark-color\" data-id=\"eb6120e\" data-element_type=\"column\" data-e-type=\"column\">\n\t\t\t<div class=\"elementor-widget-wrap elementor-element-populated\">\n\t\t\t\t\t\t<div class=\"elementor-element elementor-element-bac3b2a pt-animation-medium-offset elementor-invisible elementor-widget elementor-widget-pt_gallery\" data-id=\"bac3b2a\" data-element_type=\"widget\" data-e-type=\"widget\" data-settings=\"{&quot;_animation&quot;:&quot;fadeInUp&quot;,&quot;_animation_delay&quot;:500}\" data-widget_type=\"pt_gallery.default\">\n\t\t\t\t<div class=\"elementor-widget-container\">\n\t\t\t\t\t\n            <div class=\"pt-gallery gap-5 gallery-carousel align-middle-v\" data-column=\"1\" data-fade=\"on\" data-autoplay=\"on\" data-autoplay-speed=\"5000\" data-show-arrows=\"on\" data-show-dots=\"on\">\n                <div class=\"pt-gallery-wrap\">                    <div class=\"pt-gallery-item\">                            <a href=\"https:\/\/wintermarkt-schlossplatz.de\/wp-content\/uploads\/2025\/11\/Wintermarkt-Schlossplatz-2025-13.webp\" data-elementor-open-lightbox=\"yes\" data-elementor-lightbox-slideshow=\"bac3b2a\" data-elementor-lightbox-title=\"Wintermarkt-Schlossplatz-2025-13\" data-e-action-hash=\"#elementor-action%3Aaction%3Dlightbox%26settings%3DeyJpZCI6ODUzNywidXJsIjoiaHR0cHM6XC9cL3dpbnRlcm1hcmt0LXNjaGxvc3NwbGF0ei5kZVwvd3AtY29udGVudFwvdXBsb2Fkc1wvMjAyNVwvMTFcL1dpbnRlcm1hcmt0LVNjaGxvc3NwbGF0ei0yMDI1LTEzLndlYnAiLCJzbGlkZXNob3ciOiJiYWMzYjJhIn0%3D\"><img fetchpriority=\"high\" decoding=\"async\" width=\"1500\" height=\"1000\" src=\"https:\/\/wintermarkt-schlossplatz.de\/wp-content\/uploads\/2025\/11\/Wintermarkt-Schlossplatz-2025-13.webp\" class=\"attachment-full size-full wp-image-8537\" alt=\"\" srcset=\"https:\/\/wintermarkt-schlossplatz.de\/wp-content\/uploads\/2025\/11\/Wintermarkt-Schlossplatz-2025-13.webp 1500w, https:\/\/wintermarkt-schlossplatz.de\/wp-content\/uploads\/2025\/11\/Wintermarkt-Schlossplatz-2025-13-300x200.webp 300w, https:\/\/wintermarkt-schlossplatz.de\/wp-content\/uploads\/2025\/11\/Wintermarkt-Schlossplatz-2025-13-1024x683.webp 1024w, https:\/\/wintermarkt-schlossplatz.de\/wp-content\/uploads\/2025\/11\/Wintermarkt-Schlossplatz-2025-13-768x512.webp 768w, https:\/\/wintermarkt-schlossplatz.de\/wp-content\/uploads\/2025\/11\/Wintermarkt-Schlossplatz-2025-13-18x12.webp 18w, https:\/\/wintermarkt-schlossplatz.de\/wp-content\/uploads\/2025\/11\/Wintermarkt-Schlossplatz-2025-13-1440x960.webp 1440w, https:\/\/wintermarkt-schlossplatz.de\/wp-content\/uploads\/2025\/11\/Wintermarkt-Schlossplatz-2025-13-1200x800.webp 1200w, https:\/\/wintermarkt-schlossplatz.de\/wp-content\/uploads\/2025\/11\/Wintermarkt-Schlossplatz-2025-13-780x520.webp 780w, https:\/\/wintermarkt-schlossplatz.de\/wp-content\/uploads\/2025\/11\/Wintermarkt-Schlossplatz-2025-13-600x400.webp 600w, https:\/\/wintermarkt-schlossplatz.de\/wp-content\/uploads\/2025\/11\/Wintermarkt-Schlossplatz-2025-13-550x367.webp 550w, https:\/\/wintermarkt-schlossplatz.de\/wp-content\/uploads\/2025\/11\/Wintermarkt-Schlossplatz-2025-13-370x247.webp 370w, https:\/\/wintermarkt-schlossplatz.de\/wp-content\/uploads\/2025\/11\/Wintermarkt-Schlossplatz-2025-13-255x170.webp 255w\" sizes=\"(max-width: 1500px) 100vw, 1500px\" \/><\/a>                    <\/div>                    <div class=\"pt-gallery-item\">                            <a href=\"https:\/\/wintermarkt-schlossplatz.de\/wp-content\/uploads\/2023\/10\/Kulinarisches06.webp\" data-elementor-open-lightbox=\"yes\" data-elementor-lightbox-slideshow=\"bac3b2a\" data-elementor-lightbox-title=\"Kulinarisches06\" data-e-action-hash=\"#elementor-action%3Aaction%3Dlightbox%26settings%3DeyJpZCI6NzAzMSwidXJsIjoiaHR0cHM6XC9cL3dpbnRlcm1hcmt0LXNjaGxvc3NwbGF0ei5kZVwvd3AtY29udGVudFwvdXBsb2Fkc1wvMjAyM1wvMTBcL0t1bGluYXJpc2NoZXMwNi53ZWJwIiwic2xpZGVzaG93IjoiYmFjM2IyYSJ9\"><img decoding=\"async\" width=\"1535\" height=\"1024\" src=\"https:\/\/wintermarkt-schlossplatz.de\/wp-content\/uploads\/2023\/10\/Kulinarisches06.webp\" class=\"attachment-full size-full wp-image-7031\" alt=\"\" srcset=\"https:\/\/wintermarkt-schlossplatz.de\/wp-content\/uploads\/2023\/10\/Kulinarisches06.webp 1535w, https:\/\/wintermarkt-schlossplatz.de\/wp-content\/uploads\/2023\/10\/Kulinarisches06-300x200.webp 300w, https:\/\/wintermarkt-schlossplatz.de\/wp-content\/uploads\/2023\/10\/Kulinarisches06-1024x683.webp 1024w, https:\/\/wintermarkt-schlossplatz.de\/wp-content\/uploads\/2023\/10\/Kulinarisches06-768x512.webp 768w, https:\/\/wintermarkt-schlossplatz.de\/wp-content\/uploads\/2023\/10\/Kulinarisches06-1440x961.webp 1440w, https:\/\/wintermarkt-schlossplatz.de\/wp-content\/uploads\/2023\/10\/Kulinarisches06-1200x801.webp 1200w, https:\/\/wintermarkt-schlossplatz.de\/wp-content\/uploads\/2023\/10\/Kulinarisches06-780x520.webp 780w, https:\/\/wintermarkt-schlossplatz.de\/wp-content\/uploads\/2023\/10\/Kulinarisches06-600x400.webp 600w, https:\/\/wintermarkt-schlossplatz.de\/wp-content\/uploads\/2023\/10\/Kulinarisches06-550x367.webp 550w, https:\/\/wintermarkt-schlossplatz.de\/wp-content\/uploads\/2023\/10\/Kulinarisches06-370x247.webp 370w, https:\/\/wintermarkt-schlossplatz.de\/wp-content\/uploads\/2023\/10\/Kulinarisches06-255x170.webp 255w\" sizes=\"(max-width: 1535px) 100vw, 1535px\" \/><\/a>                    <\/div>                    <div class=\"pt-gallery-item\">                            <a href=\"https:\/\/wintermarkt-schlossplatz.de\/wp-content\/uploads\/2025\/11\/Wintermarkt-Schlossplatz-2025-11.webp\" data-elementor-open-lightbox=\"yes\" data-elementor-lightbox-slideshow=\"bac3b2a\" data-elementor-lightbox-title=\"Wintermarkt-Schlossplatz-2025-11\" data-e-action-hash=\"#elementor-action%3Aaction%3Dlightbox%26settings%3DeyJpZCI6ODUzNSwidXJsIjoiaHR0cHM6XC9cL3dpbnRlcm1hcmt0LXNjaGxvc3NwbGF0ei5kZVwvd3AtY29udGVudFwvdXBsb2Fkc1wvMjAyNVwvMTFcL1dpbnRlcm1hcmt0LVNjaGxvc3NwbGF0ei0yMDI1LTExLndlYnAiLCJzbGlkZXNob3ciOiJiYWMzYjJhIn0%3D\"><img decoding=\"async\" width=\"1500\" height=\"1000\" src=\"https:\/\/wintermarkt-schlossplatz.de\/wp-content\/uploads\/2025\/11\/Wintermarkt-Schlossplatz-2025-11.webp\" class=\"attachment-full size-full wp-image-8535\" alt=\"\" srcset=\"https:\/\/wintermarkt-schlossplatz.de\/wp-content\/uploads\/2025\/11\/Wintermarkt-Schlossplatz-2025-11.webp 1500w, https:\/\/wintermarkt-schlossplatz.de\/wp-content\/uploads\/2025\/11\/Wintermarkt-Schlossplatz-2025-11-300x200.webp 300w, https:\/\/wintermarkt-schlossplatz.de\/wp-content\/uploads\/2025\/11\/Wintermarkt-Schlossplatz-2025-11-1024x683.webp 1024w, https:\/\/wintermarkt-schlossplatz.de\/wp-content\/uploads\/2025\/11\/Wintermarkt-Schlossplatz-2025-11-768x512.webp 768w, https:\/\/wintermarkt-schlossplatz.de\/wp-content\/uploads\/2025\/11\/Wintermarkt-Schlossplatz-2025-11-18x12.webp 18w, https:\/\/wintermarkt-schlossplatz.de\/wp-content\/uploads\/2025\/11\/Wintermarkt-Schlossplatz-2025-11-1440x960.webp 1440w, https:\/\/wintermarkt-schlossplatz.de\/wp-content\/uploads\/2025\/11\/Wintermarkt-Schlossplatz-2025-11-1200x800.webp 1200w, https:\/\/wintermarkt-schlossplatz.de\/wp-content\/uploads\/2025\/11\/Wintermarkt-Schlossplatz-2025-11-780x520.webp 780w, https:\/\/wintermarkt-schlossplatz.de\/wp-content\/uploads\/2025\/11\/Wintermarkt-Schlossplatz-2025-11-600x400.webp 600w, https:\/\/wintermarkt-schlossplatz.de\/wp-content\/uploads\/2025\/11\/Wintermarkt-Schlossplatz-2025-11-550x367.webp 550w, https:\/\/wintermarkt-schlossplatz.de\/wp-content\/uploads\/2025\/11\/Wintermarkt-Schlossplatz-2025-11-370x247.webp 370w, https:\/\/wintermarkt-schlossplatz.de\/wp-content\/uploads\/2025\/11\/Wintermarkt-Schlossplatz-2025-11-255x170.webp 255w\" sizes=\"(max-width: 1500px) 100vw, 1500px\" \/><\/a>                    <\/div>                    <div class=\"pt-gallery-item\">                            <a href=\"https:\/\/wintermarkt-schlossplatz.de\/wp-content\/uploads\/2024\/12\/wintermarkt_2024-30.webp\" data-elementor-open-lightbox=\"yes\" data-elementor-lightbox-slideshow=\"bac3b2a\" data-elementor-lightbox-title=\"wintermarkt_2024-30\" data-e-action-hash=\"#elementor-action%3Aaction%3Dlightbox%26settings%3DeyJpZCI6ODEzMSwidXJsIjoiaHR0cHM6XC9cL3dpbnRlcm1hcmt0LXNjaGxvc3NwbGF0ei5kZVwvd3AtY29udGVudFwvdXBsb2Fkc1wvMjAyNFwvMTJcL3dpbnRlcm1hcmt0XzIwMjQtMzAud2VicCIsInNsaWRlc2hvdyI6ImJhYzNiMmEifQ%3D%3D\"><img loading=\"lazy\" decoding=\"async\" width=\"1500\" height=\"1000\" src=\"https:\/\/wintermarkt-schlossplatz.de\/wp-content\/uploads\/2024\/12\/wintermarkt_2024-30.webp\" class=\"attachment-full size-full wp-image-8131\" alt=\"\" srcset=\"https:\/\/wintermarkt-schlossplatz.de\/wp-content\/uploads\/2024\/12\/wintermarkt_2024-30.webp 1500w, https:\/\/wintermarkt-schlossplatz.de\/wp-content\/uploads\/2024\/12\/wintermarkt_2024-30-300x200.webp 300w, https:\/\/wintermarkt-schlossplatz.de\/wp-content\/uploads\/2024\/12\/wintermarkt_2024-30-1024x683.webp 1024w, https:\/\/wintermarkt-schlossplatz.de\/wp-content\/uploads\/2024\/12\/wintermarkt_2024-30-768x512.webp 768w, https:\/\/wintermarkt-schlossplatz.de\/wp-content\/uploads\/2024\/12\/wintermarkt_2024-30-18x12.webp 18w, https:\/\/wintermarkt-schlossplatz.de\/wp-content\/uploads\/2024\/12\/wintermarkt_2024-30-1440x960.webp 1440w, https:\/\/wintermarkt-schlossplatz.de\/wp-content\/uploads\/2024\/12\/wintermarkt_2024-30-1200x800.webp 1200w, https:\/\/wintermarkt-schlossplatz.de\/wp-content\/uploads\/2024\/12\/wintermarkt_2024-30-780x520.webp 780w, https:\/\/wintermarkt-schlossplatz.de\/wp-content\/uploads\/2024\/12\/wintermarkt_2024-30-600x400.webp 600w, https:\/\/wintermarkt-schlossplatz.de\/wp-content\/uploads\/2024\/12\/wintermarkt_2024-30-550x367.webp 550w, https:\/\/wintermarkt-schlossplatz.de\/wp-content\/uploads\/2024\/12\/wintermarkt_2024-30-370x247.webp 370w, https:\/\/wintermarkt-schlossplatz.de\/wp-content\/uploads\/2024\/12\/wintermarkt_2024-30-255x170.webp 255w\" sizes=\"(max-width: 1500px) 100vw, 1500px\" \/><\/a>                    <\/div>                    <div class=\"pt-gallery-item\">                            <a href=\"https:\/\/wintermarkt-schlossplatz.de\/wp-content\/uploads\/2024\/12\/wintermarkt_2024-11.webp\" data-elementor-open-lightbox=\"yes\" data-elementor-lightbox-slideshow=\"bac3b2a\" data-elementor-lightbox-title=\"wintermarkt_2024-11\" data-e-action-hash=\"#elementor-action%3Aaction%3Dlightbox%26settings%3DeyJpZCI6ODA4OCwidXJsIjoiaHR0cHM6XC9cL3dpbnRlcm1hcmt0LXNjaGxvc3NwbGF0ei5kZVwvd3AtY29udGVudFwvdXBsb2Fkc1wvMjAyNFwvMTJcL3dpbnRlcm1hcmt0XzIwMjQtMTEud2VicCIsInNsaWRlc2hvdyI6ImJhYzNiMmEifQ%3D%3D\"><img loading=\"lazy\" decoding=\"async\" width=\"2000\" height=\"1333\" src=\"https:\/\/wintermarkt-schlossplatz.de\/wp-content\/uploads\/2024\/12\/wintermarkt_2024-11.webp\" class=\"attachment-full size-full wp-image-8088\" alt=\"\" srcset=\"https:\/\/wintermarkt-schlossplatz.de\/wp-content\/uploads\/2024\/12\/wintermarkt_2024-11.webp 2000w, https:\/\/wintermarkt-schlossplatz.de\/wp-content\/uploads\/2024\/12\/wintermarkt_2024-11-300x200.webp 300w, https:\/\/wintermarkt-schlossplatz.de\/wp-content\/uploads\/2024\/12\/wintermarkt_2024-11-1024x682.webp 1024w, https:\/\/wintermarkt-schlossplatz.de\/wp-content\/uploads\/2024\/12\/wintermarkt_2024-11-768x512.webp 768w, https:\/\/wintermarkt-schlossplatz.de\/wp-content\/uploads\/2024\/12\/wintermarkt_2024-11-1536x1024.webp 1536w, https:\/\/wintermarkt-schlossplatz.de\/wp-content\/uploads\/2024\/12\/wintermarkt_2024-11-18x12.webp 18w, https:\/\/wintermarkt-schlossplatz.de\/wp-content\/uploads\/2024\/12\/wintermarkt_2024-11-1920x1280.webp 1920w, https:\/\/wintermarkt-schlossplatz.de\/wp-content\/uploads\/2024\/12\/wintermarkt_2024-11-1440x960.webp 1440w, https:\/\/wintermarkt-schlossplatz.de\/wp-content\/uploads\/2024\/12\/wintermarkt_2024-11-1200x800.webp 1200w, https:\/\/wintermarkt-schlossplatz.de\/wp-content\/uploads\/2024\/12\/wintermarkt_2024-11-780x520.webp 780w, https:\/\/wintermarkt-schlossplatz.de\/wp-content\/uploads\/2024\/12\/wintermarkt_2024-11-600x400.webp 600w, https:\/\/wintermarkt-schlossplatz.de\/wp-content\/uploads\/2024\/12\/wintermarkt_2024-11-550x367.webp 550w, https:\/\/wintermarkt-schlossplatz.de\/wp-content\/uploads\/2024\/12\/wintermarkt_2024-11-370x247.webp 370w, https:\/\/wintermarkt-schlossplatz.de\/wp-content\/uploads\/2024\/12\/wintermarkt_2024-11-255x170.webp 255w\" sizes=\"(max-width: 2000px) 100vw, 2000px\" \/><\/a>                    <\/div>                    <div class=\"pt-gallery-item\">                            <a href=\"https:\/\/wintermarkt-schlossplatz.de\/wp-content\/uploads\/2023\/12\/wintermarkt21.webp\" data-elementor-open-lightbox=\"yes\" data-elementor-lightbox-slideshow=\"bac3b2a\" data-elementor-lightbox-title=\"wintermarkt21\" data-e-action-hash=\"#elementor-action%3Aaction%3Dlightbox%26settings%3DeyJpZCI6NzU5MiwidXJsIjoiaHR0cHM6XC9cL3dpbnRlcm1hcmt0LXNjaGxvc3NwbGF0ei5kZVwvd3AtY29udGVudFwvdXBsb2Fkc1wvMjAyM1wvMTJcL3dpbnRlcm1hcmt0MjEud2VicCIsInNsaWRlc2hvdyI6ImJhYzNiMmEifQ%3D%3D\"><img loading=\"lazy\" decoding=\"async\" width=\"1500\" height=\"1000\" src=\"https:\/\/wintermarkt-schlossplatz.de\/wp-content\/uploads\/2023\/12\/wintermarkt21.webp\" class=\"attachment-full size-full wp-image-7592\" alt=\"\" srcset=\"https:\/\/wintermarkt-schlossplatz.de\/wp-content\/uploads\/2023\/12\/wintermarkt21.webp 1500w, https:\/\/wintermarkt-schlossplatz.de\/wp-content\/uploads\/2023\/12\/wintermarkt21-300x200.webp 300w, https:\/\/wintermarkt-schlossplatz.de\/wp-content\/uploads\/2023\/12\/wintermarkt21-1024x683.webp 1024w, https:\/\/wintermarkt-schlossplatz.de\/wp-content\/uploads\/2023\/12\/wintermarkt21-768x512.webp 768w, https:\/\/wintermarkt-schlossplatz.de\/wp-content\/uploads\/2023\/12\/wintermarkt21-1440x960.webp 1440w, https:\/\/wintermarkt-schlossplatz.de\/wp-content\/uploads\/2023\/12\/wintermarkt21-1200x800.webp 1200w, https:\/\/wintermarkt-schlossplatz.de\/wp-content\/uploads\/2023\/12\/wintermarkt21-780x520.webp 780w, https:\/\/wintermarkt-schlossplatz.de\/wp-content\/uploads\/2023\/12\/wintermarkt21-600x400.webp 600w, https:\/\/wintermarkt-schlossplatz.de\/wp-content\/uploads\/2023\/12\/wintermarkt21-550x367.webp 550w, https:\/\/wintermarkt-schlossplatz.de\/wp-content\/uploads\/2023\/12\/wintermarkt21-370x247.webp 370w, https:\/\/wintermarkt-schlossplatz.de\/wp-content\/uploads\/2023\/12\/wintermarkt21-255x170.webp 255w\" sizes=\"(max-width: 1500px) 100vw, 1500px\" \/><\/a>                    <\/div>                    <div class=\"pt-gallery-item\">                            <a href=\"https:\/\/wintermarkt-schlossplatz.de\/wp-content\/uploads\/2025\/11\/WinterCottage-am-Humboldt-Forum.webp\" data-elementor-open-lightbox=\"yes\" data-elementor-lightbox-slideshow=\"bac3b2a\" data-elementor-lightbox-title=\"WinterCottage-am-Humboldt-Forum\" data-e-action-hash=\"#elementor-action%3Aaction%3Dlightbox%26settings%3DeyJpZCI6ODU0MSwidXJsIjoiaHR0cHM6XC9cL3dpbnRlcm1hcmt0LXNjaGxvc3NwbGF0ei5kZVwvd3AtY29udGVudFwvdXBsb2Fkc1wvMjAyNVwvMTFcL1dpbnRlckNvdHRhZ2UtYW0tSHVtYm9sZHQtRm9ydW0ud2VicCIsInNsaWRlc2hvdyI6ImJhYzNiMmEifQ%3D%3D\"><img loading=\"lazy\" decoding=\"async\" width=\"1500\" height=\"1000\" src=\"https:\/\/wintermarkt-schlossplatz.de\/wp-content\/uploads\/2025\/11\/WinterCottage-am-Humboldt-Forum.webp\" class=\"attachment-full size-full wp-image-8541\" alt=\"\" srcset=\"https:\/\/wintermarkt-schlossplatz.de\/wp-content\/uploads\/2025\/11\/WinterCottage-am-Humboldt-Forum.webp 1500w, https:\/\/wintermarkt-schlossplatz.de\/wp-content\/uploads\/2025\/11\/WinterCottage-am-Humboldt-Forum-300x200.webp 300w, https:\/\/wintermarkt-schlossplatz.de\/wp-content\/uploads\/2025\/11\/WinterCottage-am-Humboldt-Forum-1024x683.webp 1024w, https:\/\/wintermarkt-schlossplatz.de\/wp-content\/uploads\/2025\/11\/WinterCottage-am-Humboldt-Forum-768x512.webp 768w, https:\/\/wintermarkt-schlossplatz.de\/wp-content\/uploads\/2025\/11\/WinterCottage-am-Humboldt-Forum-18x12.webp 18w, https:\/\/wintermarkt-schlossplatz.de\/wp-content\/uploads\/2025\/11\/WinterCottage-am-Humboldt-Forum-1440x960.webp 1440w, https:\/\/wintermarkt-schlossplatz.de\/wp-content\/uploads\/2025\/11\/WinterCottage-am-Humboldt-Forum-1200x800.webp 1200w, https:\/\/wintermarkt-schlossplatz.de\/wp-content\/uploads\/2025\/11\/WinterCottage-am-Humboldt-Forum-780x520.webp 780w, https:\/\/wintermarkt-schlossplatz.de\/wp-content\/uploads\/2025\/11\/WinterCottage-am-Humboldt-Forum-600x400.webp 600w, https:\/\/wintermarkt-schlossplatz.de\/wp-content\/uploads\/2025\/11\/WinterCottage-am-Humboldt-Forum-550x367.webp 550w, https:\/\/wintermarkt-schlossplatz.de\/wp-content\/uploads\/2025\/11\/WinterCottage-am-Humboldt-Forum-370x247.webp 370w, https:\/\/wintermarkt-schlossplatz.de\/wp-content\/uploads\/2025\/11\/WinterCottage-am-Humboldt-Forum-255x170.webp 255w\" sizes=\"(max-width: 1500px) 100vw, 1500px\" \/><\/a>                    <\/div>                    <div class=\"pt-gallery-item\">                            <a href=\"https:\/\/wintermarkt-schlossplatz.de\/wp-content\/uploads\/2025\/11\/Wintermarkt-Schlossplatz-2025-08.webp\" data-elementor-open-lightbox=\"yes\" data-elementor-lightbox-slideshow=\"bac3b2a\" data-elementor-lightbox-title=\"Wintermarkt-Schlossplatz-2025-08\" data-e-action-hash=\"#elementor-action%3Aaction%3Dlightbox%26settings%3DeyJpZCI6ODUzMiwidXJsIjoiaHR0cHM6XC9cL3dpbnRlcm1hcmt0LXNjaGxvc3NwbGF0ei5kZVwvd3AtY29udGVudFwvdXBsb2Fkc1wvMjAyNVwvMTFcL1dpbnRlcm1hcmt0LVNjaGxvc3NwbGF0ei0yMDI1LTA4LndlYnAiLCJzbGlkZXNob3ciOiJiYWMzYjJhIn0%3D\"><img loading=\"lazy\" decoding=\"async\" width=\"1500\" height=\"1000\" src=\"https:\/\/wintermarkt-schlossplatz.de\/wp-content\/uploads\/2025\/11\/Wintermarkt-Schlossplatz-2025-08.webp\" class=\"attachment-full size-full wp-image-8532\" alt=\"\" srcset=\"https:\/\/wintermarkt-schlossplatz.de\/wp-content\/uploads\/2025\/11\/Wintermarkt-Schlossplatz-2025-08.webp 1500w, https:\/\/wintermarkt-schlossplatz.de\/wp-content\/uploads\/2025\/11\/Wintermarkt-Schlossplatz-2025-08-300x200.webp 300w, https:\/\/wintermarkt-schlossplatz.de\/wp-content\/uploads\/2025\/11\/Wintermarkt-Schlossplatz-2025-08-1024x683.webp 1024w, https:\/\/wintermarkt-schlossplatz.de\/wp-content\/uploads\/2025\/11\/Wintermarkt-Schlossplatz-2025-08-768x512.webp 768w, https:\/\/wintermarkt-schlossplatz.de\/wp-content\/uploads\/2025\/11\/Wintermarkt-Schlossplatz-2025-08-18x12.webp 18w, https:\/\/wintermarkt-schlossplatz.de\/wp-content\/uploads\/2025\/11\/Wintermarkt-Schlossplatz-2025-08-1440x960.webp 1440w, https:\/\/wintermarkt-schlossplatz.de\/wp-content\/uploads\/2025\/11\/Wintermarkt-Schlossplatz-2025-08-1200x800.webp 1200w, https:\/\/wintermarkt-schlossplatz.de\/wp-content\/uploads\/2025\/11\/Wintermarkt-Schlossplatz-2025-08-780x520.webp 780w, https:\/\/wintermarkt-schlossplatz.de\/wp-content\/uploads\/2025\/11\/Wintermarkt-Schlossplatz-2025-08-600x400.webp 600w, https:\/\/wintermarkt-schlossplatz.de\/wp-content\/uploads\/2025\/11\/Wintermarkt-Schlossplatz-2025-08-550x367.webp 550w, https:\/\/wintermarkt-schlossplatz.de\/wp-content\/uploads\/2025\/11\/Wintermarkt-Schlossplatz-2025-08-370x247.webp 370w, https:\/\/wintermarkt-schlossplatz.de\/wp-content\/uploads\/2025\/11\/Wintermarkt-Schlossplatz-2025-08-255x170.webp 255w\" sizes=\"(max-width: 1500px) 100vw, 1500px\" \/><\/a>                    <\/div>                    <div class=\"pt-gallery-item\">                            <a href=\"https:\/\/wintermarkt-schlossplatz.de\/wp-content\/uploads\/2023\/10\/Kulinarisches07.webp\" data-elementor-open-lightbox=\"yes\" data-elementor-lightbox-slideshow=\"bac3b2a\" data-elementor-lightbox-title=\"Kulinarisches07\" data-e-action-hash=\"#elementor-action%3Aaction%3Dlightbox%26settings%3DeyJpZCI6NzAzMiwidXJsIjoiaHR0cHM6XC9cL3dpbnRlcm1hcmt0LXNjaGxvc3NwbGF0ei5kZVwvd3AtY29udGVudFwvdXBsb2Fkc1wvMjAyM1wvMTBcL0t1bGluYXJpc2NoZXMwNy53ZWJwIiwic2xpZGVzaG93IjoiYmFjM2IyYSJ9\"><img loading=\"lazy\" decoding=\"async\" width=\"1535\" height=\"1024\" src=\"https:\/\/wintermarkt-schlossplatz.de\/wp-content\/uploads\/2023\/10\/Kulinarisches07.webp\" class=\"attachment-full size-full wp-image-7032\" alt=\"\" srcset=\"https:\/\/wintermarkt-schlossplatz.de\/wp-content\/uploads\/2023\/10\/Kulinarisches07.webp 1535w, https:\/\/wintermarkt-schlossplatz.de\/wp-content\/uploads\/2023\/10\/Kulinarisches07-300x200.webp 300w, https:\/\/wintermarkt-schlossplatz.de\/wp-content\/uploads\/2023\/10\/Kulinarisches07-1024x683.webp 1024w, https:\/\/wintermarkt-schlossplatz.de\/wp-content\/uploads\/2023\/10\/Kulinarisches07-768x512.webp 768w, https:\/\/wintermarkt-schlossplatz.de\/wp-content\/uploads\/2023\/10\/Kulinarisches07-1440x961.webp 1440w, https:\/\/wintermarkt-schlossplatz.de\/wp-content\/uploads\/2023\/10\/Kulinarisches07-1200x801.webp 1200w, https:\/\/wintermarkt-schlossplatz.de\/wp-content\/uploads\/2023\/10\/Kulinarisches07-780x520.webp 780w, https:\/\/wintermarkt-schlossplatz.de\/wp-content\/uploads\/2023\/10\/Kulinarisches07-600x400.webp 600w, https:\/\/wintermarkt-schlossplatz.de\/wp-content\/uploads\/2023\/10\/Kulinarisches07-550x367.webp 550w, https:\/\/wintermarkt-schlossplatz.de\/wp-content\/uploads\/2023\/10\/Kulinarisches07-370x247.webp 370w, https:\/\/wintermarkt-schlossplatz.de\/wp-content\/uploads\/2023\/10\/Kulinarisches07-255x170.webp 255w\" sizes=\"(max-width: 1535px) 100vw, 1535px\" \/><\/a>                    <\/div>                    <div class=\"pt-gallery-item\">                            <a href=\"https:\/\/wintermarkt-schlossplatz.de\/wp-content\/uploads\/2025\/11\/Wintermarkt-Schlossplatz-2025-12.webp\" data-elementor-open-lightbox=\"yes\" data-elementor-lightbox-slideshow=\"bac3b2a\" data-elementor-lightbox-title=\"Wintermarkt-Schlossplatz-2025-12\" data-e-action-hash=\"#elementor-action%3Aaction%3Dlightbox%26settings%3DeyJpZCI6ODUzNiwidXJsIjoiaHR0cHM6XC9cL3dpbnRlcm1hcmt0LXNjaGxvc3NwbGF0ei5kZVwvd3AtY29udGVudFwvdXBsb2Fkc1wvMjAyNVwvMTFcL1dpbnRlcm1hcmt0LVNjaGxvc3NwbGF0ei0yMDI1LTEyLndlYnAiLCJzbGlkZXNob3ciOiJiYWMzYjJhIn0%3D\"><img loading=\"lazy\" decoding=\"async\" width=\"1500\" height=\"1000\" src=\"https:\/\/wintermarkt-schlossplatz.de\/wp-content\/uploads\/2025\/11\/Wintermarkt-Schlossplatz-2025-12.webp\" class=\"attachment-full size-full wp-image-8536\" alt=\"\" srcset=\"https:\/\/wintermarkt-schlossplatz.de\/wp-content\/uploads\/2025\/11\/Wintermarkt-Schlossplatz-2025-12.webp 1500w, https:\/\/wintermarkt-schlossplatz.de\/wp-content\/uploads\/2025\/11\/Wintermarkt-Schlossplatz-2025-12-300x200.webp 300w, https:\/\/wintermarkt-schlossplatz.de\/wp-content\/uploads\/2025\/11\/Wintermarkt-Schlossplatz-2025-12-1024x683.webp 1024w, https:\/\/wintermarkt-schlossplatz.de\/wp-content\/uploads\/2025\/11\/Wintermarkt-Schlossplatz-2025-12-768x512.webp 768w, https:\/\/wintermarkt-schlossplatz.de\/wp-content\/uploads\/2025\/11\/Wintermarkt-Schlossplatz-2025-12-18x12.webp 18w, https:\/\/wintermarkt-schlossplatz.de\/wp-content\/uploads\/2025\/11\/Wintermarkt-Schlossplatz-2025-12-1440x960.webp 1440w, https:\/\/wintermarkt-schlossplatz.de\/wp-content\/uploads\/2025\/11\/Wintermarkt-Schlossplatz-2025-12-1200x800.webp 1200w, https:\/\/wintermarkt-schlossplatz.de\/wp-content\/uploads\/2025\/11\/Wintermarkt-Schlossplatz-2025-12-780x520.webp 780w, https:\/\/wintermarkt-schlossplatz.de\/wp-content\/uploads\/2025\/11\/Wintermarkt-Schlossplatz-2025-12-600x400.webp 600w, https:\/\/wintermarkt-schlossplatz.de\/wp-content\/uploads\/2025\/11\/Wintermarkt-Schlossplatz-2025-12-550x367.webp 550w, https:\/\/wintermarkt-schlossplatz.de\/wp-content\/uploads\/2025\/11\/Wintermarkt-Schlossplatz-2025-12-370x247.webp 370w, https:\/\/wintermarkt-schlossplatz.de\/wp-content\/uploads\/2025\/11\/Wintermarkt-Schlossplatz-2025-12-255x170.webp 255w\" sizes=\"(max-width: 1500px) 100vw, 1500px\" \/><\/a>                    <\/div>                    <div class=\"pt-gallery-item\">                            <a href=\"https:\/\/wintermarkt-schlossplatz.de\/wp-content\/uploads\/2023\/10\/Kulinarisches05.webp\" data-elementor-open-lightbox=\"yes\" data-elementor-lightbox-slideshow=\"bac3b2a\" data-elementor-lightbox-title=\"Kulinarisches05\" data-e-action-hash=\"#elementor-action%3Aaction%3Dlightbox%26settings%3DeyJpZCI6NzAzMCwidXJsIjoiaHR0cHM6XC9cL3dpbnRlcm1hcmt0LXNjaGxvc3NwbGF0ei5kZVwvd3AtY29udGVudFwvdXBsb2Fkc1wvMjAyM1wvMTBcL0t1bGluYXJpc2NoZXMwNS53ZWJwIiwic2xpZGVzaG93IjoiYmFjM2IyYSJ9\"><img loading=\"lazy\" decoding=\"async\" width=\"1535\" height=\"1024\" src=\"https:\/\/wintermarkt-schlossplatz.de\/wp-content\/uploads\/2023\/10\/Kulinarisches05.webp\" class=\"attachment-full size-full wp-image-7030\" alt=\"\" srcset=\"https:\/\/wintermarkt-schlossplatz.de\/wp-content\/uploads\/2023\/10\/Kulinarisches05.webp 1535w, https:\/\/wintermarkt-schlossplatz.de\/wp-content\/uploads\/2023\/10\/Kulinarisches05-300x200.webp 300w, https:\/\/wintermarkt-schlossplatz.de\/wp-content\/uploads\/2023\/10\/Kulinarisches05-1024x683.webp 1024w, https:\/\/wintermarkt-schlossplatz.de\/wp-content\/uploads\/2023\/10\/Kulinarisches05-768x512.webp 768w, https:\/\/wintermarkt-schlossplatz.de\/wp-content\/uploads\/2023\/10\/Kulinarisches05-1440x961.webp 1440w, https:\/\/wintermarkt-schlossplatz.de\/wp-content\/uploads\/2023\/10\/Kulinarisches05-1200x801.webp 1200w, https:\/\/wintermarkt-schlossplatz.de\/wp-content\/uploads\/2023\/10\/Kulinarisches05-780x520.webp 780w, https:\/\/wintermarkt-schlossplatz.de\/wp-content\/uploads\/2023\/10\/Kulinarisches05-600x400.webp 600w, https:\/\/wintermarkt-schlossplatz.de\/wp-content\/uploads\/2023\/10\/Kulinarisches05-550x367.webp 550w, https:\/\/wintermarkt-schlossplatz.de\/wp-content\/uploads\/2023\/10\/Kulinarisches05-370x247.webp 370w, https:\/\/wintermarkt-schlossplatz.de\/wp-content\/uploads\/2023\/10\/Kulinarisches05-255x170.webp 255w\" sizes=\"(max-width: 1535px) 100vw, 1535px\" \/><\/a>                    <\/div>                    <div class=\"pt-gallery-item\">                            <a href=\"https:\/\/wintermarkt-schlossplatz.de\/wp-content\/uploads\/2025\/11\/Wintermarkt-Schlossplatz-2025-04.webp\" data-elementor-open-lightbox=\"yes\" data-elementor-lightbox-slideshow=\"bac3b2a\" data-elementor-lightbox-title=\"Wintermarkt-Schlossplatz-2025-04\" data-e-action-hash=\"#elementor-action%3Aaction%3Dlightbox%26settings%3DeyJpZCI6ODUyOCwidXJsIjoiaHR0cHM6XC9cL3dpbnRlcm1hcmt0LXNjaGxvc3NwbGF0ei5kZVwvd3AtY29udGVudFwvdXBsb2Fkc1wvMjAyNVwvMTFcL1dpbnRlcm1hcmt0LVNjaGxvc3NwbGF0ei0yMDI1LTA0LndlYnAiLCJzbGlkZXNob3ciOiJiYWMzYjJhIn0%3D\"><img loading=\"lazy\" decoding=\"async\" width=\"1500\" height=\"1000\" src=\"https:\/\/wintermarkt-schlossplatz.de\/wp-content\/uploads\/2025\/11\/Wintermarkt-Schlossplatz-2025-04.webp\" class=\"attachment-full size-full wp-image-8528\" alt=\"\" srcset=\"https:\/\/wintermarkt-schlossplatz.de\/wp-content\/uploads\/2025\/11\/Wintermarkt-Schlossplatz-2025-04.webp 1500w, https:\/\/wintermarkt-schlossplatz.de\/wp-content\/uploads\/2025\/11\/Wintermarkt-Schlossplatz-2025-04-300x200.webp 300w, https:\/\/wintermarkt-schlossplatz.de\/wp-content\/uploads\/2025\/11\/Wintermarkt-Schlossplatz-2025-04-1024x683.webp 1024w, https:\/\/wintermarkt-schlossplatz.de\/wp-content\/uploads\/2025\/11\/Wintermarkt-Schlossplatz-2025-04-768x512.webp 768w, https:\/\/wintermarkt-schlossplatz.de\/wp-content\/uploads\/2025\/11\/Wintermarkt-Schlossplatz-2025-04-18x12.webp 18w, https:\/\/wintermarkt-schlossplatz.de\/wp-content\/uploads\/2025\/11\/Wintermarkt-Schlossplatz-2025-04-1440x960.webp 1440w, https:\/\/wintermarkt-schlossplatz.de\/wp-content\/uploads\/2025\/11\/Wintermarkt-Schlossplatz-2025-04-1200x800.webp 1200w, https:\/\/wintermarkt-schlossplatz.de\/wp-content\/uploads\/2025\/11\/Wintermarkt-Schlossplatz-2025-04-780x520.webp 780w, https:\/\/wintermarkt-schlossplatz.de\/wp-content\/uploads\/2025\/11\/Wintermarkt-Schlossplatz-2025-04-600x400.webp 600w, https:\/\/wintermarkt-schlossplatz.de\/wp-content\/uploads\/2025\/11\/Wintermarkt-Schlossplatz-2025-04-550x367.webp 550w, https:\/\/wintermarkt-schlossplatz.de\/wp-content\/uploads\/2025\/11\/Wintermarkt-Schlossplatz-2025-04-370x247.webp 370w, https:\/\/wintermarkt-schlossplatz.de\/wp-content\/uploads\/2025\/11\/Wintermarkt-Schlossplatz-2025-04-255x170.webp 255w\" sizes=\"(max-width: 1500px) 100vw, 1500px\" \/><\/a>                    <\/div>                    <div class=\"pt-gallery-item\">                            <a href=\"https:\/\/wintermarkt-schlossplatz.de\/wp-content\/uploads\/2025\/11\/Wintermarkt-Schlossplatz-2025-01.webp\" data-elementor-open-lightbox=\"yes\" data-elementor-lightbox-slideshow=\"bac3b2a\" data-elementor-lightbox-title=\"Wintermarkt-Schlossplatz-2025-01\" data-e-action-hash=\"#elementor-action%3Aaction%3Dlightbox%26settings%3DeyJpZCI6ODUyNSwidXJsIjoiaHR0cHM6XC9cL3dpbnRlcm1hcmt0LXNjaGxvc3NwbGF0ei5kZVwvd3AtY29udGVudFwvdXBsb2Fkc1wvMjAyNVwvMTFcL1dpbnRlcm1hcmt0LVNjaGxvc3NwbGF0ei0yMDI1LTAxLndlYnAiLCJzbGlkZXNob3ciOiJiYWMzYjJhIn0%3D\"><img loading=\"lazy\" decoding=\"async\" width=\"1500\" height=\"1000\" src=\"https:\/\/wintermarkt-schlossplatz.de\/wp-content\/uploads\/2025\/11\/Wintermarkt-Schlossplatz-2025-01.webp\" class=\"attachment-full size-full wp-image-8525\" alt=\"\" srcset=\"https:\/\/wintermarkt-schlossplatz.de\/wp-content\/uploads\/2025\/11\/Wintermarkt-Schlossplatz-2025-01.webp 1500w, https:\/\/wintermarkt-schlossplatz.de\/wp-content\/uploads\/2025\/11\/Wintermarkt-Schlossplatz-2025-01-300x200.webp 300w, https:\/\/wintermarkt-schlossplatz.de\/wp-content\/uploads\/2025\/11\/Wintermarkt-Schlossplatz-2025-01-1024x683.webp 1024w, https:\/\/wintermarkt-schlossplatz.de\/wp-content\/uploads\/2025\/11\/Wintermarkt-Schlossplatz-2025-01-768x512.webp 768w, https:\/\/wintermarkt-schlossplatz.de\/wp-content\/uploads\/2025\/11\/Wintermarkt-Schlossplatz-2025-01-18x12.webp 18w, https:\/\/wintermarkt-schlossplatz.de\/wp-content\/uploads\/2025\/11\/Wintermarkt-Schlossplatz-2025-01-1440x960.webp 1440w, https:\/\/wintermarkt-schlossplatz.de\/wp-content\/uploads\/2025\/11\/Wintermarkt-Schlossplatz-2025-01-1200x800.webp 1200w, https:\/\/wintermarkt-schlossplatz.de\/wp-content\/uploads\/2025\/11\/Wintermarkt-Schlossplatz-2025-01-780x520.webp 780w, https:\/\/wintermarkt-schlossplatz.de\/wp-content\/uploads\/2025\/11\/Wintermarkt-Schlossplatz-2025-01-600x400.webp 600w, https:\/\/wintermarkt-schlossplatz.de\/wp-content\/uploads\/2025\/11\/Wintermarkt-Schlossplatz-2025-01-550x367.webp 550w, https:\/\/wintermarkt-schlossplatz.de\/wp-content\/uploads\/2025\/11\/Wintermarkt-Schlossplatz-2025-01-370x247.webp 370w, https:\/\/wintermarkt-schlossplatz.de\/wp-content\/uploads\/2025\/11\/Wintermarkt-Schlossplatz-2025-01-255x170.webp 255w\" sizes=\"(max-width: 1500px) 100vw, 1500px\" \/><\/a>                    <\/div>                    <div class=\"pt-gallery-item\">                            <a href=\"https:\/\/wintermarkt-schlossplatz.de\/wp-content\/uploads\/2023\/12\/wintermarkt31.webp\" data-elementor-open-lightbox=\"yes\" data-elementor-lightbox-slideshow=\"bac3b2a\" data-elementor-lightbox-title=\"wintermarkt31\" data-e-action-hash=\"#elementor-action%3Aaction%3Dlightbox%26settings%3DeyJpZCI6Nzc1MywidXJsIjoiaHR0cHM6XC9cL3dpbnRlcm1hcmt0LXNjaGxvc3NwbGF0ei5kZVwvd3AtY29udGVudFwvdXBsb2Fkc1wvMjAyM1wvMTJcL3dpbnRlcm1hcmt0MzEud2VicCIsInNsaWRlc2hvdyI6ImJhYzNiMmEifQ%3D%3D\"><img loading=\"lazy\" decoding=\"async\" width=\"1500\" height=\"1000\" src=\"https:\/\/wintermarkt-schlossplatz.de\/wp-content\/uploads\/2023\/12\/wintermarkt31.webp\" class=\"attachment-full size-full wp-image-7753\" alt=\"\" srcset=\"https:\/\/wintermarkt-schlossplatz.de\/wp-content\/uploads\/2023\/12\/wintermarkt31.webp 1500w, https:\/\/wintermarkt-schlossplatz.de\/wp-content\/uploads\/2023\/12\/wintermarkt31-300x200.webp 300w, https:\/\/wintermarkt-schlossplatz.de\/wp-content\/uploads\/2023\/12\/wintermarkt31-1024x683.webp 1024w, https:\/\/wintermarkt-schlossplatz.de\/wp-content\/uploads\/2023\/12\/wintermarkt31-768x512.webp 768w, https:\/\/wintermarkt-schlossplatz.de\/wp-content\/uploads\/2023\/12\/wintermarkt31-1440x960.webp 1440w, https:\/\/wintermarkt-schlossplatz.de\/wp-content\/uploads\/2023\/12\/wintermarkt31-1200x800.webp 1200w, https:\/\/wintermarkt-schlossplatz.de\/wp-content\/uploads\/2023\/12\/wintermarkt31-780x520.webp 780w, https:\/\/wintermarkt-schlossplatz.de\/wp-content\/uploads\/2023\/12\/wintermarkt31-600x400.webp 600w, https:\/\/wintermarkt-schlossplatz.de\/wp-content\/uploads\/2023\/12\/wintermarkt31-550x367.webp 550w, https:\/\/wintermarkt-schlossplatz.de\/wp-content\/uploads\/2023\/12\/wintermarkt31-370x247.webp 370w, https:\/\/wintermarkt-schlossplatz.de\/wp-content\/uploads\/2023\/12\/wintermarkt31-255x170.webp 255w\" sizes=\"(max-width: 1500px) 100vw, 1500px\" \/><\/a>                    <\/div>                    <div class=\"pt-gallery-item\">                            <a href=\"https:\/\/wintermarkt-schlossplatz.de\/wp-content\/uploads\/2025\/11\/Wintermarkt-Schlossplatz-2025-06.webp\" data-elementor-open-lightbox=\"yes\" data-elementor-lightbox-slideshow=\"bac3b2a\" data-elementor-lightbox-title=\"Wintermarkt-Schlossplatz-2025-06\" data-e-action-hash=\"#elementor-action%3Aaction%3Dlightbox%26settings%3DeyJpZCI6ODUzMCwidXJsIjoiaHR0cHM6XC9cL3dpbnRlcm1hcmt0LXNjaGxvc3NwbGF0ei5kZVwvd3AtY29udGVudFwvdXBsb2Fkc1wvMjAyNVwvMTFcL1dpbnRlcm1hcmt0LVNjaGxvc3NwbGF0ei0yMDI1LTA2LndlYnAiLCJzbGlkZXNob3ciOiJiYWMzYjJhIn0%3D\"><img loading=\"lazy\" decoding=\"async\" width=\"1500\" height=\"1000\" src=\"https:\/\/wintermarkt-schlossplatz.de\/wp-content\/uploads\/2025\/11\/Wintermarkt-Schlossplatz-2025-06.webp\" class=\"attachment-full size-full wp-image-8530\" alt=\"\" srcset=\"https:\/\/wintermarkt-schlossplatz.de\/wp-content\/uploads\/2025\/11\/Wintermarkt-Schlossplatz-2025-06.webp 1500w, https:\/\/wintermarkt-schlossplatz.de\/wp-content\/uploads\/2025\/11\/Wintermarkt-Schlossplatz-2025-06-300x200.webp 300w, https:\/\/wintermarkt-schlossplatz.de\/wp-content\/uploads\/2025\/11\/Wintermarkt-Schlossplatz-2025-06-1024x683.webp 1024w, https:\/\/wintermarkt-schlossplatz.de\/wp-content\/uploads\/2025\/11\/Wintermarkt-Schlossplatz-2025-06-768x512.webp 768w, https:\/\/wintermarkt-schlossplatz.de\/wp-content\/uploads\/2025\/11\/Wintermarkt-Schlossplatz-2025-06-18x12.webp 18w, https:\/\/wintermarkt-schlossplatz.de\/wp-content\/uploads\/2025\/11\/Wintermarkt-Schlossplatz-2025-06-1440x960.webp 1440w, https:\/\/wintermarkt-schlossplatz.de\/wp-content\/uploads\/2025\/11\/Wintermarkt-Schlossplatz-2025-06-1200x800.webp 1200w, https:\/\/wintermarkt-schlossplatz.de\/wp-content\/uploads\/2025\/11\/Wintermarkt-Schlossplatz-2025-06-780x520.webp 780w, https:\/\/wintermarkt-schlossplatz.de\/wp-content\/uploads\/2025\/11\/Wintermarkt-Schlossplatz-2025-06-600x400.webp 600w, https:\/\/wintermarkt-schlossplatz.de\/wp-content\/uploads\/2025\/11\/Wintermarkt-Schlossplatz-2025-06-550x367.webp 550w, https:\/\/wintermarkt-schlossplatz.de\/wp-content\/uploads\/2025\/11\/Wintermarkt-Schlossplatz-2025-06-370x247.webp 370w, https:\/\/wintermarkt-schlossplatz.de\/wp-content\/uploads\/2025\/11\/Wintermarkt-Schlossplatz-2025-06-255x170.webp 255w\" sizes=\"(max-width: 1500px) 100vw, 1500px\" \/><\/a>                    <\/div>                    <div class=\"pt-gallery-item\">                            <a href=\"https:\/\/wintermarkt-schlossplatz.de\/wp-content\/uploads\/2023\/10\/Kulinarisches08.webp\" data-elementor-open-lightbox=\"yes\" data-elementor-lightbox-slideshow=\"bac3b2a\" data-elementor-lightbox-title=\"Kulinarisches08\" data-e-action-hash=\"#elementor-action%3Aaction%3Dlightbox%26settings%3DeyJpZCI6NzAzMywidXJsIjoiaHR0cHM6XC9cL3dpbnRlcm1hcmt0LXNjaGxvc3NwbGF0ei5kZVwvd3AtY29udGVudFwvdXBsb2Fkc1wvMjAyM1wvMTBcL0t1bGluYXJpc2NoZXMwOC53ZWJwIiwic2xpZGVzaG93IjoiYmFjM2IyYSJ9\"><img loading=\"lazy\" decoding=\"async\" width=\"1535\" height=\"1024\" src=\"https:\/\/wintermarkt-schlossplatz.de\/wp-content\/uploads\/2023\/10\/Kulinarisches08.webp\" class=\"attachment-full size-full wp-image-7033\" alt=\"\" srcset=\"https:\/\/wintermarkt-schlossplatz.de\/wp-content\/uploads\/2023\/10\/Kulinarisches08.webp 1535w, https:\/\/wintermarkt-schlossplatz.de\/wp-content\/uploads\/2023\/10\/Kulinarisches08-300x200.webp 300w, https:\/\/wintermarkt-schlossplatz.de\/wp-content\/uploads\/2023\/10\/Kulinarisches08-1024x683.webp 1024w, https:\/\/wintermarkt-schlossplatz.de\/wp-content\/uploads\/2023\/10\/Kulinarisches08-768x512.webp 768w, https:\/\/wintermarkt-schlossplatz.de\/wp-content\/uploads\/2023\/10\/Kulinarisches08-1440x961.webp 1440w, https:\/\/wintermarkt-schlossplatz.de\/wp-content\/uploads\/2023\/10\/Kulinarisches08-1200x801.webp 1200w, https:\/\/wintermarkt-schlossplatz.de\/wp-content\/uploads\/2023\/10\/Kulinarisches08-780x520.webp 780w, https:\/\/wintermarkt-schlossplatz.de\/wp-content\/uploads\/2023\/10\/Kulinarisches08-600x400.webp 600w, https:\/\/wintermarkt-schlossplatz.de\/wp-content\/uploads\/2023\/10\/Kulinarisches08-550x367.webp 550w, https:\/\/wintermarkt-schlossplatz.de\/wp-content\/uploads\/2023\/10\/Kulinarisches08-370x247.webp 370w, https:\/\/wintermarkt-schlossplatz.de\/wp-content\/uploads\/2023\/10\/Kulinarisches08-255x170.webp 255w\" sizes=\"(max-width: 1535px) 100vw, 1535px\" \/><\/a>                    <\/div>                    <div class=\"pt-gallery-item\">                            <a href=\"https:\/\/wintermarkt-schlossplatz.de\/wp-content\/uploads\/2024\/12\/wintermarkt_2024-28.webp\" data-elementor-open-lightbox=\"yes\" data-elementor-lightbox-slideshow=\"bac3b2a\" data-elementor-lightbox-title=\"wintermarkt_2024-28\" data-e-action-hash=\"#elementor-action%3Aaction%3Dlightbox%26settings%3DeyJpZCI6ODEyOSwidXJsIjoiaHR0cHM6XC9cL3dpbnRlcm1hcmt0LXNjaGxvc3NwbGF0ei5kZVwvd3AtY29udGVudFwvdXBsb2Fkc1wvMjAyNFwvMTJcL3dpbnRlcm1hcmt0XzIwMjQtMjgud2VicCIsInNsaWRlc2hvdyI6ImJhYzNiMmEifQ%3D%3D\"><img loading=\"lazy\" decoding=\"async\" width=\"2000\" height=\"1333\" src=\"https:\/\/wintermarkt-schlossplatz.de\/wp-content\/uploads\/2024\/12\/wintermarkt_2024-28.webp\" class=\"attachment-full size-full wp-image-8129\" alt=\"\" srcset=\"https:\/\/wintermarkt-schlossplatz.de\/wp-content\/uploads\/2024\/12\/wintermarkt_2024-28.webp 2000w, https:\/\/wintermarkt-schlossplatz.de\/wp-content\/uploads\/2024\/12\/wintermarkt_2024-28-300x200.webp 300w, https:\/\/wintermarkt-schlossplatz.de\/wp-content\/uploads\/2024\/12\/wintermarkt_2024-28-1024x682.webp 1024w, https:\/\/wintermarkt-schlossplatz.de\/wp-content\/uploads\/2024\/12\/wintermarkt_2024-28-768x512.webp 768w, https:\/\/wintermarkt-schlossplatz.de\/wp-content\/uploads\/2024\/12\/wintermarkt_2024-28-1536x1024.webp 1536w, https:\/\/wintermarkt-schlossplatz.de\/wp-content\/uploads\/2024\/12\/wintermarkt_2024-28-18x12.webp 18w, https:\/\/wintermarkt-schlossplatz.de\/wp-content\/uploads\/2024\/12\/wintermarkt_2024-28-1920x1280.webp 1920w, https:\/\/wintermarkt-schlossplatz.de\/wp-content\/uploads\/2024\/12\/wintermarkt_2024-28-1440x960.webp 1440w, https:\/\/wintermarkt-schlossplatz.de\/wp-content\/uploads\/2024\/12\/wintermarkt_2024-28-1200x800.webp 1200w, https:\/\/wintermarkt-schlossplatz.de\/wp-content\/uploads\/2024\/12\/wintermarkt_2024-28-780x520.webp 780w, https:\/\/wintermarkt-schlossplatz.de\/wp-content\/uploads\/2024\/12\/wintermarkt_2024-28-600x400.webp 600w, https:\/\/wintermarkt-schlossplatz.de\/wp-content\/uploads\/2024\/12\/wintermarkt_2024-28-550x367.webp 550w, https:\/\/wintermarkt-schlossplatz.de\/wp-content\/uploads\/2024\/12\/wintermarkt_2024-28-370x247.webp 370w, https:\/\/wintermarkt-schlossplatz.de\/wp-content\/uploads\/2024\/12\/wintermarkt_2024-28-255x170.webp 255w\" sizes=\"(max-width: 2000px) 100vw, 2000px\" \/><\/a>                    <\/div>                    <div class=\"pt-gallery-item\">                            <a href=\"https:\/\/wintermarkt-schlossplatz.de\/wp-content\/uploads\/2023\/10\/Kulinarisches04.webp\" data-elementor-open-lightbox=\"yes\" data-elementor-lightbox-slideshow=\"bac3b2a\" data-elementor-lightbox-title=\"Kulinarisches04\" data-e-action-hash=\"#elementor-action%3Aaction%3Dlightbox%26settings%3DeyJpZCI6NzAyOSwidXJsIjoiaHR0cHM6XC9cL3dpbnRlcm1hcmt0LXNjaGxvc3NwbGF0ei5kZVwvd3AtY29udGVudFwvdXBsb2Fkc1wvMjAyM1wvMTBcL0t1bGluYXJpc2NoZXMwNC53ZWJwIiwic2xpZGVzaG93IjoiYmFjM2IyYSJ9\"><img loading=\"lazy\" decoding=\"async\" width=\"1535\" height=\"1024\" src=\"https:\/\/wintermarkt-schlossplatz.de\/wp-content\/uploads\/2023\/10\/Kulinarisches04.webp\" class=\"attachment-full size-full wp-image-7029\" alt=\"\" srcset=\"https:\/\/wintermarkt-schlossplatz.de\/wp-content\/uploads\/2023\/10\/Kulinarisches04.webp 1535w, https:\/\/wintermarkt-schlossplatz.de\/wp-content\/uploads\/2023\/10\/Kulinarisches04-300x200.webp 300w, https:\/\/wintermarkt-schlossplatz.de\/wp-content\/uploads\/2023\/10\/Kulinarisches04-1024x683.webp 1024w, https:\/\/wintermarkt-schlossplatz.de\/wp-content\/uploads\/2023\/10\/Kulinarisches04-768x512.webp 768w, https:\/\/wintermarkt-schlossplatz.de\/wp-content\/uploads\/2023\/10\/Kulinarisches04-1440x961.webp 1440w, https:\/\/wintermarkt-schlossplatz.de\/wp-content\/uploads\/2023\/10\/Kulinarisches04-1200x801.webp 1200w, https:\/\/wintermarkt-schlossplatz.de\/wp-content\/uploads\/2023\/10\/Kulinarisches04-780x520.webp 780w, https:\/\/wintermarkt-schlossplatz.de\/wp-content\/uploads\/2023\/10\/Kulinarisches04-600x400.webp 600w, https:\/\/wintermarkt-schlossplatz.de\/wp-content\/uploads\/2023\/10\/Kulinarisches04-550x367.webp 550w, https:\/\/wintermarkt-schlossplatz.de\/wp-content\/uploads\/2023\/10\/Kulinarisches04-370x247.webp 370w, https:\/\/wintermarkt-schlossplatz.de\/wp-content\/uploads\/2023\/10\/Kulinarisches04-255x170.webp 255w\" sizes=\"(max-width: 1535px) 100vw, 1535px\" \/><\/a>                    <\/div>                <\/div>\n            <\/div>\t\t\t\t<\/div>\n\t\t\t\t<\/div>\n\t\t\t\t\t<\/div>\n\t\t<\/div>\n\t\t\t\t\t<\/div>\n\t\t<\/section>\n\t\t\t\t<section class=\"elementor-section elementor-top-section elementor-element elementor-element-242f425 elementor-section-full_width elementor-section-height-min-height pt_scroll_y_150 pt-parallax-on-scroll elementor-section-height-default elementor-section-items-middle\" data-id=\"242f425\" data-element_type=\"section\" data-e-type=\"section\" id=\"menu-cocktails\" data-settings=\"{&quot;background_background&quot;:&quot;classic&quot;}\" data-pt-parallax-y=\"150\" style=\"background-image: none;\" data-pt-background-image=\"https:\/\/wintermarkt-schlossplatz.de\/wp-content\/uploads\/2023\/10\/Kulinarisches03-e1696430793127.webp\">\n\t\t\t\t\t\t\t<div class=\"elementor-background-overlay\"><\/div>\n\t\t\t\t\t\t\t<div class=\"elementor-container elementor-column-gap-default\">\n\t\t\t\t\t<div class=\"elementor-column elementor-col-100 elementor-top-column elementor-element elementor-element-241a3cbb\" data-id=\"241a3cbb\" data-element_type=\"column\" data-e-type=\"column\">\n\t\t\t<div class=\"elementor-widget-wrap elementor-element-populated\">\n\t\t\t\t\t\t<div class=\"elementor-element elementor-element-6e5f9b3 elementor-widget elementor-widget-pt_title\" data-id=\"6e5f9b3\" data-element_type=\"widget\" data-e-type=\"widget\" data-widget_type=\"pt_title.default\">\n\t\t\t\t<div class=\"elementor-widget-container\">\n\t\t\t\t\t\n        <div class=\"pt-title-wrap text-center\">\t            <h3 class=\"pt-title\">\n\t                Nous nous r\u00e9jouissons de votre visite !\t            <\/h3>        <\/div>\t\t\t\t<\/div>\n\t\t\t\t<\/div>\n\t\t\t\t\t<\/div>\n\t\t<\/div>\n\t\t\t\t\t<\/div>\n\t\t<\/section>\n\t\t\t\t<\/div>","protected":false},"excerpt":{"rendered":"<p>Kulinarisches Kulinarisch wird auf dem Wintermarkt am Berliner Schlo\u00dfplatz f\u00fcr jeden Geschmack etwas geboten. Ob Klassiker wie Baumstriezel, gebrannte Mandeln, Geb\u00e4ck, Gl\u00fchwein in verschiedenen Sorten oder Neuheiten wie jaimakanische Spezialit\u00e4ten, verschiedene Kartoffelvariationen, Flammlachs, Pasta aus dem K\u00e4selaib\u2013 fast alles wird in zertifizierter Bio-Qualit\u00e4t angeboten. Auch die kleinen G\u00e4ste kommen mit hei\u00dfen Direktfruchts\u00e4ften nicht zu kurz. &#8230;<\/p>","protected":false},"author":1,"featured_media":0,"parent":0,"menu_order":0,"comment_status":"closed","ping_status":"closed","template":"template-wide-content.php","meta":{"patiotime_single_page_hide_site_header":"","patiotime_single_page_site_header_source":"","patiotime_single_page_custom_site_header":"0","patiotime_single_page_custom_sticky_site_header":"0","patiotime_single_page_custom_page_title_margin_top_source":"","patiotime_single_page_custom_page_title_desktop_margin_top":"","patiotime_single_page_custom_page_title_tablet_margin_top":"","patiotime_single_page_custom_page_title_mobile_margin_top":"","patiotime_single_page_hide_page_title":"on","patiotime_single_page_header_section_size":"","patiotime_single_page_header_background_color":"","patiotime_single_page_header_background_position_x":"center","patiotime_single_page_header_background_position_y":"center","patiotime_single_page_header_background_size":"cover","patiotime_single_page_header_background_repeat":"off","patiotime_single_page_header_background_scroll":"on","patiotime_single_page_header_text_color":"","patiotime_single_page_header_show_breadcrumb":"","patiotime_single_page_site_footer_hide_main":"","patiotime_single_custom_site_footer_main_source":"","patiotime_single_custom_site_footer_main":"0","patiotime_single_page_site_footer_hide_above":"","patiotime_single_custom_site_footer_above_source":"","patiotime_single_custom_site_footer_above":"0","patiotime_single_page_site_footer_hide_instagram":"","patiotime_single_page_site_footer_hide_bottom":"","patiotime_single_custom_mobile_menu_source":"","patiotime_single_custom_mobile_menu":"0","patiotime_single_custom_mobile_menu_animation":"","patiotime_single_custom_mobile_menu_width":"","patiotime_single_custom_mobile_menu_custom_width":375,"footnotes":""},"class_list":["post-6792","page","type-page","status-publish","hentry"],"_links":{"self":[{"href":"https:\/\/wintermarkt-schlossplatz.de\/fr\/wp-json\/wp\/v2\/pages\/6792","targetHints":{"allow":["GET"]}}],"collection":[{"href":"https:\/\/wintermarkt-schlossplatz.de\/fr\/wp-json\/wp\/v2\/pages"}],"about":[{"href":"https:\/\/wintermarkt-schlossplatz.de\/fr\/wp-json\/wp\/v2\/types\/page"}],"author":[{"embeddable":true,"href":"https:\/\/wintermarkt-schlossplatz.de\/fr\/wp-json\/wp\/v2\/users\/1"}],"replies":[{"embeddable":true,"href":"https:\/\/wintermarkt-schlossplatz.de\/fr\/wp-json\/wp\/v2\/comments?post=6792"}],"version-history":[{"count":6,"href":"https:\/\/wintermarkt-schlossplatz.de\/fr\/wp-json\/wp\/v2\/pages\/6792\/revisions"}],"predecessor-version":[{"id":8577,"href":"https:\/\/wintermarkt-schlossplatz.de\/fr\/wp-json\/wp\/v2\/pages\/6792\/revisions\/8577"}],"wp:attachment":[{"href":"https:\/\/wintermarkt-schlossplatz.de\/fr\/wp-json\/wp\/v2\/media?parent=6792"}],"curies":[{"name":"wp","href":"https:\/\/api.w.org\/{rel}","templated":true}]}}