{"id":6800,"date":"2023-10-04T12:21:24","date_gmt":"2023-10-04T12:21:24","guid":{"rendered":"https:\/\/wintermarkt-schlossplatz.de\/?page_id=6800"},"modified":"2025-11-06T11:03:24","modified_gmt":"2025-11-06T11:03:24","slug":"kinderprogramm","status":"publish","type":"page","link":"https:\/\/wintermarkt-schlossplatz.de\/fr\/kinderprogramm\/","title":{"rendered":"Programme pour enfants"},"content":{"rendered":"<div data-elementor-type=\"wp-page\" data-elementor-id=\"6800\" class=\"elementor elementor-6800\">\n\t\t\t\t\t\t<section class=\"elementor-section elementor-top-section elementor-element elementor-element-3af62068 pt-section-content-fullwidth pt_scroll_y_150 pt-parallax-on-scroll elementor-section-boxed elementor-section-height-default elementor-section-height-default\" data-id=\"3af62068\" data-element_type=\"section\" data-e-type=\"section\" data-settings=\"{&quot;background_background&quot;:&quot;classic&quot;}\" data-pt-parallax-y=\"150\" style=\"background-image: none;\" data-pt-background-image=\"https:\/\/wintermarkt-schlossplatz.de\/wp-content\/uploads\/2023\/10\/wintermarkt08.webp\">\n\t\t\t\t\t\t\t<div class=\"elementor-background-overlay\"><\/div>\n\t\t\t\t\t\t\t<div class=\"elementor-container elementor-column-gap-no\">\n\t\t\t\t\t<div class=\"elementor-column elementor-col-100 elementor-top-column elementor-element elementor-element-52c41b2c dark-color\" data-id=\"52c41b2c\" data-element_type=\"column\" data-e-type=\"column\">\n\t\t\t<div class=\"elementor-widget-wrap elementor-element-populated\">\n\t\t\t\t\t\t<div class=\"elementor-element elementor-element-14e60969 elementor-widget elementor-widget-pt_title\" data-id=\"14e60969\" data-element_type=\"widget\" data-e-type=\"widget\" data-widget_type=\"pt_title.default\">\n\t\t\t\t<div class=\"elementor-widget-container\">\n\t\t\t\t\t\n        <div class=\"pt-title-wrap text-center\">\t            <h1 class=\"pt-title\">\n\t                Programme pour enfants\t            <\/h1>        <\/div>\t\t\t\t<\/div>\n\t\t\t\t<\/div>\n\t\t\t\t\t<\/div>\n\t\t<\/div>\n\t\t\t\t\t<\/div>\n\t\t<\/section>\n\t\t\t\t<section class=\"elementor-section elementor-top-section elementor-element elementor-element-2d5e6367 elementor-section-boxed elementor-section-height-default elementor-section-height-default\" data-id=\"2d5e6367\" data-element_type=\"section\" data-e-type=\"section\">\n\t\t\t\t\t\t<div class=\"elementor-container elementor-column-gap-no\">\n\t\t\t\t\t<div class=\"elementor-column elementor-col-100 elementor-top-column elementor-element elementor-element-383bda0e elementor-invisible\" data-id=\"383bda0e\" data-element_type=\"column\" data-e-type=\"column\" data-settings=\"{&quot;animation&quot;:&quot;fadeInUp&quot;}\">\n\t\t\t<div class=\"elementor-widget-wrap elementor-element-populated\">\n\t\t\t\t\t\t<div class=\"elementor-element elementor-element-ddc83b0 elementor-widget elementor-widget-text-editor\" data-id=\"ddc83b0\" data-element_type=\"widget\" data-e-type=\"widget\" data-widget_type=\"text-editor.default\">\n\t\t\t\t<div class=\"elementor-widget-container\">\n\t\t\t\t\t\t\t\t\t<p class=\"p1\">Les petits visiteurs peuvent \u00e9galement se r\u00e9jouir d'un programme pour enfants haut en couleur.<\/p><p class=\"p1\">- un man\u00e8ge \u00e0 cha\u00eene historique pour <span class=\"s1\">toute la famille<br \/>- <\/span>une grande roue historique\u00a0<br \/>- un <span class=\"s1\">historique<\/span> Man\u00e8ge pour enfants<\/p><p class=\"p1\"><strong>Le clou du spectacle : la visite de Saint-Nicolas le 6 d\u00e9cembre<\/strong><\/p>\t\t\t\t\t\t\t\t<\/div>\n\t\t\t\t<\/div>\n\t\t\t\t<div class=\"elementor-element elementor-element-6e494ac elementor-widget elementor-widget-pt_food_menu\" data-id=\"6e494ac\" data-element_type=\"widget\" data-e-type=\"widget\" data-widget_type=\"pt_food_menu.default\">\n\t\t\t\t<div class=\"elementor-widget-container\">\n\t\t\t\t\t            <div class=\"pt-food-menu food-menu-style-5 column-2 gap-10\">                <div class=\"pt-food-menu-item\">                    <div class=\"pt-food-menu-main\">\n                        <div class=\"pt-food-menu-header\">                            <h6 class=\"pt-food-menu-title\">                                <span class=\"title-wrap\">Grande roue historique avec orgue\t\t\t\t\t\t\t\t<\/span>                            <\/h6>\n                            <div class=\"pt-food-menu-lines\"><\/div>                        <\/div>                            <p class=\"pt-food-menu-details\">Willenborg<\/p>                    <\/div>\n                <\/div>                <div class=\"pt-food-menu-item\">                    <div class=\"pt-food-menu-main\">\n                        <div class=\"pt-food-menu-header\">                            <h6 class=\"pt-food-menu-title\">                                <span class=\"title-wrap\">Cha\u00eene historique\t\t\t\t\t\t\t\t<\/span>                            <\/h6>\n                            <div class=\"pt-food-menu-lines\"><\/div>                        <\/div>                            <p class=\"pt-food-menu-details\">Philip Noack<\/p>                    <\/div>\n                <\/div>                <div class=\"pt-food-menu-item\">                    <div class=\"pt-food-menu-main\">\n                        <div class=\"pt-food-menu-header\">                            <h6 class=\"pt-food-menu-title\">                                <span class=\"title-wrap\">Man\u00e8ge pour enfants\t\t\t\t\t\t\t\t<\/span>                            <\/h6>\n                            <div class=\"pt-food-menu-lines\"><\/div>                        <\/div>                            <p class=\"pt-food-menu-details\">N\u00f6lke<\/p>                    <\/div>\n                <\/div>            <\/div>\t\t\t\t<\/div>\n\t\t\t\t<\/div>\n\t\t\t\t\t<\/div>\n\t\t<\/div>\n\t\t\t\t\t<\/div>\n\t\t<\/section>\n\t\t\t\t<section class=\"elementor-section elementor-top-section elementor-element elementor-element-f6cf765 elementor-section-boxed elementor-section-height-default elementor-section-height-default\" data-id=\"f6cf765\" data-element_type=\"section\" data-e-type=\"section\" data-settings=\"{&quot;background_background&quot;:&quot;classic&quot;}\">\n\t\t\t\t\t\t<div class=\"elementor-container elementor-column-gap-no\">\n\t\t\t\t\t<div class=\"elementor-column elementor-col-100 elementor-top-column elementor-element elementor-element-0bb8d91 dark-color\" data-id=\"0bb8d91\" data-element_type=\"column\" data-e-type=\"column\">\n\t\t\t<div class=\"elementor-widget-wrap elementor-element-populated\">\n\t\t\t\t\t\t<div class=\"elementor-element elementor-element-a434d4b pt-animation-medium-offset elementor-invisible elementor-widget elementor-widget-pt_gallery\" data-id=\"a434d4b\" data-element_type=\"widget\" data-e-type=\"widget\" data-settings=\"{&quot;_animation&quot;:&quot;fadeInUp&quot;,&quot;_animation_delay&quot;:500}\" data-widget_type=\"pt_gallery.default\">\n\t\t\t\t<div class=\"elementor-widget-container\">\n\t\t\t\t\t\n            <div class=\"pt-gallery gap-5 gallery-carousel align-middle-v\" data-column=\"1\" data-fade=\"on\" data-autoplay=\"on\" data-autoplay-speed=\"5000\" data-show-arrows=\"on\" data-show-dots=\"on\">\n                <div class=\"pt-gallery-wrap\">                    <div class=\"pt-gallery-item\">                            <a href=\"https:\/\/wintermarkt-schlossplatz.de\/wp-content\/uploads\/2024\/12\/wintermarkt_2024-33.webp\" data-elementor-open-lightbox=\"yes\" data-elementor-lightbox-slideshow=\"a434d4b\" data-elementor-lightbox-title=\"wintermarkt_2024-33\" data-e-action-hash=\"#elementor-action%3Aaction%3Dlightbox%26settings%3DeyJpZCI6ODEzNywidXJsIjoiaHR0cHM6XC9cL3dpbnRlcm1hcmt0LXNjaGxvc3NwbGF0ei5kZVwvd3AtY29udGVudFwvdXBsb2Fkc1wvMjAyNFwvMTJcL3dpbnRlcm1hcmt0XzIwMjQtMzMud2VicCIsInNsaWRlc2hvdyI6ImE0MzRkNGIifQ%3D%3D\"><img fetchpriority=\"high\" decoding=\"async\" width=\"2000\" height=\"1333\" src=\"https:\/\/wintermarkt-schlossplatz.de\/wp-content\/uploads\/2024\/12\/wintermarkt_2024-33.webp\" class=\"attachment-full size-full wp-image-8137\" alt=\"\" srcset=\"https:\/\/wintermarkt-schlossplatz.de\/wp-content\/uploads\/2024\/12\/wintermarkt_2024-33.webp 2000w, https:\/\/wintermarkt-schlossplatz.de\/wp-content\/uploads\/2024\/12\/wintermarkt_2024-33-300x200.webp 300w, https:\/\/wintermarkt-schlossplatz.de\/wp-content\/uploads\/2024\/12\/wintermarkt_2024-33-1024x682.webp 1024w, https:\/\/wintermarkt-schlossplatz.de\/wp-content\/uploads\/2024\/12\/wintermarkt_2024-33-768x512.webp 768w, https:\/\/wintermarkt-schlossplatz.de\/wp-content\/uploads\/2024\/12\/wintermarkt_2024-33-1536x1024.webp 1536w, https:\/\/wintermarkt-schlossplatz.de\/wp-content\/uploads\/2024\/12\/wintermarkt_2024-33-18x12.webp 18w, https:\/\/wintermarkt-schlossplatz.de\/wp-content\/uploads\/2024\/12\/wintermarkt_2024-33-1920x1280.webp 1920w, https:\/\/wintermarkt-schlossplatz.de\/wp-content\/uploads\/2024\/12\/wintermarkt_2024-33-1440x960.webp 1440w, https:\/\/wintermarkt-schlossplatz.de\/wp-content\/uploads\/2024\/12\/wintermarkt_2024-33-1200x800.webp 1200w, https:\/\/wintermarkt-schlossplatz.de\/wp-content\/uploads\/2024\/12\/wintermarkt_2024-33-780x520.webp 780w, https:\/\/wintermarkt-schlossplatz.de\/wp-content\/uploads\/2024\/12\/wintermarkt_2024-33-600x400.webp 600w, https:\/\/wintermarkt-schlossplatz.de\/wp-content\/uploads\/2024\/12\/wintermarkt_2024-33-550x367.webp 550w, https:\/\/wintermarkt-schlossplatz.de\/wp-content\/uploads\/2024\/12\/wintermarkt_2024-33-370x247.webp 370w, https:\/\/wintermarkt-schlossplatz.de\/wp-content\/uploads\/2024\/12\/wintermarkt_2024-33-255x170.webp 255w\" sizes=\"(max-width: 2000px) 100vw, 2000px\" \/><\/a>                    <\/div>                    <div class=\"pt-gallery-item\">                            <a href=\"https:\/\/wintermarkt-schlossplatz.de\/wp-content\/uploads\/2024\/12\/wintermarkt_2024-31.webp\" data-elementor-open-lightbox=\"yes\" data-elementor-lightbox-slideshow=\"a434d4b\" data-elementor-lightbox-title=\"wintermarkt_2024-31\" data-e-action-hash=\"#elementor-action%3Aaction%3Dlightbox%26settings%3DeyJpZCI6ODEzNSwidXJsIjoiaHR0cHM6XC9cL3dpbnRlcm1hcmt0LXNjaGxvc3NwbGF0ei5kZVwvd3AtY29udGVudFwvdXBsb2Fkc1wvMjAyNFwvMTJcL3dpbnRlcm1hcmt0XzIwMjQtMzEud2VicCIsInNsaWRlc2hvdyI6ImE0MzRkNGIifQ%3D%3D\"><img decoding=\"async\" width=\"2000\" height=\"1333\" src=\"https:\/\/wintermarkt-schlossplatz.de\/wp-content\/uploads\/2024\/12\/wintermarkt_2024-31.webp\" class=\"attachment-full size-full wp-image-8135\" alt=\"\" srcset=\"https:\/\/wintermarkt-schlossplatz.de\/wp-content\/uploads\/2024\/12\/wintermarkt_2024-31.webp 2000w, https:\/\/wintermarkt-schlossplatz.de\/wp-content\/uploads\/2024\/12\/wintermarkt_2024-31-300x200.webp 300w, https:\/\/wintermarkt-schlossplatz.de\/wp-content\/uploads\/2024\/12\/wintermarkt_2024-31-1024x682.webp 1024w, https:\/\/wintermarkt-schlossplatz.de\/wp-content\/uploads\/2024\/12\/wintermarkt_2024-31-768x512.webp 768w, https:\/\/wintermarkt-schlossplatz.de\/wp-content\/uploads\/2024\/12\/wintermarkt_2024-31-1536x1024.webp 1536w, https:\/\/wintermarkt-schlossplatz.de\/wp-content\/uploads\/2024\/12\/wintermarkt_2024-31-18x12.webp 18w, https:\/\/wintermarkt-schlossplatz.de\/wp-content\/uploads\/2024\/12\/wintermarkt_2024-31-1920x1280.webp 1920w, https:\/\/wintermarkt-schlossplatz.de\/wp-content\/uploads\/2024\/12\/wintermarkt_2024-31-1440x960.webp 1440w, https:\/\/wintermarkt-schlossplatz.de\/wp-content\/uploads\/2024\/12\/wintermarkt_2024-31-1200x800.webp 1200w, https:\/\/wintermarkt-schlossplatz.de\/wp-content\/uploads\/2024\/12\/wintermarkt_2024-31-780x520.webp 780w, https:\/\/wintermarkt-schlossplatz.de\/wp-content\/uploads\/2024\/12\/wintermarkt_2024-31-600x400.webp 600w, https:\/\/wintermarkt-schlossplatz.de\/wp-content\/uploads\/2024\/12\/wintermarkt_2024-31-550x367.webp 550w, https:\/\/wintermarkt-schlossplatz.de\/wp-content\/uploads\/2024\/12\/wintermarkt_2024-31-370x247.webp 370w, https:\/\/wintermarkt-schlossplatz.de\/wp-content\/uploads\/2024\/12\/wintermarkt_2024-31-255x170.webp 255w\" sizes=\"(max-width: 2000px) 100vw, 2000px\" \/><\/a>                    <\/div>                    <div class=\"pt-gallery-item\">                            <a href=\"https:\/\/wintermarkt-schlossplatz.de\/wp-content\/uploads\/2023\/10\/kinderprogramm01.webp\" data-elementor-open-lightbox=\"yes\" data-elementor-lightbox-slideshow=\"a434d4b\" data-elementor-lightbox-title=\"kinderprogramm01\" data-e-action-hash=\"#elementor-action%3Aaction%3Dlightbox%26settings%3DeyJpZCI6NzA2NSwidXJsIjoiaHR0cHM6XC9cL3dpbnRlcm1hcmt0LXNjaGxvc3NwbGF0ei5kZVwvd3AtY29udGVudFwvdXBsb2Fkc1wvMjAyM1wvMTBcL2tpbmRlcnByb2dyYW1tMDEud2VicCIsInNsaWRlc2hvdyI6ImE0MzRkNGIifQ%3D%3D\"><img decoding=\"async\" width=\"1535\" height=\"1024\" src=\"https:\/\/wintermarkt-schlossplatz.de\/wp-content\/uploads\/2023\/10\/kinderprogramm01.webp\" class=\"attachment-full size-full wp-image-7065\" alt=\"\" srcset=\"https:\/\/wintermarkt-schlossplatz.de\/wp-content\/uploads\/2023\/10\/kinderprogramm01.webp 1535w, https:\/\/wintermarkt-schlossplatz.de\/wp-content\/uploads\/2023\/10\/kinderprogramm01-300x200.webp 300w, https:\/\/wintermarkt-schlossplatz.de\/wp-content\/uploads\/2023\/10\/kinderprogramm01-1024x683.webp 1024w, https:\/\/wintermarkt-schlossplatz.de\/wp-content\/uploads\/2023\/10\/kinderprogramm01-768x512.webp 768w, https:\/\/wintermarkt-schlossplatz.de\/wp-content\/uploads\/2023\/10\/kinderprogramm01-1440x961.webp 1440w, https:\/\/wintermarkt-schlossplatz.de\/wp-content\/uploads\/2023\/10\/kinderprogramm01-1200x801.webp 1200w, https:\/\/wintermarkt-schlossplatz.de\/wp-content\/uploads\/2023\/10\/kinderprogramm01-780x520.webp 780w, https:\/\/wintermarkt-schlossplatz.de\/wp-content\/uploads\/2023\/10\/kinderprogramm01-600x400.webp 600w, https:\/\/wintermarkt-schlossplatz.de\/wp-content\/uploads\/2023\/10\/kinderprogramm01-550x367.webp 550w, https:\/\/wintermarkt-schlossplatz.de\/wp-content\/uploads\/2023\/10\/kinderprogramm01-370x247.webp 370w, https:\/\/wintermarkt-schlossplatz.de\/wp-content\/uploads\/2023\/10\/kinderprogramm01-255x170.webp 255w\" sizes=\"(max-width: 1535px) 100vw, 1535px\" \/><\/a>                    <\/div>                    <div class=\"pt-gallery-item\">                            <a href=\"https:\/\/wintermarkt-schlossplatz.de\/wp-content\/uploads\/2024\/12\/wintermarkt_2024-32.webp\" data-elementor-open-lightbox=\"yes\" data-elementor-lightbox-slideshow=\"a434d4b\" data-elementor-lightbox-title=\"wintermarkt_2024-32\" data-e-action-hash=\"#elementor-action%3Aaction%3Dlightbox%26settings%3DeyJpZCI6ODEzNiwidXJsIjoiaHR0cHM6XC9cL3dpbnRlcm1hcmt0LXNjaGxvc3NwbGF0ei5kZVwvd3AtY29udGVudFwvdXBsb2Fkc1wvMjAyNFwvMTJcL3dpbnRlcm1hcmt0XzIwMjQtMzIud2VicCIsInNsaWRlc2hvdyI6ImE0MzRkNGIifQ%3D%3D\"><img loading=\"lazy\" decoding=\"async\" width=\"2000\" height=\"1333\" src=\"https:\/\/wintermarkt-schlossplatz.de\/wp-content\/uploads\/2024\/12\/wintermarkt_2024-32.webp\" class=\"attachment-full size-full wp-image-8136\" alt=\"\" srcset=\"https:\/\/wintermarkt-schlossplatz.de\/wp-content\/uploads\/2024\/12\/wintermarkt_2024-32.webp 2000w, https:\/\/wintermarkt-schlossplatz.de\/wp-content\/uploads\/2024\/12\/wintermarkt_2024-32-300x200.webp 300w, https:\/\/wintermarkt-schlossplatz.de\/wp-content\/uploads\/2024\/12\/wintermarkt_2024-32-1024x682.webp 1024w, https:\/\/wintermarkt-schlossplatz.de\/wp-content\/uploads\/2024\/12\/wintermarkt_2024-32-768x512.webp 768w, https:\/\/wintermarkt-schlossplatz.de\/wp-content\/uploads\/2024\/12\/wintermarkt_2024-32-1536x1024.webp 1536w, https:\/\/wintermarkt-schlossplatz.de\/wp-content\/uploads\/2024\/12\/wintermarkt_2024-32-18x12.webp 18w, https:\/\/wintermarkt-schlossplatz.de\/wp-content\/uploads\/2024\/12\/wintermarkt_2024-32-1920x1280.webp 1920w, https:\/\/wintermarkt-schlossplatz.de\/wp-content\/uploads\/2024\/12\/wintermarkt_2024-32-1440x960.webp 1440w, https:\/\/wintermarkt-schlossplatz.de\/wp-content\/uploads\/2024\/12\/wintermarkt_2024-32-1200x800.webp 1200w, https:\/\/wintermarkt-schlossplatz.de\/wp-content\/uploads\/2024\/12\/wintermarkt_2024-32-780x520.webp 780w, https:\/\/wintermarkt-schlossplatz.de\/wp-content\/uploads\/2024\/12\/wintermarkt_2024-32-600x400.webp 600w, https:\/\/wintermarkt-schlossplatz.de\/wp-content\/uploads\/2024\/12\/wintermarkt_2024-32-550x367.webp 550w, https:\/\/wintermarkt-schlossplatz.de\/wp-content\/uploads\/2024\/12\/wintermarkt_2024-32-370x247.webp 370w, https:\/\/wintermarkt-schlossplatz.de\/wp-content\/uploads\/2024\/12\/wintermarkt_2024-32-255x170.webp 255w\" sizes=\"(max-width: 2000px) 100vw, 2000px\" \/><\/a>                    <\/div>                    <div class=\"pt-gallery-item\">                            <a href=\"https:\/\/wintermarkt-schlossplatz.de\/wp-content\/uploads\/2023\/10\/kinderprogramm02.webp\" data-elementor-open-lightbox=\"yes\" data-elementor-lightbox-slideshow=\"a434d4b\" data-elementor-lightbox-title=\"kinderprogramm02\" data-e-action-hash=\"#elementor-action%3Aaction%3Dlightbox%26settings%3DeyJpZCI6NzA2NiwidXJsIjoiaHR0cHM6XC9cL3dpbnRlcm1hcmt0LXNjaGxvc3NwbGF0ei5kZVwvd3AtY29udGVudFwvdXBsb2Fkc1wvMjAyM1wvMTBcL2tpbmRlcnByb2dyYW1tMDIud2VicCIsInNsaWRlc2hvdyI6ImE0MzRkNGIifQ%3D%3D\"><img loading=\"lazy\" decoding=\"async\" width=\"1535\" height=\"1024\" src=\"https:\/\/wintermarkt-schlossplatz.de\/wp-content\/uploads\/2023\/10\/kinderprogramm02.webp\" class=\"attachment-full size-full wp-image-7066\" alt=\"\" srcset=\"https:\/\/wintermarkt-schlossplatz.de\/wp-content\/uploads\/2023\/10\/kinderprogramm02.webp 1535w, https:\/\/wintermarkt-schlossplatz.de\/wp-content\/uploads\/2023\/10\/kinderprogramm02-300x200.webp 300w, https:\/\/wintermarkt-schlossplatz.de\/wp-content\/uploads\/2023\/10\/kinderprogramm02-1024x683.webp 1024w, https:\/\/wintermarkt-schlossplatz.de\/wp-content\/uploads\/2023\/10\/kinderprogramm02-768x512.webp 768w, https:\/\/wintermarkt-schlossplatz.de\/wp-content\/uploads\/2023\/10\/kinderprogramm02-1440x961.webp 1440w, https:\/\/wintermarkt-schlossplatz.de\/wp-content\/uploads\/2023\/10\/kinderprogramm02-1200x801.webp 1200w, https:\/\/wintermarkt-schlossplatz.de\/wp-content\/uploads\/2023\/10\/kinderprogramm02-780x520.webp 780w, https:\/\/wintermarkt-schlossplatz.de\/wp-content\/uploads\/2023\/10\/kinderprogramm02-600x400.webp 600w, https:\/\/wintermarkt-schlossplatz.de\/wp-content\/uploads\/2023\/10\/kinderprogramm02-550x367.webp 550w, https:\/\/wintermarkt-schlossplatz.de\/wp-content\/uploads\/2023\/10\/kinderprogramm02-370x247.webp 370w, https:\/\/wintermarkt-schlossplatz.de\/wp-content\/uploads\/2023\/10\/kinderprogramm02-255x170.webp 255w\" sizes=\"(max-width: 1535px) 100vw, 1535px\" \/><\/a>                    <\/div>                    <div class=\"pt-gallery-item\">                            <a href=\"https:\/\/wintermarkt-schlossplatz.de\/wp-content\/uploads\/2023\/10\/kinderprogramm03.webp\" data-elementor-open-lightbox=\"yes\" data-elementor-lightbox-slideshow=\"a434d4b\" data-elementor-lightbox-title=\"kinderprogramm03\" data-e-action-hash=\"#elementor-action%3Aaction%3Dlightbox%26settings%3DeyJpZCI6NzA2NywidXJsIjoiaHR0cHM6XC9cL3dpbnRlcm1hcmt0LXNjaGxvc3NwbGF0ei5kZVwvd3AtY29udGVudFwvdXBsb2Fkc1wvMjAyM1wvMTBcL2tpbmRlcnByb2dyYW1tMDMud2VicCIsInNsaWRlc2hvdyI6ImE0MzRkNGIifQ%3D%3D\"><img loading=\"lazy\" decoding=\"async\" width=\"1535\" height=\"1024\" src=\"https:\/\/wintermarkt-schlossplatz.de\/wp-content\/uploads\/2023\/10\/kinderprogramm03.webp\" class=\"attachment-full size-full wp-image-7067\" alt=\"\" srcset=\"https:\/\/wintermarkt-schlossplatz.de\/wp-content\/uploads\/2023\/10\/kinderprogramm03.webp 1535w, https:\/\/wintermarkt-schlossplatz.de\/wp-content\/uploads\/2023\/10\/kinderprogramm03-300x200.webp 300w, https:\/\/wintermarkt-schlossplatz.de\/wp-content\/uploads\/2023\/10\/kinderprogramm03-1024x683.webp 1024w, https:\/\/wintermarkt-schlossplatz.de\/wp-content\/uploads\/2023\/10\/kinderprogramm03-768x512.webp 768w, https:\/\/wintermarkt-schlossplatz.de\/wp-content\/uploads\/2023\/10\/kinderprogramm03-1440x961.webp 1440w, https:\/\/wintermarkt-schlossplatz.de\/wp-content\/uploads\/2023\/10\/kinderprogramm03-1200x801.webp 1200w, https:\/\/wintermarkt-schlossplatz.de\/wp-content\/uploads\/2023\/10\/kinderprogramm03-780x520.webp 780w, https:\/\/wintermarkt-schlossplatz.de\/wp-content\/uploads\/2023\/10\/kinderprogramm03-600x400.webp 600w, https:\/\/wintermarkt-schlossplatz.de\/wp-content\/uploads\/2023\/10\/kinderprogramm03-550x367.webp 550w, https:\/\/wintermarkt-schlossplatz.de\/wp-content\/uploads\/2023\/10\/kinderprogramm03-370x247.webp 370w, https:\/\/wintermarkt-schlossplatz.de\/wp-content\/uploads\/2023\/10\/kinderprogramm03-255x170.webp 255w\" sizes=\"(max-width: 1535px) 100vw, 1535px\" \/><\/a>                    <\/div>                <\/div>\n            <\/div>\t\t\t\t<\/div>\n\t\t\t\t<\/div>\n\t\t\t\t\t<\/div>\n\t\t<\/div>\n\t\t\t\t\t<\/div>\n\t\t<\/section>\n\t\t\t\t<section class=\"elementor-section elementor-top-section elementor-element elementor-element-242f425 elementor-section-full_width elementor-section-height-min-height pt_scroll_y_150 pt-parallax-on-scroll elementor-section-height-default elementor-section-items-middle\" data-id=\"242f425\" data-element_type=\"section\" data-e-type=\"section\" id=\"menu-cocktails\" data-settings=\"{&quot;background_background&quot;:&quot;classic&quot;}\" data-pt-parallax-y=\"150\" style=\"background-image: none;\" data-pt-background-image=\"https:\/\/wintermarkt-schlossplatz.de\/wp-content\/uploads\/2023\/10\/wintermarkt04.webp\">\n\t\t\t\t\t\t\t<div class=\"elementor-background-overlay\"><\/div>\n\t\t\t\t\t\t\t<div class=\"elementor-container elementor-column-gap-default\">\n\t\t\t\t\t<div class=\"elementor-column elementor-col-100 elementor-top-column elementor-element elementor-element-241a3cbb\" data-id=\"241a3cbb\" data-element_type=\"column\" data-e-type=\"column\">\n\t\t\t<div class=\"elementor-widget-wrap elementor-element-populated\">\n\t\t\t\t\t\t<div class=\"elementor-element elementor-element-cff0aea elementor-widget elementor-widget-pt_title\" data-id=\"cff0aea\" data-element_type=\"widget\" data-e-type=\"widget\" data-widget_type=\"pt_title.default\">\n\t\t\t\t<div class=\"elementor-widget-container\">\n\t\t\t\t\t\n        <div class=\"pt-title-wrap text-center\">\t            <h3 class=\"pt-title\">\n\t                Nous nous r\u00e9jouissons de ta visite !\t            <\/h3>        <\/div>\t\t\t\t<\/div>\n\t\t\t\t<\/div>\n\t\t\t\t\t<\/div>\n\t\t<\/div>\n\t\t\t\t\t<\/div>\n\t\t<\/section>\n\t\t\t\t<\/div>","protected":false},"excerpt":{"rendered":"<p>Kinderprogramm Auch die kleinen Besucher k\u00f6nnen sich auf ein kunterbuntes Kinderprogramm freuen. \u2022 ein historisches Kettenkarussell f\u00fcr die ganze Familie\u2022 ein historisches Riesenrad\u00a0\u2022 ein historisches Kinderkarussell Das Highlight: Am 6. Dezember kommt der Nikolaus zu Besuch Historisches Riesenrad mit Orgel Willenborg Historischer Kettenflieger Philip Noack Kinderkarussell N\u00f6lke Wir freuen uns auf Deinen Besuch!<\/p>","protected":false},"author":1,"featured_media":0,"parent":0,"menu_order":0,"comment_status":"closed","ping_status":"closed","template":"template-wide-content.php","meta":{"patiotime_single_page_hide_site_header":"","patiotime_single_page_site_header_source":"","patiotime_single_page_custom_site_header":"0","patiotime_single_page_custom_sticky_site_header":"0","patiotime_single_page_custom_page_title_margin_top_source":"","patiotime_single_page_custom_page_title_desktop_margin_top":"","patiotime_single_page_custom_page_title_tablet_margin_top":"","patiotime_single_page_custom_page_title_mobile_margin_top":"","patiotime_single_page_hide_page_title":"on","patiotime_single_page_header_section_size":"","patiotime_single_page_header_background_color":"","patiotime_single_page_header_background_position_x":"center","patiotime_single_page_header_background_position_y":"center","patiotime_single_page_header_background_size":"cover","patiotime_single_page_header_background_repeat":"off","patiotime_single_page_header_background_scroll":"on","patiotime_single_page_header_text_color":"","patiotime_single_page_header_show_breadcrumb":"","patiotime_single_page_site_footer_hide_main":"","patiotime_single_custom_site_footer_main_source":"","patiotime_single_custom_site_footer_main":"0","patiotime_single_page_site_footer_hide_above":"","patiotime_single_custom_site_footer_above_source":"","patiotime_single_custom_site_footer_above":"0","patiotime_single_page_site_footer_hide_instagram":"","patiotime_single_page_site_footer_hide_bottom":"","patiotime_single_custom_mobile_menu_source":"","patiotime_single_custom_mobile_menu":"0","patiotime_single_custom_mobile_menu_animation":"","patiotime_single_custom_mobile_menu_width":"","patiotime_single_custom_mobile_menu_custom_width":375,"footnotes":""},"class_list":["post-6800","page","type-page","status-publish","hentry"],"_links":{"self":[{"href":"https:\/\/wintermarkt-schlossplatz.de\/fr\/wp-json\/wp\/v2\/pages\/6800","targetHints":{"allow":["GET"]}}],"collection":[{"href":"https:\/\/wintermarkt-schlossplatz.de\/fr\/wp-json\/wp\/v2\/pages"}],"about":[{"href":"https:\/\/wintermarkt-schlossplatz.de\/fr\/wp-json\/wp\/v2\/types\/page"}],"author":[{"embeddable":true,"href":"https:\/\/wintermarkt-schlossplatz.de\/fr\/wp-json\/wp\/v2\/users\/1"}],"replies":[{"embeddable":true,"href":"https:\/\/wintermarkt-schlossplatz.de\/fr\/wp-json\/wp\/v2\/comments?post=6800"}],"version-history":[{"count":0,"href":"https:\/\/wintermarkt-schlossplatz.de\/fr\/wp-json\/wp\/v2\/pages\/6800\/revisions"}],"wp:attachment":[{"href":"https:\/\/wintermarkt-schlossplatz.de\/fr\/wp-json\/wp\/v2\/media?parent=6800"}],"curies":[{"name":"wp","href":"https:\/\/api.w.org\/{rel}","templated":true}]}}