{"id":7126,"date":"2023-10-04T16:50:33","date_gmt":"2023-10-04T16:50:33","guid":{"rendered":"https:\/\/wintermarkt-schlossplatz.de\/?page_id=7126"},"modified":"2025-11-04T10:01:33","modified_gmt":"2025-11-04T10:01:33","slug":"datenschutz-2","status":"publish","type":"page","link":"https:\/\/wintermarkt-schlossplatz.de\/fr\/datenschutz-2\/","title":{"rendered":"D\u00e9claration de confidentialit\u00e9"},"content":{"rendered":"<div data-elementor-type=\"wp-page\" data-elementor-id=\"7126\" class=\"elementor elementor-7126\">\n\t\t\t\t\t\t<section class=\"elementor-section elementor-top-section elementor-element elementor-element-22919a6e pt-section-content-fullwidth pt_scroll_y_150 pt-parallax-on-scroll elementor-section-boxed elementor-section-height-default elementor-section-height-default\" data-id=\"22919a6e\" data-element_type=\"section\" data-e-type=\"section\" data-settings=\"{&quot;background_background&quot;:&quot;classic&quot;}\" data-pt-parallax-y=\"150\" style=\"background-image: none;\" data-pt-background-image=\"https:\/\/wintermarkt-schlossplatz.de\/wp-content\/uploads\/2023\/10\/wintermarkt01.webp\">\n\t\t\t\t\t\t\t<div class=\"elementor-background-overlay\"><\/div>\n\t\t\t\t\t\t\t<div class=\"elementor-container elementor-column-gap-no\">\n\t\t\t\t\t<div class=\"elementor-column elementor-col-100 elementor-top-column elementor-element elementor-element-506879d8 dark-color\" data-id=\"506879d8\" data-element_type=\"column\" data-e-type=\"column\">\n\t\t\t<div class=\"elementor-widget-wrap elementor-element-populated\">\n\t\t\t\t\t\t<div class=\"elementor-element elementor-element-78737567 elementor-widget elementor-widget-pt_title\" data-id=\"78737567\" data-element_type=\"widget\" data-e-type=\"widget\" data-widget_type=\"pt_title.default\">\n\t\t\t\t<div class=\"elementor-widget-container\">\n\t\t\t\t\t\n        <div class=\"pt-title-wrap text-center\">\t            <h1 class=\"pt-title\">\n\t                Protection des donn\u00e9es\t            <\/h1>        <\/div>\t\t\t\t<\/div>\n\t\t\t\t<\/div>\n\t\t\t\t\t<\/div>\n\t\t<\/div>\n\t\t\t\t\t<\/div>\n\t\t<\/section>\n\t\t\t\t<section class=\"elementor-section elementor-top-section elementor-element elementor-element-bea9968 elementor-section-boxed elementor-section-height-default elementor-section-height-default\" data-id=\"bea9968\" data-element_type=\"section\" data-e-type=\"section\">\n\t\t\t\t\t\t<div class=\"elementor-container elementor-column-gap-default\">\n\t\t\t\t\t<div class=\"elementor-column elementor-col-100 elementor-top-column elementor-element elementor-element-e546a48 elementor-invisible\" data-id=\"e546a48\" data-element_type=\"column\" data-e-type=\"column\" data-settings=\"{&quot;animation&quot;:&quot;fadeInUp&quot;}\">\n\t\t\t<div class=\"elementor-widget-wrap elementor-element-populated\">\n\t\t\t\t\t\t<div class=\"elementor-element elementor-element-90700d4 elementor-widget elementor-widget-text-editor\" data-id=\"90700d4\" data-element_type=\"widget\" data-e-type=\"widget\" data-widget_type=\"text-editor.default\">\n\t\t\t\t<div class=\"elementor-widget-container\">\n\t\t\t\t\t\t\t\t\t<h2><strong>G\u00e9n\u00e9ralit\u00e9s sur le traitement des donn\u00e9es<\/strong><\/h2><h3><strong>1. \u00e9tendue du traitement des donn\u00e9es \u00e0 caract\u00e8re personnel<\/strong><\/h3><p>Nous ne traitons en principe les donn\u00e9es personnelles de nos utilisateurs que dans la mesure o\u00f9 cela est n\u00e9cessaire \u00e0 la mise \u00e0 disposition d'un site web fonctionnel ainsi que de nos contenus et prestations. Le traitement des donn\u00e9es \u00e0 caract\u00e8re personnel de nos utilisateurs n'a lieu r\u00e9guli\u00e8rement qu'apr\u00e8s le consentement de l'utilisateur. Une exception s'applique dans les cas o\u00f9 l'obtention pr\u00e9alable d'un consentement n'est pas possible pour des raisons r\u00e9elles et o\u00f9 le traitement des donn\u00e9es est autoris\u00e9 par des dispositions l\u00e9gales.<\/p><h3>2. base juridique du traitement des donn\u00e9es \u00e0 caract\u00e8re personnel<\/h3><p>Dans la mesure o\u00f9 nous demandons le consentement de la personne concern\u00e9e pour les op\u00e9rations de traitement des donn\u00e9es \u00e0 caract\u00e8re personnel, l'article 6, paragraphe 1, point a), du r\u00e8glement g\u00e9n\u00e9ral sur la protection des donn\u00e9es (RGPD) de l'UE sert de base juridique.<\/p><p>Lors du traitement de donn\u00e9es \u00e0 caract\u00e8re personnel n\u00e9cessaire \u00e0 l'ex\u00e9cution d'un contrat auquel la personne concern\u00e9e est partie, l'article 6, paragraphe 1, point b), du RGPD sert de base juridique. Cela s'applique \u00e9galement aux op\u00e9rations de traitement n\u00e9cessaires \u00e0 l'ex\u00e9cution de mesures pr\u00e9contractuelles.<\/p><p>Dans la mesure o\u00f9 le traitement de donn\u00e9es \u00e0 caract\u00e8re personnel est n\u00e9cessaire pour remplir une obligation l\u00e9gale \u00e0 laquelle notre entreprise est soumise, l'article 6, paragraphe 1, point c) du RGPD sert de base juridique.<\/p><p>Dans le cas o\u00f9 les int\u00e9r\u00eats vitaux de la personne concern\u00e9e ou d'une autre personne physique rendent n\u00e9cessaire le traitement de donn\u00e9es \u00e0 caract\u00e8re personnel, l'article 6, paragraphe 1, point d) du RGPD sert de base juridique.<\/p><p>Si le traitement est n\u00e9cessaire \u00e0 la sauvegarde d'un int\u00e9r\u00eat l\u00e9gitime de notre entreprise ou d'un tiers et si les int\u00e9r\u00eats, les droits fondamentaux et les libert\u00e9s fondamentales de la personne concern\u00e9e ne pr\u00e9valent pas sur le premier int\u00e9r\u00eat cit\u00e9, l'article 6, paragraphe 1, point f), du RGPD sert de base juridique au traitement.<\/p><h3>3. effacement des donn\u00e9es et dur\u00e9e de conservation<\/h3><p>Les donn\u00e9es \u00e0 caract\u00e8re personnel de la personne concern\u00e9e sont effac\u00e9es ou bloqu\u00e9es d\u00e8s que la finalit\u00e9 du stockage n'a plus lieu d'\u00eatre. Un stockage peut en outre avoir lieu si le l\u00e9gislateur europ\u00e9en ou national l'a pr\u00e9vu dans des r\u00e8glements, des lois ou d'autres dispositions du droit de l'Union auxquels le responsable est soumis. Les donn\u00e9es sont \u00e9galement bloqu\u00e9es ou effac\u00e9es lorsqu'un d\u00e9lai de stockage prescrit par les normes mentionn\u00e9es expire, \u00e0 moins qu'il ne soit n\u00e9cessaire de continuer \u00e0 stocker les donn\u00e9es pour la conclusion ou l'ex\u00e9cution d'un contrat.<\/p><h2>D\u00e9claration de confidentialit\u00e9<\/h2><h4>Nom et adresse du responsable<\/h4><p>Le responsable au sens du r\u00e8glement g\u00e9n\u00e9ral sur la protection des donn\u00e9es et d'autres lois nationales sur la protection des donn\u00e9es des \u00c9tats membres ainsi que d'autres dispositions relatives \u00e0 la protection des donn\u00e9es est la :<\/p><p>Entreprise foraine Wollenschlaeger GmbH<br \/>Thilo-Harry Wollenschlaeger<br \/>Promenade du lac 96<br \/>14612 Falkensee<br \/>Allemagne<\/p><p>T\u00e9l. : +49 3322 42 882 45<br \/>Courrier \u00e9lectronique : info@wollenschlaeger-berlin.de<br \/>Site web : www.wollenschlaeger-berlin.de<\/p><h4>Nom et adresse du d\u00e9l\u00e9gu\u00e9 \u00e0 la protection des donn\u00e9es<\/h4><p>Le d\u00e9l\u00e9gu\u00e9 \u00e0 la protection des donn\u00e9es du responsable est<br \/>Wollenschlaeger GmbH<br \/>Thilo-Harry Wollenschlaeger<br \/>T\u00e9l. : +49 3322 42 882 45<br \/>Courrier \u00e9lectronique : info@wollenschlaeger-berlin.de<\/p><h4>Mise \u00e0 disposition du site web et cr\u00e9ation de fichiers journaux<\/h4><p>\u00c0 chaque consultation de notre site Internet, notre syst\u00e8me collecte automatiquement des donn\u00e9es et des informations \u00e0 partir du syst\u00e8me informatique de l'ordinateur appelant. Les donn\u00e9es suivantes sont collect\u00e9es \u00e0 cette occasion :<\/p><h4>informations sur le type de navigateur et la version utilis\u00e9e<\/h4><p>- le syst\u00e8me d'exploitation de l'utilisateur<br \/>- le fournisseur d'acc\u00e8s \u00e0 Internet de l'utilisateur<br \/>- L'adresse IP de l'utilisateur<br \/>- date et heure de l'acc\u00e8s<br \/>- Sites Internet \u00e0 partir desquels le syst\u00e8me de l'utilisateur acc\u00e8de \u00e0 notre site Internet<br \/>- Sites Internet consult\u00e9s par le syst\u00e8me de l'utilisateur via notre site Internet<\/p><p>Ces donn\u00e9es sont \u00e9galement enregistr\u00e9es dans les fichiers journaux de notre syst\u00e8me. Les adresses IP de l'utilisateur ou d'autres donn\u00e9es permettant d'attribuer les donn\u00e9es \u00e0 un utilisateur ne sont pas concern\u00e9es. Ces donn\u00e9es ne sont pas enregistr\u00e9es avec d'autres donn\u00e9es personnelles de l'utilisateur.<\/p><p>La base juridique pour le stockage temporaire des donn\u00e9es et des fichiers journaux est l'article 6, paragraphe 1, point f du RGPD.<\/p><p>L'enregistrement temporaire de l'adresse IP par le syst\u00e8me est n\u00e9cessaire pour permettre la livraison du site web \u00e0 l'ordinateur de l'utilisateur. Pour cela, l'adresse IP de l'utilisateur doit rester enregistr\u00e9e pendant la dur\u00e9e de la session.<\/p><p>L'enregistrement dans des fichiers journaux a lieu afin de garantir le bon fonctionnement du site web. En outre, les donn\u00e9es nous servent \u00e0 optimiser le site web et \u00e0 assurer la s\u00e9curit\u00e9 de nos syst\u00e8mes informatiques. Une \u00e9valuation des donn\u00e9es \u00e0 des fins de marketing n'a pas lieu dans ce contexte.<\/p><p>Les donn\u00e9es sont supprim\u00e9es d\u00e8s qu'elles ne sont plus n\u00e9cessaires pour atteindre l'objectif de leur collecte. Dans le cas de la saisie des donn\u00e9es pour la mise \u00e0 disposition du site web, c'est le cas lorsque la session respective est termin\u00e9e.<\/p><p>En cas de stockage des donn\u00e9es dans des fichiers journaux, les adresses IP des utilisateurs sont supprim\u00e9es ou modifi\u00e9es, de sorte qu'il n'est plus possible d'attribuer le client appelant.<\/p><p>La saisie des donn\u00e9es pour la mise \u00e0 disposition du site web et l'enregistrement des donn\u00e9es dans des fichiers journaux sont imp\u00e9rativement n\u00e9cessaires pour le fonctionnement du site web. L'utilisateur ne peut donc pas s'y opposer.<\/p><h4>Utilisation des cookies et des cookies de session<\/h4><p>Notre site web utilise des cookies et des cookies de session. Les cookies sont des fichiers texte qui sont enregistr\u00e9s dans le navigateur Internet ou par le navigateur Internet sur le syst\u00e8me informatique de l'utilisateur. Lorsqu'un utilisateur consulte un site web, un cookie peut \u00eatre enregistr\u00e9 sur le syst\u00e8me d'exploitation de l'utilisateur. Ce cookie contient une cha\u00eene de caract\u00e8res caract\u00e9ristique qui permet d'identifier clairement le navigateur lors d'une nouvelle consultation du site web. Les cookies de session sont des informations qui sont stock\u00e9es dans la m\u00e9moire vive de l'ordinateur du visiteur. Dans un cookie de session, un identifiant unique g\u00e9n\u00e9r\u00e9 de mani\u00e8re al\u00e9atoire est stock\u00e9 (identifiant de session). En outre, un cookie de session contient l'indication de son origine et de sa dur\u00e9e de conservation.<\/p><p>Nous utilisons des cookies pour rendre notre site web plus convivial. Certains \u00e9l\u00e9ments de notre site Internet exigent que le navigateur appelant puisse \u00eatre identifi\u00e9 m\u00eame apr\u00e8s un changement de page. Les donn\u00e9es d'utilisateur collect\u00e9es par les cookies techniquement n\u00e9cessaires ne sont pas utilis\u00e9es pour cr\u00e9er des profils d'utilisateur.<\/p><p>Les donn\u00e9es suivantes sont alors enregistr\u00e9es et transmises dans les cookies :<\/p><p><strong>ID de session<\/strong><\/p><p>La base juridique pour le traitement des donn\u00e9es \u00e0 caract\u00e8re personnel \u00e0 l'aide de cookies est l'article 6, paragraphe 1, point f), du RGPD.<\/p><p>Les cookies sont stock\u00e9s sur l'ordinateur de l'utilisateur et transmis par celui-ci \u00e0 notre site. C'est pourquoi, en tant qu'utilisateur, vous avez \u00e9galement un contr\u00f4le total sur l'utilisation des cookies. En modifiant les param\u00e8tres de votre navigateur Internet, vous pouvez d\u00e9sactiver ou limiter la transmission de cookies. Les cookies d\u00e9j\u00e0 enregistr\u00e9s peuvent \u00eatre supprim\u00e9s \u00e0 tout moment. Cela peut \u00e9galement se faire de mani\u00e8re automatis\u00e9e. Si les cookies sont d\u00e9sactiv\u00e9s pour notre site web, il se peut que toutes les fonctions du site web ne puissent plus \u00eatre utilis\u00e9es dans leur int\u00e9gralit\u00e9.<\/p><h4>Contact par e-mail<\/h4><p>Il est possible de prendre contact via l'adresse e-mail mise \u00e0 disposition. Dans ce cas, les donn\u00e9es personnelles de l'utilisateur transmises par e-mail sont enregistr\u00e9es.<\/p><p>Les donn\u00e9es ne sont transmises \u00e0 des partenaires de coop\u00e9ration que dans le cadre et aux fins de la bonne ex\u00e9cution de la commande ou de l'ex\u00e9cution du contrat. Dans un tel cas, nous transmettons exclusivement les donn\u00e9es n\u00e9cessaires \u00e0 la commande en question. Cette transmission n'a lieu qu'\u00e0 des partenaires de coop\u00e9ration s\u00e9lectionn\u00e9s qui, de leur c\u00f4t\u00e9, sont tenus de respecter les dispositions l\u00e9gales relatives \u00e0 la protection des donn\u00e9es.<\/p><p>Vos donn\u00e9es ne seront pas transmises \u00e0 des tiers.<\/p><p>La base juridique pour le traitement des donn\u00e9es transmises dans le cadre de l'envoi d'un e-mail est l'article 6, paragraphe 1, point f), du RGPD. Si le contact par e-mail vise \u00e0 la conclusion d'un contrat, la base juridique suppl\u00e9mentaire pour le traitement est l'art. 6, paragraphe 1, point b du RGPD.<\/p><p>Les donn\u00e9es sont supprim\u00e9es d\u00e8s qu'elles ne sont plus n\u00e9cessaires \u00e0 la r\u00e9alisation de l'objectif pour lequel elles ont \u00e9t\u00e9 collect\u00e9es. Pour les donn\u00e9es \u00e0 caract\u00e8re personnel, c'est le cas lorsque la conversation respective avec l'utilisateur est termin\u00e9e. La conversation est termin\u00e9e lorsque les circonstances indiquent que les faits concern\u00e9s ont \u00e9t\u00e9 d\u00e9finitivement clarifi\u00e9s.<\/p><p>L'utilisateur a la possibilit\u00e9 de r\u00e9voquer \u00e0 tout moment son consentement au traitement des donn\u00e9es \u00e0 caract\u00e8re personnel.<\/p><p>Dans ce cas, toutes les donn\u00e9es personnelles enregistr\u00e9es lors de la prise de contact seront supprim\u00e9es. Si l'utilisateur prend contact avec nous par e-mail, il peut \u00e0 tout moment s'opposer \u00e0 l'enregistrement de ses donn\u00e9es personnelles. Dans un tel cas, la conversation ne peut pas \u00eatre poursuivie. En outre, les d\u00e9lais l\u00e9gaux d'archivage s'appliquent.<\/p><h4>Images<\/h4><p>Nous prenons des photos et des vid\u00e9os lors de nos manifestations. Ces images servent \u00e0 la r\u00e9daction de rapports sur notre site Internet (www.wollenschlaeger-berlin.de) et sur nos pages Facebook. En p\u00e9n\u00e9trant dans le lieu de la manifestation, le visiteur c\u00e8de \u00e0 l'organisateur le droit \u00e0 sa propre image ainsi que tous les droits d'utilisation, de protection de la prestation, de personnalit\u00e9 ou autres droits qui pourraient \u00e9ventuellement en r\u00e9sulter, et ce de mani\u00e8re exclusive, illimit\u00e9e dans le temps, dans l'espace et dans le contenu. L'article 23, paragraphe 1, point 3 de la loi allemande sur le droit d'auteur et les droits voisins (KunstUrhG) s'applique en cons\u00e9quence.<\/p><p>Si vous ne souhaitez pas \u00eatre photographi\u00e9 ou film\u00e9, veuillez en informer chaque fois notre photographe. Vous pouvez \u00e9galement nous informer ult\u00e9rieurement si vous d\u00e9couvrez sur nos pages des prises de vue de vous-m\u00eame que vous souhaitez que nous supprimions. Dans ce cas, veuillez envoyer un e-mail \u00e0 info@wollenschlaeger-berlin.de.<\/p><h4>Google Maps<\/h4><p>Ce site web utilise Google Maps pour la repr\u00e9sentation de cartes. Nous utilisons \u00e0 cet effet une solution dite \u201een deux clics\u201c. Cela signifie que le plugin correspondant est inactif et doit \u00eatre activ\u00e9 manuellement par vos soins.<\/p><p>Lorsque vous consultez des pages contenant un tel plug-in, diverses donn\u00e9es personnelles telles que l'adresse IP ou les cookies sont transmises \u00e0 Google dans le cadre de l'affichage de la carte. Nous n'avons aucune influence sur le type et l'\u00e9tendue des donn\u00e9es collect\u00e9es et transmises \u00e0 Google. Si vous \u00eates connect\u00e9 en m\u00eame temps \u00e0 votre compte Google, Google peut attribuer la visite \u00e0 votre compte Google.<\/p><p>Google Maps est exploit\u00e9 par Google Inc., 1600 Amphitheatre Parkway, Mountain View, CA 94043, USA. En activant le plugin sur ce site, vous acceptez la saisie, le traitement et l'utilisation des donn\u00e9es collect\u00e9es automatiquement et des donn\u00e9es que vous avez saisies par Google, l'un de ses repr\u00e9sentants ou des fournisseurs tiers. Vous trouverez ici de plus amples informations sur le traitement des donn\u00e9es par Google : http:\/\/www.google.com\/intl\/de_de\/policies\/privacy\/<\/p><p>Vous pouvez \u00e9galement y modifier et g\u00e9rer vos param\u00e8tres dans le centre de protection des donn\u00e9es afin de mieux prot\u00e9ger vos donn\u00e9es.<\/p><h4>YouTube<\/h4><p>Nous utilisons des plugins de YouTube pour l'int\u00e9gration et la pr\u00e9sentation de contenus vid\u00e9o. YouTube est un portail vid\u00e9o sur Internet qui permet de mettre en ligne gratuitement des clips vid\u00e9o et de les visionner, de les commenter et de les \u00e9valuer \u00e9galement gratuitement.<\/p><p>Ce service est fourni par : YouTube LLC, 901 Cherry Ave., San Bruno, CA 94066, USA, repr\u00e9sent\u00e9 par : Google LLC, 1600 Amphitheatre Parkway, Mountain View, CA 94043, USA<\/p><p>Lorsqu'une page avec un plug-in YouTube int\u00e9gr\u00e9 est consult\u00e9e, votre navigateur Internet est automatiquement invit\u00e9 \u00e0 t\u00e9l\u00e9charger le clip vid\u00e9o correspondant de YouTube. YouTube et Google sont ainsi inform\u00e9s de la sous-page concr\u00e8te de notre site Internet que vous avez visit\u00e9e.<\/p><p>Si vous \u00eates connect\u00e9 \u00e0 votre compte YouTube, YouTube peut associer ces informations directement \u00e0 votre profil personnel. Vous pouvez emp\u00eacher cela en vous d\u00e9connectant de votre compte YouTube avant d'acc\u00e9der \u00e0 notre site Internet.<\/p><p>L'utilisation de YouTube a lieu dans l'int\u00e9r\u00eat d'une pr\u00e9sentation attrayante de nos offres en ligne. Cela constitue un int\u00e9r\u00eat l\u00e9gitime au sens de l'article 6, paragraphe 1, point f) du RGPD.<\/p><p>Vous trouverez des informations sur le traitement des donn\u00e9es des utilisateurs dans la d\u00e9claration de confidentialit\u00e9 de YouTube, que vous pouvez consulter ici https:\/\/www.google.de\/intl\/de\/policies\/privacy.<\/p><h4>Droits de la personne concern\u00e9e<\/h4><p>Si des donn\u00e9es \u00e0 caract\u00e8re personnel vous concernant sont trait\u00e9es, vous \u00eates une personne concern\u00e9e au sens du RGPD et vous disposez des droits suivants vis-\u00e0-vis du responsable :<\/p><h4>Droit d'acc\u00e8s<\/h4><p>Vous pouvez demander au responsable de confirmer si des donn\u00e9es \u00e0 caract\u00e8re personnel vous concernant sont trait\u00e9es par nos soins.<\/p><p>Si un tel traitement existe, vous pouvez demander au responsable de vous fournir les informations suivantes :<\/p><p>les finalit\u00e9s pour lesquelles les donn\u00e9es \u00e0 caract\u00e8re personnel sont trait\u00e9es ;<\/p><p>les cat\u00e9gories de donn\u00e9es \u00e0 caract\u00e8re personnel qui sont trait\u00e9es ;<\/p><p>les destinataires ou les cat\u00e9gories de destinataires auxquels les donn\u00e9es \u00e0 caract\u00e8re personnel vous concernant ont \u00e9t\u00e9 ou seront divulgu\u00e9es ;<\/p><p>la dur\u00e9e pr\u00e9vue de conservation des donn\u00e9es \u00e0 caract\u00e8re personnel vous concernant ou, s'il n'est pas possible de fournir des informations concr\u00e8tes \u00e0 cet \u00e9gard, les crit\u00e8res permettant de d\u00e9terminer la dur\u00e9e de conservation ;<\/p><p>l'existence d'un droit de rectification ou d'effacement des donn\u00e9es \u00e0 caract\u00e8re personnel vous concernant, d'un droit de limitation du traitement par le responsable du traitement ou d'un droit d'opposition \u00e0 ce traitement ;<\/p><p>l'existence d'un droit de recours aupr\u00e8s d'une autorit\u00e9 de surveillance ;<\/p><p>toutes les informations disponibles sur l'origine des donn\u00e9es, lorsque les donn\u00e9es \u00e0 caract\u00e8re personnel ne sont pas collect\u00e9es aupr\u00e8s de la personne concern\u00e9e ;<\/p><p>l'existence d'une prise de d\u00e9cision automatis\u00e9e, y compris le profilage, conform\u00e9ment \u00e0 l'article 22, paragraphes 1 et 4, du RGPD et, au moins dans ces cas, des informations pertinentes sur la logique impliqu\u00e9e ainsi que sur la port\u00e9e et les effets escompt\u00e9s d'un tel traitement pour la personne concern\u00e9e.<\/p><p>Vous avez le droit de demander si les donn\u00e9es \u00e0 caract\u00e8re personnel vous concernant sont transmises \u00e0 un pays tiers ou \u00e0 une organisation internationale. Dans ce contexte, vous pouvez demander \u00e0 \u00eatre inform\u00e9 des garanties appropri\u00e9es conform\u00e9ment \u00e0 l'article 46 du RGPD en rapport avec le transfert.<\/p><h4>Droit de rectification<\/h4><p>Vous avez le droit de faire rectifier et\/ou compl\u00e9ter par le responsable si les donn\u00e9es \u00e0 caract\u00e8re personnel trait\u00e9es vous concernant sont inexactes ou incompl\u00e8tes. Le responsable doit proc\u00e9der \u00e0 la rectification sans d\u00e9lai.<\/p><h4>Droit \u00e0 la limitation du traitement<\/h4><p>Dans les conditions suivantes, vous pouvez demander la limitation du traitement des donn\u00e9es \u00e0 caract\u00e8re personnel vous concernant :<\/p><p>si vous contestez l'exactitude des donn\u00e9es \u00e0 caract\u00e8re personnel vous concernant pendant une dur\u00e9e permettant au responsable du traitement de v\u00e9rifier l'exactitude de ces donn\u00e9es ;<\/p><p>le traitement est illicite et que vous refusez l'effacement des donn\u00e9es \u00e0 caract\u00e8re personnel et demandez \u00e0 la place la limitation de l'utilisation des donn\u00e9es \u00e0 caract\u00e8re personnel ;<\/p><p>le responsable n'a plus besoin des donn\u00e9es \u00e0 caract\u00e8re personnel pour les finalit\u00e9s du traitement, mais vous en avez besoin pour faire valoir, exercer ou d\u00e9fendre des droits en justice, ou que<\/p><p>si vous vous \u00eates oppos\u00e9 au traitement conform\u00e9ment \u00e0 l'article 21, paragraphe 1, du RGPD et qu'il n'a pas encore \u00e9t\u00e9 \u00e9tabli si les motifs l\u00e9gitimes du responsable pr\u00e9valent sur les v\u00f4tres.<\/p><p>Si le traitement des donn\u00e9es \u00e0 caract\u00e8re personnel vous concernant a \u00e9t\u00e9 limit\u00e9, ces donn\u00e9es ne peuvent \u00eatre trait\u00e9es - \u00e0 l'exception de leur conservation - qu'avec votre consentement ou pour la constatation, l'exercice ou la d\u00e9fense de droits en justice ou pour la protection des droits d'une autre personne physique ou morale, ou encore pour un motif d'int\u00e9r\u00eat public important de l'Union ou d'un \u00c9tat membre.<\/p><p>Si la restriction du traitement a \u00e9t\u00e9 limit\u00e9e conform\u00e9ment aux conditions susmentionn\u00e9es, le responsable vous en informera avant de lever la restriction.<\/p><h4>Droit \u00e0 l'effacement<\/h4><p>a) Obligation d'annulation<\/p><p>Vous pouvez exiger du responsable que les donn\u00e9es \u00e0 caract\u00e8re personnel vous concernant soient effac\u00e9es sans d\u00e9lai et le responsable est tenu d'effacer ces donn\u00e9es sans d\u00e9lai si l'une des raisons suivantes s'applique :<\/p><p>les donn\u00e9es \u00e0 caract\u00e8re personnel vous concernant ne sont plus n\u00e9cessaires au regard des finalit\u00e9s pour lesquelles elles ont \u00e9t\u00e9 collect\u00e9es ou trait\u00e9es de toute autre mani\u00e8re.<\/p><p>vous r\u00e9voquez votre consentement sur lequel \u00e9tait fond\u00e9 le traitement conform\u00e9ment \u00e0 l'article 6, paragraphe 1, point a), ou \u00e0 l'article 9, paragraphe 2, point a), du RGPD, et il n'existe pas d'autre base juridique pour le traitement.<\/p><p>vous vous opposez au traitement conform\u00e9ment \u00e0 l'article 21, paragraphe 1, du RGPD et il n'existe pas de motifs l\u00e9gitimes pr\u00e9pond\u00e9rants pour le traitement, ou vous vous opposez au traitement conform\u00e9ment \u00e0 l'article 21, paragraphe 2, du RGPD.<\/p><p>Les donn\u00e9es \u00e0 caract\u00e8re personnel vous concernant ont \u00e9t\u00e9 trait\u00e9es ill\u00e9galement.<\/p><p>L'effacement des donn\u00e9es \u00e0 caract\u00e8re personnel vous concernant est n\u00e9cessaire au respect d'une obligation l\u00e9gale en vertu du droit de l'Union ou du droit des \u00c9tats membres auquel le responsable est soumis.<\/p><p>Les donn\u00e9es \u00e0 caract\u00e8re personnel vous concernant ont \u00e9t\u00e9 collect\u00e9es en relation avec des services propos\u00e9s par la soci\u00e9t\u00e9 de l'information, conform\u00e9ment \u00e0 l'article 8, paragraphe 1, du RGPD.<\/p><p>b) Information \u00e0 des tiers<\/p><p>Si le responsable a rendu publiques les donn\u00e9es \u00e0 caract\u00e8re personnel vous concernant et qu'il est tenu de les effacer en vertu de l'article 17, paragraphe 1, du RGPD, il prend, compte tenu des technologies disponibles et des co\u00fbts de mise en \u0153uvre, des mesures appropri\u00e9es, y compris des mesures techniques, pour informer les responsables du traitement des donn\u00e9es qui traitent les donn\u00e9es \u00e0 caract\u00e8re personnel que vous, en tant que personne concern\u00e9e, avez demand\u00e9 l'effacement de tous les liens vers ces donn\u00e9es \u00e0 caract\u00e8re personnel ou vers des copies ou des r\u00e9plications de ces donn\u00e9es.<\/p><p>c) Exceptions<\/p><p>Le droit \u00e0 l'effacement n'existe pas dans la mesure o\u00f9 le traitement est n\u00e9cessaire<\/p><p>\u00e0 l'exercice du droit \u00e0 la libert\u00e9 d'expression et d'information ;<\/p><p>au respect d'une obligation l\u00e9gale exigeant le traitement en vertu du droit de l'Union ou des \u00c9tats membres auquel le responsable est soumis, ou \u00e0 l'ex\u00e9cution d'une mission d'int\u00e9r\u00eat public ou relevant de l'exercice de l'autorit\u00e9 publique dont est investi le responsable ;<\/p><p>pour des raisons d'int\u00e9r\u00eat public dans le domaine de la sant\u00e9 publique, conform\u00e9ment \u00e0 l'article 9, paragraphe 2, points h et i, et \u00e0 l'article 9, paragraphe 3, du RGPD ;<\/p><p>\u00e0 des fins archivistiques dans l'int\u00e9r\u00eat public, \u00e0 des fins de recherche scientifique ou historique ou \u00e0 des fins statistiques conform\u00e9ment \u00e0 l'article 89, paragraphe 1, du RGPD, dans la mesure o\u00f9 le droit vis\u00e9 au point a) rend vraisemblablement impossible ou compromet s\u00e9rieusement la r\u00e9alisation des objectifs de ce traitement, ou<\/p><p>pour faire valoir, exercer ou d\u00e9fendre des droits l\u00e9gaux.<\/p><h4>Droit \u00e0 l'information<\/h4><p>Si vous avez fait valoir votre droit \u00e0 la rectification, \u00e0 l'effacement ou \u00e0 la limitation du traitement aupr\u00e8s du responsable, celui-ci est tenu de communiquer cette rectification ou cet effacement des donn\u00e9es ou cette limitation du traitement \u00e0 tous les destinataires auxquels les donn\u00e9es \u00e0 caract\u00e8re personnel vous concernant ont \u00e9t\u00e9 divulgu\u00e9es, \u00e0 moins que cela ne s'av\u00e8re impossible ou n'implique un effort disproportionn\u00e9.<\/p><p>Vous avez le droit d'\u00eatre inform\u00e9 de ces destinataires par le responsable du traitement.<\/p><h4>Droit \u00e0 la portabilit\u00e9 des donn\u00e9es<\/h4><p>Vous avez le droit de recevoir les donn\u00e9es \u00e0 caract\u00e8re personnel vous concernant, que vous avez fournies au responsable, dans un format structur\u00e9, couramment utilis\u00e9 et lisible par machine. Vous avez \u00e9galement le droit de transmettre ces donn\u00e9es \u00e0 un autre responsable du traitement sans que le responsable du traitement auquel les donn\u00e9es \u00e0 caract\u00e8re personnel ont \u00e9t\u00e9 communiqu\u00e9es y fasse obstacle, \u00e0 condition que<\/p><p>le traitement est fond\u00e9 sur le consentement conform\u00e9ment \u00e0 l'article 6, paragraphe 1, point a), du RGPD ou \u00e0 l'article 9, paragraphe 2, point a), du RGPD, ou sur un contrat conform\u00e9ment \u00e0 l'article 6, paragraphe 1, point b), du RGPD, et que<\/p><p>le traitement est effectu\u00e9 \u00e0 l'aide de proc\u00e9d\u00e9s automatis\u00e9s.<\/p><p>Dans l'exercice de ce droit, vous avez \u00e9galement le droit d'obtenir que les donn\u00e9es \u00e0 caract\u00e8re personnel vous concernant soient transmises directement d'un responsable \u00e0 un autre, lorsque cela est techniquement possible. Cela ne doit pas porter atteinte aux libert\u00e9s et aux droits d'autres personnes.<\/p><p>Le droit \u00e0 la portabilit\u00e9 des donn\u00e9es ne s'applique pas au traitement des donn\u00e9es \u00e0 caract\u00e8re personnel n\u00e9cessaire \u00e0 l'ex\u00e9cution d'une mission d'int\u00e9r\u00eat public ou relevant de l'exercice de l'autorit\u00e9 publique dont est investi le responsable du traitement.<\/p><h4>Droit d'opposition<\/h4><p>Vous avez le droit de vous opposer \u00e0 tout moment, pour des raisons tenant \u00e0 votre situation particuli\u00e8re, au traitement des donn\u00e9es \u00e0 caract\u00e8re personnel vous concernant, effectu\u00e9 sur la base de l'article 6, paragraphe 1, point e) ou f), du RGPD ; cela vaut \u00e9galement pour le profilage fond\u00e9 sur ces dispositions.<\/p><p>Le responsable ne traite plus les donn\u00e9es \u00e0 caract\u00e8re personnel vous concernant, \u00e0 moins qu'il ne puisse d\u00e9montrer qu'il existe des motifs l\u00e9gitimes et imp\u00e9rieux pour le traitement qui pr\u00e9valent sur vos int\u00e9r\u00eats, droits et libert\u00e9s, ou que le traitement sert \u00e0 faire valoir, exercer ou d\u00e9fendre des droits en justice.<\/p><p>Si les donn\u00e9es \u00e0 caract\u00e8re personnel vous concernant sont trait\u00e9es \u00e0 des fins de publicit\u00e9 directe, vous avez le droit de vous opposer \u00e0 tout moment au traitement des donn\u00e9es \u00e0 caract\u00e8re personnel vous concernant \u00e0 de telles fins de publicit\u00e9 ; cela s'applique \u00e9galement au profilage dans la mesure o\u00f9 il est li\u00e9 \u00e0 une telle publicit\u00e9 directe.<\/p><p>Si vous vous opposez au traitement \u00e0 des fins de publicit\u00e9 directe, les donn\u00e9es \u00e0 caract\u00e8re personnel vous concernant ne seront plus trait\u00e9es \u00e0 ces fins.<\/p><p>Dans le cadre de l'utilisation de services de la soci\u00e9t\u00e9 de l'information, vous avez la possibilit\u00e9, nonobstant la directive 2002\/58\/CE, d'exercer votre droit d'opposition au moyen de proc\u00e9dures automatis\u00e9es utilisant des sp\u00e9cifications techniques.<\/p><p>Droit de r\u00e9voquer la d\u00e9claration de consentement en mati\u00e8re de protection des donn\u00e9es<\/p><p>Vous avez le droit de r\u00e9voquer \u00e0 tout moment votre d\u00e9claration de consentement en mati\u00e8re de protection des donn\u00e9es. La r\u00e9vocation du consentement n'affecte pas la l\u00e9galit\u00e9 du traitement effectu\u00e9 sur la base du consentement jusqu'\u00e0 la r\u00e9vocation.<\/p><h4>D\u00e9cision automatis\u00e9e au cas par cas, y compris le profilage<\/h4><p>Vous avez le droit de ne pas \u00eatre soumis \u00e0 une d\u00e9cision fond\u00e9e exclusivement sur un traitement automatis\u00e9 - y compris le profilage - produisant des effets juridiques \u00e0 votre \u00e9gard ou vous affectant de mani\u00e8re significative de fa\u00e7on similaire. Cela ne s'applique pas si la d\u00e9cision<\/p><p>est n\u00e9cessaire \u00e0 la conclusion ou \u00e0 l'ex\u00e9cution d'un contrat entre vous et le responsable du traitement,<\/p><p>est autoris\u00e9e en vertu de la l\u00e9gislation de l'Union ou des \u00c9tats membres \u00e0 laquelle le responsable est soumis et que cette l\u00e9gislation contient des mesures appropri\u00e9es pour la sauvegarde de vos droits et libert\u00e9s ainsi que de vos int\u00e9r\u00eats l\u00e9gitimes ; ou<\/p><p>se fait avec votre consentement explicite.<\/p><p>Toutefois, ces d\u00e9cisions ne doivent pas \u00eatre fond\u00e9es sur des cat\u00e9gories particuli\u00e8res de donn\u00e9es \u00e0 caract\u00e8re personnel au sens de l'article 9, paragraphe 1, du RGPD, sauf si l'article 9, paragraphe 2, point a) ou g), du RGPD s'applique et si des mesures appropri\u00e9es ont \u00e9t\u00e9 prises pour prot\u00e9ger les droits et libert\u00e9s ainsi que vos int\u00e9r\u00eats l\u00e9gitimes.<\/p><p>En ce qui concerne les cas vis\u00e9s aux points (1) et (3), le responsable prend des mesures appropri\u00e9es pour sauvegarder les droits et libert\u00e9s ainsi que vos int\u00e9r\u00eats l\u00e9gitimes, ce qui inclut au moins le droit d'obtenir l'intervention d'une personne de la part du responsable, d'exprimer son propre point de vue et de contester la d\u00e9cision.<\/p><h4>Droit de recours aupr\u00e8s d'une autorit\u00e9 de contr\u00f4le<\/h4><p>Sans pr\u00e9judice de tout autre recours administratif ou judiciaire, vous avez le droit d'introduire une r\u00e9clamation aupr\u00e8s d'une autorit\u00e9 de contr\u00f4le, en particulier dans l'\u00c9tat membre de votre lieu de r\u00e9sidence, de votre lieu de travail ou du lieu de la violation pr\u00e9sum\u00e9e, si vous estimez que le traitement des donn\u00e9es \u00e0 caract\u00e8re personnel vous concernant enfreint le RGPD.<\/p><p>L'autorit\u00e9 de contr\u00f4le aupr\u00e8s de laquelle la r\u00e9clamation a \u00e9t\u00e9 introduite informe le plaignant de l'\u00e9tat et de l'issue de la r\u00e9clamation, y compris de la possibilit\u00e9 d'un recours juridictionnel conform\u00e9ment \u00e0 l'article 78 du RGPD.<\/p><p>Version 1.08 \/ 29.01.2020<\/p>\t\t\t\t\t\t\t\t<\/div>\n\t\t\t\t<\/div>\n\t\t\t\t\t<\/div>\n\t\t<\/div>\n\t\t\t\t\t<\/div>\n\t\t<\/section>\n\t\t\t\t<\/div>","protected":false},"excerpt":{"rendered":"<p>Datenschutz Allgemeines zur Datenverarbeitung 1. Umfang der Verarbeitung personenbezogener Daten Wir verarbeiten personenbezogene Daten unserer Nutzer grunds\u00e4tzlich nur, soweit dies zur Bereitstellung einer funktionsf\u00e4higen Website sowie unserer Inhalte und Leistungen erforderlich ist. Die Verarbeitung personenbezogener Daten unserer Nutzer erfolgt regelm\u00e4\u00dfig nur nach Einwilligung des Nutzers. Eine Ausnahme gilt in solchen F\u00e4llen, in denen eine vorherige &#8230;<\/p>","protected":false},"author":1,"featured_media":0,"parent":0,"menu_order":0,"comment_status":"closed","ping_status":"closed","template":"template-wide-content.php","meta":{"patiotime_single_page_hide_site_header":"","patiotime_single_page_site_header_source":"","patiotime_single_page_custom_site_header":"0","patiotime_single_page_custom_sticky_site_header":"0","patiotime_single_page_custom_page_title_margin_top_source":"","patiotime_single_page_custom_page_title_desktop_margin_top":"","patiotime_single_page_custom_page_title_tablet_margin_top":"","patiotime_single_page_custom_page_title_mobile_margin_top":"","patiotime_single_page_hide_page_title":"on","patiotime_single_page_header_section_size":"","patiotime_single_page_header_background_color":"","patiotime_single_page_header_background_position_x":"center","patiotime_single_page_header_background_position_y":"center","patiotime_single_page_header_background_size":"cover","patiotime_single_page_header_background_repeat":"off","patiotime_single_page_header_background_scroll":"on","patiotime_single_page_header_text_color":"","patiotime_single_page_header_show_breadcrumb":"","patiotime_single_page_site_footer_hide_main":"","patiotime_single_custom_site_footer_main_source":"","patiotime_single_custom_site_footer_main":"0","patiotime_single_page_site_footer_hide_above":"on","patiotime_single_custom_site_footer_above_source":"","patiotime_single_custom_site_footer_above":"0","patiotime_single_page_site_footer_hide_instagram":"","patiotime_single_page_site_footer_hide_bottom":"","patiotime_single_custom_mobile_menu_source":"","patiotime_single_custom_mobile_menu":"0","patiotime_single_custom_mobile_menu_animation":"","patiotime_single_custom_mobile_menu_width":"","patiotime_single_custom_mobile_menu_custom_width":375,"footnotes":""},"class_list":["post-7126","page","type-page","status-publish","hentry"],"_links":{"self":[{"href":"https:\/\/wintermarkt-schlossplatz.de\/fr\/wp-json\/wp\/v2\/pages\/7126","targetHints":{"allow":["GET"]}}],"collection":[{"href":"https:\/\/wintermarkt-schlossplatz.de\/fr\/wp-json\/wp\/v2\/pages"}],"about":[{"href":"https:\/\/wintermarkt-schlossplatz.de\/fr\/wp-json\/wp\/v2\/types\/page"}],"author":[{"embeddable":true,"href":"https:\/\/wintermarkt-schlossplatz.de\/fr\/wp-json\/wp\/v2\/users\/1"}],"replies":[{"embeddable":true,"href":"https:\/\/wintermarkt-schlossplatz.de\/fr\/wp-json\/wp\/v2\/comments?post=7126"}],"version-history":[{"count":0,"href":"https:\/\/wintermarkt-schlossplatz.de\/fr\/wp-json\/wp\/v2\/pages\/7126\/revisions"}],"wp:attachment":[{"href":"https:\/\/wintermarkt-schlossplatz.de\/fr\/wp-json\/wp\/v2\/media?parent=7126"}],"curies":[{"name":"wp","href":"https:\/\/api.w.org\/{rel}","templated":true}]}}