{"id":7126,"date":"2023-10-04T16:50:33","date_gmt":"2023-10-04T16:50:33","guid":{"rendered":"https:\/\/wintermarkt-schlossplatz.de\/?page_id=7126"},"modified":"2025-11-04T10:01:33","modified_gmt":"2025-11-04T10:01:33","slug":"datenschutz-2","status":"publish","type":"page","link":"https:\/\/wintermarkt-schlossplatz.de\/it\/datenschutz-2\/","title":{"rendered":"Informativa sulla privacy"},"content":{"rendered":"<div data-elementor-type=\"wp-page\" data-elementor-id=\"7126\" class=\"elementor elementor-7126\">\n\t\t\t\t\t\t<section class=\"elementor-section elementor-top-section elementor-element elementor-element-22919a6e pt-section-content-fullwidth pt_scroll_y_150 pt-parallax-on-scroll elementor-section-boxed elementor-section-height-default elementor-section-height-default\" data-id=\"22919a6e\" data-element_type=\"section\" data-e-type=\"section\" data-settings=\"{&quot;background_background&quot;:&quot;classic&quot;}\" data-pt-parallax-y=\"150\" style=\"background-image: none;\" data-pt-background-image=\"https:\/\/wintermarkt-schlossplatz.de\/wp-content\/uploads\/2023\/10\/wintermarkt01.webp\">\n\t\t\t\t\t\t\t<div class=\"elementor-background-overlay\"><\/div>\n\t\t\t\t\t\t\t<div class=\"elementor-container elementor-column-gap-no\">\n\t\t\t\t\t<div class=\"elementor-column elementor-col-100 elementor-top-column elementor-element elementor-element-506879d8 dark-color\" data-id=\"506879d8\" data-element_type=\"column\" data-e-type=\"column\">\n\t\t\t<div class=\"elementor-widget-wrap elementor-element-populated\">\n\t\t\t\t\t\t<div class=\"elementor-element elementor-element-78737567 elementor-widget elementor-widget-pt_title\" data-id=\"78737567\" data-element_type=\"widget\" data-e-type=\"widget\" data-widget_type=\"pt_title.default\">\n\t\t\t\t<div class=\"elementor-widget-container\">\n\t\t\t\t\t\n        <div class=\"pt-title-wrap text-center\">\t            <h1 class=\"pt-title\">\n\t                Protezione dei dati\t            <\/h1>        <\/div>\t\t\t\t<\/div>\n\t\t\t\t<\/div>\n\t\t\t\t\t<\/div>\n\t\t<\/div>\n\t\t\t\t\t<\/div>\n\t\t<\/section>\n\t\t\t\t<section class=\"elementor-section elementor-top-section elementor-element elementor-element-bea9968 elementor-section-boxed elementor-section-height-default elementor-section-height-default\" data-id=\"bea9968\" data-element_type=\"section\" data-e-type=\"section\">\n\t\t\t\t\t\t<div class=\"elementor-container elementor-column-gap-default\">\n\t\t\t\t\t<div class=\"elementor-column elementor-col-100 elementor-top-column elementor-element elementor-element-e546a48 elementor-invisible\" data-id=\"e546a48\" data-element_type=\"column\" data-e-type=\"column\" data-settings=\"{&quot;animation&quot;:&quot;fadeInUp&quot;}\">\n\t\t\t<div class=\"elementor-widget-wrap elementor-element-populated\">\n\t\t\t\t\t\t<div class=\"elementor-element elementor-element-90700d4 elementor-widget elementor-widget-text-editor\" data-id=\"90700d4\" data-element_type=\"widget\" data-e-type=\"widget\" data-widget_type=\"text-editor.default\">\n\t\t\t\t<div class=\"elementor-widget-container\">\n\t\t\t\t\t\t\t\t\t<h2><strong>Informazioni generali sul trattamento dei dati<\/strong><\/h2><h3><strong>1. ambito del trattamento dei dati personali<\/strong><\/h3><p>Trattiamo i dati personali dei nostri utenti solo nella misura necessaria a fornire un sito web funzionale e i nostri contenuti e servizi. Il trattamento dei dati personali dei nostri utenti avviene regolarmente solo con il consenso dell'utente. Un'eccezione si applica nei casi in cui non sia possibile ottenere il consenso preventivo per motivi di fatto e il trattamento dei dati sia consentito dalla legge.<\/p><h3>2. base giuridica del trattamento dei dati personali<\/h3><p>Nella misura in cui otteniamo il consenso dell'interessato per il trattamento dei dati personali, l'art. 6 par. 1 lett. a del Regolamento generale sulla protezione dei dati (GDPR) dell'UE funge da base giuridica.<\/p><p>Quando il trattamento dei dati personali \u00e8 necessario per l'adempimento di un contratto di cui l'interessato \u00e8 parte, l'art. 6 par. 1 lett. b GDPR funge da base giuridica. Ci\u00f2 vale anche per i trattamenti necessari all'esecuzione di misure precontrattuali.<\/p><p>Nella misura in cui il trattamento dei dati personali \u00e8 necessario per adempiere a un obbligo legale a cui la nostra azienda \u00e8 soggetta, l'art. 6 par. 1 lit. c GDPR funge da base giuridica.<\/p><p>Nel caso in cui interessi vitali dell'interessato o di un'altra persona fisica richiedano il trattamento dei dati personali, l'art. 6 par. 1 lit. d GDPR funge da base giuridica.<\/p><p>Se il trattamento \u00e8 necessario per salvaguardare un interesse legittimo della nostra azienda o di terzi e se gli interessi, i diritti e le libert\u00e0 fondamentali dell'interessato non prevalgono sul primo interesse, l'art. 6 par. 1 lit. f GDPR funge da base giuridica per il trattamento.<\/p><h3>3. cancellazione dei dati e durata della conservazione<\/h3><p>I dati personali dell'interessato saranno cancellati o bloccati non appena lo scopo della conservazione non sar\u00e0 pi\u00f9 valido. I dati possono essere conservati anche se ci\u00f2 \u00e8 stato previsto dal legislatore europeo o nazionale in regolamenti UE, leggi o altre disposizioni a cui \u00e8 soggetto il responsabile del trattamento. I dati saranno inoltre bloccati o cancellati se scade il periodo di conservazione prescritto dalle norme citate, a meno che non sia necessaria un'ulteriore conservazione dei dati per la conclusione o l'adempimento di un contratto.<\/p><h2>Informativa sulla privacy<\/h2><h4>Nome e indirizzo della persona responsabile<\/h4><p>Il responsabile del trattamento ai sensi del Regolamento generale sulla protezione dei dati e delle altre leggi nazionali sulla protezione dei dati degli Stati membri, nonch\u00e9 di altre normative sulla protezione dei dati, \u00e8 il:<\/p><p>Wollenschlaeger GmbH show business<br \/>Thilo-Harry Wollenschlaeger<br \/>Lungolago 96<br \/>14612 Falkensee<br \/>Germania<\/p><p>Telefono: +49 3322 42 882 45<br \/>E-mail: info@wollenschlaeger-berlin.de<br \/>Sito web: www.wollenschlaeger-berlin.de<\/p><h4>Nome e indirizzo del responsabile della protezione dei dati<\/h4><p>Il responsabile della protezione dei dati del titolare del trattamento \u00e8<br \/>Wollenschlaeger GmbH<br \/>Thilo-Harry Wollenschlaeger<br \/>Telefono: +49 3322 42 882 45<br \/>E-mail: info@wollenschlaeger-berlin.de<\/p><h4>Fornitura del sito web e creazione di file di log<\/h4><p>Ogni volta che si accede al nostro sito web, il nostro sistema raccoglie automaticamente dati e informazioni dal sistema informatico del computer che accede. Vengono raccolti i seguenti dati:<\/p><h4>Informazioni sul tipo e sulla versione del browser utilizzato<\/h4><p>- Il sistema operativo dell'utente<br \/>- Il fornitore di servizi Internet dell'utente<br \/>- L'indirizzo IP dell'utente<br \/>- Data e ora dell'accesso<br \/>- Siti web dai quali il sistema dell'utente accede al nostro sito web<br \/>- Siti web a cui si accede dal sistema dell'utente tramite il nostro sito web<\/p><p>I dati vengono inoltre memorizzati nei file di log del nostro sistema. Ci\u00f2 non influisce sugli indirizzi IP dell'utente o su altri dati che consentono di assegnare i dati a un utente. Questi dati non vengono memorizzati insieme ad altri dati personali dell'utente.<\/p><p>La base giuridica per la memorizzazione temporanea dei dati e dei file di log \u00e8 l'articolo 6, paragrafo 1, lettera f), del GDPR.<\/p><p>La memorizzazione temporanea dell'indirizzo IP da parte del sistema \u00e8 necessaria per consentire la consegna del sito web al computer dell'utente. A tal fine, l'indirizzo IP dell'utente deve rimanere memorizzato per la durata della sessione.<\/p><p>I dati vengono memorizzati in file di log per garantire la funzionalit\u00e0 del sito web. Utilizziamo i dati anche per ottimizzare il sito web e per garantire la sicurezza dei nostri sistemi informatici. In questo contesto, i dati non vengono analizzati per scopi di marketing.<\/p><p>I dati vengono cancellati non appena non sono pi\u00f9 necessari per soddisfare lo scopo per cui sono stati raccolti. Nel caso della raccolta di dati per la fornitura del sito web, ci\u00f2 avviene al termine della relativa sessione.<\/p><p>Se i dati vengono memorizzati nei file di log, gli indirizzi IP degli utenti vengono cancellati o resi anonimi, in modo che non sia pi\u00f9 possibile identificare il cliente che accede.<\/p><p>La raccolta dei dati per la fornitura del sito web e la memorizzazione dei dati nei file di log \u00e8 assolutamente necessaria per il funzionamento del sito web. Di conseguenza, l'utente non ha alcuna possibilit\u00e0 di opporsi.<\/p><h4>Utilizzo di cookie e cookie di sessione<\/h4><p>Il nostro sito web utilizza cookie e cookie di sessione. I cookie sono file di testo che vengono memorizzati nel browser Internet o dal browser Internet sul sistema informatico dell'utente. Quando un utente accede a un sito web, un cookie pu\u00f2 essere memorizzato sul sistema operativo dell'utente. Questo cookie contiene una stringa caratteristica di caratteri che consente di identificare in modo univoco il browser quando viene richiamato il sito web. I cookie di sessione sono informazioni memorizzate nella memoria di lavoro del computer del visitatore. In un cookie di sessione viene memorizzato un ID univoco generato in modo casuale (ID di sessione). Un cookie di sessione contiene anche informazioni sulla sua origine e sul periodo di conservazione.<\/p><p>Utilizziamo i cookie per rendere il nostro sito web pi\u00f9 facile da usare. Alcuni elementi del nostro sito web richiedono che il browser di accesso possa essere identificato anche dopo un cambio di pagina. I dati dell'utente raccolti dai cookie tecnicamente necessari non vengono utilizzati per creare profili utente.<\/p><p>I seguenti dati vengono memorizzati e trasmessi nei cookie:<\/p><p><strong>ID sessione<\/strong><\/p><p>La base giuridica per il trattamento dei dati personali tramite cookie \u00e8 l'art. 6 par. 1 lett. f GDPR.<\/p><p>I cookie vengono memorizzati sul computer dell'utente e da questo trasmessi al nostro sito web. L'utente ha quindi il pieno controllo sull'uso dei cookie. Potete disattivare o limitare la trasmissione dei cookie modificando le impostazioni del vostro browser Internet. I cookie gi\u00e0 salvati possono essere cancellati in qualsiasi momento. L'operazione pu\u00f2 essere eseguita anche automaticamente. Se i cookie vengono disattivati per il nostro sito web, potrebbe non essere pi\u00f9 possibile utilizzare tutte le funzioni del sito web nella loro interezza.<\/p><h4>Contatto e-mail<\/h4><p>\u00c8 possibile contattarci tramite l'indirizzo e-mail fornito. In questo caso, i dati personali dell'utente trasmessi con l'e-mail saranno memorizzati.<\/p><p>I dati saranno trasmessi ai partner di cooperazione solo nell'ambito e ai fini della corretta esecuzione dell'ordine o dell'adempimento del contratto. In tal caso, trasmettiamo solo i dati necessari per il rispettivo ordine. Questi dati vengono trasmessi solo a partner di cooperazione selezionati che sono tenuti a rispettare le norme sulla protezione dei dati.<\/p><p>I vostri dati non saranno trasmessi a terzi.<\/p><p>La base giuridica per il trattamento dei dati trasmessi nel corso dell'invio di un'e-mail \u00e8 l'art. 6 comma 1 lett. f GDPR. Se il contatto via e-mail \u00e8 finalizzato alla stipula di un contratto, l'ulteriore base giuridica per il trattamento \u00e8 l'art. 6 comma 1 lett. b GDPR.<\/p><p>I dati vengono cancellati non appena non sono pi\u00f9 necessari per soddisfare lo scopo per cui sono stati raccolti. Nel caso dei dati personali, ci\u00f2 avviene quando la relativa conversazione con l'utente \u00e8 terminata. La conversazione \u00e8 conclusa quando si pu\u00f2 dedurre dalle circostanze che la questione in questione \u00e8 stata definitivamente chiarita.<\/p><p>L'utente ha la possibilit\u00e0 di revocare il proprio consenso al trattamento dei dati personali in qualsiasi momento.<\/p><p>In questo caso, tutti i dati personali memorizzati durante il contatto con noi saranno cancellati. Se l'utente ci contatta via e-mail, pu\u00f2 opporsi in qualsiasi momento alla memorizzazione dei suoi dati personali. In tal caso, la conversazione non potr\u00e0 essere proseguita. Inoltre, si applicano i periodi di archiviazione previsti dalla legge.<\/p><h4>Immagini<\/h4><p>Scattiamo foto e filmati durante i nostri eventi. Queste immagini vengono utilizzate per la segnalazione sulla nostra homepage (www.wollenschlaeger-berlin.de) e sulle nostre pagine Facebook. Con l'ingresso nel luogo dell'evento, il visitatore trasferisce all'organizzatore il diritto alla propria immagine, nonch\u00e9 tutti i diritti d'autore, i diritti accessori, i diritti personali o altri diritti che possono sorgere, senza limitazioni di tempo, luogo e contenuto. Si applica di conseguenza l'articolo 23 (1) n. 3 della KunstUrhG.<\/p><p>Se non desiderate essere fotografati o filmati, siete pregati di comunicarlo al nostro fotografo. Potete anche informarci a posteriori se scoprite immagini di voi stessi sul nostro sito web che vorreste fossero cancellate. In questo caso, inviate un'e-mail a info@wollenschlaeger-berlin.de.<\/p><h4>Google Maps<\/h4><p>Questo sito web utilizza Google Maps per visualizzare le mappe. Utilizziamo la cosiddetta \u201esoluzione 2-click\u201c. Ci\u00f2 significa che il plugin corrispondente \u00e8 inattivo e deve essere attivato manualmente dall'utente.<\/p><p>Quando si visitano pagine che contengono un tale plugin, diversi dati personali come l'indirizzo IP o i cookie vengono trasmessi a Google nell'ambito della visualizzazione della mappa. Non abbiamo alcuna influenza sul tipo e sulla portata dei dati raccolti e trasmessi a Google. Se l'utente \u00e8 contemporaneamente connesso con il proprio account Google, Google pu\u00f2 assegnare la visita al suo account Google.<\/p><p>Google Maps \u00e8 gestito da Google Inc, 1600 Amphitheatre Parkway, Mountain View, CA 94043, USA. Attivando il plugin su questo sito web, acconsentite al rilevamento, all'elaborazione e all'utilizzo dei dati raccolti automaticamente e dei dati da voi inseriti da parte di Google, di uno dei suoi rappresentanti o di fornitori terzi. Ulteriori informazioni sull'elaborazione dei dati da parte di Google sono disponibili all'indirizzo: http:\/\/www.google.com\/intl\/de_de\/policies\/privacy\/.<\/p><p>\u00c8 inoltre possibile modificare e gestire le impostazioni del centro di protezione dei dati, in modo da proteggere meglio i dati.<\/p><h4>YouTube<\/h4><p>Per l'integrazione e la visualizzazione dei contenuti video utilizziamo i plugin di YouTube. YouTube \u00e8 un portale video su Internet che consente di caricare gratuitamente i video e di visualizzarli, commentarli e valutarli gratuitamente.<\/p><p>Questo servizio \u00e8 fornito da: YouTube LLC, 901 Cherry Ave, San Bruno, CA 94066, USA, rappresentato da: Google LLC, 1600 Amphitheatre Parkway, Mountain View, CA 94043, USA<\/p><p>Quando si accede a una pagina con un plugin YouTube integrato, il browser Internet richiede automaticamente di scaricare il video clip corrispondente da YouTube. In questo modo YouTube e Google vengono a conoscenza di quale sottopagina specifica del nostro sito web \u00e8 stata visitata.<\/p><p>Se siete connessi al vostro account YouTube, YouTube pu\u00f2 assegnare queste informazioni direttamente al vostro profilo personale. \u00c8 possibile evitare che ci\u00f2 accada disconnettendosi dal proprio account YouTube prima di accedere al nostro sito web.<\/p><p>L'utilizzo di YouTube avviene nell'interesse di una presentazione accattivante delle nostre offerte online. Ci\u00f2 costituisce un interesse legittimo ai sensi dell'art. 6 comma 1 lett. f GDPR.<\/p><p>Le informazioni sul trattamento dei dati degli utenti sono contenute nell'informativa sulla privacy di YouTube, consultabile qui https:\/\/www.google.de\/intl\/de\/policies\/privacy.<\/p><h4>Diritti dell'interessato<\/h4><p>Se i vostri dati personali vengono elaborati, siete un soggetto interessato ai sensi del GDPR e avete i seguenti diritti nei confronti del responsabile del trattamento:<\/p><h4>Diritto all'informazione<\/h4><p>Potete richiedere al responsabile del trattamento la conferma che i dati personali che vi riguardano sono trattati da noi.<\/p><p>Se tale trattamento ha avuto luogo, \u00e8 possibile richiedere le seguenti informazioni al responsabile del trattamento:<\/p><p>le finalit\u00e0 del trattamento dei dati personali;<\/p><p>le categorie di dati personali trattati;<\/p><p>i destinatari o le categorie di destinatari a cui i dati personali che vi riguardano sono stati o saranno comunicati;<\/p><p>la durata prevista della conservazione dei dati personali che vi riguardano o, se non \u00e8 possibile fornire informazioni specifiche in merito, i criteri per determinare il periodo di conservazione;<\/p><p>l'esistenza di un diritto alla rettifica o alla cancellazione dei dati personali che vi riguardano, di un diritto alla limitazione del trattamento da parte del responsabile del trattamento o di un diritto di opposizione a tale trattamento;<\/p><p>l'esistenza di un diritto di ricorso a un'autorit\u00e0 di controllo;<\/p><p>tutte le informazioni disponibili sull'origine dei dati se i dati personali non sono stati raccolti presso l'interessato;<\/p><p>l'esistenza di un processo decisionale automatizzato, compresa la profilazione, di cui all'art. 22, paragrafi 1 e 4, del GDPR e, almeno in questi casi, informazioni significative sulla logica utilizzata, nonch\u00e9 l'importanza e le conseguenze previste di tale trattamento per l'interessato.<\/p><p>Avete il diritto di richiedere informazioni sul trasferimento dei dati personali che vi riguardano a un paese terzo o a un'organizzazione internazionale. In questo contesto, potete chiedere di essere informati sulle garanzie appropriate ai sensi dell'art. 46 GDPR in relazione al trasferimento.<\/p><h4>Diritto di rettifica<\/h4><p>L'utente ha diritto alla rettifica e\/o al completamento nei confronti del responsabile del trattamento se i dati personali elaborati che lo riguardano sono errati o incompleti. Il responsabile del trattamento deve provvedere alla rettifica senza indugio.<\/p><h4>Diritto alla limitazione del trattamento<\/h4><p>Alle seguenti condizioni, potete richiedere la limitazione del trattamento dei vostri dati personali:<\/p><p>se contestate l'esattezza dei dati personali che vi riguardano per un periodo che consenta al responsabile del trattamento di verificare l'esattezza dei dati personali;<\/p><p>il trattamento \u00e8 illecito e voi vi opponete alla cancellazione dei dati personali e chiedete invece la limitazione del loro utilizzo;<\/p><p>il responsabile del trattamento non ha pi\u00f9 bisogno dei dati personali per le finalit\u00e0 del trattamento, ma essi sono richiesti dall'utente per l'istituzione, l'esercizio o la difesa di diritti legali, oppure<\/p><p>se vi siete opposti al trattamento ai sensi dell'art. 21 (1) GDPR e non \u00e8 ancora certo che i motivi legittimi del responsabile del trattamento prevalgano sui vostri motivi.<\/p><p>Se il trattamento dei dati personali che vi riguardano \u00e8 stato limitato, questi dati - a parte la loro conservazione - possono essere trattati solo con il vostro consenso o per l'accertamento, l'esercizio o la difesa di diritti legali o per la tutela dei diritti di un'altra persona fisica o giuridica o per motivi di rilevante interesse pubblico dell'Unione o di uno Stato membro.<\/p><p>Se la restrizione del trattamento \u00e8 stata limitata in conformit\u00e0 alle condizioni di cui sopra, sarete informati dal responsabile del trattamento prima che la restrizione venga revocata.<\/p><h4>Diritto alla cancellazione<\/h4><p>a) Obbligo di cancellazione<\/p><p>L'utente ha il diritto di ottenere dal responsabile del trattamento la cancellazione dei dati personali che lo riguardano senza ingiustificato ritardo e il responsabile del trattamento ha l'obbligo di cancellare i dati personali senza ingiustificato ritardo qualora si applichi uno dei seguenti motivi:<\/p><p>I dati personali che vi riguardano non sono pi\u00f9 necessari per le finalit\u00e0 per le quali sono stati raccolti o altrimenti trattati.<\/p><p>Revocate il consenso su cui si basava il trattamento ai sensi dell'art. 6 par. 1 lett. a o dell'art. 9 par. 2 lett. a GDPR e non sussiste alcun altro fondamento giuridico per il trattamento.<\/p><p>Vi opponete al trattamento ai sensi dell'art. 21 (1) GDPR e non sussistono motivi legittimi prevalenti per il trattamento, oppure vi opponete al trattamento ai sensi dell'art. 21 (2) GDPR.<\/p><p>I dati personali che vi riguardano sono stati trattati illegalmente.<\/p><p>La cancellazione dei dati personali che vi riguardano \u00e8 necessaria per adempiere a un obbligo legale previsto dal diritto dell'Unione o dal diritto degli Stati membri cui \u00e8 soggetto il titolare del trattamento.<\/p><p>I dati personali che vi riguardano sono stati raccolti in relazione ai servizi della societ\u00e0 dell'informazione offerti ai sensi dell'art. 8 comma 1 GDPR.<\/p><p>b) Informazioni a terzi<\/p><p>Se il responsabile del trattamento ha reso pubblici i dati personali che vi riguardano ed \u00e8 obbligato a cancellarli ai sensi dell'art. 17 (1) GDPR, dovr\u00e0 adottare misure adeguate, anche tecniche, tenendo conto della tecnologia disponibile e dei costi di implementazione, per informare i responsabili del trattamento dei dati personali che voi, in quanto interessati, avete richiesto la cancellazione di tutti i collegamenti a tali dati personali o di copie o repliche di tali dati personali.<\/p><p>c) Eccezioni<\/p><p>Il diritto alla cancellazione non sussiste se il trattamento \u00e8 necessario<\/p><p>esercitare il diritto alla libert\u00e0 di espressione e di informazione;<\/p><p>per l'adempimento di un obbligo legale che richiede il trattamento in base al diritto dell'Unione o degli Stati membri cui \u00e8 soggetto il titolare del trattamento o per l'esecuzione di un compito di interesse pubblico o connesso all'esercizio di pubblici poteri di cui \u00e8 investito il titolare del trattamento;<\/p><p>per motivi di interesse pubblico nell'ambito della salute pubblica ai sensi dell'art. 9 par. 2 lett. h e i e dell'art. 9 par. 3 GDPR;<\/p><p>per finalit\u00e0 di archiviazione nel pubblico interesse, per finalit\u00e0 di ricerca scientifica o storica o per finalit\u00e0 statistiche ai sensi dell'art. 89 par. 1 GDPR, nella misura in cui il diritto di cui alla sezione a) rischia di rendere impossibile o di pregiudicare gravemente il conseguimento degli obiettivi di tale trattamento, o<\/p><p>per la rivendicazione, l'esercizio o la difesa di diritti legali.<\/p><h4>Diritto all'informazione<\/h4><p>Se avete fatto valere il diritto alla rettifica, alla cancellazione o alla limitazione del trattamento nei confronti del responsabile del trattamento, quest'ultimo \u00e8 tenuto a notificare a tutti i destinatari a cui sono stati comunicati i dati personali che vi riguardano tale rettifica o cancellazione dei dati o limitazione del trattamento, a meno che ci\u00f2 non risulti impossibile o comporti uno sforzo sproporzionato.<\/p><p>L'utente ha il diritto di essere informato su tali destinatari dal responsabile del trattamento.<\/p><h4>Diritto alla portabilit\u00e0 dei dati<\/h4><p>Avete il diritto di ricevere i dati personali che vi riguardano, che avete fornito al responsabile del trattamento, in un formato strutturato, di uso comune e leggibile da dispositivo automatico. Avete inoltre il diritto di trasmettere tali dati a un altro titolare del trattamento senza impedimenti da parte del titolare del trattamento a cui sono stati forniti i dati personali, qualora<\/p><p>il trattamento si basa sul consenso ai sensi dell'art. 6 par. 1 lett. a GDPR o dell'art. 9 par. 2 lett. a GDPR o su un contratto ai sensi dell'art. 6 par. 1 lett. b GDPR e<\/p><p>il trattamento \u00e8 effettuato con procedure automatizzate.<\/p><p>Nell'esercizio di questo diritto, l'utente ha anche il diritto di far trasmettere i dati personali che lo riguardano direttamente da un responsabile del trattamento a un altro, ove tecnicamente fattibile. Ci\u00f2 non deve pregiudicare le libert\u00e0 e i diritti di altre persone.<\/p><p>Il diritto alla portabilit\u00e0 dei dati non si applica al trattamento dei dati personali necessari per l'esecuzione di un compito svolto nell'interesse pubblico o nell'esercizio di pubblici poteri conferiti al responsabile del trattamento.<\/p><h4>Diritto di obiezione<\/h4><p>Avete il diritto di opporvi in qualsiasi momento, per motivi connessi alla vostra situazione particolare, al trattamento dei dati personali che vi riguardano basato sulle lettere e) o f) dell'articolo 6, paragrafo 1, del GDPR, compresa la profilazione basata su tali disposizioni.<\/p><p>Il responsabile del trattamento non tratter\u00e0 pi\u00f9 i dati personali che vi riguardano, a meno che il responsabile del trattamento non dimostri l'esistenza di motivi legittimi cogenti per il trattamento che prevalgono sui vostri interessi, diritti e libert\u00e0 o per l'istituzione, l'esercizio o la difesa di rivendicazioni legali.<\/p><p>Se i vostri dati personali sono trattati per finalit\u00e0 di marketing diretto, avete il diritto di opporvi in qualsiasi momento al trattamento dei vostri dati personali per tale marketing, che include la profilazione nella misura in cui \u00e8 correlata a tale marketing diretto.<\/p><p>Se vi opponete al trattamento per finalit\u00e0 di marketing diretto, i dati personali che vi riguardano non saranno pi\u00f9 trattati per tali finalit\u00e0.<\/p><p>In deroga alla direttiva 2002\/58\/CE, avete la possibilit\u00e0 di esercitare il vostro diritto di opposizione in relazione all'utilizzo dei servizi della societ\u00e0 dell'informazione mediante procedure automatizzate che utilizzano specifiche tecniche.<\/p><p>Diritto di revocare la dichiarazione di consenso ai sensi della legge sulla protezione dei dati personali<\/p><p>Avete il diritto di revocare in qualsiasi momento la vostra dichiarazione di consenso ai sensi della legge sulla protezione dei dati. La revoca del consenso non pregiudica la liceit\u00e0 del trattamento basato sul consenso prima della sua revoca.<\/p><h4>Processo decisionale automatizzato in casi individuali, compresa la profilazione<\/h4><p>Avete il diritto di non essere sottoposti a una decisione basata esclusivamente sul trattamento automatizzato, compresa la profilazione, che produca effetti giuridici nei vostri confronti o che vi riguardi in modo analogo e significativo. Ci\u00f2 non si applica se la decisione<\/p><p>\u00e8 necessario per la conclusione o l'adempimento di un contratto tra l'utente e il responsabile del trattamento,<\/p><p>\u00e8 autorizzato dal diritto dell'Unione o degli Stati membri cui \u00e8 soggetto il titolare del trattamento e che prevede altres\u00ec misure idonee a tutelare i diritti e le libert\u00e0 dell'utente e i suoi legittimi interessi; oppure<\/p><p>con il vostro esplicito consenso.<\/p><p>Tuttavia, tali decisioni non possono basarsi su categorie particolari di dati personali ai sensi dell'art. 9 par. 1 GDPR, a meno che non si applichi l'art. 9 par. 2 lett. a o g GDPR e non siano state adottate misure adeguate per proteggere i diritti e le libert\u00e0 nonch\u00e9 i vostri legittimi interessi.<\/p><p>Nei casi di cui ai punti (1) e (3), il titolare del trattamento mette in atto misure adeguate per salvaguardare i diritti e le libert\u00e0 dell'utente e i suoi legittimi interessi, almeno il diritto di ottenere l'intervento umano da parte del titolare del trattamento, di esprimere il proprio punto di vista e di contestare la decisione.<\/p><h4>Diritto di presentare un reclamo a un'autorit\u00e0 di vigilanza<\/h4><p>Fatto salvo qualsiasi altro ricorso amministrativo o giudiziario, avete il diritto di presentare un reclamo a un'autorit\u00e0 di controllo, in particolare nello Stato membro in cui risiedete abitualmente, lavorate o in cui si verifica la presunta violazione, se ritenete che il trattamento dei dati personali che vi riguardano violi il GDPR.<\/p><p>L'autorit\u00e0 di controllo presso la quale \u00e8 stato presentato il reclamo informer\u00e0 il reclamante dello stato e dell'esito del reclamo, compresa la possibilit\u00e0 di un ricorso giurisdizionale ai sensi dell'art. 78 GDPR.<\/p><p>Versione 1.08 \/ 29.01.2020<\/p>\t\t\t\t\t\t\t\t<\/div>\n\t\t\t\t<\/div>\n\t\t\t\t\t<\/div>\n\t\t<\/div>\n\t\t\t\t\t<\/div>\n\t\t<\/section>\n\t\t\t\t<\/div>","protected":false},"excerpt":{"rendered":"<p>Datenschutz Allgemeines zur Datenverarbeitung 1. Umfang der Verarbeitung personenbezogener Daten Wir verarbeiten personenbezogene Daten unserer Nutzer grunds\u00e4tzlich nur, soweit dies zur Bereitstellung einer funktionsf\u00e4higen Website sowie unserer Inhalte und Leistungen erforderlich ist. Die Verarbeitung personenbezogener Daten unserer Nutzer erfolgt regelm\u00e4\u00dfig nur nach Einwilligung des Nutzers. Eine Ausnahme gilt in solchen F\u00e4llen, in denen eine vorherige &#8230;<\/p>","protected":false},"author":1,"featured_media":0,"parent":0,"menu_order":0,"comment_status":"closed","ping_status":"closed","template":"template-wide-content.php","meta":{"patiotime_single_page_hide_site_header":"","patiotime_single_page_site_header_source":"","patiotime_single_page_custom_site_header":"0","patiotime_single_page_custom_sticky_site_header":"0","patiotime_single_page_custom_page_title_margin_top_source":"","patiotime_single_page_custom_page_title_desktop_margin_top":"","patiotime_single_page_custom_page_title_tablet_margin_top":"","patiotime_single_page_custom_page_title_mobile_margin_top":"","patiotime_single_page_hide_page_title":"on","patiotime_single_page_header_section_size":"","patiotime_single_page_header_background_color":"","patiotime_single_page_header_background_position_x":"center","patiotime_single_page_header_background_position_y":"center","patiotime_single_page_header_background_size":"cover","patiotime_single_page_header_background_repeat":"off","patiotime_single_page_header_background_scroll":"on","patiotime_single_page_header_text_color":"","patiotime_single_page_header_show_breadcrumb":"","patiotime_single_page_site_footer_hide_main":"","patiotime_single_custom_site_footer_main_source":"","patiotime_single_custom_site_footer_main":"0","patiotime_single_page_site_footer_hide_above":"on","patiotime_single_custom_site_footer_above_source":"","patiotime_single_custom_site_footer_above":"0","patiotime_single_page_site_footer_hide_instagram":"","patiotime_single_page_site_footer_hide_bottom":"","patiotime_single_custom_mobile_menu_source":"","patiotime_single_custom_mobile_menu":"0","patiotime_single_custom_mobile_menu_animation":"","patiotime_single_custom_mobile_menu_width":"","patiotime_single_custom_mobile_menu_custom_width":375,"footnotes":""},"class_list":["post-7126","page","type-page","status-publish","hentry"],"_links":{"self":[{"href":"https:\/\/wintermarkt-schlossplatz.de\/it\/wp-json\/wp\/v2\/pages\/7126","targetHints":{"allow":["GET"]}}],"collection":[{"href":"https:\/\/wintermarkt-schlossplatz.de\/it\/wp-json\/wp\/v2\/pages"}],"about":[{"href":"https:\/\/wintermarkt-schlossplatz.de\/it\/wp-json\/wp\/v2\/types\/page"}],"author":[{"embeddable":true,"href":"https:\/\/wintermarkt-schlossplatz.de\/it\/wp-json\/wp\/v2\/users\/1"}],"replies":[{"embeddable":true,"href":"https:\/\/wintermarkt-schlossplatz.de\/it\/wp-json\/wp\/v2\/comments?post=7126"}],"version-history":[{"count":0,"href":"https:\/\/wintermarkt-schlossplatz.de\/it\/wp-json\/wp\/v2\/pages\/7126\/revisions"}],"wp:attachment":[{"href":"https:\/\/wintermarkt-schlossplatz.de\/it\/wp-json\/wp\/v2\/media?parent=7126"}],"curies":[{"name":"wp","href":"https:\/\/api.w.org\/{rel}","templated":true}]}}